{"id":220,"date":"2017-03-26T16:09:19","date_gmt":"2017-03-26T14:09:19","guid":{"rendered":"http:\/\/people.unil.ch\/danieloesch\/?page_id=220"},"modified":"2025-12-22T11:46:08","modified_gmt":"2025-12-22T10:46:08","slug":"texts-by-topic","status":"publish","type":"page","link":"https:\/\/people.unil.ch\/danieloesch\/texts-by-topic\/","title":{"rendered":"Texts by topic"},"content":{"rendered":"\n<p><a href=\"#unique-identifier\">Unemployment &amp; wages<\/a><\/p>\n\n\n\n<p><a href=\"#unique-identifier2\">Social class &amp; occupational change<\/a><\/p>\n\n\n\n<p><a href=\"#unique-identifier3\">Education &amp; VET<\/a><\/p>\n\n\n\n<p><a href=\"#unique-identifier4\">Class voting &amp; cleavages<\/a><\/p>\n\n\n\n<p><a href=\"#unique-identifier5\">Family &amp; gender<\/a><\/p>\n\n\n\n<p><a href=\"#unique-identifier6\">Trade unions &amp; collective bargaining<\/a><\/p>\n\n\n\n<p><a href=\"#unique-identifier7\">Welfare state &amp; economic policy<\/a><\/p>\n\n\n\n<p><a href=\"#unique-identifier8\">Socio-Economic change in Switzerland<\/a><\/p>\n\n\n\n<p><strong><a id=\"unique-identifier\"><\/a>Unemployment &amp; wages<\/strong><\/p>\n\n\n\n<p>Moawad, J. and Oesch, D. (2024) The myth of the middle class squeeze: employment and&nbsp; income by class in six western countries, 1980\u20132020<em>. Comparative Political Studies<\/em> 1-34 <a href=\"https:\/\/people.unil.ch\/danieloesch\/files\/2024\/08\/Moawad_Oesch_2024_Myth_of_Middle_Class_Squeeze.pdf\">pdf<\/a><\/p>\n\n\n\n<p>Oesch, D., K\u00f6ster, F., Studer, M. and Baumann, I. (2023)&nbsp;Employment and well-being after plant closure: Survey evidence from Switzerland on the mid and long run. <em>Economic and Industrial Democracy<\/em> 1\u201323 <a href=\"https:\/\/people.unil.ch\/danieloesch\/files\/2023\/12\/Oesch_Koester_Studer_Baumann_2023_Employment_Wellbeing_after_plantclosure.pdf\">pdf<\/a><\/p>\n\n\n\n<p>Di Nallo, A., Lipps, O., Oesch, D. and Voorpostel, M. (2021) The effect of unemployment on couples separating in Germany and the UK. <em>Journal of Marriage and Family<\/em> 1-20 <a href=\"https:\/\/people.unil.ch\/danieloesch\/files\/2021\/10\/DiNallo_Lipps_Oesch_Voorpostel_2021_Effect_Unemployment_Separation_JMF.pdf\">pdf<\/a> <img loading=\"lazy\" decoding=\"async\" width=\"15\" height=\"15\" class=\"alignnone size-full wp-image-26\" src=\"https:\/\/people.unil.ch\/danieloesch\/files\/2014\/05\/image_pdf.gif\" alt=\"image_pdf\"><\/p>\n\n\n\n<p>Di Nallo, A. and Oesch, D. (2021) No Stratified Effect of Unemployment on Incomes: How the Market, State, and Household Compensate for Income Loss in the United Kingdom and Switzerland, <em>European Sociological Review<\/em>, 37(5) 783\u2013798 <a href=\"https:\/\/people.unil.ch\/danieloesch\/files\/2021\/01\/DiNallo_Oesch_2020_Unemployment_Incomes_UK_Switzerland.pdf\">pdf<\/a> <img loading=\"lazy\" decoding=\"async\" class=\"alignnone size-full wp-image-26\" src=\"https:\/\/people.unil.ch\/danieloesch\/files\/2014\/05\/image_pdf.gif\" alt=\"image_pdf\" width=\"15\" height=\"15\"><\/p>\n\n\n\n<p>Oesch, D. (2020) Discrimination in the hiring of older jobseekers: Combining a survey experiment with a natural experiment in Switzerland, <em>Research in Social Stratification and Mobility <\/em>65: 1-12 <a href=\"https:\/\/people.unil.ch\/danieloesch\/files\/2019\/12\/Oesch_2019_Discrimination_Hiring_OlderJobseekers.pdf\">pdf <img loading=\"lazy\" decoding=\"async\" class=\"alignnone size-full wp-image-26\" src=\"https:\/\/people.unil.ch\/danieloesch\/files\/2014\/05\/image_pdf.gif\" alt=\"image_pdf\" width=\"15\" height=\"15\"><\/a><\/p>\n\n\n\n<p>Combet, B. and Oesch, D. (2019) The gender wage gap opens long before motherhood. Panel evidence on early careers in Switzerland, <em>European Sociological Review <\/em>35(3): 332-345 <a href=\"https:\/\/people.unil.ch\/danieloesch\/files\/2019\/03\/Combet_Oesch_2019_GenderWageGapOpensBeforeFamilyFormation.pdf\">pdf <img loading=\"lazy\" decoding=\"async\" class=\"alignnone size-full wp-image-26\" src=\"https:\/\/people.unil.ch\/danieloesch\/files\/2014\/05\/image_pdf.gif\" alt=\"image_pdf\" width=\"15\" height=\"15\"><\/a><\/p>\n\n\n\n<p>Combet, B. und Oesch, D. (2019) Die Lohnungleichheit zwischen Frauen und M\u00e4nnern beginnt lange vor der Familiengr\u00fcndung,&nbsp;<em>Social Change in Switzerland&nbsp;<\/em>Nr 18&nbsp;<a href=\"https:\/\/people.unil.ch\/danieloesch\/files\/2019\/07\/CombetOesch_SocialChange_7Juni2019_DE.pdf\">pdf&nbsp;<img loading=\"lazy\" decoding=\"async\" class=\"alignnone size-full wp-image-26\" src=\"https:\/\/people.unil.ch\/danieloesch\/files\/2014\/05\/image_pdf.gif\" alt=\"image_pdf\" width=\"15\" height=\"15\"><\/a><\/p>\n\n\n\n<p>[Traduit dans: Combet, B. et Oesch, D. (2017) L\u2019in\u00e9galit\u00e9 salariale entre hommes et femmes commence bien avant la fondation d\u2019une famille,&nbsp;<em>Social Change in Switzerland&nbsp;<\/em>No 18&nbsp;<a href=\"https:\/\/people.unil.ch\/danieloesch\/files\/2019\/07\/CombetOesch_SocialChange_7juin2019_FR.pdf\">pdf&nbsp;<img loading=\"lazy\" decoding=\"async\" width=\"15\" height=\"15\" class=\"alignnone size-full wp-image-26\" src=\"https:\/\/people.unil.ch\/danieloesch\/files\/2014\/05\/image_pdf.gif\" alt=\"image_pdf\"><\/a><\/p>\n\n\n\n<p>Oesch, D. und Combet, B. (2019) Lohnungleichheit startet lange vor der Mutterschaft,&nbsp;<em>Tages-Anzeiger<\/em>&nbsp;7. 6.&nbsp;<a href=\"https:\/\/people.unil.ch\/danieloesch\/files\/2019\/07\/Oesch_Combet_Lohnungleichheit_TagesAnzeiger_8Juni2019.pdf\">pdf&nbsp;<img loading=\"lazy\" decoding=\"async\" class=\"alignnone size-full wp-image-26\" src=\"https:\/\/people.unil.ch\/danieloesch\/files\/2014\/05\/image_pdf.gif\" alt=\"image_pdf\" width=\"15\" height=\"15\"><\/a><\/p>\n\n\n\n<p>Oesch, D. und Combet, B. (2019) L\u2019in\u00e9galit\u00e9 salariale entre les sexes commence bien avant la maternit\u00e9,&nbsp;<em>Le Temps<\/em>&nbsp;7. 6.&nbsp;<a href=\"https:\/\/people.unil.ch\/danieloesch\/files\/2019\/07\/Oesch_Combet_Inegalit%C3%A9Salariale_7juin2019.pdf\">pdf&nbsp;<img loading=\"lazy\" decoding=\"async\" class=\"alignnone size-full wp-image-26\" src=\"https:\/\/people.unil.ch\/danieloesch\/files\/2014\/05\/image_pdf.gif\" alt=\"image_pdf\" width=\"15\" height=\"15\"><\/a><\/p>\n\n\n\n<p>Korber, M. and Oesch, D. (2019) Vocational versus general education: Employment and earnings over the life course in Switzerland, <em>Advances in Life Course Research<\/em> 40: 1-13 <a href=\"https:\/\/people.unil.ch\/danieloesch\/files\/2019\/04\/Korber_Oesch_2019_Vocational_versus_general_education_over_the_life_course.pdf\">pdf <img loading=\"lazy\" decoding=\"async\" class=\"alignnone size-full wp-image-26\" src=\"https:\/\/people.unil.ch\/danieloesch\/files\/2014\/05\/image_pdf.gif\" alt=\"image_pdf\" width=\"15\" height=\"15\"><\/a><\/p>\n\n\n\n<p>Oesch, D., McDonald, P. and Lipps, O. (2017) The wage penalty for motherhood: Evidence on discrimination from panel data and a survey experiment for Switzerland, <em>Demographic Research<\/em> 37: 1793-1824 <a href=\"https:\/\/people.unil.ch\/danieloesch\/files\/2017\/12\/Oesch_McDonald_Lipps_2017_DemographicResearch.pdf\">pdf <img loading=\"lazy\" decoding=\"async\" class=\"alignnone size-full wp-image-26\" src=\"https:\/\/people.unil.ch\/danieloesch\/files\/2014\/05\/image_pdf.gif\" alt=\"image_pdf\" width=\"15\" height=\"15\"><\/a><\/p>\n\n\n\n<p>Oesch, D. and von Ow, A. (2017) Social Networks and Job Access for the Unemployed: Work Ties for the Upper-Middle Class, Communal Ties for the Working Class, <em>European Sociological Review <\/em>1-15 (advance access) <a href=\"https:\/\/people.unil.ch\/danieloesch\/files\/2014\/05\/Oesch_vonOw_2017_SocialNetworks_JobAccessUnemployed.pdf\">pdf <img loading=\"lazy\" decoding=\"async\" class=\"alignnone size-full wp-image-26\" src=\"https:\/\/people.unil.ch\/danieloesch\/files\/2014\/05\/image_pdf.gif\" alt=\"image_pdf\" width=\"15\" height=\"15\"><\/a><\/p>\n\n\n\n<p>Murphy, E. and Oesch, D. (2016) The Feminization of Occupations and Change in Wages: A Panel Analysis of Britain, Germany, and Switzerland, <em>Social Forces<\/em> 94(3)<em>: <\/em>1221\u20131255 <a href=\"https:\/\/people.unil.ch\/danieloesch\/files\/2014\/05\/Murphy_Oesch_2015_Feminization_Occupations_Change_Wages.pdf\">pdf <img loading=\"lazy\" decoding=\"async\" class=\"alignnone size-full wp-image-26\" src=\"https:\/\/people.unil.ch\/danieloesch\/files\/2014\/05\/image_pdf.gif\" alt=\"image_pdf\" width=\"15\" height=\"15\"><\/a><\/p>\n\n\n\n<p>Baumann, I.,Lipps, O., Oesch, D., Vandenplas, C. (2016) How to survey displaced workers in Switzerland? Sources of bias and ways around them, in: Oris, M., Roberts, C., Joye, D., Ernst-St\u00e4hli, M. (eds). <em>Surveying Vulnerability<\/em>, New York: Springer, 159-17<\/p>\n\n\n\n<p>Oesch, D. and Baumann, I. (2015) Smooth transition or permanent exit? Evidence on job prospects of displaced industrial workers, <em>Socio-Economic Review<\/em> 13(1): 101-123 <a href=\"https:\/\/people.unil.ch\/danieloesch\/files\/2014\/05\/Oesch_Baumann_2015_DisplacedWorkers_SER_published.pdf\">pdf <img loading=\"lazy\" decoding=\"async\" class=\"alignnone size-full wp-image-26\" src=\"https:\/\/people.unil.ch\/danieloesch\/files\/2014\/05\/image_pdf.gif\" alt=\"image_pdf\" width=\"15\" height=\"15\"><\/a><\/p>\n\n\n\n<p>Oesch, D. (2013), <em><a href=\"https:\/\/ukcatalogue.oup.com\/product\/9780199680962.do\">Occupational Change in Europe. How Technology and Education transform the Job Structure<\/a>,<\/em> Oxford: Oxford University Press<\/p>\n\n\n\n<p>Oesch, D. and Lipps, O. (2013) Does unemployment hurt less if there is more of it around? A panel data analysis for Germany and Switzerland, <em>European Sociological Review<\/em> 29 (5): 955\u2013967 <a href=\"https:\/\/people.unil.ch\/danieloesch\/files\/2014\/05\/Oesch_Lipps_2013_Unemployment_LifeSatisfaction_ESR_final.pdf\">pdf <img loading=\"lazy\" decoding=\"async\" class=\"alignnone size-full wp-image-26\" src=\"https:\/\/people.unil.ch\/danieloesch\/files\/2014\/05\/image_pdf.gif\" alt=\"image_pdf\" width=\"15\" height=\"15\"><\/a><\/p>\n\n\n\n<p>Oesch, D. und Lipps, O. (2013), Arbeitslosigkeit: kein Gew\u00f6hnungseffekt, <em>Panorama<\/em>&nbsp;4: 31.&nbsp;<a href=\"https:\/\/people.unil.ch\/danieloesch\/files\/2014\/05\/Oesch_Lipps_2013_Gewoehnungseffekt_panorama_dt.pdf\">pdf&nbsp;<img loading=\"lazy\" decoding=\"async\" class=\"alignnone size-full wp-image-26\" src=\"https:\/\/people.unil.ch\/danieloesch\/files\/2014\/05\/image_pdf.gif\" alt=\"image_pdf\" width=\"15\" height=\"15\"><\/a><\/p>\n\n\n\n<p>[Traduit dans: Oesch, D. et Lipps, O. (2013), Ch\u00f4mage: pas d\u2019effet d\u2019habitude,<em> Panorama <\/em>4: 28] <a href=\"https:\/\/people.unil.ch\/danieloesch\/files\/2014\/05\/Oesch_Lipps_2013_Gewoehnungseffekt_panorama_frz.pdf\">pdf&nbsp;<img loading=\"lazy\" decoding=\"async\" width=\"15\" height=\"15\" class=\"alignnone size-full wp-image-26\" src=\"https:\/\/people.unil.ch\/danieloesch\/files\/2014\/05\/image_pdf.gif\" alt=\"image_pdf\"><\/a><\/p>\n\n\n\n<p>Baumann, I. und Oesch, D. (2013), Massenentlassungen in der Schweiz und ihre Wirkungen: Eine empirische Untersuchung, <em>Volkswirtschaft <\/em>10: 50-53 (Oktober) <a href=\"https:\/\/people.unil.ch\/danieloesch\/files\/2014\/05\/Baumann_Oesch_ArticleParu_DieVolkswirtschaft_19oct2013.pdf\">pdf <img loading=\"lazy\" decoding=\"async\" class=\"alignnone size-full wp-image-26\" src=\"https:\/\/people.unil.ch\/danieloesch\/files\/2014\/05\/image_pdf.gif\" alt=\"image_pdf\" width=\"15\" height=\"15\"><\/a><\/p>\n\n\n\n<p>[Traduit dans: Baumann, I. et Oesch, D. (2013) Licenciements collectifs en Suisse: un probl\u00e8me surtout pour les travailleurs \u00e2g\u00e9s, <em>Vie&nbsp;<em>\u00c9conomique<\/em> <\/em>10: 50-53 (octobre) <a href=\"https:\/\/people.unil.ch\/danieloesch\/files\/2014\/05\/Baumann_Oesch_ArticleParu_VieEconomique_19oct2013.pdf\">pdf <img loading=\"lazy\" decoding=\"async\" width=\"15\" height=\"15\" class=\"alignnone size-full wp-image-26\" src=\"https:\/\/people.unil.ch\/danieloesch\/files\/2014\/05\/image_pdf.gif\" alt=\"image_pdf\"><\/a><\/p>\n\n\n\n<p>Oesch, D. et Baumann, I. (2013) Quelques id\u00e9es re\u00e7ues sur le retour \u00e0 l\u2019emploi, <em>Le Temps<\/em>17. 12.&nbsp;<a href=\"https:\/\/people.unil.ch\/danieloesch\/files\/2014\/05\/OeschBaumann_leTemps_17dec2013.pdf\">pdf&nbsp;<img loading=\"lazy\" decoding=\"async\" class=\"alignnone size-full wp-image-26\" src=\"https:\/\/people.unil.ch\/danieloesch\/files\/2014\/05\/image_pdf.gif\" alt=\"image_pdf\" width=\"15\" height=\"15\"><\/a><\/p>\n\n\n\n<p>Lalive, R., Bonoli, G., Oesch, D., Turtschi, N., von Ow, A. (2013) L\u2019impact des r\u00e9seaux sociaux sur le retour \u00e0 l\u2019emploi des ch\u00f4meurs, <em>Vie \u00c9conomique<\/em> 9 (septembre) <a href=\"https:\/\/people.unil.ch\/danieloesch\/files\/2014\/05\/Lalive_64_66.pdf\">pdf <img loading=\"lazy\" decoding=\"async\" class=\"alignnone size-full wp-image-26\" src=\"https:\/\/people.unil.ch\/danieloesch\/files\/2014\/05\/image_pdf.gif\" alt=\"image_pdf\" width=\"15\" height=\"15\"><\/a><\/p>\n\n\n\n<p>[Translated in: Lalive, R., Bonoli, G., Oesch, D., Turtschi, N., von Ow, A. (2013), Soziale Netzwerke: Ein wertvoller Trumpf bei der Arbeitssuche f\u00fcr waadtl\u00e4ndische Arbeitslose, <em>Volkswirtschaft<\/em> 9: 64-66 (September)<\/p>\n\n\n\n<p>Oesch, D. (2010) What explains high unemployment among low-skilled workers? Evidence from 21 OECD countries, <em>European Journal of Industrial Relations<\/em> 16 (1): 39-55 <a href=\"https:\/\/people.unil.ch\/danieloesch\/files\/2014\/05\/Oesch_2010_Lowskilled_unemployment_EJIR.pdf\">pdf <img loading=\"lazy\" decoding=\"async\" class=\"alignnone size-full wp-image-26\" src=\"https:\/\/people.unil.ch\/danieloesch\/files\/2014\/05\/image_pdf.gif\" alt=\"image_pdf\" width=\"15\" height=\"15\"><\/a><\/p>\n\n\n\n<p>Lampart, D. und Oesch, D. (eds.) (2008) Wirtschaftspolitik in der Schweiz: 60 Beitr\u00e4ge zu Lohn, Besch\u00e4ftigung und Sozialstaat, <em>SGB-Dossier<\/em> 60, Schweizerischer Gewerkschaftsbund, Bern <a href=\"https:\/\/people.unil.ch\/danieloesch\/files\/2014\/05\/60_d_DO_Artikel_work_2008.pdf\">pdf <img loading=\"lazy\" decoding=\"async\" class=\"alignnone size-full wp-image-26\" src=\"https:\/\/people.unil.ch\/danieloesch\/files\/2014\/05\/image_pdf.gif\" alt=\"image_pdf\" width=\"15\" height=\"15\"><\/a><\/p>\n\n\n\n<p>Oesch, D. (2008) Mindestl\u00f6hne in der Schweiz: Entwicklungen seit 1998 und Handlungsbedarf heute [avec un resum\u00e9 en fran\u00e7ais], <em>SGB-Dossier<\/em> 56, Schweizerischer Gewerkschaftsbund, Bern.<\/p>\n\n\n\n<p>Gaillard, S. und Oesch, D. (2000) Expertenbericht Mindestl\u00f6hne [avec un r\u00e9sum\u00e9 en fran\u00e7ais], <em>SGB<\/em>\u2013<em>Dossier <\/em>6, Schweizerischer Gewerkschaftsbund, Bern<\/p>\n\n\n\n<p><strong><a id=\"unique-identifier2\"><\/a>Social class &amp; occupational change<\/strong><\/p>\n\n\n\n<p>Oesch, D., Morris, K., Westenberger, G.-J. (2025) Polarised upgrading: the changing<br>occupational structure of large cities in Germany and the UK, 1991\u20132021. <em>Journal for Labour Market Research<\/em> 1-21 <a href=\"https:\/\/people.unil.ch\/danieloesch\/files\/2025\/12\/oesch_morris_westenberger_2025_polarised_upgrading_cities_germany_uk.pdf\">pdf <img loading=\"lazy\" decoding=\"async\" width=\"15\" height=\"15\" class=\"alignnone size-full wp-image-26\" src=\"http:\/\/people.unil.ch\/danieloesch\/files\/2014\/05\/image_pdf.gif\" alt=\"image_pdf\"><\/a><\/p>\n\n\n\n<p>Morris, K. and Oesch, D. (2025) Uneven shifts: the geography of occupational change in France, Italy, Spain and the United Kingdom, 1992-2018. European Societies 27(1): 4-30 <a href=\"https:\/\/people.unil.ch\/danieloesch\/files\/2025\/05\/morris_oesch_2025_uneven_shifts_geography_occupational_change.pdf\">pdf <img loading=\"lazy\" decoding=\"async\" class=\"alignnone size-full wp-image-26\" src=\"http:\/\/people.unil.ch\/danieloesch\/files\/2014\/05\/image_pdf.gif\" alt=\"image_pdf\" width=\"15\" height=\"15\"><\/a> <\/p>\n\n\n\n<p>Moawad, J. and Oesch, D. (2024) The myth of the middle class squeeze: employment and&nbsp; income by class in six western countries, 1980\u20132020<em>. Comparative Political Studies<\/em> 1-34 <a href=\"https:\/\/people.unil.ch\/danieloesch\/files\/2024\/08\/Moawad_Oesch_2024_Myth_of_Middle_Class_Squeeze.pdf\">pdf <img loading=\"lazy\" decoding=\"async\" class=\"alignnone size-full wp-image-26\" src=\"http:\/\/people.unil.ch\/danieloesch\/files\/2014\/05\/image_pdf.gif\" alt=\"image_pdf\" width=\"15\" height=\"15\"><\/a><\/p>\n\n\n\n<p>Oesch, D. and Vigna, N. (2023) Subjective social class has a bad name, but predicts life chances well. <em>Research in Social Stratification and Mobility<\/em> 83 <a href=\"https:\/\/people.unil.ch\/danieloesch\/files\/2023\/01\/Oesch_Vigna_2023_SubjectiveSocialStatus_LifeChances_RSSM.pdf\">pdf <img loading=\"lazy\" decoding=\"async\" class=\"alignnone size-full wp-image-26\" src=\"http:\/\/people.unil.ch\/danieloesch\/files\/2014\/05\/image_pdf.gif\" alt=\"image_pdf\" width=\"15\" height=\"15\"><\/a><\/p>\n\n\n\n<p>Di Nallo, A. and Oesch, D. (2023) The intergenerational transmission of family dissolution: how it varies by social class origin and birth cohort. <em>European Journal of Population<\/em> 39(3): 1-33 <a href=\"https:\/\/people.unil.ch\/danieloesch\/files\/2023\/02\/DiNallo_Oesch_2023_Intergenerational_Transmission_Divorce.pdf\">pdf <img loading=\"lazy\" decoding=\"async\" class=\"alignnone size-full wp-image-26\" src=\"http:\/\/people.unil.ch\/danieloesch\/files\/2014\/05\/image_pdf.gif\" alt=\"image_pdf\" width=\"15\" height=\"15\"><\/a><\/p>\n\n\n\n<p>Oesch, D. (2022) Contemporary Class Analysis. <em>JRC Working Papers Series on Social Classes in the Digital Age<\/em> 2022\/01, 1-27, European Commission, Sevilla <a href=\"https:\/\/people.unil.ch\/danieloesch\/files\/2022\/01\/Oesch_2022_Contemporary_Class_Analysis_JRCSevilla.pdf\">pdf&nbsp;<img loading=\"lazy\" decoding=\"async\" width=\"15\" height=\"15\" class=\"alignnone size-full wp-image-26\" src=\"https:\/\/people.unil.ch\/danieloesch\/files\/2014\/05\/image_pdf.gif\" alt=\"image_pdf\"><\/a><\/p>\n\n\n\n<p>Oesch, D. and Vigna, N. (2021) A decline in the social status of the working class? Conflicting evidence for 8 western countries, 1987\u20132017. <em>Comparative Political Studies <\/em>1-28 <a href=\"https:\/\/people.unil.ch\/danieloesch\/files\/2021\/12\/Oesch_Vigna_2021_SocialStatus_CPS_AdvanceAccess.pdf\">pdf <img loading=\"lazy\" decoding=\"async\" class=\"alignnone size-full wp-image-26\" src=\"https:\/\/people.unil.ch\/danieloesch\/files\/2014\/05\/image_pdf.gif\" alt=\"image_pdf\" width=\"15\" height=\"15\"><\/a><\/p>\n\n\n\n<p>Oesch, D. and Piccitto, G. (2019) The polarization myth: Occupational Upgrading in Germany, Spain, Sweden and the UK, 1992-2015, <em>Work and Occupations <\/em>1-29 <a href=\"https:\/\/people.unil.ch\/danieloesch\/files\/2019\/08\/Oesch_Piccitto_2019_Polarization_Myth.pdf\">pdf <img loading=\"lazy\" decoding=\"async\" class=\"alignnone size-full wp-image-26\" src=\"https:\/\/people.unil.ch\/danieloesch\/files\/2014\/05\/image_pdf.gif\" alt=\"image_pdf\" width=\"15\" height=\"15\"><\/a><\/p>\n\n\n\n<p>Murphy, E. and Oesch, D. (2018) Is employment polarisation inevitable? Occupational change in Ireland and Switzerland, 1970-2010, <em>Work, Employment and <\/em><em>Society <\/em>32(6): 1099\u20131117 <a href=\"https:\/\/people.unil.ch\/danieloesch\/files\/2017\/11\/MurphyOesch_2017_WorkEmploymentSociety.pdf\">pdf <img loading=\"lazy\" decoding=\"async\" class=\"alignnone size-full wp-image-26\" src=\"https:\/\/people.unil.ch\/danieloesch\/files\/2014\/05\/image_pdf.gif\" alt=\"image_pdf\" width=\"15\" height=\"15\"><\/a><\/p>\n\n\n\n<p>Lipps, O. and Oesch. D. (2018) The working class left behind? The class gap in life satisfaction in Germany and Switzerland over the last decades, <em>European Societes<\/em>&nbsp;<em>&nbsp;<\/em>20(4): 549-571 <a href=\"https:\/\/people.unil.ch\/danieloesch\/files\/2018\/03\/Lipps_Oesch_2018_Working_Class_Left_Behind_Class_Gap_Life_Satisfaction.pdf\">pdf <img loading=\"lazy\" decoding=\"async\" class=\"alignnone size-full wp-image-26\" src=\"https:\/\/people.unil.ch\/danieloesch\/files\/2014\/05\/image_pdf.gif\" alt=\"image_pdf\" width=\"15\" height=\"15\"><\/a><\/p>\n\n\n\n<p>Oesch, D. und Murphy, E. (2017) Keine Erosion, sondern Wachstum der Mittelklasse. Der Wandel der Schweizer Berufsstruktur seit 1970, <em>Social Change in Switzerland <\/em>Nr 12 <a href=\"https:\/\/people.unil.ch\/danieloesch\/files\/2017\/12\/OeschMurphy_2017_Mittelklasse_SocialChange.pdf\">pdf <img loading=\"lazy\" decoding=\"async\" class=\"alignnone size-full wp-image-26\" src=\"https:\/\/people.unil.ch\/danieloesch\/files\/2014\/05\/image_pdf.gif\" alt=\"image_pdf\" width=\"15\" height=\"15\"><\/a><\/p>\n\n\n\n<p>[Traduit en: Oesch, D. et Murphy, E. (2017) La classe moyenne n\u2019est pas en d\u00e9clin, mais en croissance. L\u2019\u00e9volution de la structure des emplois en Suisse depuis 1970, <em>Social Change in Switzerland <\/em>No 12 <a href=\"https:\/\/people.unil.ch\/danieloesch\/files\/2017\/12\/OeschMurphy_2017_ClasseMoyenne_SocialChange.pdf\">pdf <img loading=\"lazy\" decoding=\"async\" width=\"15\" height=\"15\" class=\"alignnone size-full wp-image-26\" src=\"https:\/\/people.unil.ch\/danieloesch\/files\/2014\/05\/image_pdf.gif\" alt=\"image_pdf\"><\/a><\/p>\n\n\n\n<p>Oesch, D. und Murphy, E. (2017) Keine Polarisierung in der Schweizer Berufsstruktur, <em>Volkswirtschaft <\/em>12: 20-23 <a href=\"https:\/\/people.unil.ch\/danieloesch\/files\/2017\/12\/08_Oesch_Murphy_Volkswirtschaft_DE-1.pdf\">pdf <img loading=\"lazy\" decoding=\"async\" class=\"alignnone size-full wp-image-26\" src=\"https:\/\/people.unil.ch\/danieloesch\/files\/2014\/05\/image_pdf.gif\" alt=\"image_pdf\" width=\"15\" height=\"15\"><\/a><\/p>\n\n\n\n<p>[Traduit en: Oesch, D. et Murphy, E. (2017) Pas de polarisation dans la structure de l\u2019emploi en Suisse, <em>Vie \u00c9conomique <\/em>12: 20-23 <a href=\"https:\/\/people.unil.ch\/danieloesch\/files\/2017\/12\/08_Oesch_Murphy_VieEconomique_FR.pdf\">pdf <img loading=\"lazy\" decoding=\"async\" width=\"15\" height=\"15\" class=\"alignnone size-full wp-image-26\" src=\"https:\/\/people.unil.ch\/danieloesch\/files\/2014\/05\/image_pdf.gif\" alt=\"image_pdf\"><\/a>]<\/p>\n\n\n\n<p>Oesch, D. (2017) Der Niedergang der Schweizer Mittelklasse ist ein Ger\u00fccht, <em>Neue Z\u00fcrcher Zeitung<\/em>&nbsp;6. 12.&nbsp;<a href=\"https:\/\/people.unil.ch\/danieloesch\/files\/2017\/12\/171206_NZZ_Oesch_Murphy.pdf\">pdf&nbsp;<img loading=\"lazy\" decoding=\"async\" class=\"alignnone size-full wp-image-26\" src=\"https:\/\/people.unil.ch\/danieloesch\/files\/2014\/05\/image_pdf.gif\" alt=\"image_pdf\" width=\"15\" height=\"15\"><\/a><\/p>\n\n\n\n<p>Oesch, D. (2017) La classe moyenne en Suisse: un \u00e2ge d\u2019or plut\u00f4t que le d\u00e9clin, <em>Le Temps <\/em>7. 12.&nbsp;<a href=\"https:\/\/people.unil.ch\/danieloesch\/files\/2017\/12\/OeschMurphy_2017_ClasseMoyenne_SocialChange-1.pdf\">pdf&nbsp;<img loading=\"lazy\" decoding=\"async\" class=\"alignnone size-full wp-image-26\" src=\"https:\/\/people.unil.ch\/danieloesch\/files\/2014\/05\/image_pdf.gif\" alt=\"image_pdf\" width=\"15\" height=\"15\"><\/a><\/p>\n\n\n\n<p>Oesch, D. (2016) Wandel der Berufsstruktur in Westeuropa seit 1990: Polarisierung oder Aufwertung? In: Franzen, A., Jann, B., Joppke, C. und Widmer, E. (eds.)<em> Essays on Inequality and Integration<\/em>, Zurich: Seismo, 184-210 <a href=\"https:\/\/people.unil.ch\/danieloesch\/files\/2014\/05\/Druckfahne2_Oesch_2016_Seismo.pdf\">pdf <img loading=\"lazy\" decoding=\"async\" class=\"alignnone size-full wp-image-26\" src=\"https:\/\/people.unil.ch\/danieloesch\/files\/2014\/05\/image_pdf.gif\" alt=\"image_pdf\" width=\"15\" height=\"15\"><\/a><\/p>\n\n\n\n<p>Oesch, D. (2015) Welfare regimes and change in the employment structure: Britain, Denmark and Germany since 1990, <em>Journal of European Social Policy <\/em>25 (1): 94-110 <a href=\"https:\/\/people.unil.ch\/danieloesch\/files\/2014\/05\/Oesch_2015_WelfareRegimes_EmploymentStructure_FinalVersion.pdf\">pdf <img loading=\"lazy\" decoding=\"async\" class=\"alignnone size-full wp-image-26\" src=\"https:\/\/people.unil.ch\/danieloesch\/files\/2014\/05\/image_pdf.gif\" alt=\"image_pdf\" width=\"15\" height=\"15\"><\/a><\/p>\n\n\n\n<p>Oesch, D. (2015) Occupational structure and labor market change in Western Europe since 1990, in: Beramendi, P., H\u00e4usermann, S., Kitschelt, H., Kriesi, H. (eds.) <em>The Politics of Advanced Capitalism<\/em>, Cambridge: Cambridge University Press, 112-132 <a href=\"https:\/\/people.unil.ch\/danieloesch\/files\/2014\/05\/Oesch_2015_OccupationalStructure_LabourMarketChange_CUP_FinalProofs.pdf\">pdf <img loading=\"lazy\" decoding=\"async\" class=\"alignnone size-full wp-image-26\" src=\"https:\/\/people.unil.ch\/danieloesch\/files\/2014\/05\/image_pdf.gif\" alt=\"image_pdf\" width=\"15\" height=\"15\"><\/a><\/p>\n\n\n\n<p>Oesch, D. (2013), <em><a href=\"https:\/\/ukcatalogue.oup.com\/product\/9780199680962.do\">Occupational Change in Europe. How Technology and Education transform the Job Structure<\/a>,<\/em> Oxford: Oxford University Press <a href=\"https:\/\/people.unil.ch\/danieloesch\/files\/2014\/05\/Introduction_OUPpreviewChapter.pdf\">pdf <img loading=\"lazy\" decoding=\"async\" class=\"alignnone size-full wp-image-26\" src=\"https:\/\/people.unil.ch\/danieloesch\/files\/2014\/05\/image_pdf.gif\" alt=\"image_pdf\" width=\"15\" height=\"15\"><\/a><\/p>\n\n\n\n<p>Oesch, D. and Rodr\u00edguez Men\u00e9s, J. (2011) Upgrading or polarization? Occupational change in Britain, Germany, Spain and Switzerland, 1990-2008, <em>Socio-Economic Review<\/em> 9 (3): 503-531 <a href=\"https:\/\/people.unil.ch\/danieloesch\/files\/2014\/05\/Oesch_Rodriguez_2011_Occupational_Change_SER.pdf\">pdf <img loading=\"lazy\" decoding=\"async\" class=\"alignnone size-full wp-image-26\" src=\"https:\/\/people.unil.ch\/danieloesch\/files\/2014\/05\/image_pdf.gif\" alt=\"image_pdf\" width=\"15\" height=\"15\"><\/a><\/p>\n\n\n\n<p>Oesch, D. (2007) Zur Analyse der Klassenstruktur von Dienstleistungsgesellschaften: soziale Schichtung in Deutschland und der Schweiz, <em>Widerspruch <\/em>52: 59-74 <a href=\"https:\/\/people.unil.ch\/danieloesch\/files\/2014\/05\/Oesch_2007_SozialeSchichtung_Schweiz_Deutschland.pdf\">pdf <img loading=\"lazy\" decoding=\"async\" class=\"alignnone size-full wp-image-26\" src=\"https:\/\/people.unil.ch\/danieloesch\/files\/2014\/05\/image_pdf.gif\" alt=\"image_pdf\" width=\"15\" height=\"15\"><\/a><\/p>\n\n\n\n<p>Oesch, D. (2006) Coming to grips with a changing class structure. An analysis of employment stratification in Britain, Germany, Sweden and Switzerland, <em>International Sociology <\/em>21 (2): 263-288 <a href=\"https:\/\/people.unil.ch\/danieloesch\/files\/2014\/05\/Oesch_International_Sociology.pdf\">pdf <img loading=\"lazy\" decoding=\"async\" class=\"alignnone size-full wp-image-26\" src=\"https:\/\/people.unil.ch\/danieloesch\/files\/2014\/05\/image_pdf.gif\" alt=\"image_pdf\" width=\"15\" height=\"15\"><\/a><\/p>\n\n\n\n<p>Oesch, D. (2006), <a href=\"https:\/\/www.palgrave.com\/page\/detail\/redrawing-the-class-map-daniel-oesch\/?K=9781403985910\"><em>Redrawing the Class Map. Stratification and Institutions in Britain, Germany, Sweden and Switzerland<\/em><\/a>, Basingstoke: Palgrave Macmillan <a href=\"https:\/\/people.unil.ch\/danieloesch\/files\/2014\/05\/Redrawing_Class_Map_INTRODUCTION.pdf\">pdf <img loading=\"lazy\" decoding=\"async\" class=\"alignnone size-full wp-image-26\" src=\"https:\/\/people.unil.ch\/danieloesch\/files\/2014\/05\/image_pdf.gif\" alt=\"image_pdf\" width=\"15\" height=\"15\"><\/a><\/p>\n\n\n\n<p>Oesch, D. (2003) Labour market trends and the Goldthorpe class schema: a conceptual reassessment, <em>Swiss Journal of Sociology <\/em>29 (2): 241-262 <a href=\"https:\/\/people.unil.ch\/danieloesch\/files\/2014\/05\/Article_Oesch_JournalSwissSociology.pdf\">pdf <img loading=\"lazy\" decoding=\"async\" class=\"alignnone size-full wp-image-26\" src=\"https:\/\/people.unil.ch\/danieloesch\/files\/2014\/05\/image_pdf.gif\" alt=\"image_pdf\" width=\"15\" height=\"15\"><\/a><\/p>\n\n\n\n<p><strong><a id=\"unique-identifier3\"><\/a>Education &amp; VET<\/strong><\/p>\n\n\n\n<p>Oesch, D. (2025). Die Berufslehre wird zunehmend zum Zwischenschritt zur Terti\u00e4rbildung \u2013 und das hat Folgen. <em>Transfer. Berufsbildung in Forschung und Praxis 10<\/em>(7) <a href=\"https:\/\/people.unil.ch\/danieloesch\/files\/2025\/05\/oesch_2025_transfer_dt.pdf\">pdf <img loading=\"lazy\" decoding=\"async\" class=\"alignnone size-full wp-image-26\" src=\"http:\/\/people.unil.ch\/danieloesch\/files\/2014\/05\/image_pdf.gif\" alt=\"image_pdf\" width=\"15\" height=\"15\"><\/a><\/p>\n\n\n\n<p>[Translated in: Oesch, D. (2025). L\u2019apprentissage devient de plus en plus une \u00e9tape vers la formation tertiaire \u2013 avec des cons\u00e9quences. <em>Transfer. Formation professionnelle dans la recherche et la pratique 10<\/em>(7) <a href=\"https:\/\/people.unil.ch\/danieloesch\/files\/2025\/05\/oesch_2025_transfer_fr.pdf\">pdf <img loading=\"lazy\" decoding=\"async\" class=\"alignnone size-full wp-image-26\" src=\"http:\/\/people.unil.ch\/danieloesch\/files\/2014\/05\/image_pdf.gif\" alt=\"image_pdf\" width=\"15\" height=\"15\"><\/a><\/p>\n\n\n\n<p>Oesch, D. (2025). L\u2019apprendistato diventa sempre pi\u00f9 una tappa verso la formazione terziaria \u2013 con conseguenze. <em>Transfer. Formazione professionale in ricerca e pratica 10<\/em>(7) <a href=\"https:\/\/people.unil.ch\/danieloesch\/files\/2025\/05\/oesch_2025_transfer_it.pdf\">pdf <img loading=\"lazy\" decoding=\"async\" class=\"alignnone size-full wp-image-26\" src=\"http:\/\/people.unil.ch\/danieloesch\/files\/2014\/05\/image_pdf.gif\" alt=\"image_pdf\" width=\"15\" height=\"15\"><\/a>]<\/p>\n\n\n\n<p>Oesch, D. (2021) Bildungspolitik: der Weg zu mehr Chancengleichheit, <em>Neue Z\u00fcrcher Zeitung<\/em> 2. 3. <a href=\"https:\/\/people.unil.ch\/danieloesch\/files\/2021\/03\/Oesch_2020_Bildungspolitik_NZZ_original.pdf\">pdf <img loading=\"lazy\" decoding=\"async\" width=\"15\" height=\"15\" class=\"alignnone size-full wp-image-26\" src=\"https:\/\/people.unil.ch\/danieloesch\/files\/2014\/05\/image_pdf.gif\" alt=\"image_pdf\"><\/a><\/p>\n\n\n\n<p>Combet, B. and Oesch, D. (2020) The social-origin gap in university graduation by gender and immigrant status: a cohort analysis for Switzerland, <em>Longitudinal and Life Course Studies<\/em>, 1-28 <a href=\"https:\/\/people.unil.ch\/danieloesch\/files\/2020\/11\/Combet_Oesch_2020_Social_Origin_Gap_University_Graduation_Switzerland.pdf\">pdf<\/a> <img loading=\"lazy\" decoding=\"async\" width=\"15\" height=\"15\" class=\"alignnone size-full wp-image-26\" src=\"https:\/\/people.unil.ch\/danieloesch\/files\/2014\/05\/image_pdf.gif\" alt=\"image_pdf\"><\/p>\n\n\n\n<p>Korber, M. and Oesch, D. (2019) Vocational versus general education: Employment and earnings over the life course in Switzerland, <em>Advances in Life Course Research<\/em> 40: 1-13 <a href=\"https:\/\/people.unil.ch\/danieloesch\/files\/2019\/04\/Korber_Oesch_2019_Vocational_versus_general_education_over_the_life_course.pdf\">pdf <img loading=\"lazy\" decoding=\"async\" width=\"15\" height=\"15\" class=\"alignnone size-full wp-image-26\" src=\"https:\/\/people.unil.ch\/danieloesch\/files\/2014\/05\/image_pdf.gif\" alt=\"image_pdf\"><\/a><\/p>\n\n\n\n<p>Korber, M. und Oesch, D. (2016) Berufslehre bietet bessere Lohnaussichten f\u00fcr M\u00e4nner. <em>Volkswirtschaft<\/em> 11&nbsp;: 44-47 <a href=\"https:\/\/people.unil.ch\/danieloesch\/files\/2014\/05\/Korber_Oesch_Volkswirtschaft_DE_final.pdf\">pdf <img loading=\"lazy\" decoding=\"async\" class=\"alignnone size-full wp-image-26\" src=\"http:\/\/people.unil.ch\/danieloesch\/files\/2014\/05\/image_pdf.gif\" alt=\"image_pdf\" width=\"15\" height=\"15\"><\/a><\/p>\n\n\n\n<p>[Translated in: Korber, M. et Oesch, D. (2016) L\u2019apprentissage am\u00e9liore les perspectives salariales des hommes. <em>Vie \u00c9conomique<\/em> 11&nbsp;: 44-47 <a href=\"https:\/\/people.unil.ch\/danieloesch\/files\/2014\/05\/Korber_Oesch_VieEconomique_FR_final.pdf\">pdf <img loading=\"lazy\" decoding=\"async\" class=\"alignnone size-full wp-image-26\" src=\"http:\/\/people.unil.ch\/danieloesch\/files\/2014\/05\/image_pdf.gif\" alt=\"image_pdf\" width=\"15\" height=\"15\"><\/a>]<\/p>\n\n\n\n<p>Korber, M. et Oesch, D. (2016) Quelles perspectives d\u2019emploi et de salaire apr\u00e8s un apprentissage ? <em>Social Change in Switzerland<\/em> No 6 (juin)&nbsp;<a href=\"https:\/\/people.unil.ch\/danieloesch\/files\/2014\/05\/Korber_Oesch_Apprentissage_27juin2016.pdf\">pdf&nbsp; <img loading=\"lazy\" decoding=\"async\" class=\"alignnone size-full wp-image-26\" src=\"http:\/\/people.unil.ch\/danieloesch\/files\/2014\/05\/image_pdf.gif\" alt=\"image_pdf\" width=\"15\" height=\"15\"><\/a><\/p>\n\n\n\n<p>[Translated in: Korber, M. und Oesch, D. (2016) Besch\u00e4ftigungs- und Lohnperspektiven nach einer Berufslehre<em>. Social Change in Switzerland&nbsp; <\/em>Nr. 6 (Juni)&nbsp;<a href=\"https:\/\/people.unil.ch\/danieloesch\/files\/2014\/05\/Korber_Oesch_Berufslehre_27juin2016.pdf\">pdf <img loading=\"lazy\" decoding=\"async\" class=\"alignnone size-full wp-image-26\" src=\"http:\/\/people.unil.ch\/danieloesch\/files\/2014\/05\/image_pdf.gif\" alt=\"image_pdf\" width=\"15\" height=\"15\"><\/a>]<\/p>\n\n\n\n<p>Oesch, D. &amp; Korber, M. (2016) Matura schl\u00e4gt Lehre beim Lohn, <em>Neue Z\u00fcrcher Zeitung<\/em> 2. 7. <a href=\"https:\/\/people.unil.ch\/danieloesch\/files\/2014\/05\/OeschKorber_NZZ_2Juli2016.pdf\">pdf <img loading=\"lazy\" decoding=\"async\" width=\"15\" height=\"15\" class=\"alignnone size-full wp-image-26\" src=\"https:\/\/people.unil.ch\/danieloesch\/files\/2014\/05\/image_pdf.gif\" alt=\"image_pdf\"><\/a><\/p>\n\n\n\n<p>Oesch, D. (2013), <em><a href=\"https:\/\/ukcatalogue.oup.com\/product\/9780199680962.do\">Occupational Change in Europe. How Technology and Education transform the Job Structure<\/a>,<\/em> Oxford: Oxford University Press <a href=\"https:\/\/people.unil.ch\/danieloesch\/files\/2014\/05\/Introduction_OUPpreviewChapter.pdf\">pdf<\/a><\/p>\n\n\n\n<p>Oesch D. (2012) Die Zahl der Maturanden zu senken, ist ein Unsinn, <em>Neue Z\u00fcrcher Zeitung am Sonntag<\/em> 18. 10.&nbsp;<a href=\"https:\/\/people.unil.ch\/danieloesch\/files\/2014\/05\/Artikel_Oesch_MaturandenSenken_NZZamSonntag_18Nov20121.pdf\">pdf <\/a><a href=\"https:\/\/people.unil.ch\/danieloesch\/files\/2014\/05\/Oesch_Lipps_2013_Gewoehnungseffekt_panorama_frz.pdf\"><img loading=\"lazy\" decoding=\"async\" width=\"15\" height=\"15\" class=\"alignnone size-full wp-image-26\" src=\"https:\/\/people.unil.ch\/danieloesch\/files\/2014\/05\/image_pdf.gif\" alt=\"image_pdf\"><\/a><\/p>\n\n\n\n<p><strong><a id=\"unique-identifier4\"><\/a>Class voting &amp; cleavages<\/strong><\/p>\n\n\n\n<p>Oesch, D. and Rennwald, L. (2018) Electoral competition in Europe\u2019s new tripolar political space: Class voting for the left, centre-right and radical right, <em>European Journal of Political Research<\/em>, forthcoming <a href=\"https:\/\/people.unil.ch\/danieloesch\/files\/2018\/01\/Oesch_Rennwald_2018_Tripolar_political_space.pdf\">pdf <img loading=\"lazy\" decoding=\"async\" width=\"15\" height=\"15\" class=\"alignnone size-full wp-image-26\" src=\"https:\/\/people.unil.ch\/danieloesch\/files\/2014\/05\/image_pdf.gif\" alt=\"image_pdf\"><\/a><\/p>\n\n\n\n<p>Oesch, D. (2012) The Class Basis of the Cleavage between the New Left and the Radical Right: an analysis for Austria, Denmark, Norway and Switzerland, in: Rydren, J. (ed.) <em>Class Politics and the Radical Right<\/em>, London: Routledge, 31-51 <a href=\"https:\/\/people.unil.ch\/danieloesch\/files\/2014\/05\/Oesch_2012_Cleavage_NewLeft_PopulistRight_Proofs_Routledge.pdf\">pdf <img loading=\"lazy\" decoding=\"async\" class=\"alignnone size-full wp-image-26\" src=\"https:\/\/people.unil.ch\/danieloesch\/files\/2014\/05\/image_pdf.gif\" alt=\"image_pdf\" width=\"15\" height=\"15\"><\/a><\/p>\n\n\n\n<p>Oesch, D. (2011) Zwischen Klassenkonflikt und Kulturkampf,<em> Wochenzeitung<\/em> 29. 9. <a href=\"https:\/\/people.unil.ch\/danieloesch\/files\/2014\/05\/WOZ_Artikel_DOesch_29Sept2011_Proofs.pdf\">pdf<\/a><\/p>\n\n\n\n<p>Oesch, D. and Rennwald, L. (2010) The class basis of Switzerland\u2019s cleavage between the New Left and the Populist Right, <em>Swiss Political Science Review<\/em> 16 (3): 343-372 <a href=\"https:\/\/people.unil.ch\/danieloesch\/files\/2014\/05\/Oesch_Rennwald_Proofs_SPSR.pdf\">pdf <img loading=\"lazy\" decoding=\"async\" class=\"alignnone size-full wp-image-26\" src=\"https:\/\/people.unil.ch\/danieloesch\/files\/2014\/05\/image_pdf.gif\" alt=\"image_pdf\" width=\"15\" height=\"15\"><\/a><\/p>\n\n\n\n<p>Oesch, D. and Rennwald, L. (2010) La disparition du vote ouvrier? Le vote de classe et les partis de gauche en Suisse, in: Sciarini, P. and Nicolet, S. (eds.), <em>Le destin de la gauche. Analyse du vote PS et Verts en Suisse<\/em>, 220-258, Gen\u00e8ve: Georg <a href=\"https:\/\/people.unil.ch\/danieloesch\/files\/2014\/05\/Proofs_Chap1_OeschRennwald_24Sept09.pdf\">pdf <img loading=\"lazy\" decoding=\"async\" class=\"alignnone size-full wp-image-26\" src=\"https:\/\/people.unil.ch\/danieloesch\/files\/2014\/05\/image_pdf.gif\" alt=\"image_pdf\" width=\"15\" height=\"15\"><\/a><\/p>\n\n\n\n<p>Oesch, D. and Rennwald, L. (2010) Un \u00e9lectorat divis\u00e9? Les pr\u00e9f\u00e9rences politiques des classes sociales et le vote de gauche en Suisse en 2007, in: Sciarini, P. and Nicolet, S. (eds.), <em>Le destin de la gauche. Analyse du vote PS et Verts en Suisse<\/em>, 259-293, Gen\u00e8ve: Georg <a href=\"https:\/\/people.unil.ch\/danieloesch\/files\/2014\/05\/Proofs_Chap2_OeschRennwald_28Sept09.pdf\">pdf <img loading=\"lazy\" decoding=\"async\" class=\"alignnone size-full wp-image-26\" src=\"https:\/\/people.unil.ch\/danieloesch\/files\/2014\/05\/image_pdf.gif\" alt=\"image_pdf\" width=\"15\" height=\"15\"><\/a><\/p>\n\n\n\n<p>Oesch, D. (2008) Explaining workers\u2019 support for right-wing populist parties in Western Europe: Evidence from Austria, Belgium, France, Norway and Switzerland, <em>International Political Science Review<\/em> 29 (3): 349-373 <a href=\"https:\/\/people.unil.ch\/danieloesch\/files\/2014\/05\/Oesch_WorkersRadicalRight_IntPolScienceReview_June08.pdf\">pdf <img loading=\"lazy\" decoding=\"async\" class=\"alignnone size-full wp-image-26\" src=\"https:\/\/people.unil.ch\/danieloesch\/files\/2014\/05\/image_pdf.gif\" alt=\"image_pdf\" width=\"15\" height=\"15\"><\/a><\/p>\n\n\n\n<p>Oesch, D. (2008) The changing shape of class voting: an individual-level analysis of party support in Britain, Germany and Switzerland, <em>European Societies<\/em> 10 (3): 329-355 <a href=\"https:\/\/people.unil.ch\/danieloesch\/files\/2014\/05\/ClassVoting_EuropeanSocieties_August08.pdf\">pdf <img loading=\"lazy\" decoding=\"async\" class=\"alignnone size-full wp-image-26\" src=\"https:\/\/people.unil.ch\/danieloesch\/files\/2014\/05\/image_pdf.gif\" alt=\"image_pdf\" width=\"15\" height=\"15\"><\/a><\/p>\n\n\n\n<p>Oesch, D. et Rennwald, L. (2008) Le nouveau destin \u00e9lectoral des classes populaires, un basculement spectaculaire, <em>Le Temps<\/em>&nbsp;3. 10.&nbsp;<a href=\"https:\/\/people.unil.ch\/danieloesch\/files\/2014\/05\/Article_Oesch_Rennwald_leTemps_3oct08.pdf\">pdf&nbsp;<img loading=\"lazy\" decoding=\"async\" class=\"alignnone size-full wp-image-26\" src=\"https:\/\/people.unil.ch\/danieloesch\/files\/2014\/05\/image_pdf.gif\" alt=\"image_pdf\" width=\"15\" height=\"15\"><\/a><\/p>\n\n\n\n<p><strong><a id=\"unique-identifier5\"><\/a>Family &amp; gender<\/strong><\/p>\n\n\n\n<p>Lalive, R., Oesch, D., Pellizzari (2023) How personal relationships affect employment outcomes: on the role of social networks and family obligations. In: Spini, D. &amp; Widmer, E. (eds.), <em>Withstanding Vulnerability throughout Adult Life<\/em>. Singapore: Springer <a href=\"https:\/\/people.unil.ch\/danieloesch\/files\/2023\/01\/Lalive_Oesch_Pellizzari_2023_Personal_Relationships_affect_Employment_Outcomes.pdf\">pdf <img loading=\"lazy\" decoding=\"async\" class=\"alignnone size-full wp-image-26\" src=\"http:\/\/people.unil.ch\/danieloesch\/files\/2014\/05\/image_pdf.gif\" alt=\"image_pdf\" width=\"15\" height=\"15\"><\/a><\/p>\n\n\n\n<p>Di Nallo, A., Lipps, O., Oesch, D. and Voorpostel, M. (2021) The effect of unemployment on couples separating in Germany and the UK. <em>Journal of Marriage and Family<\/em> 1-20 <a href=\"https:\/\/people.unil.ch\/danieloesch\/files\/2021\/10\/DiNallo_Lipps_Oesch_Voorpostel_2021_Effect_Unemployment_Separation_JMF.pdf\">pdf<\/a> <img loading=\"lazy\" decoding=\"async\" width=\"15\" height=\"15\" class=\"alignnone size-full wp-image-26\" src=\"https:\/\/people.unil.ch\/danieloesch\/files\/2014\/05\/image_pdf.gif\" alt=\"image_pdf\"><\/p>\n\n\n\n<p>Di Nallo, A. and Oesch, D. (2021) No Stratified Effect of Unemployment on Incomes: How the Market, State, and Household Compensate for Income Loss in the United Kingdom and Switzerland, <em>European Sociological Review<\/em>, 37(5) 783\u2013798 <a href=\"https:\/\/people.unil.ch\/danieloesch\/files\/2021\/01\/DiNallo_Oesch_2020_Unemployment_Incomes_UK_Switzerland.pdf\">pdf <img loading=\"lazy\" decoding=\"async\" class=\"alignnone size-full wp-image-26\" src=\"http:\/\/people.unil.ch\/danieloesch\/files\/2014\/05\/image_pdf.gif\" alt=\"image_pdf\" width=\"15\" height=\"15\"><\/a> <\/p>\n\n\n\n<p>Combet, B. and Oesch, D. (2019) The gender wage gap opens long before motherhood. Panel evidence on early careers in Switzerland, <em>European Sociological Review <\/em>35(3): 332-345 <a href=\"https:\/\/people.unil.ch\/danieloesch\/files\/2019\/03\/Combet_Oesch_2019_GenderWageGapOpensBeforeFamilyFormation.pdf\">pdf <img loading=\"lazy\" decoding=\"async\" width=\"15\" height=\"15\" class=\"alignnone size-full wp-image-26\" src=\"https:\/\/people.unil.ch\/danieloesch\/files\/2014\/05\/image_pdf.gif\" alt=\"image_pdf\"><\/a><\/p>\n\n\n\n<p>Combet, B. und Oesch, D. (2019) Die Lohnungleichheit zwischen Frauen und M\u00e4nnern beginnt lange vor der Familiengr\u00fcndung,&nbsp;<em>Social Change in Switzerland&nbsp;<\/em>Nr 18&nbsp;<a href=\"https:\/\/people.unil.ch\/danieloesch\/files\/2019\/07\/CombetOesch_SocialChange_7Juni2019_DE.pdf\">pdf&nbsp;<img loading=\"lazy\" decoding=\"async\" class=\"alignnone size-full wp-image-26\" src=\"https:\/\/people.unil.ch\/danieloesch\/files\/2014\/05\/image_pdf.gif\" alt=\"image_pdf\" width=\"15\" height=\"15\"><\/a><\/p>\n\n\n\n<p>[Traduit dans: Combet, B. et Oesch, D. (2017) L\u2019in\u00e9galit\u00e9 salariale entre hommes et femmes commence bien avant la fondation d\u2019une famille,&nbsp;<em>Social Change in Switzerland&nbsp;<\/em>No 18&nbsp;<a href=\"https:\/\/people.unil.ch\/danieloesch\/files\/2019\/07\/CombetOesch_SocialChange_7juin2019_FR.pdf\">pdf&nbsp;<img loading=\"lazy\" decoding=\"async\" width=\"15\" height=\"15\" class=\"alignnone size-full wp-image-26\" src=\"https:\/\/people.unil.ch\/danieloesch\/files\/2014\/05\/image_pdf.gif\" alt=\"image_pdf\"><\/a><\/p>\n\n\n\n<p>Oesch, D. und Combet, B. (2019) Lohnungleichheit startet lange vor der Mutterschaft,&nbsp;<em>Tages-Anzeiger<\/em>&nbsp;7. 6.&nbsp;<a href=\"https:\/\/people.unil.ch\/danieloesch\/files\/2019\/07\/Oesch_Combet_Lohnungleichheit_TagesAnzeiger_8Juni2019.pdf\">pdf&nbsp;<img loading=\"lazy\" decoding=\"async\" class=\"alignnone size-full wp-image-26\" src=\"https:\/\/people.unil.ch\/danieloesch\/files\/2014\/05\/image_pdf.gif\" alt=\"image_pdf\" width=\"15\" height=\"15\"><\/a><\/p>\n\n\n\n<p>Oesch, D. und Combet, B. (2019) L\u2019in\u00e9galit\u00e9 salariale entre les sexes commence bien avant la maternit\u00e9,&nbsp;<em>Le Temps<\/em>&nbsp;7. 6.&nbsp;<a href=\"https:\/\/people.unil.ch\/danieloesch\/files\/2019\/07\/Oesch_Combet_Inegalit%C3%A9Salariale_7juin2019.pdf\">pdf&nbsp;<img loading=\"lazy\" decoding=\"async\" class=\"alignnone size-full wp-image-26\" src=\"https:\/\/people.unil.ch\/danieloesch\/files\/2014\/05\/image_pdf.gif\" alt=\"image_pdf\" width=\"15\" height=\"15\"><\/a><\/p>\n\n\n\n<p>Oesch, D., McDonald, P. and Lipps, O. (2017) The wage penalty for motherhood: Evidence on discrimination from panel data and a survey experiment for Switzerland, <em>Demographic Research<\/em> 37: 1793-1824 <a href=\"https:\/\/people.unil.ch\/danieloesch\/files\/2017\/12\/Oesch_McDonald_Lipps_2017_DemographicResearch.pdf\">pdf <img loading=\"lazy\" decoding=\"async\" width=\"15\" height=\"15\" class=\"alignnone size-full wp-image-26\" src=\"https:\/\/people.unil.ch\/danieloesch\/files\/2014\/05\/image_pdf.gif\" alt=\"image_pdf\"><\/a><\/p>\n\n\n\n<p>Murphy, E. and Oesch, D. (2016) The Feminization of Occupations and Change in Wages: A Panel Analysis of Britain, Germany, and Switzerland, <em>Social Forces<\/em> 94(3)<em>: <\/em>1221\u20131255 <a href=\"https:\/\/people.unil.ch\/danieloesch\/files\/2014\/05\/Murphy_Oesch_2015_Feminization_Occupations_Change_Wages.pdf\">pdf <img loading=\"lazy\" decoding=\"async\" width=\"15\" height=\"15\" class=\"alignnone size-full wp-image-26\" src=\"https:\/\/people.unil.ch\/danieloesch\/files\/2014\/05\/image_pdf.gif\" alt=\"image_pdf\"><\/a><\/p>\n\n\n\n<p><strong><a id=\"unique-identifier6\"><\/a>Trade unions &amp; collective bargaining<\/strong><\/p>\n\n\n\n<p>Oesch, D. (2014) Der Mythos von der guten alten Sozialpartnerschaft, <em>Wochenzeitung<\/em> 27. 3. <a href=\"https:\/\/people.unil.ch\/danieloesch\/files\/2014\/05\/WOZ_DanielOesch_27Marz2014.pdf\">pdf <img loading=\"lazy\" decoding=\"async\" width=\"15\" height=\"15\" class=\"alignnone size-full wp-image-26\" src=\"https:\/\/people.unil.ch\/danieloesch\/files\/2014\/05\/image_pdf.gif\" alt=\"image_pdf\"><\/a><\/p>\n\n\n\n<p>Oesch, D. (2014) Le salaire minimum ne menace pas le partenariat social, <em>Le Temps<\/em> 25. 3. <a href=\"https:\/\/people.unil.ch\/danieloesch\/files\/2014\/05\/PartenariatSocial_DOesch_LeTemps_25mars2014.pdf\">pdf <img loading=\"lazy\" decoding=\"async\" width=\"15\" height=\"15\" class=\"alignnone size-full wp-image-26\" src=\"https:\/\/people.unil.ch\/danieloesch\/files\/2014\/05\/image_pdf.gif\" alt=\"image_pdf\"><\/a><\/p>\n\n\n\n<p>Oesch, D. (2012) Recruitment, retention and exit from union membership. An analysis of member flows in Swiss union locals, <em>British Journal of Industrial Relations <\/em>50 (2): 287\u2013307 <a href=\"https:\/\/people.unil.ch\/danieloesch\/files\/2014\/05\/Oesch_2012_MemberFlows_SwissUnions_final.pdf\">pdf <img loading=\"lazy\" decoding=\"async\" class=\"alignnone size-full wp-image-26\" src=\"https:\/\/people.unil.ch\/danieloesch\/files\/2014\/05\/image_pdf.gif\" alt=\"image_pdf\" width=\"15\" height=\"15\"><\/a><\/p>\n\n\n\n<p>Oesch, D. (2012) Die Bedeutung von Gesamtarbeitsvertr\u00e4gen f\u00fcr die Arbeitsmarktregulierung in der Schweiz, <em>Zeitschrift f\u00fcr Arbeitsrecht und Arbeitslosenversicherung,<\/em> Sonderausgabe, 120-127 <a href=\"https:\/\/people.unil.ch\/danieloesch\/files\/2014\/05\/Oesch_2012_100JahreGAV_Druckfahne.pdf\">pdf <img loading=\"lazy\" decoding=\"async\" class=\"alignnone size-full wp-image-26\" src=\"https:\/\/people.unil.ch\/danieloesch\/files\/2014\/05\/image_pdf.gif\" alt=\"image_pdf\" width=\"15\" height=\"15\"><\/a><\/p>\n\n\n\n<p>Oesch, D. (2011) Swiss trade unions and industrial relations after 1990: a history of decline and renewal, in: Trampusch, C. and Mach, A. (eds.), <em>Switzerland in&nbsp;Europe. Continuity and Change in the Swiss Political Economy<\/em>, 82-102, London: Routledge <a href=\"https:\/\/people.unil.ch\/danieloesch\/files\/2014\/05\/Oesch_2011_Trade_Unions_Routledge.pdf\">pdf <img loading=\"lazy\" decoding=\"async\" class=\"alignnone size-full wp-image-26\" src=\"https:\/\/people.unil.ch\/danieloesch\/files\/2014\/05\/image_pdf.gif\" alt=\"image_pdf\" width=\"15\" height=\"15\"><\/a><\/p>\n\n\n\n<p>Oesch, D. (2007) Weniger Koordination, mehr Markt? Kollektive Arbeitsbeziehungen und Neokorporatismus in der Schweiz seit 1990, <em>Swiss Political Science Review <\/em>13 (3): 337-368 <a href=\"https:\/\/people.unil.ch\/danieloesch\/files\/2014\/05\/Neokorp_SPSR_Oesch_5Oktober07.pdf\">pdf <img loading=\"lazy\" decoding=\"async\" class=\"alignnone size-full wp-image-26\" src=\"https:\/\/people.unil.ch\/danieloesch\/files\/2014\/05\/image_pdf.gif\" alt=\"image_pdf\" width=\"15\" height=\"15\"><\/a><\/p>\n\n\n\n<p>Oesch, D. (2007) Organisationen im Umbruch: Die Gewerkschaften in der Schweiz von 1990 bis 2006, in: Beck, R., Ambrosetti, R. and Rieger, A. (eds.), <em>Gewerkschaften im Umbruch.<\/em>Z\u00fcrich: R\u00fcegger, 23-49 <a href=\"https:\/\/people.unil.ch\/danieloesch\/files\/2014\/05\/Oesch_2007_GewerkUmbruch_Ruegger.pdf\">pdf <img loading=\"lazy\" decoding=\"async\" class=\"alignnone size-full wp-image-26\" src=\"https:\/\/people.unil.ch\/danieloesch\/files\/2014\/05\/image_pdf.gif\" alt=\"image_pdf\" width=\"15\" height=\"15\"><\/a><\/p>\n\n\n\n<p>[Traduit dans: Oesch, D. (2008) Les syndicats en Suisse de 1990 \u00e0 2006: strat\u00e9gies, fusions et \u00e9volution de leurs effectifs, <em>USS-Dossier<\/em> 51, Union syndicale Suisse, Berne] <a href=\"https:\/\/people.unil.ch\/danieloesch\/files\/2014\/05\/51_DO_f_syndicats_Suisse_90-06.pdf\">pdf <img loading=\"lazy\" decoding=\"async\" width=\"15\" height=\"15\" class=\"alignnone size-full wp-image-26\" src=\"https:\/\/people.unil.ch\/danieloesch\/files\/2014\/05\/image_pdf.gif\" alt=\"image_pdf\"><\/a><\/p>\n\n\n\n<p>Mach, A. and Oesch, D. (2003) Collective bargaining between decentralization and stability: a sectoral model explaining the Swiss experience during the 1990s, <em>Industrielle Beziehungen<\/em> 10 (1): 160-182 <a href=\"https:\/\/people.unil.ch\/danieloesch\/files\/2014\/05\/InduBezieh_Mach_Oesch.pdf\">pdf <img loading=\"lazy\" decoding=\"async\" class=\"alignnone size-full wp-image-26\" src=\"https:\/\/people.unil.ch\/danieloesch\/files\/2014\/05\/image_pdf.gif\" alt=\"image_pdf\" width=\"15\" height=\"15\"><\/a><\/p>\n\n\n\n<p><strong><a id=\"unique-identifier7\"><\/a>Welfare state &amp; economic policy<\/strong><\/p>\n\n\n\n<p>Oesch, D. (2023) The structural shifts in Switzerland\u2019s economy and society, 2000-2020. In: Emmenegger, P., Fossati, F., H\u00e4usermann, S. et a. (eds.), <em>The Oxford Handbook of Swiss Politics<\/em>, Oxford: Oxford University Press <a href=\"https:\/\/people.unil.ch\/danieloesch\/files\/2023\/12\/Oesch_2023_Shifts_Swiss_Economy_Society_OUP.pdf\">pdf <img loading=\"lazy\" decoding=\"async\" class=\"alignnone size-full wp-image-26\" src=\"http:\/\/people.unil.ch\/danieloesch\/files\/2014\/05\/image_pdf.gif\" alt=\"image_pdf\" width=\"15\" height=\"15\"><\/a><\/p>\n\n\n\n<p>Oesch, D. (2022) Wirtschafts- und Sozialstruktur der Schweiz. In: Papadopoulos, Y., Sciarini, P., Vatter, A., H\u00e4usermann, S., Emmenegger, P., &amp; Fossati, F. (eds.) (2022). <em>Handbuch der Schweizer Politik<\/em>, Z\u00fcrich: NZZ Verlag <a href=\"https:\/\/people.unil.ch\/danieloesch\/files\/2021\/11\/Oesch_2020_Wirtschafts_Sozialstruktur_Handbuch_14Nov2021.pdf\"><\/a><a href=\"https:\/\/people.unil.ch\/danieloesch\/files\/2022\/04\/Oesch_2022_Wirtschafts_Sozialstruktur_Schweiz_NZZLibro-1.pdf\">pdf <img loading=\"lazy\" decoding=\"async\" width=\"15\" height=\"15\" class=\"alignnone size-full wp-image-26\" src=\"http:\/\/people.unil.ch\/danieloesch\/files\/2014\/05\/image_pdf.gif\" alt=\"image_pdf\"><\/a><\/p>\n\n\n\n<p>[Traduit dans: Oesch, D. (2022) La structure \u00e9conomique et sociale de la Suisse. <em>LIVES Working Paper <\/em>94\/2022 <a href=\"https:\/\/people.unil.ch\/danieloesch\/files\/2022\/04\/Oesch_2022_Structure_economique_sociale_Suisse_LIVESWorkingPaper.pdf\">pdf <img loading=\"lazy\" decoding=\"async\" class=\"alignnone size-full wp-image-26\" src=\"http:\/\/people.unil.ch\/danieloesch\/files\/2014\/05\/image_pdf.gif\" alt=\"image_pdf\" width=\"15\" height=\"15\"><\/a> ]<\/p>\n\n\n\n<p>Korber, M. et Oesch, D. (2016) L\u2019\u00e9volution de l\u2019emploi, du ch\u00f4mage et du PIB dans le canton de Vaud depuis 1990. Une \u00e9tude comparative avec la Suisse, <em>LIVES Working Paper<\/em> 51, University of Lausanne <a href=\"https:\/\/people.unil.ch\/danieloesch\/files\/2014\/05\/LIVES_WP_Korber_Oesch_2016.pdf\">pdf <img loading=\"lazy\" decoding=\"async\" width=\"15\" height=\"15\" class=\"alignnone size-full wp-image-26\" src=\"https:\/\/people.unil.ch\/danieloesch\/files\/2014\/05\/image_pdf.gif\" alt=\"image_pdf\"><\/a><\/p>\n\n\n\n<p>Oesch, D. (2015) Welfare regimes and change in the employment structure: Britain, Denmark and Germany since 1990, <em>Journal of European Social Policy <\/em>25 (1): 94-110 <a href=\"https:\/\/people.unil.ch\/danieloesch\/files\/2014\/05\/Oesch_2015_WelfareRegimes_EmploymentStructure_FinalVersion.pdf\">pdf <img loading=\"lazy\" decoding=\"async\" class=\"alignnone size-full wp-image-26\" src=\"https:\/\/people.unil.ch\/danieloesch\/files\/2014\/05\/image_pdf.gif\" alt=\"image_pdf\" width=\"15\" height=\"15\"><\/a><\/p>\n\n\n\n<p>Oesch, D. (2011) <em>G\u00f8sta Esping-Andersen: The Incomplete Revolution: Adapting to Women\u2019s New Roles,<\/em><em> European Sociological Review <\/em>27 (2): 288-290 <a href=\"https:\/\/people.unil.ch\/danieloesch\/files\/2014\/05\/Oesch_2011_BookReview_EspingAndersen.pdf\">pdf <img loading=\"lazy\" decoding=\"async\" class=\"alignnone size-full wp-image-26\" src=\"https:\/\/people.unil.ch\/danieloesch\/files\/2014\/05\/image_pdf.gif\" alt=\"image_pdf\" width=\"15\" height=\"15\"><\/a><\/p>\n\n\n\n<p>Oesch, D. (2008) Stratifying welfare states: class differences in pension coverage in Britain, Germany, Sweden and Switzerland, <em>Swiss Journal of Sociology<\/em> 34 (3): 533-554 <a href=\"https:\/\/people.unil.ch\/danieloesch\/files\/2014\/05\/Finalversion_StratifyingWelfareStates_SwissJournalofSociology_February09.pdf\">pdf <img loading=\"lazy\" decoding=\"async\" class=\"alignnone size-full wp-image-26\" src=\"https:\/\/people.unil.ch\/danieloesch\/files\/2014\/05\/image_pdf.gif\" alt=\"image_pdf\" width=\"15\" height=\"15\"><\/a><\/p>\n\n\n\n<p>Oesch, D. (2008) Die Wiederentdeckung von Mindestl\u00f6hnen durch die Wirtschaftspolitik, in: Denknetz (ed.), <em>Eine andere Welt. Nach der Entzauberung des Kapitalismus<\/em>, 131-137, Z\u00fcrich: Edition 8 <a href=\"https:\/\/people.unil.ch\/danieloesch\/files\/2014\/05\/DO_Jahrbuch_Denknetz_Mindestloh_formatiert_08.pdf\">pdf <img loading=\"lazy\" decoding=\"async\" class=\"alignnone size-full wp-image-26\" src=\"https:\/\/people.unil.ch\/danieloesch\/files\/2014\/05\/image_pdf.gif\" alt=\"image_pdf\" width=\"15\" height=\"15\"><\/a><\/p>\n\n\n\n<p>Lampart, D. und Oesch, D. (eds.) (2008) Wirtschaftspolitik in der Schweiz: 60 Beitr\u00e4ge zu Lohn, Besch\u00e4ftigung und Sozialstaat, <em>SGB-Dossier<\/em> 60, Schweizerischer Gewerkschaftsbund, Bern <a href=\"https:\/\/people.unil.ch\/danieloesch\/files\/2014\/05\/60_d_DO_Artikel_work_2008.pdf\">pdf <img loading=\"lazy\" decoding=\"async\" class=\"alignnone size-full wp-image-26\" src=\"https:\/\/people.unil.ch\/danieloesch\/files\/2014\/05\/image_pdf.gif\" alt=\"image_pdf\" width=\"15\" height=\"15\"><\/a><\/p>\n\n\n\n<p>Oesch, D. (2008) Mindestl\u00f6hne in der Schweiz: Entwicklungen seit 1998 und Handlungsbedarf heute, [avec un resum\u00e9 en fran\u00e7ais], <em>SGB-Dossier<\/em> 56, Schweizerischer Gewerkschaftsbund, Bern <a href=\"https:\/\/people.unil.ch\/danieloesch\/files\/2014\/05\/Dossier_Mindestloehne_DO_11April08.pdf\">pdf <img loading=\"lazy\" decoding=\"async\" class=\"alignnone size-full wp-image-26\" src=\"https:\/\/people.unil.ch\/danieloesch\/files\/2014\/05\/image_pdf.gif\" alt=\"image_pdf\" width=\"15\" height=\"15\"><\/a><\/p>\n\n\n\n<p>Oesch, D. und Rieger, A. (2006) Mindestlohnpolitik via Tarifverhandlungen: Erfahrungen der gewerkschaftlichen Mindestlohnkampagne in der Schweiz, in: Schulten, T., Bispinck, R. and C. Sch\u00e4fer (Hrsg.) <em>Mindestl\u00f6hne in Europa,<\/em> Hamburg: VSA-Verlag,&nbsp;225-245 <a href=\"https:\/\/people.unil.ch\/danieloesch\/files\/2014\/05\/Artikel_MinKamp_Oesch_Rieger_Okt05.pdf\">pdf <img loading=\"lazy\" decoding=\"async\" class=\"alignnone size-full wp-image-26\" src=\"https:\/\/people.unil.ch\/danieloesch\/files\/2014\/05\/image_pdf.gif\" alt=\"image_pdf\" width=\"15\" height=\"15\"><\/a><\/p>\n\n\n\n<p>[Translated in: Oesch, D. and Rieger, A. (2006) Minimum wage policy via collective bargaining: the Swiss trade unions\u2019 minimum wage campaign, in: Schulten, T., Bispinck, R. and C. Sch\u00e4fer (eds), <em>Minimum Wages in Europe,<\/em> Brussels: European Trade Union Institute,&nbsp;277-302 <a href=\"https:\/\/people.unil.ch\/danieloesch\/files\/2014\/05\/Article_LowWage_OeschRieger_Mar06.pdf\">pdf <img loading=\"lazy\" decoding=\"async\" class=\"alignnone size-full wp-image-26\" src=\"https:\/\/people.unil.ch\/danieloesch\/files\/2014\/05\/image_pdf.gif\" alt=\"image_pdf\" width=\"15\" height=\"15\"><\/a>]<\/p>\n\n\n\n<p>Oesch, D., Graf, R. und Gaillard, S. (2005) Die Entwicklung des Tieflohnsektors in der Schweiz 1998-2002, in: Denknetz (ed.), <em>Der neue Glanz der Gleichheit, <\/em>Z\u00fcrich: Edition 8, 137-155<\/p>\n\n\n\n<p>Gaillard, S. und Oesch, D. (2002) Wodurch erkl\u00e4ren sich die Unterschiede in der Steuerbelastung der Kantone?, <em>Swiss Political Science Review<\/em> 8 (2): 81-99 <a href=\"https:\/\/people.unil.ch\/danieloesch\/files\/2014\/05\/Gaillard_Oesch_2002_Steuerunterschiede_RSSP.pdf\">pdf <img loading=\"lazy\" decoding=\"async\" class=\"alignnone size-full wp-image-26\" src=\"https:\/\/people.unil.ch\/danieloesch\/files\/2014\/05\/image_pdf.gif\" alt=\"image_pdf\" width=\"15\" height=\"15\"><\/a><\/p>\n\n\n\n<p>Oesch, D. (2001) L\u2019int\u00e9gration de crit\u00e8res sociaux et \u00e9cologiques dans la politique d\u2019investissement des caisses de pension en Suisse, in: Pasquier-Dorthe, J., Barbuscia, D., Gay, S et F. Giorgetti (eds),<em> Ethique, gestion de patrimoine et gouvernement d\u2019entreprise<\/em>, Fribourg&nbsp;: Editions Universitaires Fribourg,&nbsp;165-176 <a href=\"https:\/\/people.unil.ch\/danieloesch\/files\/2014\/05\/Investissement_caisse_pension_rapport_final.pdf\">pdf <img loading=\"lazy\" decoding=\"async\" class=\"alignnone size-full wp-image-26\" src=\"https:\/\/people.unil.ch\/danieloesch\/files\/2014\/05\/image_pdf.gif\" alt=\"image_pdf\" width=\"15\" height=\"15\"><\/a><\/p>\n\n\n\n<p>Oesch, D. (2001) L\u2019in\u00e9galit\u00e9, frein \u00e0 la croissance? L\u2019effet de l\u2019in\u00e9galit\u00e9 des revenus sur les taux de croissance de dix pays de l\u2019Europe de l\u2019Ouest, <em>Swiss Political Science Review <\/em>7 (2)&nbsp;: 27-48 <a href=\"https:\/\/people.unil.ch\/danieloesch\/files\/2014\/05\/Oesch_2001_InegaliteCroissance_RSSP.pdf\">pdf <img loading=\"lazy\" decoding=\"async\" class=\"alignnone size-full wp-image-26\" src=\"https:\/\/people.unil.ch\/danieloesch\/files\/2014\/05\/image_pdf.gif\" alt=\"image_pdf\" width=\"15\" height=\"15\"><\/a><\/p>\n\n\n\n<p>Gaillard, S. und Oesch, D. (2000) Expertenbericht Mindestl\u00f6hne [avec un r\u00e9sum\u00e9 en fran\u00e7ais], <em>SGB<\/em>\u2013<em>Dossier <\/em>6, Schweizerischer Gewerkschaftsbund, Bern <a href=\"https:\/\/people.unil.ch\/danieloesch\/files\/2014\/05\/mindestlohn-d-f.pdf\">pdf <img loading=\"lazy\" decoding=\"async\" width=\"15\" height=\"15\" class=\"alignnone size-full wp-image-26\" src=\"https:\/\/people.unil.ch\/danieloesch\/files\/2014\/05\/image_pdf.gif\" alt=\"image_pdf\"><\/a><\/p>\n\n\n\n<p><strong><a id=\"unique-identifier8\"><\/a>Socio-Economic change in Switzerland<\/strong><\/p>\n\n\n\n<p>Oesch, D. (2023) The structural shifts in Switzerland\u2019s economy and society, 2000-2020. In: Emmenegger, P., Fossati, F., H\u00e4usermann, S. et a. (eds.), <em>The Oxford Handbook of Swiss Politics<\/em>, Oxford: Oxford University Press <a href=\"https:\/\/people.unil.ch\/danieloesch\/files\/2023\/12\/Oesch_2023_Shifts_Swiss_Economy_Society_OUP.pdf\">pdf <img loading=\"lazy\" decoding=\"async\" class=\"alignnone size-full wp-image-26\" src=\"http:\/\/people.unil.ch\/danieloesch\/files\/2014\/05\/image_pdf.gif\" alt=\"image_pdf\" width=\"15\" height=\"15\"><\/a><\/p>\n\n\n\n<p>Oesch, D. (2023) Falsches Feindbild Teilzeitarbeit. <em>Neue Z\u00fcrcher Zeitung<\/em> 8. Mai <a href=\"https:\/\/people.unil.ch\/danieloesch\/files\/2023\/06\/Oesch_Teilzeit_NZZ_2023-05-08.pdf\">pdf <img loading=\"lazy\" decoding=\"async\" width=\"15\" height=\"15\" class=\"alignnone size-full wp-image-26\" src=\"https:\/\/people.unil.ch\/danieloesch\/files\/2014\/05\/image_pdf.gif\" alt=\"image_pdf\"><\/a><\/p>\n\n\n\n<p>Oesch, D. (2022) Wirtschafts- und Sozialstruktur der Schweiz. In: Papadopoulos, Y., Sciarini, P., Vatter, A., H\u00e4usermann, S., Emmenegger, P., &amp; Fossati, F. (eds.) (2022). <em>Handbuch der Schweizer Politik<\/em>, Z\u00fcrich: NZZ Verlag <a href=\"https:\/\/people.unil.ch\/danieloesch\/files\/2021\/11\/Oesch_2020_Wirtschafts_Sozialstruktur_Handbuch_14Nov2021.pdf\"><\/a><a href=\"https:\/\/people.unil.ch\/danieloesch\/files\/2022\/04\/Oesch_2022_Wirtschafts_Sozialstruktur_Schweiz_NZZLibro-1.pdf\">pdf <img loading=\"lazy\" decoding=\"async\" class=\"alignnone size-full wp-image-26\" src=\"http:\/\/people.unil.ch\/danieloesch\/files\/2014\/05\/image_pdf.gif\" alt=\"image_pdf\" width=\"15\" height=\"15\"><\/a> <\/p>\n\n\n\n<p>[Traduit dans: Oesch, D. (2022) La structure \u00e9conomique et sociale de la Suisse. <em>LIVES Working Paper <\/em>94\/2022 <a href=\"https:\/\/people.unil.ch\/danieloesch\/files\/2022\/04\/Oesch_2022_Structure_economique_sociale_Suisse_LIVESWorkingPaper.pdf\">pdf   <img loading=\"lazy\" decoding=\"async\" class=\"alignnone size-full wp-image-26\" src=\"http:\/\/people.unil.ch\/danieloesch\/files\/2014\/05\/image_pdf.gif\" alt=\"image_pdf\" width=\"15\" height=\"15\"><\/a> ]<\/p>\n\n\n\n<p>Oesch, D. (2021) Bildungspolitik: der Weg zu mehr Chancengleichheit, <em>Neue Z\u00fcrcher Zeitung<\/em> 2. 3. <a href=\"https:\/\/people.unil.ch\/danieloesch\/files\/2021\/03\/Oesch_2020_Bildungspolitik_NZZ_original.pdf\">pdf <img loading=\"lazy\" decoding=\"async\" width=\"15\" height=\"15\" class=\"alignnone size-full wp-image-26\" src=\"https:\/\/people.unil.ch\/danieloesch\/files\/2014\/05\/image_pdf.gif\" alt=\"image_pdf\"><\/a><\/p>\n\n\n\n<p>Combet, B. and Oesch, D. (2019) The gender wage gap opens long before motherhood. Panel evidence on early careers in Switzerland, <em>European Sociological Review <\/em>35(3): 332-345 <a href=\"https:\/\/people.unil.ch\/danieloesch\/files\/2019\/03\/Combet_Oesch_2019_GenderWageGapOpensBeforeFamilyFormation.pdf\">pdf <img loading=\"lazy\" decoding=\"async\" width=\"15\" height=\"15\" class=\"alignnone size-full wp-image-26\" src=\"https:\/\/people.unil.ch\/danieloesch\/files\/2014\/05\/image_pdf.gif\" alt=\"image_pdf\"><\/a><\/p>\n\n\n\n<p>Combet, B. und Oesch, D. (2019) Die Lohnungleichheit zwischen Frauen und M\u00e4nnern beginnt lange vor der Familiengr\u00fcndung,&nbsp;<em>Social Change in Switzerland&nbsp;<\/em>Nr 18&nbsp;<a href=\"https:\/\/people.unil.ch\/danieloesch\/files\/2019\/07\/CombetOesch_SocialChange_7Juni2019_DE.pdf\">pdf&nbsp;<img loading=\"lazy\" decoding=\"async\" class=\"alignnone size-full wp-image-26\" src=\"https:\/\/people.unil.ch\/danieloesch\/files\/2014\/05\/image_pdf.gif\" alt=\"image_pdf\" width=\"15\" height=\"15\"><\/a><\/p>\n\n\n\n<p>[Traduit dans: Combet, B. et Oesch, D. (2019) L\u2019in\u00e9galit\u00e9 salariale entre hommes et femmes commence bien avant la fondation d\u2019une famille,&nbsp;<em>Social Change in Switzerland&nbsp;<\/em>No 18&nbsp;<a href=\"https:\/\/people.unil.ch\/danieloesch\/files\/2019\/07\/CombetOesch_SocialChange_7juin2019_FR.pdf\">pdf&nbsp;<img loading=\"lazy\" decoding=\"async\" width=\"15\" height=\"15\" class=\"alignnone size-full wp-image-26\" src=\"https:\/\/people.unil.ch\/danieloesch\/files\/2014\/05\/image_pdf.gif\" alt=\"image_pdf\"><\/a><\/p>\n\n\n\n<p>Oesch, D. und Combet, B. (2019) Lohnungleichheit startet lange vor der Mutterschaft,&nbsp;<em>Tages-Anzeiger<\/em>&nbsp;7. 6.&nbsp;<a href=\"https:\/\/people.unil.ch\/danieloesch\/files\/2019\/07\/Oesch_Combet_Lohnungleichheit_TagesAnzeiger_8Juni2019.pdf\">pdf&nbsp;<img loading=\"lazy\" decoding=\"async\" class=\"alignnone size-full wp-image-26\" src=\"https:\/\/people.unil.ch\/danieloesch\/files\/2014\/05\/image_pdf.gif\" alt=\"image_pdf\" width=\"15\" height=\"15\"><\/a><\/p>\n\n\n\n<p>Oesch, D. und Combet, B. (2019) L\u2019in\u00e9galit\u00e9 salariale entre les sexes commence bien avant la maternit\u00e9,&nbsp;<em>Le Temps<\/em>&nbsp;7. 6.&nbsp;<a href=\"https:\/\/people.unil.ch\/danieloesch\/files\/2019\/07\/Oesch_Combet_Inegalit%C3%A9Salariale_7juin2019.pdf\">pdf&nbsp;<img loading=\"lazy\" decoding=\"async\" class=\"alignnone size-full wp-image-26\" src=\"https:\/\/people.unil.ch\/danieloesch\/files\/2014\/05\/image_pdf.gif\" alt=\"image_pdf\" width=\"15\" height=\"15\"><\/a><\/p>\n\n\n\n<p>Korber, M. and Oesch, D. (2019) Vocational versus general education: Employment and earnings over the life course in Switzerland, <em>Advances in Life Course Research<\/em> 40: 1-13 <a href=\"https:\/\/people.unil.ch\/danieloesch\/files\/2019\/04\/Korber_Oesch_2019_Vocational_versus_general_education_over_the_life_course.pdf\">pdf <img loading=\"lazy\" decoding=\"async\" width=\"15\" height=\"15\" class=\"alignnone size-full wp-image-26\" src=\"https:\/\/people.unil.ch\/danieloesch\/files\/2014\/05\/image_pdf.gif\" alt=\"image_pdf\"><\/a><\/p>\n\n\n\n<p>Murphy, E. and Oesch, D. (2018) Is employment polarisation inevitable? Occupational change in Ireland and Switzerland, 1970-2010, <em>Work, Employment and Society <\/em>32(6): 1099\u20131117 <a href=\"https:\/\/people.unil.ch\/danieloesch\/files\/2017\/11\/MurphyOesch_2017_WorkEmploymentSociety.pdf\">pdf <img loading=\"lazy\" decoding=\"async\" width=\"15\" height=\"15\" class=\"alignnone size-full wp-image-26\" src=\"https:\/\/people.unil.ch\/danieloesch\/files\/2014\/05\/image_pdf.gif\" alt=\"image_pdf\"><\/a><\/p>\n\n\n\n<p>Korber, M. et Oesch, D. (2016) L\u2019\u00e9volution de l\u2019emploi, du ch\u00f4mage et du PIB dans le canton de Vaud depuis 1990. Une \u00e9tude comparative avec la Suisse, <em>LIVES Working Paper<\/em> 51, University of Lausanne <a href=\"https:\/\/people.unil.ch\/danieloesch\/files\/2014\/05\/LIVES_WP_Korber_Oesch_2016.pdf\">pdf <img loading=\"lazy\" decoding=\"async\" width=\"15\" height=\"15\" class=\"alignnone size-full wp-image-26\" src=\"https:\/\/people.unil.ch\/danieloesch\/files\/2014\/05\/image_pdf.gif\" alt=\"image_pdf\"><\/a><\/p>\n\n\n\n<p>Oesch, D. (2012) Die Bedeutung von Gesamtarbeitsvertr\u00e4gen f\u00fcr die Arbeitsmarktregulierung in der Schweiz, <em>Zeitschrift f\u00fcr Arbeitsrecht und Arbeitslosenversicherung,<\/em> Sonderausgabe, 120-127 <a href=\"https:\/\/people.unil.ch\/danieloesch\/files\/2014\/05\/Oesch_2012_100JahreGAV_Druckfahne.pdf\">pdf <img loading=\"lazy\" decoding=\"async\" width=\"15\" height=\"15\" class=\"alignnone size-full wp-image-26\" src=\"https:\/\/people.unil.ch\/danieloesch\/files\/2014\/05\/image_pdf.gif\" alt=\"image_pdf\"><\/a><\/p>\n\n\n\n<p>Oesch, D. (2011) Swiss trade unions and industrial relations after 1990: a history of decline and renewal, in: Trampusch, C. and Mach, A. (eds.), <em>Switzerland in&nbsp;Europe. Continuity and Change in the Swiss Political Economy<\/em>, 82-102, London: Routledge <a href=\"https:\/\/people.unil.ch\/danieloesch\/files\/2014\/05\/Oesch_2011_Trade_Unions_Routledge.pdf\">pdf <img loading=\"lazy\" decoding=\"async\" class=\"alignnone size-full wp-image-26\" src=\"https:\/\/people.unil.ch\/danieloesch\/files\/2014\/05\/image_pdf.gif\" alt=\"image_pdf\" width=\"15\" height=\"15\"><\/a><\/p>\n\n\n\n<p>Oesch, D. (2007) Weniger Koordination, mehr Markt? Kollektive Arbeitsbeziehungen und Neokorporatismus in der Schweiz seit 1990, <em>Swiss Political Science Review <\/em>13 (3): 337-368 <a href=\"https:\/\/people.unil.ch\/danieloesch\/files\/2014\/05\/Neokorp_SPSR_Oesch_5Oktober07.pdf\">pdf <img loading=\"lazy\" decoding=\"async\" class=\"alignnone size-full wp-image-26\" src=\"https:\/\/people.unil.ch\/danieloesch\/files\/2014\/05\/image_pdf.gif\" alt=\"image_pdf\" width=\"15\" height=\"15\"><\/a><\/p>\n\n\n\n<p>Oesch, D. (2007) Organisationen im Umbruch: Die Gewerkschaften in der Schweiz von 1990 bis 2006, in: Beck, R., Ambrosetti, R. and Rieger, A. (eds.), <em>Gewerkschaften im Umbruch.<\/em>Z\u00fcrich: R\u00fcegger, 23-49 <a href=\"https:\/\/people.unil.ch\/danieloesch\/files\/2014\/05\/Oesch_2007_GewerkUmbruch_Ruegger.pdf\">pdf <img loading=\"lazy\" decoding=\"async\" class=\"alignnone size-full wp-image-26\" src=\"https:\/\/people.unil.ch\/danieloesch\/files\/2014\/05\/image_pdf.gif\" alt=\"image_pdf\" width=\"15\" height=\"15\"><\/a><\/p>\n\n\n\n<p>[Traduit dans: Oesch, D. (2008) Les syndicats en Suisse de 1990 \u00e0 2006: strat\u00e9gies, fusions et \u00e9volution de leurs effectifs, <em>USS-Dossier<\/em> 51, Union syndicale Suisse, Berne] <a href=\"https:\/\/people.unil.ch\/danieloesch\/files\/2014\/05\/51_DO_f_syndicats_Suisse_90-06.pdf\">pdf <img loading=\"lazy\" decoding=\"async\" width=\"15\" height=\"15\" class=\"alignnone size-full wp-image-26\" src=\"https:\/\/people.unil.ch\/danieloesch\/files\/2014\/05\/image_pdf.gif\" alt=\"image_pdf\"><\/a><\/p>\n\n\n\n<p>Lampart, D. und Oesch, D. (eds.) (2008) Wirtschaftspolitik in der Schweiz: 60 Beitr\u00e4ge zu Lohn, Besch\u00e4ftigung und Sozialstaat, <em>SGB-Dossier<\/em> 60, Schweizerischer Gewerkschaftsbund, Bern <a href=\"https:\/\/people.unil.ch\/danieloesch\/files\/2014\/05\/60_d_DO_Artikel_work_2008.pdf\">pdf <img loading=\"lazy\" decoding=\"async\" width=\"15\" height=\"15\" class=\"alignnone size-full wp-image-26\" src=\"https:\/\/people.unil.ch\/danieloesch\/files\/2014\/05\/image_pdf.gif\" alt=\"image_pdf\"><\/a><\/p>\n\n\n\n<p>Oesch, D. (2008) Mindestl\u00f6hne in der Schweiz: Entwicklungen seit 1998 und Handlungsbedarf heute, [avec un resum\u00e9 en fran\u00e7ais], <em>SGB-Dossier<\/em> 56, Schweizerischer Gewerkschaftsbund, Bern <a href=\"https:\/\/people.unil.ch\/danieloesch\/files\/2014\/05\/Dossier_Mindestloehne_DO_11April08.pdf\">pdf <img loading=\"lazy\" decoding=\"async\" width=\"15\" height=\"15\" class=\"alignnone size-full wp-image-26\" src=\"https:\/\/people.unil.ch\/danieloesch\/files\/2014\/05\/image_pdf.gif\" alt=\"image_pdf\"><\/a><\/p>\n","protected":false},"excerpt":{"rendered":"<p>Unemployment &amp; wages Social class &amp; occupational change Education &amp; VET Class voting &amp; cleavages Family &amp; gender Trade unions &amp; collective bargaining Welfare state &amp; economic policy Socio-Economic change in Switzerland Unemployment &amp; wages Moawad, J. and Oesch, D. (2024) The myth of the middle class squeeze: employment and&nbsp; income by class in six &hellip; <a href=\"https:\/\/people.unil.ch\/danieloesch\/texts-by-topic\/\" class=\"more-link\">Continue reading <span class=\"screen-reader-text\">Texts by topic<\/span> <span class=\"meta-nav\">&rarr;<\/span><\/a><\/p>\n","protected":false},"author":84,"featured_media":0,"parent":0,"menu_order":4,"comment_status":"closed","ping_status":"closed","template":"","meta":{"_seopress_robots_primary_cat":"","_seopress_titles_title":"","_seopress_titles_desc":"","_seopress_robots_index":"","footnotes":""},"class_list":["post-220","page","type-page","status-publish"],"_links":{"self":[{"href":"https:\/\/people.unil.ch\/danieloesch\/wp-json\/wp\/v2\/pages\/220","targetHints":{"allow":["GET"]}}],"collection":[{"href":"https:\/\/people.unil.ch\/danieloesch\/wp-json\/wp\/v2\/pages"}],"about":[{"href":"https:\/\/people.unil.ch\/danieloesch\/wp-json\/wp\/v2\/types\/page"}],"author":[{"embeddable":true,"href":"https:\/\/people.unil.ch\/danieloesch\/wp-json\/wp\/v2\/users\/84"}],"replies":[{"embeddable":true,"href":"https:\/\/people.unil.ch\/danieloesch\/wp-json\/wp\/v2\/comments?post=220"}],"version-history":[{"count":5,"href":"https:\/\/people.unil.ch\/danieloesch\/wp-json\/wp\/v2\/pages\/220\/revisions"}],"predecessor-version":[{"id":1021,"href":"https:\/\/people.unil.ch\/danieloesch\/wp-json\/wp\/v2\/pages\/220\/revisions\/1021"}],"wp:attachment":[{"href":"https:\/\/people.unil.ch\/danieloesch\/wp-json\/wp\/v2\/media?parent=220"}],"curies":[{"name":"wp","href":"https:\/\/api.w.org\/{rel}","templated":true}]}}