{"id":130,"date":"2020-05-19T11:39:19","date_gmt":"2020-05-19T09:39:19","guid":{"rendered":"http:\/\/people.unil.ch\/francismobio\/?page_id=130"},"modified":"2023-04-03T18:55:21","modified_gmt":"2023-04-03T16:55:21","slug":"interventions","status":"publish","type":"page","link":"https:\/\/people.unil.ch\/francismobio\/latelier\/interventions\/","title":{"rendered":"Intervenant\u00b7e\u00b7s"},"content":{"rendered":"<h5 style=\"padding-left: 40px\"><span style=\"color: #24b0d6\"><strong>Laurent Amiotte Suchet<\/strong> <\/span>(Anthropologue \u2013 UNIL)<\/h5>\n<h5 style=\"padding-left: 40px\"><span style=\"color: #24b0d6\"><strong>Baptiste Aubert<\/strong> <\/span>(Charg\u00e9 de cours en anthropologie visuelle Universit\u00e9 de Neuch\u00e2tel)<\/h5>\n<h5 style=\"padding-left: 40px\"><span style=\"color: #ff00ff\"><strong><span style=\"color: #24b0d6\">Gilles Abravanel<\/span>\u00a0<\/strong><\/span>(Ing\u00e9nieur du son)<\/h5>\n<h5 style=\"padding-left: 40px\"><span style=\"color: #ff00ff\"><strong><span style=\"color: #24b0d6\">Kaveh Bakhtiari<\/span><\/strong><\/span><span style=\"color: #ff00ff\"><strong><span style=\"color: #24b0d6\">\u00a0<\/span><\/strong><\/span>(R\u00e9alisateur)<\/h5>\n<h5 style=\"padding-left: 40px\"><span style=\"color: #ff00ff\"><strong><span style=\"color: #24b0d6\">\u00a0<\/span><\/strong><\/span><span style=\"color: #ff00ff\"><strong><span style=\"color: #24b0d6\">Tizian B\u00fcchi\u00a0<\/span><\/strong><\/span>(R\u00e9alisateur)<\/h5>\n<h5 style=\"padding-left: 40px\"><span style=\"color: #24b0d6\"><strong>Caterina Borelli<\/strong><\/span><strong> (R\u00e9alisatrice)<\/strong><\/h5>\n<h5 style=\"padding-left: 40px\"><span style=\"color: #24b0d6\"><strong>Gaetano Ciarcia <\/strong><\/span>(Anthropologue \u2013 directeur de recherche au CNRS)<\/h5>\n<h5 style=\"padding-left: 40px\"><span style=\"color: #24b0d6\"><strong>Fabrice Ducrest <\/strong><\/span>(UNICOM \u2013 UNIL &#8211; Montage)<\/h5>\n<h5 style=\"padding-left: 40px\"><span style=\"color: #24b0d6\"><strong>Armelle Giglio Jacquemot<\/strong> <\/span>(Anthropologue et r\u00e9alisatrice \u2013 Universit\u00e9 de Poitiers).<\/h5>\n<h5 style=\"padding-left: 40px\"><span style=\"color: #24b0d6\"><strong>St\u00e9phane Go\u00ebl <\/strong><\/span>(R\u00e9alisateur, producteur \u2013 Climage \u2013 Lausanne)<\/h5>\n<h5 style=\"padding-left: 40px\"><span style=\"color: #24b0d6\"><strong>S\u00e9verine Graff <\/strong><\/span>(Historienne du cin\u00e9ma \u2013 UNIL)<\/h5>\n<h5 style=\"padding-left: 40px\"><span style=\"color: #24b0d6\"><strong>Gianni Haver \u00a0<\/strong><\/span>(Sociologue et historien \u2013 UNIL)<\/h5>\n<h5 style=\"padding-left: 40px\"><span style=\"color: #24b0d6\"><strong>Marie-Eve Hildbrand\u00a0<\/strong><\/span><strong>(R\u00e9alisatrice)<\/strong><\/h5>\n<h5 style=\"padding-left: 40px\"><span style=\"color: #24b0d6\"><strong>Silvia Mancini <\/strong><\/span>(Historienne des religions et Anthropologue \u2013 UNIL)<\/h5>\n<h5 style=\"padding-left: 40px\"><span style=\"color: #24b0d6\"><strong>Gr\u00e9goire Mayor<\/strong><\/span> (Co-Directeur du Mus\u00e9e d&rsquo;Ethnographie de Neuch\u00e2tel)<\/h5>\n<h5 style=\"padding-left: 40px\"><span style=\"color: #24b0d6\"><strong>David Monti <\/strong><\/span>(R\u00e9alisateur \u2013 Climage \u2013 Lausanne)<\/h5>\n<h5 style=\"padding-left: 40px\"><span style=\"color: #24b0d6\"><strong>Roland Pellarin\u00a0<\/strong><\/span>(R\u00e9alisateur \u2013 Stratis \u2013 Gen\u00e8ve)<\/h5>\n<h5 style=\"padding-left: 40px\"><span style=\"color: #24b0d6\"><strong>C\u00e9line Pernet (\u00a0<\/strong><\/span>R\u00e9alisatrice &#8211; Climage)<\/h5>\n<h5 style=\"padding-left: 40px\"><span style=\"color: #993366\"><strong><span style=\"color: #24b0d6\">Marc Henri Piault <\/span><\/strong><\/span>(Anthropologue et cin\u00e9aste. Directeur de Recherche au CNRS, Pr\u00e9sident du Comit\u00e9 du Film Ethnographique)<\/h5>\n<h5 style=\"padding-left: 40px\"><span style=\"color: #24b0d6\"><strong>Elise Schubs<\/strong><\/span>\u00a0(R\u00e9alisatrice et productrice)<\/h5>\n<h5 style=\"padding-left: 40px\"><strong><span style=\"color: #24b0d6\">Rapha\u00ebl Rousseleau<\/span><\/strong>\u00a0(Anthropologue \u2013 UNIL)<\/h5>\n<h5 style=\"padding-left: 40px\"><span style=\"color: #24b0d6\"><strong>Daniel Wyss<\/strong> <\/span>(R\u00e9alisateur &#8211; Climage-Lausanne)<\/h5>\n<h5 style=\"padding-left: 40px\"><span style=\"color: #24b0d6\"><strong>Atefeh Yarmohammadi<\/strong> <\/span>(R\u00e9alisatrice &#8211; T\u00e9h\u00e9ran)<\/h5>\n<h5 style=\"padding-left: 40px\"><\/h5>\n","protected":false},"excerpt":{"rendered":"<p>Laurent Amiotte Suchet (Anthropologue \u2013 UNIL) Baptiste Aubert (Charg\u00e9 de cours en anthropologie visuelle Universit\u00e9 de Neuch\u00e2tel) Gilles Abravanel\u00a0(Ing\u00e9nieur du son) Kaveh Bakhtiari\u00a0(R\u00e9alisateur) \u00a0Tizian B\u00fcchi\u00a0(R\u00e9alisateur) Caterina Borelli (R\u00e9alisatrice) Gaetano Ciarcia &hellip; <\/p>\n","protected":false},"author":1001105,"featured_media":0,"parent":44,"menu_order":0,"comment_status":"closed","ping_status":"closed","template":"","meta":{"_seopress_robots_primary_cat":"","_seopress_titles_title":"","_seopress_titles_desc":"","_seopress_robots_index":"","footnotes":""},"class_list":["post-130","page","type-page","status-publish"],"_links":{"self":[{"href":"https:\/\/people.unil.ch\/francismobio\/wp-json\/wp\/v2\/pages\/130","targetHints":{"allow":["GET"]}}],"collection":[{"href":"https:\/\/people.unil.ch\/francismobio\/wp-json\/wp\/v2\/pages"}],"about":[{"href":"https:\/\/people.unil.ch\/francismobio\/wp-json\/wp\/v2\/types\/page"}],"author":[{"embeddable":true,"href":"https:\/\/people.unil.ch\/francismobio\/wp-json\/wp\/v2\/users\/1001105"}],"replies":[{"embeddable":true,"href":"https:\/\/people.unil.ch\/francismobio\/wp-json\/wp\/v2\/comments?post=130"}],"version-history":[{"count":0,"href":"https:\/\/people.unil.ch\/francismobio\/wp-json\/wp\/v2\/pages\/130\/revisions"}],"up":[{"embeddable":true,"href":"https:\/\/people.unil.ch\/francismobio\/wp-json\/wp\/v2\/pages\/44"}],"wp:attachment":[{"href":"https:\/\/people.unil.ch\/francismobio\/wp-json\/wp\/v2\/media?parent=130"}],"curies":[{"name":"wp","href":"https:\/\/api.w.org\/{rel}","templated":true}]}}