{"id":51,"date":"2020-05-16T17:06:15","date_gmt":"2020-05-16T15:06:15","guid":{"rendered":"http:\/\/people.unil.ch\/francismobio\/?page_id=51"},"modified":"2023-04-24T09:40:56","modified_gmt":"2023-04-24T07:40:56","slug":"cours","status":"publish","type":"page","link":"https:\/\/people.unil.ch\/francismobio\/cours\/","title":{"rendered":"Les Recherches de terrain"},"content":{"rendered":"\n<header class=\"entry-header\"><\/header>\n\n\n\n<p style=\"font-size:24px\"><strong>En 2019 et 2020<\/strong>, <strong>prises d\u2019image et de son pour le film d\u2019Alice Aterianus,&nbsp;<em>Une vraie danseuse ne peut pas se<\/em>&nbsp;<em>tenir<\/em>.<\/strong><\/p>\n\n\n\n<figure class=\"wp-block-image size-large is-resized\"><a href=\"https:\/\/av.unil.ch\/hva\/3704\/teaser-danseuse-fr-mov_hd.mp4\"><img alt=\"\" decoding=\"async\" src=\"https:\/\/people.unil.ch\/francismobio\/files\/2021\/05\/Capture-decran-2021-05-28-a-20.56.54-678x1024.png\" alt=\"\" class=\"wp-image-759\" width=\"747\" srcset=\"https:\/\/people.unil.ch\/francismobio\/files\/2021\/05\/Capture-decran-2021-05-28-a-20.56.54-678x1024.png 678w, https:\/\/people.unil.ch\/francismobio\/files\/2021\/05\/Capture-decran-2021-05-28-a-20.56.54-199x300.png 199w, https:\/\/people.unil.ch\/francismobio\/files\/2021\/05\/Capture-decran-2021-05-28-a-20.56.54-768x1159.png 768w, https:\/\/people.unil.ch\/francismobio\/files\/2021\/05\/Capture-decran-2021-05-28-a-20.56.54.png 795w\" sizes=\"(max-width: 678px) 100vw, 678px\" \/><\/a><\/figure>\n\n\n\n<h5 align=\"justify\"><strong>H\u00e9l\u00e8ne est danseuse. Elle a quitt\u00e9 le S\u00e9n\u00e9gal pour vivre en Europe, afin d\u2019y mener sa carri\u00e8re. Mais au S\u00e9n\u00e9gal comme en Europe, elle doit faire face \u00e0 une difficile reconnaissance, comme femme et comme danseuse. Comment continuer \u00e0 danser tout en \u00e9tant une femme respect\u00e9e des siens ? Comment se faire une place en Europe et au S\u00e9n\u00e9gal, en restant elle-m\u00eame dans ces deux espaces ? H\u00e9l\u00e8ne navigue entre ces deux mondes, gr\u00e2ce \u00e0 la danse et pour la danse.<h5 align=\"justify\"><strong>\n\n\n\n<p><\/p>\n\n\n\n<figure class=\"wp-block-image size-large\"><img alt=\"\" loading=\"lazy\" decoding=\"async\" width=\"1024\" height=\"437\" src=\"https:\/\/people.unil.ch\/francismobio\/files\/2021\/03\/Capture-decran-2021-03-13-a-12.48.09-1024x437.png\" alt=\"\" class=\"wp-image-625\" srcset=\"https:\/\/people.unil.ch\/francismobio\/files\/2021\/03\/Capture-decran-2021-03-13-a-12.48.09-1024x437.png 1024w, https:\/\/people.unil.ch\/francismobio\/files\/2021\/03\/Capture-decran-2021-03-13-a-12.48.09-300x128.png 300w, https:\/\/people.unil.ch\/francismobio\/files\/2021\/03\/Capture-decran-2021-03-13-a-12.48.09-768x328.png 768w, https:\/\/people.unil.ch\/francismobio\/files\/2021\/03\/Capture-decran-2021-03-13-a-12.48.09-1536x655.png 1536w, https:\/\/people.unil.ch\/francismobio\/files\/2021\/03\/Capture-decran-2021-03-13-a-12.48.09.png 1920w\" sizes=\"auto, (max-width: 1024px) 100vw, 1024px\" \/><\/figure>\n\n\n\n<h4 class=\"wp-block-heading\"><strong>Projet arch\u00e9ol<\/strong>o<strong>gique de Tel Shikhin 2018 : livre-photo (auto-\u00e9dition)<\/strong><\/h4>\n\n\n\n<h5 align=\"justify\"><strong>Lorsqu\u2019en juillet 2017, le Professeur David Hamidovic m\u2019a invit\u00e9 \u00e0 participer \u00e0 ce qui allait \u00eatre ma premi\u00e8re campagne de fouilles arch\u00e9ologiques sur le site de Tel Rekhesh en Galil\u00e9e, c\u2019\u00e9tait non seulement pour fouiller, mais aussi\u00a0pour r\u00e9aliser un film d\u2019une quinzaine de minutes visant \u00e0 promouvoir le d\u00e9veloppement de l\u2019arch\u00e9ologie au sein de la\u00a0Facult\u00e9 de th\u00e9ologie et de sciences des religions de l\u2019Universit\u00e9 de Lausanne. Si, \u00e0 premi\u00e8re vue, la communication et\u00a0l\u2019arch\u00e9ologie sont \u00e9loign\u00e9es de ma sp\u00e9cialit\u00e9 qui est l\u2019anthropologie visuelle, il s\u2019est av\u00e9r\u00e9 apr\u00e8s coup qu\u2019observer, participer\u00a0et filmer des chercheurs et chercheuses sur un chantier de fouilles, pouvait devenir aussi un terrain de recherche \u00e0 part\u00a0enti\u00e8re pour un anthropologue maniant alternativement cam\u00e9ra et truelle.<a href=\"https:\/\/wp.unil.ch\/facteur-i\/files\/2018\/10\/Capture-d%E2%80%99%C3%A9cran-2018-10-20-%C3%A0-17.39.41.png\"><br><\/a><h5 align=\"justify\"><strong>\n\n\n\n<h5 class=\"wp-block-heading\" align=\"justify\"><strong>Un tel terrain de recherche \u00e9tant plut\u00f4t inhabituel, voire m\u00eame inexplor\u00e9 pour les adeptes de ma discipline, c\u2019est&nbsp;donc avec un certain enthousiasme que j\u2019ai accept\u00e9 de participer \u00e0 ma deuxi\u00e8me campagne en 2018 sur le site de Tel&nbsp;Shikhin avec, cette fois-ci, un appareil photo. Cette nouvelle immersion entre arch\u00e9ologie et anthropologie fut non&nbsp;seulement l\u2019occasion de me familiariser avec des techniques de fouilles diff\u00e9rentes de celles employ\u00e9es \u00e0 Tel Rekhesh, mais&nbsp;aussi d\u2019\u00e9duquer un peu plus mon regard et ma sensibilit\u00e9 d\u2019anthropologue-photographe aux pratiques et aux ambiances&nbsp;arch\u00e9ologiques \u201d. Qu\u2019est-ce qui est visuellement important sur un chantier de fouilles arch\u00e9ologiques ? Quel type d\u2019images&nbsp;sont produites, conserv\u00e9es ou publi\u00e9es par les arch\u00e9ologues ? Comment apprend-on \u00e0 produire des \u201c images arch\u00e9ologiques,&nbsp;comment sont-elles utilis\u00e9es, quelles sont les normes \u00e0 respecter, quelle est l\u2019influence de ces images sur la recherche et sur&nbsp;celles et ceux qui les regardent, etc. ? Autant de questions qui, je l\u2019esp\u00e8re, trouveront des r\u00e9ponses au fil des saisons&nbsp;auxquelles je participerai.<h5 align=\"justify\"><strong>\n\n\n\n<h5 class=\"wp-block-heading\" align=\"justify\"><strong>Quoi qu\u2019il en soit, ce livre-photo n\u2019est pas un recueil d\u2019images techniques et scientifiques des m\u00e9thodes de fouilles&nbsp;ou de pr\u00e9sentation des art\u00e9facts mis \u00e0 jour durant la saison. Il se veut plut\u00f4t une chronique visuelle de notre s\u00e9jour en&nbsp;Galil\u00e9e, un r\u00e9cit en image de la vie quotidienne d\u2019une \u00e9quipe plurinationale (Isra\u00ebl, Etat-Unis d\u2019Am\u00e9rique et Suisse)&nbsp;compos\u00e9e par d\u2019\u00e9minents sp\u00e9cialistes et des \u00e9tudiant\u00b7e\u00b7s venu\u00b7e\u00b7s d\u00e9couvrir les joies et les difficult\u00e9s du m\u00e9tier&nbsp;d\u2019arch\u00e9ologue.&nbsp;Enfin, ce livre-photo, tir\u00e9 seulement \u00e0 quelques exemplaires, a \u00e9t\u00e9 aussi pour moi l\u2019occasion d\u2019exp\u00e9rimenter un dispositif&nbsp;num\u00e9rique grand public d\u2019auto-\u00e9dition, pour non seulement valoriser le travail que nous avons accompli, mais aussi afin&nbsp;de partager notre exp\u00e9rience avec celles et ceux qui ont particip\u00e9 ou soutenu le projet initi\u00e9 par le professeur David&nbsp;Hamidovic.<h5 align=\"justify\"><strong>\n\n\n\n<h4 class=\"entry-content wp-block-heading\"><a href=\"https:\/\/people.unil.ch\/francismobio\/files\/2020\/12\/DSC09664_2-1.jpg\"><img alt=\"\" loading=\"lazy\" decoding=\"async\" class=\"alignnone size-full wp-image-486\" src=\"https:\/\/people.unil.ch\/francismobio\/files\/2020\/12\/DSC09664_2-1.jpg\" alt=\"\" width=\"1799\" height=\"1200\" srcset=\"https:\/\/people.unil.ch\/francismobio\/files\/2020\/12\/DSC09664_2-1.jpg 1799w, https:\/\/people.unil.ch\/francismobio\/files\/2020\/12\/DSC09664_2-1-300x200.jpg 300w, https:\/\/people.unil.ch\/francismobio\/files\/2020\/12\/DSC09664_2-1-1024x683.jpg 1024w, https:\/\/people.unil.ch\/francismobio\/files\/2020\/12\/DSC09664_2-1-768x512.jpg 768w, https:\/\/people.unil.ch\/francismobio\/files\/2020\/12\/DSC09664_2-1-1536x1025.jpg 1536w\" sizes=\"auto, (max-width: 1799px) 100vw, 1799px\" \/><\/a><\/h4>\n\n\n\n<h4 class=\"wp-block-heading\"><strong>Projet arch\u00e9ologique de Tel Rekhesh&nbsp;<\/strong><\/h4>\n\n\n<h5 align=\"justify\"><strong>Accompagn\u00e9 d\u2019une \u00e9quipe d\u2019\u00e9tudiant\u00b7e\u00b7s ainsi que d\u2019une \u00e9quipe de tournage audiovisuel (Gregory Boutboul et Francis Mobio), le Professeur David Hamidovic s\u2019est rendu durant le mois d\u2019ao\u00fbt 2017 sur le chantier de fouilles arch\u00e9ologiques du Tel Rekhesh, \u00e0 l\u2019est de la Galil\u00e9e inf\u00e9rieure. Les fouilles arch\u00e9ologiques pr\u00e9c\u00e9dentes au sommet du Tel Rekhesh ont mis au jour des restes du d\u00e9but de la p\u00e9riode romaine, notamment une petite pi\u00e8ce carr\u00e9e de 9 m\u00e8tres de c\u00f4t\u00e9. Celle-ci dispose de bancs en pierre de taille en calcaire. Elle est pr\u00e9sum\u00e9e \u00eatre une synagogue rurale, priv\u00e9e, datant des Ier-IIe si\u00e8cles de notre \u00e8re. L\u2019ensemble du site est probablement \u00e0 cette \u00e9poque une grande ferme appartenant \u00e0 une famille juive, comme le laissent penser la vaisselle en pierre et les lampes \u00e0 huile typiques qui y ont \u00e9t\u00e9 trouv\u00e9es. L\u2019importance de cette premi\u00e8re d\u00e9couverte a d\u00e9j\u00e0 eu un retentissement mondial. En effet, il s\u2019agit de la premi\u00e8re synagogue d\u00e9couverte dans la campagne galil\u00e9enne, \u00e0 l\u2019\u00e9poque de J\u00e9sus, \u00e0 quelques kilom\u00e8tres \u00e0 l\u2019est de Nazareth. Seules des synagogues urbaines, \u00e0 Magdala ou Gamla, ont \u00e9t\u00e9 d\u00e9couvertes \u00e0 ce jour. Cette fouille a pour but de mettre en lumi\u00e8re la vie des Juifs ruraux dans la Galil\u00e9e de J\u00e9sus. Cette exp\u00e9rience de terrain \u00e0 laquelle ont particip\u00e9 David Hamidovic, Marie Dunand, Francis Mobio et Apolline Thromas de l\u2019UNIL a \u00e9t\u00e9 organis\u00e9e en partenariat avec le Kinnereth College of Galilee, avec le soutien de la Facult\u00e9 de th\u00e9ologie et de sciences des religions (FTSR), de l\u2019Institut romand de sciences bibliques (IRSB) et de la Fondation pour l\u2019enseignement du juda\u00efsme \u00e0 l\u2019UNIL (FEJUNIL).<\/strong><\/h5>\n<h5 align=\"justify\">&nbsp;<\/h5>\n\n\n<h5 class=\"wp-block-heading\"><strong><a href=\"https:\/\/av.unil.ch\/hva\/3293\/galile-logo-3-r_hd.mp4\">\u00c0 la recherche des Synagogues de Galil\u00e9e <\/a>(vid\u00e9o : 11\u2032)<\/strong><\/h5>\n\n\n\n<p><\/p>\n\n\n\n<figure class=\"wp-block-image\"><a href=\"https:\/\/people.unil.ch\/francismobio\/files\/2020\/12\/DSC04874-768x512-1.jpg\"><img alt=\"\" loading=\"lazy\" decoding=\"async\" width=\"768\" height=\"512\" src=\"https:\/\/people.unil.ch\/francismobio\/files\/2020\/12\/DSC04874-768x512-1.jpg\" alt=\"\" class=\"wp-image-487\" srcset=\"https:\/\/people.unil.ch\/francismobio\/files\/2020\/12\/DSC04874-768x512-1.jpg 768w, https:\/\/people.unil.ch\/francismobio\/files\/2020\/12\/DSC04874-768x512-1-300x200.jpg 300w\" sizes=\"auto, (max-width: 768px) 100vw, 768px\" \/><\/a><\/figure>\n\n\n\n<h4 class=\"wp-block-heading\">Urban, Rural and IndigenousRituals Practices un Mexico<\/h4>\n\n\n\n<h5 class=\"wp-block-heading\" align=\"justify\"><strong>Projet pr\u00e9sent\u00e9 par la Prof. Silvia Mancini dans le cadre de l\u2019appel \u00e0 projets 2015 Seed Money Grants Project For Latin America, lanc\u00e9 par l\u2019EPFL en lien avec les programmes bilat\u00e9raux soutenus par le Secr\u00e9tariat d\u2019\u00c9tat pour l\u2019\u00c9ducation, la Recherche et l\u2019Innovation.<h5 align=\"justify\"><strong>\n\n\n\n<h5 class=\"wp-block-heading\" align=\"justify\"><strong>Apr\u00e8s avoir obtenu son financement,&nbsp; le projet&nbsp;a d\u00e9but\u00e9 le 1er octobre 2015. Ses partenaires institutionnels sont : l\u2019Universit\u00e9 de Lausanne (Prof. S. Mancini) ; l\u2019Universidad Iberoamericana, Mexico City (Prof. D. Robicheaux) ; le Colegio de San Luis Potos\u00ec (Prof. A. Gutierrez del Angel).<h5 align=\"justify\"><strong>\n\n\n\n<figure class=\"wp-block-gallery columns-5 is-cropped wp-block-gallery-1 is-layout-flex wp-block-gallery-is-layout-flex\"><ul class=\"blocks-gallery-grid\"><li class=\"blocks-gallery-item\"><figure><a href=\"https:\/\/people.unil.ch\/francismobio\/files\/2020\/12\/DSC04820.jpg\"><img alt=\"\" loading=\"lazy\" decoding=\"async\" width=\"800\" height=\"533\" src=\"https:\/\/people.unil.ch\/francismobio\/files\/2020\/12\/DSC04820.jpg\" alt=\"\" data-id=\"498\" data-full-url=\"https:\/\/people.unil.ch\/francismobio\/files\/2020\/12\/DSC04820.jpg\" data-link=\"https:\/\/people.unil.ch\/francismobio\/cours\/dsc04820\/\" class=\"wp-image-498\" srcset=\"https:\/\/people.unil.ch\/francismobio\/files\/2020\/12\/DSC04820.jpg 800w, https:\/\/people.unil.ch\/francismobio\/files\/2020\/12\/DSC04820-300x200.jpg 300w, https:\/\/people.unil.ch\/francismobio\/files\/2020\/12\/DSC04820-768x512.jpg 768w\" sizes=\"auto, (max-width: 800px) 100vw, 800px\" \/><\/a><\/figure><\/li><li class=\"blocks-gallery-item\"><figure><a href=\"https:\/\/people.unil.ch\/francismobio\/files\/2020\/12\/DSC04874.jpg\"><img alt=\"\" loading=\"lazy\" decoding=\"async\" width=\"800\" height=\"533\" src=\"https:\/\/people.unil.ch\/francismobio\/files\/2020\/12\/DSC04874.jpg\" alt=\"\" data-id=\"499\" data-full-url=\"https:\/\/people.unil.ch\/francismobio\/files\/2020\/12\/DSC04874.jpg\" data-link=\"https:\/\/people.unil.ch\/francismobio\/cours\/dsc04874\/\" class=\"wp-image-499\" srcset=\"https:\/\/people.unil.ch\/francismobio\/files\/2020\/12\/DSC04874.jpg 800w, https:\/\/people.unil.ch\/francismobio\/files\/2020\/12\/DSC04874-300x200.jpg 300w, https:\/\/people.unil.ch\/francismobio\/files\/2020\/12\/DSC04874-768x512.jpg 768w\" sizes=\"auto, (max-width: 800px) 100vw, 800px\" \/><\/a><\/figure><\/li><li class=\"blocks-gallery-item\"><figure><a href=\"https:\/\/people.unil.ch\/francismobio\/files\/2020\/12\/DSC04922.jpg\"><img alt=\"\" loading=\"lazy\" decoding=\"async\" width=\"800\" height=\"533\" src=\"https:\/\/people.unil.ch\/francismobio\/files\/2020\/12\/DSC04922.jpg\" alt=\"\" data-id=\"500\" data-full-url=\"https:\/\/people.unil.ch\/francismobio\/files\/2020\/12\/DSC04922.jpg\" data-link=\"https:\/\/people.unil.ch\/francismobio\/cours\/dsc04922\/\" class=\"wp-image-500\" srcset=\"https:\/\/people.unil.ch\/francismobio\/files\/2020\/12\/DSC04922.jpg 800w, https:\/\/people.unil.ch\/francismobio\/files\/2020\/12\/DSC04922-300x200.jpg 300w, https:\/\/people.unil.ch\/francismobio\/files\/2020\/12\/DSC04922-768x512.jpg 768w\" sizes=\"auto, (max-width: 800px) 100vw, 800px\" \/><\/a><\/figure><\/li><li class=\"blocks-gallery-item\"><figure><a href=\"https:\/\/people.unil.ch\/francismobio\/files\/2020\/12\/DSC04939-Version-2.jpg\"><img alt=\"\" loading=\"lazy\" decoding=\"async\" width=\"800\" height=\"533\" src=\"https:\/\/people.unil.ch\/francismobio\/files\/2020\/12\/DSC04939-Version-2.jpg\" alt=\"\" data-id=\"501\" data-full-url=\"https:\/\/people.unil.ch\/francismobio\/files\/2020\/12\/DSC04939-Version-2.jpg\" data-link=\"https:\/\/people.unil.ch\/francismobio\/cours\/dsc04939-version-2\/\" class=\"wp-image-501\" srcset=\"https:\/\/people.unil.ch\/francismobio\/files\/2020\/12\/DSC04939-Version-2.jpg 800w, https:\/\/people.unil.ch\/francismobio\/files\/2020\/12\/DSC04939-Version-2-300x200.jpg 300w, https:\/\/people.unil.ch\/francismobio\/files\/2020\/12\/DSC04939-Version-2-768x512.jpg 768w\" sizes=\"auto, (max-width: 800px) 100vw, 800px\" \/><\/a><\/figure><\/li><li class=\"blocks-gallery-item\"><figure><a href=\"https:\/\/people.unil.ch\/francismobio\/files\/2020\/12\/DSC05011.jpg\"><img alt=\"\" loading=\"lazy\" decoding=\"async\" width=\"800\" height=\"533\" src=\"https:\/\/people.unil.ch\/francismobio\/files\/2020\/12\/DSC05011.jpg\" alt=\"\" data-id=\"502\" data-full-url=\"https:\/\/people.unil.ch\/francismobio\/files\/2020\/12\/DSC05011.jpg\" data-link=\"https:\/\/people.unil.ch\/francismobio\/cours\/dsc05011\/\" class=\"wp-image-502\" srcset=\"https:\/\/people.unil.ch\/francismobio\/files\/2020\/12\/DSC05011.jpg 800w, https:\/\/people.unil.ch\/francismobio\/files\/2020\/12\/DSC05011-300x200.jpg 300w, https:\/\/people.unil.ch\/francismobio\/files\/2020\/12\/DSC05011-768x512.jpg 768w\" sizes=\"auto, (max-width: 800px) 100vw, 800px\" \/><\/a><\/figure><\/li><li class=\"blocks-gallery-item\"><figure><a href=\"https:\/\/people.unil.ch\/francismobio\/files\/2020\/12\/DSC05014.jpg\"><img alt=\"\" loading=\"lazy\" decoding=\"async\" width=\"800\" height=\"533\" src=\"https:\/\/people.unil.ch\/francismobio\/files\/2020\/12\/DSC05014.jpg\" alt=\"\" data-id=\"503\" data-full-url=\"https:\/\/people.unil.ch\/francismobio\/files\/2020\/12\/DSC05014.jpg\" data-link=\"https:\/\/people.unil.ch\/francismobio\/cours\/dsc05014\/\" class=\"wp-image-503\" srcset=\"https:\/\/people.unil.ch\/francismobio\/files\/2020\/12\/DSC05014.jpg 800w, https:\/\/people.unil.ch\/francismobio\/files\/2020\/12\/DSC05014-300x200.jpg 300w, https:\/\/people.unil.ch\/francismobio\/files\/2020\/12\/DSC05014-768x512.jpg 768w\" sizes=\"auto, (max-width: 800px) 100vw, 800px\" \/><\/a><\/figure><\/li><li class=\"blocks-gallery-item\"><figure><a href=\"https:\/\/people.unil.ch\/francismobio\/files\/2020\/12\/DSC05023.jpg\"><img alt=\"\" loading=\"lazy\" decoding=\"async\" width=\"800\" height=\"533\" src=\"https:\/\/people.unil.ch\/francismobio\/files\/2020\/12\/DSC05023.jpg\" alt=\"\" data-id=\"504\" data-full-url=\"https:\/\/people.unil.ch\/francismobio\/files\/2020\/12\/DSC05023.jpg\" data-link=\"https:\/\/people.unil.ch\/francismobio\/cours\/dsc05023\/\" class=\"wp-image-504\" srcset=\"https:\/\/people.unil.ch\/francismobio\/files\/2020\/12\/DSC05023.jpg 800w, https:\/\/people.unil.ch\/francismobio\/files\/2020\/12\/DSC05023-300x200.jpg 300w, https:\/\/people.unil.ch\/francismobio\/files\/2020\/12\/DSC05023-768x512.jpg 768w\" sizes=\"auto, (max-width: 800px) 100vw, 800px\" \/><\/a><\/figure><\/li><li class=\"blocks-gallery-item\"><figure><a href=\"https:\/\/people.unil.ch\/francismobio\/files\/2020\/12\/DSC05027.jpg\"><img alt=\"\" loading=\"lazy\" decoding=\"async\" width=\"800\" height=\"533\" src=\"https:\/\/people.unil.ch\/francismobio\/files\/2020\/12\/DSC05027.jpg\" alt=\"\" data-id=\"505\" data-full-url=\"https:\/\/people.unil.ch\/francismobio\/files\/2020\/12\/DSC05027.jpg\" data-link=\"https:\/\/people.unil.ch\/francismobio\/cours\/dsc05027\/\" class=\"wp-image-505\" srcset=\"https:\/\/people.unil.ch\/francismobio\/files\/2020\/12\/DSC05027.jpg 800w, https:\/\/people.unil.ch\/francismobio\/files\/2020\/12\/DSC05027-300x200.jpg 300w, https:\/\/people.unil.ch\/francismobio\/files\/2020\/12\/DSC05027-768x512.jpg 768w\" sizes=\"auto, (max-width: 800px) 100vw, 800px\" \/><\/a><\/figure><\/li><li class=\"blocks-gallery-item\"><figure><a href=\"https:\/\/people.unil.ch\/francismobio\/files\/2020\/12\/DSC05041.jpg\"><img alt=\"\" loading=\"lazy\" decoding=\"async\" width=\"800\" height=\"533\" src=\"https:\/\/people.unil.ch\/francismobio\/files\/2020\/12\/DSC05041.jpg\" alt=\"\" data-id=\"506\" data-full-url=\"https:\/\/people.unil.ch\/francismobio\/files\/2020\/12\/DSC05041.jpg\" data-link=\"https:\/\/people.unil.ch\/francismobio\/cours\/dsc05041\/\" class=\"wp-image-506\" srcset=\"https:\/\/people.unil.ch\/francismobio\/files\/2020\/12\/DSC05041.jpg 800w, https:\/\/people.unil.ch\/francismobio\/files\/2020\/12\/DSC05041-300x200.jpg 300w, https:\/\/people.unil.ch\/francismobio\/files\/2020\/12\/DSC05041-768x512.jpg 768w\" sizes=\"auto, (max-width: 800px) 100vw, 800px\" \/><\/a><\/figure><\/li><li class=\"blocks-gallery-item\"><figure><a href=\"https:\/\/people.unil.ch\/francismobio\/files\/2020\/12\/DSC05288.jpg\"><img alt=\"\" loading=\"lazy\" decoding=\"async\" width=\"800\" height=\"533\" src=\"https:\/\/people.unil.ch\/francismobio\/files\/2020\/12\/DSC05288.jpg\" alt=\"\" data-id=\"507\" data-full-url=\"https:\/\/people.unil.ch\/francismobio\/files\/2020\/12\/DSC05288.jpg\" data-link=\"https:\/\/people.unil.ch\/francismobio\/cours\/dsc05288\/\" class=\"wp-image-507\" srcset=\"https:\/\/people.unil.ch\/francismobio\/files\/2020\/12\/DSC05288.jpg 800w, https:\/\/people.unil.ch\/francismobio\/files\/2020\/12\/DSC05288-300x200.jpg 300w, https:\/\/people.unil.ch\/francismobio\/files\/2020\/12\/DSC05288-768x512.jpg 768w\" sizes=\"auto, (max-width: 800px) 100vw, 800px\" \/><\/a><\/figure><\/li><li class=\"blocks-gallery-item\"><figure><a href=\"https:\/\/people.unil.ch\/francismobio\/files\/2020\/12\/DSC05291.jpg\"><img alt=\"\" loading=\"lazy\" decoding=\"async\" width=\"800\" height=\"533\" src=\"https:\/\/people.unil.ch\/francismobio\/files\/2020\/12\/DSC05291.jpg\" alt=\"\" data-id=\"508\" data-full-url=\"https:\/\/people.unil.ch\/francismobio\/files\/2020\/12\/DSC05291.jpg\" data-link=\"https:\/\/people.unil.ch\/francismobio\/cours\/dsc05291\/\" class=\"wp-image-508\" srcset=\"https:\/\/people.unil.ch\/francismobio\/files\/2020\/12\/DSC05291.jpg 800w, https:\/\/people.unil.ch\/francismobio\/files\/2020\/12\/DSC05291-300x200.jpg 300w, https:\/\/people.unil.ch\/francismobio\/files\/2020\/12\/DSC05291-768x512.jpg 768w\" sizes=\"auto, (max-width: 800px) 100vw, 800px\" \/><\/a><\/figure><\/li><li class=\"blocks-gallery-item\"><figure><a href=\"https:\/\/people.unil.ch\/francismobio\/files\/2020\/12\/DSC05294.jpg\"><img alt=\"\" loading=\"lazy\" decoding=\"async\" width=\"800\" height=\"533\" src=\"https:\/\/people.unil.ch\/francismobio\/files\/2020\/12\/DSC05294.jpg\" alt=\"\" data-id=\"509\" data-full-url=\"https:\/\/people.unil.ch\/francismobio\/files\/2020\/12\/DSC05294.jpg\" data-link=\"https:\/\/people.unil.ch\/francismobio\/cours\/dsc05294\/\" class=\"wp-image-509\" srcset=\"https:\/\/people.unil.ch\/francismobio\/files\/2020\/12\/DSC05294.jpg 800w, https:\/\/people.unil.ch\/francismobio\/files\/2020\/12\/DSC05294-300x200.jpg 300w, https:\/\/people.unil.ch\/francismobio\/files\/2020\/12\/DSC05294-768x512.jpg 768w\" sizes=\"auto, (max-width: 800px) 100vw, 800px\" \/><\/a><\/figure><\/li><li class=\"blocks-gallery-item\"><figure><a href=\"https:\/\/people.unil.ch\/francismobio\/files\/2020\/12\/DSC05309.jpg\"><img alt=\"\" loading=\"lazy\" decoding=\"async\" width=\"800\" height=\"533\" src=\"https:\/\/people.unil.ch\/francismobio\/files\/2020\/12\/DSC05309.jpg\" alt=\"\" data-id=\"510\" data-full-url=\"https:\/\/people.unil.ch\/francismobio\/files\/2020\/12\/DSC05309.jpg\" data-link=\"https:\/\/people.unil.ch\/francismobio\/cours\/dsc05309\/\" class=\"wp-image-510\" srcset=\"https:\/\/people.unil.ch\/francismobio\/files\/2020\/12\/DSC05309.jpg 800w, https:\/\/people.unil.ch\/francismobio\/files\/2020\/12\/DSC05309-300x200.jpg 300w, https:\/\/people.unil.ch\/francismobio\/files\/2020\/12\/DSC05309-768x512.jpg 768w\" sizes=\"auto, (max-width: 800px) 100vw, 800px\" \/><\/a><\/figure><\/li><li class=\"blocks-gallery-item\"><figure><a href=\"https:\/\/people.unil.ch\/francismobio\/files\/2020\/12\/DSC05323.jpg\"><img alt=\"\" loading=\"lazy\" decoding=\"async\" width=\"800\" height=\"533\" src=\"https:\/\/people.unil.ch\/francismobio\/files\/2020\/12\/DSC05323.jpg\" alt=\"\" data-id=\"511\" data-full-url=\"https:\/\/people.unil.ch\/francismobio\/files\/2020\/12\/DSC05323.jpg\" data-link=\"https:\/\/people.unil.ch\/francismobio\/cours\/dsc05323\/\" class=\"wp-image-511\" srcset=\"https:\/\/people.unil.ch\/francismobio\/files\/2020\/12\/DSC05323.jpg 800w, https:\/\/people.unil.ch\/francismobio\/files\/2020\/12\/DSC05323-300x200.jpg 300w, https:\/\/people.unil.ch\/francismobio\/files\/2020\/12\/DSC05323-768x512.jpg 768w\" sizes=\"auto, (max-width: 800px) 100vw, 800px\" \/><\/a><\/figure><\/li><li class=\"blocks-gallery-item\"><figure><a href=\"https:\/\/people.unil.ch\/francismobio\/files\/2020\/12\/DSC6306.jpg\"><img alt=\"\" loading=\"lazy\" decoding=\"async\" width=\"800\" height=\"534\" src=\"https:\/\/people.unil.ch\/francismobio\/files\/2020\/12\/DSC6306.jpg\" alt=\"\" data-id=\"512\" data-full-url=\"https:\/\/people.unil.ch\/francismobio\/files\/2020\/12\/DSC6306.jpg\" data-link=\"https:\/\/people.unil.ch\/francismobio\/cours\/dsc6306\/\" class=\"wp-image-512\" srcset=\"https:\/\/people.unil.ch\/francismobio\/files\/2020\/12\/DSC6306.jpg 800w, https:\/\/people.unil.ch\/francismobio\/files\/2020\/12\/DSC6306-300x200.jpg 300w, https:\/\/people.unil.ch\/francismobio\/files\/2020\/12\/DSC6306-768x513.jpg 768w\" sizes=\"auto, (max-width: 800px) 100vw, 800px\" \/><\/a><\/figure><\/li><li class=\"blocks-gallery-item\"><figure><a href=\"https:\/\/people.unil.ch\/francismobio\/files\/2020\/12\/DSC6391.jpg\"><img alt=\"\" loading=\"lazy\" decoding=\"async\" width=\"800\" height=\"534\" src=\"https:\/\/people.unil.ch\/francismobio\/files\/2020\/12\/DSC6391.jpg\" alt=\"\" data-id=\"513\" data-full-url=\"https:\/\/people.unil.ch\/francismobio\/files\/2020\/12\/DSC6391.jpg\" data-link=\"https:\/\/people.unil.ch\/francismobio\/cours\/dsc6391\/\" class=\"wp-image-513\" srcset=\"https:\/\/people.unil.ch\/francismobio\/files\/2020\/12\/DSC6391.jpg 800w, https:\/\/people.unil.ch\/francismobio\/files\/2020\/12\/DSC6391-300x200.jpg 300w, https:\/\/people.unil.ch\/francismobio\/files\/2020\/12\/DSC6391-768x513.jpg 768w\" sizes=\"auto, (max-width: 800px) 100vw, 800px\" \/><\/a><\/figure><\/li><li class=\"blocks-gallery-item\"><figure><a href=\"https:\/\/people.unil.ch\/francismobio\/files\/2020\/12\/DSC6649.jpg\"><img alt=\"\" loading=\"lazy\" decoding=\"async\" width=\"800\" height=\"534\" src=\"https:\/\/people.unil.ch\/francismobio\/files\/2020\/12\/DSC6649.jpg\" alt=\"\" data-id=\"514\" data-full-url=\"https:\/\/people.unil.ch\/francismobio\/files\/2020\/12\/DSC6649.jpg\" data-link=\"https:\/\/people.unil.ch\/francismobio\/cours\/dsc6649\/\" class=\"wp-image-514\" srcset=\"https:\/\/people.unil.ch\/francismobio\/files\/2020\/12\/DSC6649.jpg 800w, https:\/\/people.unil.ch\/francismobio\/files\/2020\/12\/DSC6649-300x200.jpg 300w, https:\/\/people.unil.ch\/francismobio\/files\/2020\/12\/DSC6649-768x513.jpg 768w\" sizes=\"auto, (max-width: 800px) 100vw, 800px\" \/><\/a><\/figure><\/li><li class=\"blocks-gallery-item\"><figure><a href=\"https:\/\/people.unil.ch\/francismobio\/files\/2020\/12\/DSC6658.jpg\"><img alt=\"\" loading=\"lazy\" decoding=\"async\" width=\"800\" height=\"534\" src=\"https:\/\/people.unil.ch\/francismobio\/files\/2020\/12\/DSC6658.jpg\" alt=\"\" data-id=\"515\" data-full-url=\"https:\/\/people.unil.ch\/francismobio\/files\/2020\/12\/DSC6658.jpg\" data-link=\"https:\/\/people.unil.ch\/francismobio\/cours\/dsc6658\/\" class=\"wp-image-515\" srcset=\"https:\/\/people.unil.ch\/francismobio\/files\/2020\/12\/DSC6658.jpg 800w, https:\/\/people.unil.ch\/francismobio\/files\/2020\/12\/DSC6658-300x200.jpg 300w, https:\/\/people.unil.ch\/francismobio\/files\/2020\/12\/DSC6658-768x513.jpg 768w\" sizes=\"auto, (max-width: 800px) 100vw, 800px\" \/><\/a><\/figure><\/li><li class=\"blocks-gallery-item\"><figure><a href=\"https:\/\/people.unil.ch\/francismobio\/files\/2020\/12\/DSC6662.jpg\"><img alt=\"\" loading=\"lazy\" decoding=\"async\" width=\"800\" height=\"534\" src=\"https:\/\/people.unil.ch\/francismobio\/files\/2020\/12\/DSC6662.jpg\" alt=\"\" data-id=\"516\" data-full-url=\"https:\/\/people.unil.ch\/francismobio\/files\/2020\/12\/DSC6662.jpg\" data-link=\"https:\/\/people.unil.ch\/francismobio\/cours\/dsc6662\/\" class=\"wp-image-516\" srcset=\"https:\/\/people.unil.ch\/francismobio\/files\/2020\/12\/DSC6662.jpg 800w, https:\/\/people.unil.ch\/francismobio\/files\/2020\/12\/DSC6662-300x200.jpg 300w, https:\/\/people.unil.ch\/francismobio\/files\/2020\/12\/DSC6662-768x513.jpg 768w\" sizes=\"auto, (max-width: 800px) 100vw, 800px\" \/><\/a><\/figure><\/li><li class=\"blocks-gallery-item\"><figure><a href=\"https:\/\/people.unil.ch\/francismobio\/files\/2020\/12\/DSC6673.jpg\"><img alt=\"\" loading=\"lazy\" decoding=\"async\" width=\"800\" height=\"534\" src=\"https:\/\/people.unil.ch\/francismobio\/files\/2020\/12\/DSC6673.jpg\" alt=\"\" data-id=\"517\" data-full-url=\"https:\/\/people.unil.ch\/francismobio\/files\/2020\/12\/DSC6673.jpg\" data-link=\"https:\/\/people.unil.ch\/francismobio\/cours\/dsc6673\/\" class=\"wp-image-517\" srcset=\"https:\/\/people.unil.ch\/francismobio\/files\/2020\/12\/DSC6673.jpg 800w, https:\/\/people.unil.ch\/francismobio\/files\/2020\/12\/DSC6673-300x200.jpg 300w, https:\/\/people.unil.ch\/francismobio\/files\/2020\/12\/DSC6673-768x513.jpg 768w\" sizes=\"auto, (max-width: 800px) 100vw, 800px\" \/><\/a><\/figure><\/li><li class=\"blocks-gallery-item\"><figure><a href=\"https:\/\/people.unil.ch\/francismobio\/files\/2020\/12\/DSC6784.jpg\"><img alt=\"\" loading=\"lazy\" decoding=\"async\" width=\"800\" height=\"534\" src=\"https:\/\/people.unil.ch\/francismobio\/files\/2020\/12\/DSC6784.jpg\" alt=\"\" data-id=\"518\" data-full-url=\"https:\/\/people.unil.ch\/francismobio\/files\/2020\/12\/DSC6784.jpg\" data-link=\"https:\/\/people.unil.ch\/francismobio\/cours\/dsc6784\/\" class=\"wp-image-518\" srcset=\"https:\/\/people.unil.ch\/francismobio\/files\/2020\/12\/DSC6784.jpg 800w, https:\/\/people.unil.ch\/francismobio\/files\/2020\/12\/DSC6784-300x200.jpg 300w, https:\/\/people.unil.ch\/francismobio\/files\/2020\/12\/DSC6784-768x513.jpg 768w\" sizes=\"auto, (max-width: 800px) 100vw, 800px\" \/><\/a><\/figure><\/li><li class=\"blocks-gallery-item\"><figure><a href=\"https:\/\/people.unil.ch\/francismobio\/files\/2020\/12\/DSC7048.jpg\"><img alt=\"\" loading=\"lazy\" decoding=\"async\" width=\"800\" height=\"534\" src=\"https:\/\/people.unil.ch\/francismobio\/files\/2020\/12\/DSC7048.jpg\" alt=\"\" data-id=\"519\" data-full-url=\"https:\/\/people.unil.ch\/francismobio\/files\/2020\/12\/DSC7048.jpg\" data-link=\"https:\/\/people.unil.ch\/francismobio\/cours\/dsc7048\/\" class=\"wp-image-519\" srcset=\"https:\/\/people.unil.ch\/francismobio\/files\/2020\/12\/DSC7048.jpg 800w, https:\/\/people.unil.ch\/francismobio\/files\/2020\/12\/DSC7048-300x200.jpg 300w, https:\/\/people.unil.ch\/francismobio\/files\/2020\/12\/DSC7048-768x513.jpg 768w\" sizes=\"auto, (max-width: 800px) 100vw, 800px\" \/><\/a><\/figure><\/li><li class=\"blocks-gallery-item\"><figure><a href=\"https:\/\/people.unil.ch\/francismobio\/files\/2020\/12\/IMG_7577.jpg\"><img alt=\"\" loading=\"lazy\" decoding=\"async\" width=\"800\" height=\"600\" src=\"https:\/\/people.unil.ch\/francismobio\/files\/2020\/12\/IMG_7577.jpg\" alt=\"\" data-id=\"520\" data-full-url=\"https:\/\/people.unil.ch\/francismobio\/files\/2020\/12\/IMG_7577.jpg\" data-link=\"https:\/\/people.unil.ch\/francismobio\/cours\/img_7577\/\" class=\"wp-image-520\" srcset=\"https:\/\/people.unil.ch\/francismobio\/files\/2020\/12\/IMG_7577.jpg 800w, https:\/\/people.unil.ch\/francismobio\/files\/2020\/12\/IMG_7577-300x225.jpg 300w, https:\/\/people.unil.ch\/francismobio\/files\/2020\/12\/IMG_7577-768x576.jpg 768w\" sizes=\"auto, (max-width: 800px) 100vw, 800px\" \/><\/a><\/figure><\/li><li class=\"blocks-gallery-item\"><figure><a href=\"https:\/\/people.unil.ch\/francismobio\/files\/2020\/12\/IMG_7592.jpg\"><img alt=\"\" loading=\"lazy\" decoding=\"async\" width=\"800\" height=\"600\" src=\"https:\/\/people.unil.ch\/francismobio\/files\/2020\/12\/IMG_7592.jpg\" alt=\"\" data-id=\"521\" data-full-url=\"https:\/\/people.unil.ch\/francismobio\/files\/2020\/12\/IMG_7592.jpg\" data-link=\"https:\/\/people.unil.ch\/francismobio\/cours\/img_7592\/\" class=\"wp-image-521\" srcset=\"https:\/\/people.unil.ch\/francismobio\/files\/2020\/12\/IMG_7592.jpg 800w, https:\/\/people.unil.ch\/francismobio\/files\/2020\/12\/IMG_7592-300x225.jpg 300w, https:\/\/people.unil.ch\/francismobio\/files\/2020\/12\/IMG_7592-768x576.jpg 768w\" sizes=\"auto, (max-width: 800px) 100vw, 800px\" \/><\/a><\/figure><\/li><\/ul><\/figure>\n\n\n\n<h5 class=\"wp-block-heading\"><strong><a href=\"https:\/\/av.unil.ch\/hva\/2862\/robichaux-2.mp4\">Entretien avec David &nbsp;Robichaux<\/a>&nbsp;<\/strong><\/h5>\n\n\n\n<h5 class=\"wp-block-heading\"><strong><a href=\"https:\/\/av.unil.ch\/hva\/2866\/arturo-2.mp4\">Entretien avec Arturo Gutierrez&nbsp;<\/a><\/strong><\/h5>\n\n\n\n<h4 class=\"wp-block-heading\"><strong>Essai vid\u00e9ographique :&nbsp;<\/strong><\/h4>\n\n\n\n<h5 class=\"wp-block-heading\"><strong><a href=\"https:\/\/av.unil.ch\/hva\/3270\/santa-expe2.mp4\">Santa Muerte : trois voix, trois autels, trois rosaires<\/a><\/strong><\/h5>\n\n\n\n<h4 class=\"wp-block-heading\"><strong>Autres recherches au Mexique :<\/strong><\/h4>\n\n\n\n<h5 class=\"wp-block-heading\"><strong><a href=\"https:\/\/wp.unil.ch\/unimedia\/le-mexique-un-terrain\/\" target=\"_blank\" rel=\"noopener noreferrer\">L\u2019espace audiovisuel et multim\u00e9dia de l\u2019UNIL<\/a>&nbsp;<\/strong><\/h5>\n\n\n\n<h5 class=\"wp-block-heading\"><strong><a href=\"https:\/\/people.unil.ch\/francismobio\/livre-photo\/\" data-type=\"page\" data-id=\"523\" target=\"_blank\" rel=\"noreferrer noopener\">Livre : Santa Muerte, Mexico, la mort et ses d\u00e9vots<\/a><\/strong><\/h5>\n\n\n<p><\/p>\n<div class=\"entry-content\">\n<h4><a href=\"https:\/\/people.unil.ch\/francismobio\/files\/2020\/12\/DSCN0413.jpg\"><img alt=\"\" loading=\"lazy\" decoding=\"async\" class=\"alignnone  wp-image-488\" src=\"https:\/\/people.unil.ch\/francismobio\/files\/2020\/12\/DSCN0413.jpg\" alt=\"\" width=\"731\" height=\"488\" srcset=\"https:\/\/people.unil.ch\/francismobio\/files\/2020\/12\/DSCN0413.jpg 640w, https:\/\/people.unil.ch\/francismobio\/files\/2020\/12\/DSCN0413-300x200.jpg 300w\" sizes=\"auto, (max-width: 731px) 100vw, 731px\" \/><\/a><\/h4>\n<h4>Le p\u00e8lerinage indien (yatra) comme exp\u00e9rience sensible&nbsp;:&nbsp;le cas de Puri, site du \u00ab&nbsp;seigneur du monde&nbsp;\u00bb Jagannath<\/h4>\n<h6><strong>Rapha\u00ebl Rousseleau, Francis Mobio (UNIL-IRCM)<\/strong><\/h6>\n<h5 align=\"justify\"><strong>Jagannath ou le \u00ab&nbsp;seigneur du monde&nbsp;\u00bb est une forme locale du dieu panindien Krishna\/Vishnu, honor\u00e9e dans le temple dePurien Odisha (Inde de l\u2019Est). La particularit\u00e9 de sa forme \u2013 une statue de bois fruste, avec de gros yeux peints \u2013 a fait beaucoup sp\u00e9culer sur ses origines possibles (bouddhistes, tantriques, tribales, etc.). Quoi qu\u2019il en soit, ses influences vari\u00e9es font de lui un dieu \u00e0 dimension universelle, attirant des fid\u00e8les de toute l\u2019Inde orientale et bien au-del\u00e0 (Rajasthan, N\u00e9pal, mais aussi Japon, Etats-Unis, etc.). Cet aspect est d\u2019autant plus pr\u00e9sent que le dieu sort chaque ann\u00e9e de son temple pour se \u2018donner \u00e0 voir\u2019 dans la grande rue de sa ville, sur un char de bois g\u00e9ant, tir\u00e9 par ses fid\u00e8les.<\/strong><\/h5>\n<h5><strong><a href=\"https:\/\/av.unil.ch\/hva\/2805\/la-foule-gva.mp4\">Vid\u00e9o<\/a>&nbsp;:&nbsp;<em>immersion dans la foule du Jagannath Festival de Puri (juillet 2015)<\/em><\/strong><\/h5>\n<h5><strong>Autres recherches en Inde :<\/strong><\/h5>\n<h5><strong><a href=\"https:\/\/wp.unil.ch\/allezsavoir\/lamour-version-bollywood\/\">L\u2019Amour version Bollywood<\/a>&nbsp; (\u00ab&nbsp;Allez savoir&nbsp;\u00bb,&nbsp;Le magazine de l\u2019Universit\u00e9 de Lausanne)<\/strong><\/h5>\n<h5><strong><a href=\"https:\/\/av.unil.ch\/hva\/2832\/love-in-simla-w-tunis.mp4\">Love in Shimla<\/a>&nbsp;:&nbsp;document vid\u00e9o, rencontre avec des touristes indiens dans la Shimla<\/strong><\/h5>\n<h5><strong><a href=\"https:\/\/people.unil.ch\/francismobio\/jagannath-experience\/\">Lire photo<\/a> : Jagannath exp\u00e9rience : pr\u00e9sentation et galerie (publication en cours)<\/strong><\/h5>\n<\/div>\n<div class=\"entry-content\">\n<h5 style=\"text-align: center\"><a href=\"https:\/\/people.unil.ch\/francismobio\/files\/2020\/12\/peguche-bdi.jpg\"><img alt=\"\" loading=\"lazy\" decoding=\"async\" class=\"alignnone  wp-image-489\" src=\"https:\/\/people.unil.ch\/francismobio\/files\/2020\/12\/peguche-bdi.jpg\" alt=\"\" width=\"728\" height=\"546\" srcset=\"https:\/\/people.unil.ch\/francismobio\/files\/2020\/12\/peguche-bdi.jpg 640w, https:\/\/people.unil.ch\/francismobio\/files\/2020\/12\/peguche-bdi-300x225.jpg 300w\" sizes=\"auto, (max-width: 728px) 100vw, 728px\" \/><\/a><\/h5>\n<h4><strong>Filmer la f\u00eate. Tensions visuelles entre Carnaval et f\u00eate de Pawkar Raymi \u00e0 Peguche (Otavalo, Andes \u00e9quatoriennes)<\/strong><\/h4>\n<h6><strong>J\u00e9r\u00e9mie Voirol (UNIL-SSP-LACS) et&nbsp;Francis Mobio (UNIL-FTSR-IRCM)<\/strong><\/h6>\n<h5 align=\"justify\"><strong>Depuis les ann\u00e9es 1980, les mouvements autochtones en \u00c9quateur prennent de l\u2019importance, devenant petit \u00e0 petit des acteurs politiques incontournables au niveau national. D\u2019abord focalis\u00e9s sur la terre et les droits autochtones, ils commencent \u00e0 revendiquer une \u00ab&nbsp;culture&nbsp;\u00bb propre et \u00e0 \u0153uvrer vers ce qu\u2019ils appellent une \u00ab&nbsp;revitalisation&nbsp;\u00bb de celle-ci. Dans cette optique, on voit l\u2019\u00e9mergence de nouvelles f\u00eates (principalement sous forme de festivals) qui viennent s\u2019ajouter au calendrier festif annuel ou le concurrencer.<\/strong><\/h5>\n<h5 align=\"justify\"><strong>Le but de ce projet est de filmer deux f\u00eates : le Pawkar Raymi, issu de la dynamique \u00e9voqu\u00e9e ci-dessus et le Carnaval ; tout deux se d\u00e9roulent aux m\u00eames dates et s\u2019entrem\u00ealent dans le village de Peguche. L\u2019objectif est de montrer les tensions et l\u2019articulation pratique entre des activit\u00e9s privil\u00e9giant le s\u00e9rieux de la revitalisation culturelle \u2013 s\u00e9rieux qui sert de l\u00e9gitimation \u00e0 la \u00ab&nbsp;culture&nbsp;\u00bb autochtone \u2013 et d\u2019autres qui mettent l\u2019accent sur des dimensions ludiques, voire transgressives.<\/strong><\/h5>\n<h5><strong><a href=\"https:\/\/wp.unil.ch\/allezsavoir\/%E2%80%89bienvenido-a-la-fiesta%E2%80%89\/\">\u00ab&nbsp;Allez Savoir&nbsp;\u00bb : \u00a1 Bienvenido a la fiesta !&nbsp;<\/a><\/strong><\/h5>\n<h5><a href=\"https:\/\/av.unil.ch\/hva\/2854\/pawkar-h.mp4\"><strong>Vid\u00e9o&nbsp; (extrait du film&nbsp;<\/strong><strong>Pawkar Raymi)<\/strong><\/a><\/h5>\n<p><\/p>\n<\/div>\n\n\n<h2 class=\"wp-block-heading\" style=\"font-size:24px\"><strong>Diego&nbsp;: des lignes, des couleurs <\/strong><\/h2>\n\n\n\n<div class=\"wp-block-image\"><figure class=\"aligncenter\"><a href=\"https:\/\/av.unil.ch\/hva\/2806\/diego-web.mp4\"><img alt=\"\" loading=\"lazy\" decoding=\"async\" width=\"1024\" height=\"607\" src=\"https:\/\/people.unil.ch\/francismobio\/files\/2020\/12\/Capture-decran-2020-12-09-a-14.56.14-1-1024x607.png\" alt=\"\" class=\"wp-image-363\" srcset=\"https:\/\/people.unil.ch\/francismobio\/files\/2020\/12\/Capture-decran-2020-12-09-a-14.56.14-1-1024x607.png 1024w, https:\/\/people.unil.ch\/francismobio\/files\/2020\/12\/Capture-decran-2020-12-09-a-14.56.14-1-300x178.png 300w, https:\/\/people.unil.ch\/francismobio\/files\/2020\/12\/Capture-decran-2020-12-09-a-14.56.14-1-768x456.png 768w, https:\/\/people.unil.ch\/francismobio\/files\/2020\/12\/Capture-decran-2020-12-09-a-14.56.14-1-1536x911.png 1536w, https:\/\/people.unil.ch\/francismobio\/files\/2020\/12\/Capture-decran-2020-12-09-a-14.56.14-1.png 1920w\" sizes=\"auto, (max-width: 1024px) 100vw, 1024px\" \/><\/a><\/figure><\/div>\n\n\n\n<h6 class=\"wp-block-heading\"><em>Diego de Lausanne<\/em><\/h6>\n\n\n\n<figure class=\"wp-block-image size-large is-resized\"><img alt=\"\" loading=\"lazy\" decoding=\"async\" src=\"https:\/\/people.unil.ch\/francismobio\/files\/2020\/12\/piscine-2_1.jpeg\" alt=\"\" class=\"wp-image-494\" width=\"734\" height=\"490\" srcset=\"https:\/\/people.unil.ch\/francismobio\/files\/2020\/12\/piscine-2_1.jpeg 640w, https:\/\/people.unil.ch\/francismobio\/files\/2020\/12\/piscine-2_1-300x200.jpeg 300w\" sizes=\"auto, (max-width: 734px) 100vw, 734px\" \/><\/figure>\n\n\n\n<h6 class=\"wp-block-heading\"><em>Dessin (encre et mine de plomb) chalets de montagne et piscine<\/em><\/h6>\n\n\n<h5 align=\"justify\"><strong>Des lignes, des couleurs&nbsp;\u00bb n\u2019est pas seulement un film vid\u00e9o ni un portrait de 11 minutes r\u00e9alis\u00e9 sur un artiste Lausannois. C\u2019est en fait une rencontre, une collaboration, un projet artistique et une somme d\u2019encha\u00eenements logiques ou li\u00e9s au hasard et aux accidents de l\u2019existence. Pour l\u2019ethno-vid\u00e9ographe Francis Mobio, ce film fait partie d\u2019un processus qui a permis d\u2019actualiser un id\u00e9el ethnographique. En effet, pour les protagonistes du projet, ce fut l\u2019occasion de partager, de s\u2019enrichir mutuellement de leurs parcours respectifs et de r\u00e9aliser un projet commun : participer \u00e0 la Biennale 2015 du&nbsp;mus\u00e9e de l\u2019Art Brut de Lausanne (Architecture \/ curatrice Pascale Janneret).<\/strong><\/h5>\n\n\n<h5 class=\"wp-block-heading\"><strong><a href=\"https:\/\/av.unil.ch\/hva\/2806\/diego-web.mp4\">Vid\u00e9o&nbsp;<\/a><em>&nbsp;Film \u00ab&nbsp;Des lignes, des couleurs&nbsp;\u00bb (11 min.)<\/em><\/strong><\/h5>\n\n\n\n<p><\/p>\n\n\n\n<p><\/p>\n\n\n\n<div class=\"wp-block-image\"><figure class=\"aligncenter size-large\"><img alt=\"\" loading=\"lazy\" decoding=\"async\" width=\"768\" height=\"512\" src=\"https:\/\/people.unil.ch\/francismobio\/files\/2020\/12\/DSC02913-768x512-1.jpg\" alt=\"\" class=\"wp-image-490\" srcset=\"https:\/\/people.unil.ch\/francismobio\/files\/2020\/12\/DSC02913-768x512-1.jpg 768w, https:\/\/people.unil.ch\/francismobio\/files\/2020\/12\/DSC02913-768x512-1-300x200.jpg 300w\" sizes=\"auto, (max-width: 768px) 100vw, 768px\" \/><\/figure><\/div>\n\n\n\n<h4 class=\"wp-block-heading\"><strong>Culture et symbolisme civils&nbsp;versus&nbsp;culture et symbolisme religieux dans la Cuba contemporaine<\/strong><\/h4>\n\n\n\n<h6 class=\"wp-block-heading\"><strong>Silvia Mancini, Francis Mobio, Am\u00e9lie Study (IRCM-UNIL)<\/strong><\/h6>\n\n\n<h5 align=\"justify\"><strong>par la FTSR et le D\u00e9partement Interfacultaire d\u2019Histoire et de Sciences des Religions de l\u2019UNIL, ce projet se propose deux objectifs principaux.<\/strong>&nbsp;<strong>D\u2019abord, cartographier la situation politico-religieuse de la Cuba contemporaine, et ce \u00e0 partir des ann\u00e9es 1990. A cette \u00e9poque, une modification de la Constitution cubaine a lieu concernant le statut de l\u2019\u00c9tat qui se transforme de \u00abr\u00e9publique socialiste ath\u00e9e\u00bb en une \u00abr\u00e9publique socialiste la\u00efque\u00bb. Depuis lors, un changement sensible de la position de cet \u00c9tat voit le jour, face aux diverses et multiples formes de cultes et de pratiques religieuses r\u00e9pandues dans le pays. Ce changement touche aussi bien les \u00c9glises institu\u00e9es que les diverses mouvances et organisations \u00e0 vocation spirituelle non eccl\u00e9siales.<\/strong>&nbsp;<strong>Ensuite, interroger les formes et le statut pratico-politique de la \u2018religion civique\u2019 (\u00e0 savoir, les symboles ; les comm\u00e9morations collectives ; les r\u00e9cits fondateurs ; les liturgies publiques et priv\u00e9es c\u00e9l\u00e9brant les valeurs et l\u2019\u00e9thique r\u00e9volutionnaires, etc.). Toutes ces formes expressives de la \u2018religion civile\u2019 sont cultiv\u00e9es par le gouvernement r\u00e9volutionnaire en place \u00e0 travers des dispositifs institutionnels pr\u00e9cis, tels que les universit\u00e9s, l\u2019\u00e9cole, les comit\u00e9s de d\u00e9fense de la r\u00e9volution (CDR), la mus\u00e9ographie, la presse et les arts multiples florissant dans le pays.<\/strong><\/h5>\n<h5 align=\"justify\">&nbsp;<\/h5>\n<h5 align=\"justify\"><strong>Dans ce \u2018programme-cadre\u2019, un des volets a consist\u00e9 en une observation directe, moyennant l\u2019outil audiovisuel, du mode de fonctionnement d\u2019une institution rattach\u00e9e au Minist\u00e8re de la Culture. Il s\u2019agit du Centro Pablo de la Torriente Brau, dont la vocation est de valoriser certains secteurs artistiques et d\u2019en promouvoir la cr\u00e9ativit\u00e9. Ce centre, outre coordonner divers types d\u2019activit\u00e9 cr\u00e9ative (art digital, photographie, po\u00e9sie, cin\u00e9ma, publications de textes de nature m\u00e9morielle et testimoniale), constitue aujourd\u2019hui, \u00e0 la Havane, le vecteur majeur de promotion et de diffusion de la \u2018Nueva trova\u2019, ode ironique des dysfonctionnements du pays.<\/strong><\/h5>\n<h5 align=\"justify\">&nbsp;<\/h5>\n\n\n<h5 class=\"wp-block-heading\"><strong><a href=\"https:\/\/av.unil.ch\/hva\/1677\/extrait-1325x36.mp4\" target=\"_blank\" rel=\"noreferrer noopener\">1324\u00d736&nbsp;<\/a>:&nbsp;<em>Rencontre avec le photographe Luc Chessex (extrait du film)<\/em><\/strong><\/h5>\n\n\n\n<h5 class=\"wp-block-heading\"><strong><a href=\"https:\/\/people.unil.ch\/francismobio\/files\/2020\/12\/Allez-savoir-La-vie-cubaine-du-photographe-Luc-Chessex.pdf\" data-type=\"URL\" data-id=\"https:\/\/people.unil.ch\/francismobio\/files\/2020\/12\/Allez-savoir-La-vie-cubaine-du-photographe-Luc-Chessex.pdf\">\u00ab&nbsp;Allez savoir&nbsp;\u00bb :&nbsp;&nbsp;<em>La vie cubaine du photographe Luc Chessex<\/em><\/a><\/strong><\/h5>\n\n\n\n<h5 class=\"wp-block-heading\"><strong><a href=\"https:\/\/av.unil.ch\/hva\/1228\/cuba.mp4\" target=\"_blank\" rel=\"noreferrer noopener\">Cuba Tambien<\/a>&nbsp;:&nbsp;<em>film documentaire r\u00e9alis\u00e9 en collaboration avec le Centro cultural Pablo de la Torriente Brau de la Havane. Il a \u00e9t\u00e9 pr\u00e9sent\u00e9 en 2012 au&nbsp;Festival&nbsp;\u00ab&nbsp;Cine&nbsp;Povre \u00bb de Gibara (Cuba)<\/em><\/strong><\/h5>\n\n\n\n<p><\/p>\n\n\n\n<p><\/p>\n\n\n\n<p><a href=\"https:\/\/wp.unil.ch\/facteur-i\/files\/2016\/05\/jmj-a-et-a.jpg\"><\/a><\/p>\n\n\n\n<figure class=\"wp-block-image size-large is-resized\"><img alt=\"\" loading=\"lazy\" decoding=\"async\" src=\"https:\/\/people.unil.ch\/francismobio\/files\/2020\/12\/jmj-a-et-a.jpg\" alt=\"\" class=\"wp-image-469\" width=\"736\" height=\"488\" srcset=\"https:\/\/people.unil.ch\/francismobio\/files\/2020\/12\/jmj-a-et-a.jpg 640w, https:\/\/people.unil.ch\/francismobio\/files\/2020\/12\/jmj-a-et-a-300x199.jpg 300w\" sizes=\"auto, (max-width: 736px) 100vw, 736px\" \/><\/figure>\n\n\n<h4 align=\"justify\"><strong>Journ\u00e9es Mondiales de la Jeunesse (JMJ) organis\u00e9es par l\u2019\u00c9glise catholique \u00e0 Madrid<\/strong><\/h4>\n<h5 align=\"justify\"><strong>Recherche men\u00e9e en collaboration avec Laurent Amiotte Suchet et Alexandre Grandjean durant les Journ\u00e9es Mondiales de la Jeunesse \u00e0 Madrid en 2011.<\/strong><\/h5>\n\n\n<h5 class=\"wp-block-heading\"><strong>Fichier PDF de la communication-performance pr\u00e9sent\u00e9e au&nbsp;Festival<em>&nbsp;Les Bobines du Sacr\u00e9<\/em>&nbsp;\u00e0 Lyon : \u00ab&nbsp;Les JMJ et les m\u00e9t\u00e9ores : auto-ethnographie sensible d\u2019une journ\u00e9e au Quatre Vents&nbsp;\u00bb (F. Mobio).&nbsp;<\/strong><\/h5>\n\n\n\n<h5 class=\"wp-block-heading\"><strong><a href=\"https:\/\/people.unil.ch\/francismobio\/files\/2020\/12\/JMJ-w.pdf\" data-type=\"URL\" data-id=\"https:\/\/people.unil.ch\/francismobio\/files\/2020\/12\/JMJ-w.pdf\">Lire<\/a><\/strong><\/h5>\n\n\n\n<h6 class=\"wp-block-heading\"><strong>Article disponible dans son int\u00e9gralit\u00e9 sur&nbsp;<em>Cairn :&nbsp;https:\/\/www.cairn.info\/revue-histoire-monde-et-cultures-religieuses-2015-1-page-39.htm<\/em><\/strong><\/h6>\n","protected":false},"excerpt":{"rendered":"<p>En 2019 et 2020, prises d\u2019image et de son pour le film d\u2019Alice Aterianus,&nbsp;Une vraie danseuse ne peut pas se&nbsp;tenir. H\u00e9l\u00e8ne est danseuse. Elle a quitt\u00e9 le S\u00e9n\u00e9gal pour vivre &hellip; <\/p>\n","protected":false},"author":1001105,"featured_media":0,"parent":0,"menu_order":3,"comment_status":"closed","ping_status":"closed","template":"","meta":{"_seopress_robots_primary_cat":"","_seopress_titles_title":"","_seopress_titles_desc":"","_seopress_robots_index":"","footnotes":""},"class_list":["post-51","page","type-page","status-publish"],"_links":{"self":[{"href":"https:\/\/people.unil.ch\/francismobio\/wp-json\/wp\/v2\/pages\/51","targetHints":{"allow":["GET"]}}],"collection":[{"href":"https:\/\/people.unil.ch\/francismobio\/wp-json\/wp\/v2\/pages"}],"about":[{"href":"https:\/\/people.unil.ch\/francismobio\/wp-json\/wp\/v2\/types\/page"}],"author":[{"embeddable":true,"href":"https:\/\/people.unil.ch\/francismobio\/wp-json\/wp\/v2\/users\/1001105"}],"replies":[{"embeddable":true,"href":"https:\/\/people.unil.ch\/francismobio\/wp-json\/wp\/v2\/comments?post=51"}],"version-history":[{"count":0,"href":"https:\/\/people.unil.ch\/francismobio\/wp-json\/wp\/v2\/pages\/51\/revisions"}],"wp:attachment":[{"href":"https:\/\/people.unil.ch\/francismobio\/wp-json\/wp\/v2\/media?parent=51"}],"curies":[{"name":"wp","href":"https:\/\/api.w.org\/{rel}","templated":true}]}}