{"id":10,"date":"2020-01-20T11:11:57","date_gmt":"2020-01-20T10:11:57","guid":{"rendered":"http:\/\/people.unil.ch\/gaelegoastellec\/?page_id=10"},"modified":"2020-02-05T22:13:04","modified_gmt":"2020-02-05T21:13:04","slug":"keynotes-conferences","status":"publish","type":"page","link":"https:\/\/people.unil.ch\/gaelegoastellec\/keynotes-conferences\/","title":{"rendered":"Keynotes &amp; conferences"},"content":{"rendered":"<p><strong>University of Kassel<\/strong>, August 2019, invited conference: \u00ab\u00a0Refugees access to HE\u201d. Workshop on \u00ab\u00a0The role of universities for social and political integration\u00a0\u00bb. Project \u00ab\u00a0European Universities, critical futures.\u00a0\u00bb\u00a0 Germany.<\/p>\n<p><strong>University of Lausanne, <\/strong>Faculty of French as a Foreign Languge, 18 mai 2019, invited conference : \u00ab\u00a0Deux ou trois choses que je sais de lui: l\u2019acc\u00e8s des exil\u00e9.e.s \u00e0 l\u2019universit\u00e9 \u00bb Journ\u00e9e d\u2019\u00e9tudes: Projets socioprofessionnels d\u2019\u00e9tudiant.e.s universitaires en situation. Switzerland.<\/p>\n<p><strong>University of Toronto<\/strong>, OISE, CIDE Seminar, 6th June 2018, Invited conference, \u00ab\u00a0Access to Higher Education and Degrees as an instrument of social organisations: from historical roots to contemporary roles\u00a0\u00bb Canada.<\/p>\n<p><strong>University of Harvard<\/strong>, 23 April 2018, Center for European Studies, Invited Conference, \u00ab\u00a0Access to Higher Education and Degrees in Europe: from tools of government to inequality regimes\u00a0\u00bb, Seminar on Social Inclusion and Exclusion and Mahindra Seminar on Universities.<\/p>\n<p><strong>University of Toronto<\/strong>, CIHE Speaker Serie, \u00a027th of March 2018, \u00ab\u00a0Internationalisation of academic careers and markets in Europe\u00a0\u00bb, OISE.<\/p>\n<p><strong>University of Li\u00e8ge,<\/strong> 24.11.2017, \u00ab\u00a0Internationalisation des march\u00e9s acad\u00e9miques, des carri\u00e8res et des activit\u00e9s\u00a0: une perspective europ\u00e9enne.\u00a0\u00bb Conf\u00e9rence pl\u00e9ni\u00e8re de cl\u00f4ture de la semaine de l\u2019enseignement. Bicentenaire de l\u2019Universit\u00e9 de Li\u00e8ge.<\/p>\n<p><strong>University of Li\u00e8ge<\/strong>, 23.11.2017, \u00ab\u00a0In\u00e9galit\u00e9s d\u2019acc\u00e8s aux dipl\u00f4mes du tertiaire en Europe\u00a0: entre \u00e9mergence d\u2019un r\u00e9f\u00e9rentiel commun et r\u00e9gimes d\u2019in\u00e9galit\u00e9s.\u00a0\u00bb Conf\u00e9rence dans le cadre du cours du prof. D\u00a0: Verpoorten \u00ab\u00a0Approches et questions sociopolitiques dans l\u2019enseignement sup\u00e9rieur.\u00a0\u00bb Bicentenaire de l\u2019Universit\u00e9 de Li\u00e8ge.<\/p>\n<p><strong>University of Li\u00e8ge<\/strong>, 22.11.2017, \u00ab\u00a0Expliquer les in\u00e9galit\u00e9s d\u2019acc\u00e8s aux dipl\u00f4mes de l\u2019enseignement sup\u00e9rieur en Finlande et en Suisse (1950-2004)\u00a0: des structures scolaires aux politiques sociales.\u00a0\u00bb Conf\u00e9rence dans le cadre du cours de la prof. A. Baye\u00a0\u00ab\u00a0Dispositifs de lutte contre le d\u00e9crochage et l\u2019exclusion dans les syst\u00e8mes d\u2019enseignement et de formation\u00a0.\u00a0\u00bb Bicentenaire de l\u2019Universit\u00e9 de Li\u00e8ge.<\/p>\n<p><strong>University of Li\u00e8ge<\/strong>, 22.11.2017, \u00ab\u00a0Comparer l\u2019origine sociale des enseignants chercheurs en Europe\u00a0\u00bb, S\u00e9minaire de l\u2019IFRES, Bicentenaire de l\u2019Universit\u00e9 de Li\u00e8ge.<\/p>\n<p><strong>University of Toronto<\/strong>, CREFO Seminar, 15.11.2017, \u00ab\u00a0(In)\u00e9galit\u00e9s d\u2019acc\u00e8s aux dipl\u00f4mes du tertiaire en Europe\u00a0: entre \u00e9mergence d\u2019un r\u00e9f\u00e9rentiel commun et r\u00e9gimes d\u2019in\u00e9galit\u00e9s\u00a0\u00bb conf\u00e9rence invit\u00e9e, OISE.<\/p>\n<p><strong>University of Toronto<\/strong>, 18.10.2017, \u00ab\u00a0Expliquer les in\u00e9galit\u00e9s d\u2019acc\u00e8s aux dipl\u00f4mes de l\u2019enseignement sup\u00e9rieur en Finlande et en Suisse (1950-2004)\u00a0: des structures scolaires aux politiques sociales.\u00a0\u00bb s\u00e9minaire invit\u00e9, Cours de la prof. D. Farmer, \u00ab\u00a0Education, Francophonies et Diversit\u00e9s\u00a0\u00bb. OISE, CREFO.<\/p>\n<p><strong>University of Lausanne<\/strong>, March 2017, Conf\u00e9rence pour la F\u00e9d\u00e9ration des Assistants Etudiants. \u00ab Les in\u00e9galit\u00e9s d\u2019acc\u00e8s \u00e0 l\u2019universit\u00e9 en Suisse en comparaison internationale.\u00a0\u00bb<\/p>\n<p><strong>University of Lausanne<\/strong>, 10th February 2017, \u00ab Expliquer les in\u00e9galit\u00e9s d\u2019acc\u00e8s \u00e0 l\u2019enseignement sup\u00e9rieur par les caract\u00e9ristiques macrosociales des soci\u00e9t\u00e9s : une comparaison Europ\u00e9enne.\u00a0\u00bb S\u00e9minaire UniLaPs.<\/p>\n<p><strong>University of Rijeka. <\/strong>2016. \u00ab\u00a0The internationalisation of academic careers: a European perspective.\u00a0\u00bb 29 of November.<\/p>\n<p><strong>UNIL, <\/strong><em>\u00ab\u00a0The internationalization of academic careers: a European perspective \u00bb<\/em> GARCIA Conference on \u00ab Early academic carers in times of uncertainty: challenges for gender equality policies and practices. \u00bb Lausanne, 25-26 of November 2016.<\/p>\n<p><strong>Polytechnic School of Lausanne (EPFL), 2016, <\/strong>\u00ab Asylum seekers and refugees\u2019 access to higher education in Europe: Comparative insights on a new public issue. \u00bb Worshop on \u00ab Highly-Skilled Migration, Diasporas and Digital Technologies \u00bb, 10th November 2016.<\/p>\n<p><strong>Finnish Institute for Educational Research<\/strong>. \u00ab Internationalisation of academic careers, \u00a0markets and activities : a European perspective \u00bb S\u00e9minaire national de recherche. University of Jyv\u00e4skyl\u00e4, Finlande. Novembre 2015.<\/p>\n<p><strong>R\u00e9seau Education et Formation<\/strong>. \u00ab\u00a0In\u00e9galit\u00e9s d\u2019acc\u00e8s aux dipl\u00f4mes du tertiaire, emprise du dipl\u00f4me sur l\u2019emploi et r\u00e9gimes d\u2019\u00e9tat providence\u00a0: une comparaison europ\u00e9enne\u00a0\u00bb dans le cadre du symposium \u00ab\u00a0Massification de l\u2019enseignement sup\u00e9rieur, politiques publiques et justice sociale\u00a0\u00bb (org. F. Picard et C. Kamanzi).<strong> Universit\u00e9 de Montr\u00e9al<\/strong>. Octobre 2015<\/p>\n<p><strong>Science-Po Paris.<\/strong> \u00ab Inequalities of access in the light of welfare states regimes: a European comparison \u00bb LIEPPE Conference, \u00ab Inequalities of access to higher education. The role of policies, institutions and markets. \u00bb 8-9 octobre 2015<\/p>\n<p><strong>Coll\u00e8ge de France.<\/strong> \u00ab\u00a0<a href=\"https:\/\/www.college-de-france.fr\/site\/pierre-michel-menger\/symposium-2015-05-11-10h30.htm\">Internationalisation des carri\u00e8res et des march\u00e9s acad\u00e9miques: une perspective europ\u00e9enne<\/a><em>.\u00a0\u00bb in Le travail et l\u2019emploi scientifiques\u00a0: carri\u00e8res, organisations et march\u00e9s en transformation<\/em><strong>. <\/strong>Organisation. P-M Menger., 11 Mai 2015<\/p>\n<p><strong>Universit\u00e9 Libre de Bruxelles.<\/strong> \u00ab\u00a0Sexe, Genre et Carri\u00e8re Acad\u00e9mique\u00a0\u00bb.\u00a0 Workshop Genre de l\u2019ULB, 11 octobre 2014.<\/p>\n<p><strong>UNIL<\/strong>. Paradeise C., No\u00ebl M., Goastellec G., Colloque \u00ab\u00a0Pression du march\u00e9, recomposition des alliances disciplinaires et impact \u00e9pist\u00e9mologique sur les disciplines \u00bb. Colloque Transformation des disciplines acad\u00e9miques. Entre innovation et r\u00e9sistance. 14-15 novembre 2013.<\/p>\n<p>Paradeise C., No\u00ebl M., Goastellec G., \u00ab Exogenous constraints impact on departments and disciplines \u00bb <strong>PrestENCE Conference<\/strong>, Paris, Arts et M\u00e9tiers, 12-13 September 2013,<\/p>\n<p><strong>European Science Fondation, 13th of April 2013, Keynote\u00a0: <\/strong>\u00ab The symbiotic relationship between HE and society through the lenses of comparative research: curiosity did not kill the cat \u00bb Dublin colloquium on the \u00ab The Implications and effects of Higher Education on Society \u00bb, 13-14 April 2013 at the University College Dublin (UCD).<\/p>\n<p><strong>CRIEVAT, University of Laval, Qu\u00e9bec<\/strong>, 30th of October 2012. Conference, \u00ab\u00a0Higher Education and Religion: a sociological enquiry\u00a0\u00bb<\/p>\n<p><strong>INCHER<\/strong>, The Academic Profession in Europe, Conference, <strong>Berlin<\/strong>, 4-6th June 2012. Invited communication\u00a0: \u00ab\u00a0Academic recruitment in Europe\u00a0\u00bb<\/p>\n<p><strong>Eurostudent<\/strong> kick off meeting, <strong>Berlin<\/strong>, 23d-25th May 2012. Conference: \u00ab\u00a0Ethnicity and religion in access to tertiary education degree in Europe\u00a0\u00bb<\/p>\n<p><strong>European Science Foundation<\/strong>, Workshop on comparative education, <strong>Helsinki<\/strong>, 26-27 January 2012. \u00ab What do we learn from european comparative research on higher education ?\u00a0\u00bb<\/p>\n<p><strong>Institut Fran\u00e7ais d\u2019\u00e9ducation<\/strong>. Secondes journ\u00e9es scientifiques JS-PUN. La p\u00e9dagogie universitaire \u00e0 l\u2019heure du num\u00e9rique\u00a0: questionnements et \u00e9clairages de la recherche. Lyon, 18-19 janvier 2012 <strong>Conf\u00e9rence pl\u00e9ni\u00e8re\u00a0: \u00ab\u00a0Les transformations de l\u2019enseignement sup\u00e9rieur en Europe\u00a0\u00bb. <\/strong><\/p>\n<p><strong>European Union, European Consultations Symposium, <\/strong>\u00ab\u00a0Measures to combat educational disadvantage\u00a0\u00bb\u00a0; Brussels, 8-9 december 2011.<\/p>\n<p><strong>European Science Foundation,<\/strong> \u00ab ESF Member Organisatin forum on \u00ab\u00a0Evaluation of Publicly Funded Research\u00a0\u00bb, 4th workshop, Bern, 7-8 november 2011. Presentation <strong>: <\/strong>\u00ab Learning from the \u00e9valuation of a fellowship program : methods and results\u00a0\u00bb<\/p>\n<p><strong>Institut National de Recherche P\u00e9dagogique<\/strong> (Lyon), Conf\u00e9rence internationale : \u00ab La sociologie de l\u2019\u00e9ducation et les recompositions de l\u2019Etat \u00e0 l\u2019heure de la globalisation et de la construction europ\u00e9enne. Conference : \u00ab La mesure des in\u00e9galit\u00e9s en \u00e9ducation au prisme de l\u2019enseignement sup\u00e9rieur : enjeux globaux, acteurs locaux ?\u00a0\u00bb 22-23 novembre 2010<\/p>\n<p>Colloque du <strong>CAPRES<\/strong> (consortium d&rsquo;animation sur la pers\u00e9v\u00e9rance et la r\u00e9ussite dans l&rsquo;enseignement sup\u00e9rieur)\u00a0: \u00ab L\u2019accessibilit\u00e9 aux \u00e9tudes sup\u00e9rieures\u00a0: quels enjeux pour demain\u00a0? \u00bb.\u00a0 <strong>Conf\u00e9rence\u00a0pl\u00e9ni\u00e8re<\/strong>: \u00ab\u00a0L&rsquo;accessibilit\u00e9 et les in\u00e9galit\u00e9s scolaires dans l&rsquo;enseignement postsecondaire en Europe\u00a0\u00bb. 28-29 octobre 2010. Montr\u00e9al<\/p>\n<p>S\u00e9minaire du <strong>CIRST<\/strong> (Centre Interuniversitaire de Recherche sur la Science et la Technologie): \u00ab\u00a0Diss\u00e9quer la construction sociale des in\u00e9galit\u00e9s dans l&rsquo;enseignement sup\u00e9rieur: pour une approche soci\u00e9tale. \u00bb 27 octobre 2010, Montr\u00e9al.<\/p>\n<p><strong>Higher School of Economics, Moscow State University<\/strong>: <em>\u00ab\u00a0A Comparative Study of Academic Salaries and Remuneration in 30 Countries<\/em> \u00bb , 20-23 October 2010. Conference: <em>\u00ab\u00a0<\/em>The end of the coconut tree? Changing model for French faculties \u00bb. Conference 2: Measuring inequalities in higher education: a multilevel issue<\/p>\n<p>Colloque <strong>ANR<\/strong> <em>\u00ab\u00a0<\/em>L\u2019Europ\u00e9anisation et la professionnalisation de l\u2019enseignement sup\u00e9rieur: quelles convergences? \u00bb, 14-15 janvier 2010, La Sorbonne, Paris. Communication (avec M. Benninghoff): <em>\u00ab\u00a0<\/em>Les r\u00e9formes des universit\u00e9s en Suisse: une professionnalisation des carri\u00e8res acad\u00e9miques? \u00bb<\/p>\n<p><strong>CRII Workshop<\/strong><em>: The perils and opportunities of the internationalisation of higher education: A critical perspective. <\/em>University of Lausanne. 25-26 September 2009. Communication: \u201cThe small world of access to higher education: rereading changes in a global perspective. \u00bb<\/p>\n<p><strong>OECD\/France International Conference<\/strong>: <em>\u00ab\u00a0<\/em><em>Higher Education to 2030:<\/em> <em>What Futures for Quality Access in the Era of Globalisation? \u00bb<\/em> CNAM, Paris, 8-9 December 2008. Communication: <em>\u00ab\u00a0<\/em>Taking identities into account in access policies: international trends and local innovations.\u00bb<\/p>\n<p><strong>Hurst Seminar: <em>\u00ab\u00a0<\/em><em>Higher Education and equality of opportunity: cross national perspectives <\/em><\/strong><strong>\u00bb, <\/strong>Dead Sea, Israel, 3-5 June 2008. Communication: <em>\u00ab\u00a0<\/em>Access to higher education in France: between equality of rights and meritocracy, a long walk toward equality of opportunities? \u00bb<\/p>\n<p><strong>Colloque \u00ab\u00a0Objectif Egalit\u00e9 des Chances <\/strong>\u00bb, <strong>\u00ab\u00a0Usages et effets diff\u00e9renci\u00e9s de deux programmes de rel\u00e8ve acad\u00e9mique sur les carri\u00e8res f\u00e9minines et masculines<\/strong><strong>\u00a0<\/strong>\u00bb, Lausanne<strong>,<\/strong> 23.11.2007, Suisse<\/p>\n<p><strong>Franco-Swiss Colloque<\/strong><em>: <strong>\u00ab\u00a0<\/strong>Les syst\u00e8mes de recherche fran\u00e7ais et suisse face \u00e0 l&rsquo;internationalisation<strong>\u00a0<\/strong>\u00bb,<\/em> with <strong>M. Benninghoff, <em>\u00ab\u00a0<\/em>L&rsquo;international comme ressource &lsquo;symbolique&rsquo;: r\u00e9formes au sein du syst\u00e8me suisse de recherche et d&rsquo;enseignement sup\u00e9rieur\u00a0\u00bb, <\/strong>Berne, 8-9.11.2007, Suisse.<\/p>\n<p><strong>Seminar in political sociology and public policies<\/strong> (P. Braud, N. Mayer et P. Lascoumes) <strong>Sciences Po Paris<\/strong>, \u00ab\u00a0<em>L\u2019analyse compar\u00e9e en Sciences Politiques\u00a0\u00bb<\/em>, 21th June 2004 \u00ab\u00a0 La comparaison en pratique\u00a0: de l\u2019\u00e9tude de segments universitaires \u00e0 l\u2019analyse des syst\u00e8mes soci\u00e9taux\u00a0\u00bb.<\/p>\n<p><strong>Higher Education Seminar<\/strong>, Centre de Sociologie des Organisations, Sciences Po Paris, \u00ab S\u00e9lectionner ou non \u00e0 l&rsquo;entr\u00e9e de l&rsquo;universit\u00e9? Comparaison internationale des pratiques et de leurs cons\u00e9quences <em>\u00bb<\/em>, 16th October 2003.<\/p>\n","protected":false},"excerpt":{"rendered":"<p>University of Kassel, August 2019, invited conference: \u00ab\u00a0Refugees access to HE\u201d. Workshop on \u00ab\u00a0The role of universities for social and political integration\u00a0\u00bb. Project \u00ab\u00a0European Universities, critical futures.\u00a0\u00bb\u00a0 Germany. University of Lausanne, Faculty of French as a Foreign Languge, 18 mai<\/p>\n","protected":false},"author":1001099,"featured_media":0,"parent":0,"menu_order":0,"comment_status":"closed","ping_status":"closed","template":"","meta":{"_seopress_robots_primary_cat":"","_seopress_titles_title":"","_seopress_titles_desc":"","_seopress_robots_index":"","footnotes":""},"class_list":["post-10","page","type-page","status-publish"],"_links":{"self":[{"href":"https:\/\/people.unil.ch\/gaelegoastellec\/wp-json\/wp\/v2\/pages\/10","targetHints":{"allow":["GET"]}}],"collection":[{"href":"https:\/\/people.unil.ch\/gaelegoastellec\/wp-json\/wp\/v2\/pages"}],"about":[{"href":"https:\/\/people.unil.ch\/gaelegoastellec\/wp-json\/wp\/v2\/types\/page"}],"author":[{"embeddable":true,"href":"https:\/\/people.unil.ch\/gaelegoastellec\/wp-json\/wp\/v2\/users\/1001099"}],"replies":[{"embeddable":true,"href":"https:\/\/people.unil.ch\/gaelegoastellec\/wp-json\/wp\/v2\/comments?post=10"}],"version-history":[{"count":0,"href":"https:\/\/people.unil.ch\/gaelegoastellec\/wp-json\/wp\/v2\/pages\/10\/revisions"}],"wp:attachment":[{"href":"https:\/\/people.unil.ch\/gaelegoastellec\/wp-json\/wp\/v2\/media?parent=10"}],"curies":[{"name":"wp","href":"https:\/\/api.w.org\/{rel}","templated":true}]}}