{"id":446,"date":"2022-10-31T09:15:22","date_gmt":"2022-10-31T08:15:22","guid":{"rendered":"https:\/\/people.unil.ch\/ingeborgschuessler\/?page_id=446"},"modified":"2022-11-14T19:52:53","modified_gmt":"2022-11-14T18:52:53","slug":"curriculum","status":"publish","type":"page","link":"https:\/\/people.unil.ch\/ingeborgschuessler\/presentation\/curriculum\/","title":{"rendered":"Curriculum"},"content":{"rendered":"<p><strong>25.12.1938<\/strong> <strong>:<\/strong> N\u00e9e \u00e0 Cologne\/Allemagne. De nationalit\u00e9 allemande et suisse. Parents : Frithjof Sch\u00fc\u00dfler, math\u00e9maticien, et Anita Sch\u00fc\u00dfler, n\u00e9e Schwerdtfeger.<\/p>\n<h5><em>Scolarit\u00e9 <\/em><\/h5>\n<p><strong>1945-1949 :<\/strong> Ecole primaire \u00e0 Bad-Kissingen et \u00e0 Cologne (retard de la scolarisation \u00e0 cause de la guerre).<\/p>\n<p><strong>1950-1959 :<\/strong> \u00ab Gymnase \u00bb \u00e0 Cologne. <em>Neusprachliches M\u00e4dchengymnasium K\u00f6ln-Kalk.<\/em> Langues\u00a0: Anglais, fran\u00e7ais et latin.<\/p>\n<p><strong>1959 :<\/strong> Baccalaur\u00e9at. Avec le \u00ab\u00a0grand <em>latinum<\/em>\u00a0\u00bb (<em>Gro\u00dfes Latinum<\/em>).<\/p>\n<p><strong>1966 :<\/strong> Baccalaur\u00e9at suppl\u00e9mentaire en grec ancien (<em>Graecum<\/em>). <em>Schulkollegium des Regierungspr\u00e4sidenten in D\u00fcsseldorf \/ <\/em>Allemagne.<\/p>\n<h5><em>Etudes et carri\u00e8re acad\u00e9mique\u00a0: <\/em><\/h5>\n<h6>Etudes<\/h6>\n<p><strong>1959-1964\/5 :<\/strong> Etudes : Romanistique, germanistique, philosophie . Universit\u00e9 de Cologne et Universit\u00e9 Sorbonne (Paris).<\/p>\n<ul>\n<li>Ma\u00eetres acad\u00e9miques principaux \u00e0 l\u2019Universit\u00e9 de Cologne :<br \/>\nEn romanistique : Fritz Schalk et Josef Piel.<br \/>\nEn germanistique\u00a0: Wolfgang Binder et Josef Quint.<br \/>\nEn philosophie : Karl-Heinz Volkmann-Schluck et Wolfgang Janke.<\/li>\n<li>Ma\u00eetres acad\u00e9miques principaux \u00e0 la Sorbonne :<br \/>\nEn litt\u00e9rature fran\u00e7aise : Antoine Adam et Pierre-Georges Castex.<\/li>\n<\/ul>\n<p><strong>1961 : <\/strong><em>Dipl\u00f4me d\u2019\u00e9tudes fran\u00e7aises. 2e degr\u00e9<\/em>. Sorbonne (Paris).<\/p>\n<p><strong>1962 (\u00e9t\u00e9) :<\/strong> Etudes de la langue et litt\u00e9rature espagnole. <em>Universidad internacional Menendez Pelayo<\/em> \/ Santander (Espagne). <em>Certificado de suficiencia en lengua espa\u00f1ola.<\/em><\/p>\n<p><strong>1964 :<\/strong> \u00ab\u00a0Licence\u00a0\u00bb (<em>Staatsexamen<\/em>) en romanistique et en germanistique. Universit\u00e9 de Cologne.<br \/>\n\u00ab\u00a0M\u00e9moire de licence\u00a0\u00bb (<em>Staatsarbeit<\/em>)\u00a0: <em>Ber\u00fchrungspunkte zwischen der klassischen franz\u00f6sischen Poetik und der<\/em> <em>Poetik Paul Val\u00e9rys \/ <\/em>Rapports entre la po\u00e9tique fran\u00e7aise classique et la po\u00e9tique de Paul Val\u00e9ry<em>. <\/em>M\u00e9moire bilingue.<\/p>\n<p><strong>1964 (\u00e9t\u00e9) :<\/strong> Etudes de la langue et de la litt\u00e9rature italienne. <em>Universit\u00e0<\/em> <em>per stranieri \/ Perugia <\/em>(Italie).<\/p>\n<p><strong>1965 :<\/strong> \u00ab\u00a0Licence\u00a0\u00bb (<em>Staatsexamen<\/em>) en philosophie. Universit\u00e9 de Cologne.<\/p>\n<h6>Carri\u00e8re acad\u00e9mique<\/h6>\n<p><strong>1964\/5 :<\/strong> \u00ab\u00a0Assistante dipl\u00f4m\u00e9e\u00a0\u00bb (<em>wissenschaftliche Hilfskraft<\/em>). D\u00e9partement de romanistique de l\u2019Universit\u00e9 de Cologne.<\/p>\n<p><strong>1965-1967 :<\/strong> Boursi\u00e8re. Engagement dans la r\u00e9daction d\u2019une th\u00e8se en philosophie. D\u00e9partement de philosophie de l\u2019Universit\u00e9 de Cologne.<\/p>\n<p><strong>1967-1968 :<\/strong> \u00ab\u00a0Assistante dipl\u00f4m\u00e9e\u00a0\u00bb (<em>wissenschaftliche Hilfskraft<\/em>). D\u00e9partement de philosophie de l\u2019Universit\u00e9 de Cologne.<\/p>\n<p><strong>Depuis 1968 :<\/strong> Enseignement de la philosophie. D\u00e9partement de la philosophie de l\u2019Universit\u00e9 de Cologne. (<em>Cf<\/em>.\u00a0<a href=\"https:\/\/people.unil.ch\/ingeborgschuessler\/enseignements\/\">liste des enseignements<\/a>).<\/p>\n<p><strong>1969 :<\/strong> Doctorat en philosophie (selon le r\u00e8glement des universit\u00e9s germanophones)\u00a0:<img alt=\"\" loading=\"lazy\" decoding=\"async\" class=\"alignright wp-image-517\" src=\"https:\/\/people.unil.ch\/ingeborgschuessler\/files\/2022\/11\/ATH5858-e1668443590493-300x295.jpg\" alt=\"\" width=\"265\" height=\"261\" srcset=\"https:\/\/people.unil.ch\/ingeborgschuessler\/files\/2022\/11\/ATH5858-e1668443590493-300x295.jpg 300w, https:\/\/people.unil.ch\/ingeborgschuessler\/files\/2022\/11\/ATH5858-e1668443590493-1024x1008.jpg 1024w, https:\/\/people.unil.ch\/ingeborgschuessler\/files\/2022\/11\/ATH5858-e1668443590493-768x756.jpg 768w, https:\/\/people.unil.ch\/ingeborgschuessler\/files\/2022\/11\/ATH5858-e1668443590493.jpg 1219w\" sizes=\"auto, (max-width: 265px) 100vw, 265px\" \/><br \/>\n&#8211; <em>Th\u00e8se :<\/em> <em>Die Auseinandersetzung des Idealismus und des Realismus in Fichtes<\/em> <em>Wissenschaftslehre (Wissenschaftslehre 1794\/95 und Wissenschaftslehre 1804).<\/em> (\u00ab\u00a0La lutte entre id\u00e9alisme et r\u00e9alisme dans la <em>Doctrine de la<\/em> <em>science<\/em> de Fichte. <em>Doctrine de la science<\/em> 1794\/95 et <em>Doctrine<\/em> <em>de la science<\/em> 1804 \u00bb). Publi\u00e9e chez V. Klostermann, Frankfurt a. M. \/ Allemagne, 1972 (<em>cf. infra <\/em>liste des publications).<br \/>\n&#8211; \u00ab\u00a0Directeur de th\u00e8se\u00a0\u00bb (<em>erster Referent) <\/em><strong>Wolfgang Janke<\/strong>. \u00ab\u00a0Codirecteur\u00a0\u00bb (<em>zweiter Referent<\/em>)<em>\u00a0<\/em>: Karl-Heinz Volkmann- Schluck.<br \/>\n&#8211; <em>Rigorosum\u00a0(examens oraux) <\/em>:<br \/>\nPhilosophie (branche principale), romanistique et germanistique (branches secondaires).<\/p>\n<p><strong>1969-1978 :<\/strong> \u00ab\u00a0Ma\u00eetre-assistante\u00a0\u00bb (<em>wissenschaftliche Assistentin<\/em>). D\u00e9partement de philosophie de l\u2019Universit\u00e9 de Cologne. Poste associ\u00e9 \u00e0 la chaire de philosophie g\u00e9n\u00e9rale (titulaire : Karl-Heinz Volkmann-Schluck, directeur <em>des Archives Husserl de l\u2019Universit\u00e9 de Cologne).<br \/>\n<\/em>Engagement dans la r\u00e9daction d\u2019une th\u00e8se d\u2019habiltation en philosophie<\/p>\n<p><strong>1976 <em>sqq <\/em>:<\/strong> <em>Habilitation<\/em> (selon le r\u00e8glement des universit\u00e9s germanophones)\u00a0:<img alt=\"\" loading=\"lazy\" decoding=\"async\" class=\"size-medium wp-image-518 alignright\" src=\"https:\/\/people.unil.ch\/ingeborgschuessler\/files\/2022\/11\/ATH5863-e1668444320622-265x300.jpg\" alt=\"\" width=\"265\" height=\"300\" srcset=\"https:\/\/people.unil.ch\/ingeborgschuessler\/files\/2022\/11\/ATH5863-e1668444320622-265x300.jpg 265w, https:\/\/people.unil.ch\/ingeborgschuessler\/files\/2022\/11\/ATH5863-e1668444320622.jpg 515w\" sizes=\"auto, (max-width: 265px) 100vw, 265px\" \/><br \/>\n&#8211; <em>Th\u00e8se :<\/em> <em>Die Grundlegung des Wissens in der Philosophie des Aristoteles und das Problem der Verselbst\u00e4ndigung der Wissenschaften<\/em> (\u00ab\u00a0La fondation du savoir dans la philosophie d\u2019Aristote et le probl\u00e8me de l\u2019\u00e9mancipation des sciences\u00a0\u00bb).<br \/>\n&#8211; 1976 (juillet) : D\u00e9p\u00f4t de la th\u00e8se au D\u00e9canat de la Facult\u00e9 des Lettres de l\u2019Universit\u00e9 de Cologne.<br \/>\n<em>Jury<\/em> : Pr\u00e9sidente : Elisabeth Str\u00f6cker, philosophe (\u00e9pist\u00e9mologie). Membres : <strong>Karl-Heinz Volkmann-Schluck<\/strong>, philosophe (philosophie g\u00e9n\u00e9rale) ; Alfred Zimmermann, philosophe (philosophie m\u00e9di\u00e9vale) ; Karl Bormann, philosophe (philosophie m\u00e9di\u00e9vale et ancienne) ; Robert Kassel, h\u00e9ll\u00e9niste ; Walter Groothoff, p\u00e9dagogue.<br \/>\n<img alt=\"\" loading=\"lazy\" decoding=\"async\" class=\"alignleft wp-image-519\" src=\"https:\/\/people.unil.ch\/ingeborgschuessler\/files\/2022\/11\/ATH5866-e1668449506645-206x300.jpg\" alt=\"\" width=\"265\" height=\"386\" srcset=\"https:\/\/people.unil.ch\/ingeborgschuessler\/files\/2022\/11\/ATH5866-e1668449506645-206x300.jpg 206w, https:\/\/people.unil.ch\/ingeborgschuessler\/files\/2022\/11\/ATH5866-e1668449506645.jpg 531w\" sizes=\"auto, (max-width: 265px) 100vw, 265px\" \/>Publication de la th\u00e8se sous forme de deux livres :<br \/>\n1. <em>Philosophie und Wissenschaftspositivismus. Die<\/em> <em>mathematischen Grunds\u00e4tze in<\/em> <em>Kants <\/em>Kritik der reinen Vernunft <em>und die Verselbst\u00e4ndigung der Wissenschaften<\/em>. 2. <em>Aristoteles. Philosophie und Wissenschaft. Das Problem der Verselbst\u00e4ndigung der Wissenschaften<\/em>. V. Klostermann, Frankfurt a. M., 1979 et 1982 (<em>cf.<\/em> <a href=\"https:\/\/people.unil.ch\/ingeborgschuessler\/publications\/\">liste de publications<\/a>).<br \/>\n&#8211; 1978 (janvier) : <em>Habilitationskolloquium<\/em> (\u00ab Colloque d\u2019habilitation \u00bb) \u00e0 la Facult\u00e9 des Lettres (<em>Philosophische Fakult\u00e4t<\/em>) de l\u2019Universit\u00e9 de Cologne. Conf\u00e9rence et discussion. Titre de la conf\u00e9rence\u00a0: \u00ab\u00a0<em>Zur Geschichte des europ\u00e4ischen Nihilismus<\/em> \u00bb (Contribution \u00e0 l&rsquo;histoire du nihilisme occidental). Publi\u00e9 en traduction italienne : \u00ab Storia del nichilismo europeo \u00bb,<em> P\u00e0tron<\/em>, Bologna 1984 (<em>cf.<\/em> <a href=\"https:\/\/people.unil.ch\/ingeborgschuessler\/publications\/\">liste des publications<\/a>).<br \/>\nObtention de la <em>venia legendi<\/em> pour la philosophie en son int\u00e9gralit\u00e9 (toutes les p\u00e9riodes).<br \/>\nPromotion en \u00ab\u00a0privat-docente\u00a0\u00bb (<em>Privatdozentin<\/em>).<\/p>\n<p><strong>Depuis 1978 :<\/strong> Enseignement en tant que \u00ab privat-docente \u00bb (Vorlesungen, Seminare, Haupt- und Oberseminare) au D\u00e9partement de philosophie de l\u2019Universit\u00e9 de Cologne (<em>cf. <\/em><a href=\"https:\/\/people.unil.ch\/ingeborgschuessler\/enseignements\/\">liste des enseignements<\/a>).<\/p>\n<p><strong>Depuis 1978 :<\/strong> Membre du <em>Wissenschaftliches Pr\u00fcfungsamt <\/em>(\u00ab\u00a0Bureau scientifique des examens\u00a0\u00bb) de la Facult\u00e9 des Lettres de l\u2019Universit\u00e9 de Cologne.<\/p>\n<p><strong>Depuis 1979 :<\/strong> Charg\u00e9e de cours (<em>Lehrbeauftragte<\/em>) \u00e0 la Section de philosophie de la <em>Deutsche Sporthochschule K\u00f6ln<\/em> (\u00ab\u00a0Haute Ecole allemande des sports de Cologne\u00a0\u00bb).<\/p>\n<p><strong>1981 (f\u00e9vrier) :<\/strong> Nomination \u00ab professeure hors cadre \u00bb (<em>au\u00dferplanm\u00e4\u00dfige Professorin<\/em>) \u00e0 l\u2019Universit\u00e9 de Cologne (attestant la maturit\u00e9 scientifique pour pourvoir une chaire).<img alt=\"\" loading=\"lazy\" decoding=\"async\" class=\"alignright wp-image-526 size-medium\" src=\"https:\/\/people.unil.ch\/ingeborgschuessler\/files\/2022\/11\/ATH5900-227x300.jpg\" alt=\"\" width=\"227\" height=\"300\" srcset=\"https:\/\/people.unil.ch\/ingeborgschuessler\/files\/2022\/11\/ATH5900-227x300.jpg 227w, https:\/\/people.unil.ch\/ingeborgschuessler\/files\/2022\/11\/ATH5900-774x1024.jpg 774w, https:\/\/people.unil.ch\/ingeborgschuessler\/files\/2022\/11\/ATH5900-768x1016.jpg 768w, https:\/\/people.unil.ch\/ingeborgschuessler\/files\/2022\/11\/ATH5900.jpg 907w\" sizes=\"auto, (max-width: 227px) 100vw, 227px\" \/><\/p>\n<p><strong>Depuis 1981 :<\/strong> Professeure ordinaire (<em>ordentliche Professorin<\/em>) \u00e0 la Section de philosophie de l\u2019Universit\u00e9 de Lausanne. Succession de <strong>Daniel Christoff<\/strong>.<br \/>\nChaire : \u00ab Philosophie contemporaine et moderne. G\u00e9n\u00e9alogie de la pens\u00e9e occidentale. \u00bb (Cf. la <a href=\"https:\/\/people.unil.ch\/ingeborgschuessler\/enseignements\/\">liste des enseignements<\/a>).<\/p>\n<p><strong>2004 :<\/strong> M\u00e9daille d\u2019honneur de l\u2019Universit\u00e9 d\u2019\u00c9vora (Portugal).<\/p>\n<p><strong>2004 :<\/strong> <em>G\u00e9n\u00e9alogie de la pens\u00e9e moderne. <\/em>Festschrift \/ Volume d\u2019hommage \u00e0 Ingeborg Sch\u00fc\u00dfler. Edit\u00e9 par Michael Esfeld et Jean-Marc Tetaz. Ontos-Verlag. Frankfurt a. M. \/ Lancaster, 2004.<\/p>\n<p><img alt=\"\" loading=\"lazy\" decoding=\"async\" class=\"alignnone size-medium wp-image-525\" src=\"https:\/\/people.unil.ch\/ingeborgschuessler\/files\/2022\/11\/ATH5893-300x206.jpg\" alt=\"\" width=\"300\" height=\"206\" srcset=\"https:\/\/people.unil.ch\/ingeborgschuessler\/files\/2022\/11\/ATH5893-300x206.jpg 300w, https:\/\/people.unil.ch\/ingeborgschuessler\/files\/2022\/11\/ATH5893-1024x704.jpg 1024w, https:\/\/people.unil.ch\/ingeborgschuessler\/files\/2022\/11\/ATH5893-768x528.jpg 768w, https:\/\/people.unil.ch\/ingeborgschuessler\/files\/2022\/11\/ATH5893-1536x1056.jpg 1536w, https:\/\/people.unil.ch\/ingeborgschuessler\/files\/2022\/11\/ATH5893-135x93.jpg 135w, https:\/\/people.unil.ch\/ingeborgschuessler\/files\/2022\/11\/ATH5893.jpg 1745w\" sizes=\"auto, (max-width: 300px) 100vw, 300px\" \/> \u00a0\u00a0\u00a0\u00a0\u00a0\u00a0\u00a0 <img alt=\"\" loading=\"lazy\" decoding=\"async\" class=\"alignnone wp-image-522\" src=\"https:\/\/people.unil.ch\/ingeborgschuessler\/files\/2022\/11\/ATH5882-300x221.jpg\" alt=\"\" width=\"280\" height=\"206\" srcset=\"https:\/\/people.unil.ch\/ingeborgschuessler\/files\/2022\/11\/ATH5882-300x221.jpg 300w, https:\/\/people.unil.ch\/ingeborgschuessler\/files\/2022\/11\/ATH5882-1024x753.jpg 1024w, https:\/\/people.unil.ch\/ingeborgschuessler\/files\/2022\/11\/ATH5882-768x565.jpg 768w, https:\/\/people.unil.ch\/ingeborgschuessler\/files\/2022\/11\/ATH5882-1536x1129.jpg 1536w, https:\/\/people.unil.ch\/ingeborgschuessler\/files\/2022\/11\/ATH5882.jpg 1632w\" sizes=\"auto, (max-width: 280px) 100vw, 280px\" \/><\/p>\n<p><strong>2004 :<\/strong> Retraite.<\/p>\n<p><strong>Depuis 2004 :<\/strong> \u00ab Professeure honoraire \u00bb de l\u2019Universit\u00e9 de Lausanne.<\/p>\n<h5><em>Professeure invit\u00e9e<\/em><\/h5>\n<p><strong>Hiver 1982\/3 :<\/strong> D\u00e9partement de philosophie de l\u2019Universit\u00e9 de Zurich. 4 h hebdomadaires (un cours <em>ex cathedra <\/em>2 h et un s\u00e9minaire 2 h hebdomadaire, <em>cf<\/em>. la <a href=\"https:\/\/people.unil.ch\/ingeborgschuessler\/enseignements\/\">liste des enseignements<\/a>)<\/p>\n<p><strong>Hiver 1983\/4 :<\/strong> D\u00e9partement de philosophie de l\u2019Universit\u00e9 de Zurich. 4 h hebdomadaires (un cours <em>ex cathedra <\/em>2 h et un s\u00e9minaire 2<sup>e<\/sup> partie 2 h, c<em>f<\/em>.<em>\u00a0<\/em>la <a href=\"https:\/\/people.unil.ch\/ingeborgschuessler\/enseignements\/\">liste des enseignements<\/a>).<\/p>\n<p><strong>Hiver 1994\/5 :<\/strong> Section de philosophie de l\u2019Universit\u00e9 de Neuch\u00e2tel (un cours <em>ex cathedra<\/em> 2 h hebdomadaires, <em>cf.\u00a0<\/em>la <a href=\"https:\/\/people.unil.ch\/ingeborgschuessler\/enseignements\/\">liste des enseignements<\/a>).<\/p>\n<p><strong>Et\u00e9 1995 :<\/strong> Section de philosophie de la Haute Ecole Th\u00e9ologique de Lucerne (cours <em>ex cathedra<\/em> 2 h hebdomadaires, <em>cf<\/em>. la <a href=\"https:\/\/people.unil.ch\/ingeborgschuessler\/enseignements\/\">liste des enseignements<\/a>).<\/p>\n<p><strong>Et\u00e9 1996 :<\/strong> D\u00e9partement de philosophie de la <em>Johannes-Gutenberg<\/em> <em>Universit\u00e4t<\/em> de Mayence \/ Allemagne (cours intensif\u00a0: 10 s\u00e9ances \u00e0 2h, <em>cf. <\/em>la <a href=\"https:\/\/people.unil.ch\/ingeborgschuessler\/enseignements\/\">liste des enseignements<\/a>).<\/p>\n<p><strong>Ao\u00fbt 1996 :<\/strong> <em>Universidad aut\u00f3noma <\/em>de Chapingo \/ M\u00e9jico.<br \/>\n&#8211; Direcci\u00f3n (con los profesores Evandro Agazzi \/ Italia y Navarro Cord\u00f3n \/ Madrid) del curso internacional de filosof\u00eda : \u00ab <em>La tierra y lo sagrado\u00a0\u00bb<\/em>, organizado por el profesor H\u00e9ctor Guzm\u00e1n Osorio, en colaboraci\u00f3n con la Universidad aut\u00f3noma de Mexico-City).<br \/>\n&#8211; 6 s\u00e9ances \u00e0 3 heures (conf\u00e9rence suivie d\u2019une discussion). En langue espagnole. (<em>Cf<\/em>.<em>\u00a0<\/em>la<a href=\"https:\/\/people.unil.ch\/ingeborgschuessler\/enseignements\/\"> liste des enseignements<\/a>).<\/p>\n<h5><em>Pr\u00e9sidente d\u2019enseignements postgrades\u00a0: <\/em><\/h5>\n<p><strong>Hiver 1992\/3 :<\/strong> \u00ab Art et connaissance \u00bb.<br \/>\n3e cycle suisse romand en philosophie. En collaboration avec les professeurs Rapha\u00ebl C\u00e9lis (Universit\u00e9 de Lausanne), Andr\u00e9 de Muralt (Universit\u00e9 de Gen\u00e8ve) et Eduard Marbach (Universit\u00e9 de Berne).<\/p>\n<p><strong>Et\u00e9 1995 :<\/strong> \u00ab Histoire et Avenir \u00bb.<br \/>\nCours intensif des universit\u00e9s partenaires du programme ERASME <em>Ph\u00e9nom\u00e9nologie et herm\u00e9neutique <\/em>(PIC-94-CH-3010\/08), <em>cf. infra).<\/em> Titre du cours : 06.\u201308.04.1995, Universit\u00e9 de Lausanne.<\/p>\n<p><strong>Hiver 1998\/9 :<\/strong> \u00ab Conceptions de la v\u00e9rit\u00e9 dans la philosophie antique et dans les id\u00e9alismes modernes \u00bb.<br \/>\n3e cycle suisse romand en philosophie. En collaboration avec le professeur D. O\u2019MEARA (Universit\u00e9 de Fribourg).<\/p>\n<p><strong>Hiver 2001\/2 :<\/strong> \u00ab Conceptions du vivant et de la vie dans l\u2019histoire de la philosophie et \u00e0 l\u2019\u00e9poque contemporaine \u00bb.<br \/>\n3e cycle suisse romand en philosophie. En collaboration avec les professeur(e)s Rapha\u00ebl C\u00e9lis (Universit\u00e9 de Lausanne), Roberta de Montecelli (Universit\u00e9 de Gen\u00e8ve), Ada Neschke (Universit\u00e9 de Lausanne), Dominic O\u2019Meara (Universit\u00e9 de Fribourg).<em>\u00a0<\/em><\/p>\n<h5><em>Coordinatrice de programmes ERASME\u00a0: <\/em><\/h5>\n<p><strong>1993-1996 :<\/strong> Programme ERASME \u00ab Ph\u00e9nom\u00e9nologie et herm\u00e9neutique \u00bb. (93\/96 PIC CH-3010\/08). 14 universit\u00e9s europ\u00e9ennes : Essex \u2013 Fribourg en Br. \u2013 Innsbruck Lausanne \u2013 Louvain \u2013 Madrid \u2013 Nice \u2013 Padoue \u2013 Paris \/ Nanterre \u2013 Rome \u2013 Tubingue \u2013 Wuppertal \u2013 Vienne \u2013 Venise.<\/p>\n<p><strong>1995-1996 :<\/strong> Programme ERASME \u00ab Philosophie g\u00e9n\u00e9rale \u00bb (PIC D-1089\/17). 5 universit\u00e9s europ\u00e9ennes (toutes les facult\u00e9s) : Mayence \u2013 Dijon \u2013 Bologne \u2013 Innsbruck \u2013 Lausanne.<\/p>\n<h5><em>Organisation de colloques et de congr\u00e8s <\/em>:<\/h5>\n<p><strong>Hiver 1992\/3 :<\/strong> Direction de 2 colloques internationaux (en rapport avec le 3<sup>e<\/sup> cycle \u00ab Art et Connaissance \u00bb, <em>cf. supra)<\/em> :<br \/>\n&#8211; \u00ab La r\u00e9\u00e9valuation de l\u2019art dans l\u2019Id\u00e9alisme allemand \u00bb. 19-20.12.1992. Les Louverains \/ Les Genevay-sur-Coffrane (Canton de Neuch\u00e2tel).<br \/>\n&#8211; \u00ab Le statut de l\u2019art dans les mouvements ph\u00e9nom\u00e9nologiques \u00bb. (En codirection avec le professeur Rapha\u00ebl C\u00e9lis). 27.-28.02.1993. Cr\u00eat-B\u00e9rard \/ Puidoux (Canton de Vaud).<\/p>\n<p><strong>Et\u00e9 1994 :<\/strong> Direction du colloque international : \u00ab Ph\u00e9nom\u00e9nologie et herm\u00e9neutique. Enjeux et actualit\u00e9 \u00bb. 22.\u201325.04.1994, Universit\u00e9 de Lausanne. Organis\u00e9 \u00e0 l\u2019occasion de la rencontre annuelle des directeurs du programme ERASME <em>Ph\u00e9nom\u00e9nologie et Herm\u00e9neutique <\/em>(93\/96 PIC CH-3010\/08) <em>(cf. supra).<\/em><\/p>\n<p><strong>Ao\u00fbt 1994 :<\/strong> Vice-pr\u00e9sidence du XXVe Congr\u00e8s international de l\u2019ASPLF (<em>Association des soci\u00e9t\u00e9s de philosophie de langue fran\u00e7aise)<\/em>\u00a0: \u00ab\u00a0La Nature\u00a0\u00bb. 25-28.08 1994. Universit\u00e9 de Lausanne. Pr\u00e9sidence\u00a0: Prof. Daniel Schulthess (Universit\u00e9 de Neuch\u00e2tel).<\/p>\n<p><strong>Hiver 1999 :<\/strong> Direction du colloque international : \u00ab Conceptions de la v\u00e9rit\u00e9 dans les id\u00e9alismes et postid\u00e9alismes modernes <em>\u00bb <\/em>(en rapport avec le 3<sup>e<\/sup> cycle 1998\/99, <em>cf. supra).<\/em> 06-07.02.1999. Cr\u00eat-B\u00e9rard \/ Canton de Vaud.<\/p>\n<p><strong>Octobre 1999 :<\/strong> Pr\u00e9sidente du IVe congr\u00e8s international de la <em>Soci\u00e9t\u00e9 d\u2019\u00e9tudes kantiennes de langue fran\u00e7aise\u00a0<\/em>: \u00ab Philosophie, science et \u00e9thique dans l\u2019oeuvre tardive de Kant \u00bb. 21-24.10.1999, Universit\u00e9 de Lausanne.<\/p>\n<p><strong>Hiver 2001\/2 :<\/strong> Direction du colloque international : \u00ab Conceptions du vivant et de la vie aux Temps modernes et \u00e0 l\u2019\u00e9poque contemporaine \u00bb. 31.01-02.02.2002. Universit\u00e9 de Lausanne (en rapport avec le 3e cycle suisse romand del\u2019hiver 2001\/02, <em>cf. supra<\/em>). En collaboration avec les professeur(e)s Rapha\u00ebl C\u00e9lis (Lausanne) et Roberta de Montecelli (Gen\u00e8ve).<img alt=\"\" loading=\"lazy\" decoding=\"async\" class=\"alignright wp-image-185\" src=\"https:\/\/people.unil.ch\/ingeborgschuessler\/files\/2022\/10\/DSC06084-e1668446900235-215x300.jpg\" alt=\"\" width=\"138\" height=\"192\" srcset=\"https:\/\/people.unil.ch\/ingeborgschuessler\/files\/2022\/10\/DSC06084-e1668446900235-215x300.jpg 215w, https:\/\/people.unil.ch\/ingeborgschuessler\/files\/2022\/10\/DSC06084-e1668446900235.jpg 458w\" sizes=\"auto, (max-width: 138px) 100vw, 138px\" \/><\/p>\n<p><strong>Mai 2004 :<\/strong> Direction du colloque international : \u00ab La 2<sup>e<\/sup> oeuvre principale de <strong>Martin Heidegger<\/strong>\u00a0: <em>Beitr\u00e4ge zur Philosophie (Vom Ereignis)<\/em>. Interpr\u00e9tation et traduction. \u00bb \/ \u00ab Apports \u00e0 la philosophie. (De l\u2019appropriement) \u00bb. En collaboration avec <em>le Forum international d\u2019Evora pour la traduction des oeuvres de M. Heidegger. <\/em><\/p>\n<p><img alt=\"\" loading=\"lazy\" decoding=\"async\" class=\"alignnone size-medium wp-image-182\" src=\"https:\/\/people.unil.ch\/ingeborgschuessler\/files\/2022\/10\/DSC06075-300x192.jpg\" alt=\"\" width=\"300\" height=\"192\" srcset=\"https:\/\/people.unil.ch\/ingeborgschuessler\/files\/2022\/10\/DSC06075-300x192.jpg 300w, https:\/\/people.unil.ch\/ingeborgschuessler\/files\/2022\/10\/DSC06075-1024x655.jpg 1024w, https:\/\/people.unil.ch\/ingeborgschuessler\/files\/2022\/10\/DSC06075-768x491.jpg 768w, https:\/\/people.unil.ch\/ingeborgschuessler\/files\/2022\/10\/DSC06075-1536x983.jpg 1536w, https:\/\/people.unil.ch\/ingeborgschuessler\/files\/2022\/10\/DSC06075.jpg 1876w\" sizes=\"auto, (max-width: 300px) 100vw, 300px\" \/> \u00a0\u00a0\u00a0\u00a0\u00a0\u00a0\u00a0 <img alt=\"\" loading=\"lazy\" decoding=\"async\" class=\"alignnone wp-image-183\" src=\"https:\/\/people.unil.ch\/ingeborgschuessler\/files\/2022\/10\/DSC06078-300x198.jpg\" alt=\"\" width=\"291\" height=\"192\" srcset=\"https:\/\/people.unil.ch\/ingeborgschuessler\/files\/2022\/10\/DSC06078-300x198.jpg 300w, https:\/\/people.unil.ch\/ingeborgschuessler\/files\/2022\/10\/DSC06078-1024x677.jpg 1024w, https:\/\/people.unil.ch\/ingeborgschuessler\/files\/2022\/10\/DSC06078-768x507.jpg 768w, https:\/\/people.unil.ch\/ingeborgschuessler\/files\/2022\/10\/DSC06078-1536x1015.jpg 1536w, https:\/\/people.unil.ch\/ingeborgschuessler\/files\/2022\/10\/DSC06078.jpg 1816w\" sizes=\"auto, (max-width: 291px) 100vw, 291px\" \/><\/p>\n<h5><em>Fonctions : <\/em><\/h5>\n<h6>1) Fonctions au niveau de l\u2019administration acad\u00e9mique\u00a0:<\/h6>\n<p><strong>1981-2001 :<\/strong> Membre de la Commission de recours de la Facult\u00e9 des lettres \/ Universit\u00e9 de Lausanne.<\/p>\n<p><strong>1984-1991 :<\/strong> Membre de la Commission du statut professionnel de la Facult\u00e9 des lettres \/ Universit\u00e9 de Lausanne.<\/p>\n<p><strong>1989-1991 :<\/strong> Pr\u00e9sidente de la section de philosophie \/ Universit\u00e9 de Lausanne.<\/p>\n<p><strong>Depuis 1991 :<\/strong> Vice-pr\u00e9sidente du Coll\u00e8ge des professeurs de philosophie de Suisse romande (Gen\u00e8ve-Lausanne-Neuch\u00e2tel-Fribourg- Berne).<\/p>\n<p><strong>1995-2004 :<\/strong> Pr\u00e9sidente du Comit\u00e9 scientifique du 3e cycle en philosophie des Universit\u00e9s Suisse romande (y compris Berne et B\u00e2le).<\/p>\n<p><strong>2002-2004 :<\/strong> Pr\u00e9sidente de la section de philosophie de l\u2019Universit\u00e9 de Lausanne.<\/p>\n<h6>2) Fonctions au niveau des soci\u00e9t\u00e9s de philosophie\u00a0:<\/h6>\n<p><strong>Depuis 1988 :<\/strong> Membre fondateur et vice-pr\u00e9sidente (repr\u00e9sentant la Suisse) de la <em>Soci\u00e9t\u00e9 d&rsquo;\u00e9tudes kantiennes<\/em> <em>de langue fran\u00e7aise<\/em> (Dijon).<\/p>\n<p><strong>1993-2004 :<\/strong> Pr\u00e9sidente du <em>groupe vaudois <\/em>de la <em>Soci\u00e9t\u00e9 romande de philosophie.<\/em><\/p>\n<p><strong>2002-2004 :<\/strong> Membre du comit\u00e9 de la <em>Soci\u00e9t\u00e9 suisse de philosophie<\/em>.<img alt=\"\" loading=\"lazy\" decoding=\"async\" class=\"size-medium wp-image-521 alignright\" src=\"https:\/\/people.unil.ch\/ingeborgschuessler\/files\/2022\/11\/ATH5880-300x208.jpg\" alt=\"\" width=\"300\" height=\"208\" srcset=\"https:\/\/people.unil.ch\/ingeborgschuessler\/files\/2022\/11\/ATH5880-300x208.jpg 300w, https:\/\/people.unil.ch\/ingeborgschuessler\/files\/2022\/11\/ATH5880-1024x709.jpg 1024w, https:\/\/people.unil.ch\/ingeborgschuessler\/files\/2022\/11\/ATH5880-768x531.jpg 768w, https:\/\/people.unil.ch\/ingeborgschuessler\/files\/2022\/11\/ATH5880-1536x1063.jpg 1536w, https:\/\/people.unil.ch\/ingeborgschuessler\/files\/2022\/11\/ATH5880-135x93.jpg 135w, https:\/\/people.unil.ch\/ingeborgschuessler\/files\/2022\/11\/ATH5880.jpg 1734w\" sizes=\"auto, (max-width: 300px) 100vw, 300px\" \/><\/p>\n<p><strong>2002-2006 :<\/strong> <em>Pr\u00e9sidente du\u00a0<strong>Forum international d\u2019\u00c9vora<\/strong> pour la traduction des \u0153uvres de Martin Heidegger<\/em>, fond\u00e9 le 09.03.2002 \u00e0 l\u2019Universit\u00e9 d\u2019Evora \/ Portugal.<\/p>\n<p>&#8211; Membre de plusieurs soci\u00e9t\u00e9s philosophiques.<br \/>\n&#8211; Membre du <em>Deutscher Hochschulverband depuis 1968.<br \/>\n&#8211; <\/em>Membre de l\u2019<em>Association suisse des professeurs d\u2019Universit\u00e9<\/em> depuis 1982.<\/p>\n<h6>3) Collaboration \u00e0 des revues et \u00e9ditions philosophiques\u00a0:<\/h6>\n<p><strong>1975 <em>sqq\u00a0<\/em>: <\/strong>Collaboration \u00e0 la <em>Martin Heidegger Gesamtausgabe <\/em>Klostermann, Frankfurt a. M, 1975 <em>sqq<\/em>.<br \/>\n&#8211; Edition du vol. 19 : <em>Platon\u00a0: Sophistes.<\/em> Marburger Vorlesung Wintersemester 1924\/5. 1\u00e8re \u00e9d. 1992 ; 2e \u00e9d. 2018. 668 pages. (<em>cf.<\/em> la <a href=\"https:\/\/people.unil.ch\/ingeborgschuessler\/publications\/\">liste des publications<\/a>).<br \/>\n&#8211; Edition du vol. 78 : <em>Der Spruch des d\u2019Anaximander <\/em>(Manuskript einer nicht gehaltenen Vorlesung Sommer\/Herbst 1942). 2009.351 pages. (<em>cf. <\/em>la <a href=\"https:\/\/people.unil.ch\/ingeborgschuessler\/publications\/\">liste des publications<\/a>).<\/p>\n<p><strong>1981<em> sqq<\/em> :<\/strong> Membre du comit\u00e9 de lecture de la <em>Revue de Th\u00e9ologie et de Philosophie. <\/em>Gen\u00e8ve \u2013 Lausanne \u2013 Neuch\u00e2tel \/ Suisse.<\/p>\n<p><strong>1984 <em>sqq<\/em> :<\/strong> Associate<em> Editor<\/em> des<em> Heidegger Studies. <\/em>Dunker &amp; Humblot, Berlin \/ New-York.<\/p>\n<p><strong>1994 <em>sqq<\/em> :<\/strong> Membre du comit\u00e9 de lecture : <em>Les Etudes philosophiques. <\/em><img alt=\"\" loading=\"lazy\" decoding=\"async\" class=\"alignright wp-image-520\" src=\"https:\/\/people.unil.ch\/ingeborgschuessler\/files\/2022\/11\/ATH5870-e1668447509787-300x199.jpg\" alt=\"\" width=\"265\" height=\"176\" srcset=\"https:\/\/people.unil.ch\/ingeborgschuessler\/files\/2022\/11\/ATH5870-e1668447509787-300x199.jpg 300w, https:\/\/people.unil.ch\/ingeborgschuessler\/files\/2022\/11\/ATH5870-e1668447509787-1024x681.jpg 1024w, https:\/\/people.unil.ch\/ingeborgschuessler\/files\/2022\/11\/ATH5870-e1668447509787-768x511.jpg 768w, https:\/\/people.unil.ch\/ingeborgschuessler\/files\/2022\/11\/ATH5870-e1668447509787.jpg 1385w\" sizes=\"auto, (max-width: 265px) 100vw, 265px\" \/>Paris.<\/p>\n<p><strong>1994 <em>sqq <\/em>:<\/strong> Membre du Comit\u00e9 de lecture : <em>Les Etudes philosophiques. <\/em>Dirig\u00e9e par <strong>Pierre Aubenque<\/strong>. Paris \/ France.<\/p>\n<p><strong>1995 <em>sqq<\/em> :<\/strong> Membre du comit\u00e9 de r\u00e9daction : <em>Philosophes du 20e si\u00e8cle<\/em>, dirig\u00e9 par Yvanka Raynova. Sof\u00eda \/ Bulgarie.<\/p>\n<p><strong>1995-2003 :<\/strong> Collaboration \u00e0 la <em>Theologischen Realenzyklop\u00e4die<\/em>. De Gruyter. Berlin\/NewYork. Article <em>Wahrheit \/ Wahrhaftigkeit. (Cf. <\/em>la<a href=\"https:\/\/people.unil.ch\/ingeborgschuessler\/publications\/\"> liste des publications<\/a>).<\/p>\n<p><strong>2004 <em>sqq\u00a0<\/em>:<\/strong> <em>Editor <\/em>(avec Pascal David \/ Brest) de la section francophone des <em>Heidegger-Studies<\/em>. Dunker &amp; Humblot, Berlin \/ New-York. (Depuis 2020 aussi avec Guillaume Fagniez \/ Strasbourg).<\/p>\n<p><strong>1996-2006 :<\/strong> Reponsable (avec Alexandre Schild) de GENOS, Cahiers de philosophie, et (depuis 2004) de la Collection Philosophie \u2013 GENOS, Editions PAYOT-Lausanne.<em>\u00a0<\/em><\/p>\n<h5><em>Domaines principaux de l\u2019enseignement et de la recherche\u00a0: <\/em><\/h5>\n<figure id=\"attachment_184\" aria-describedby=\"caption-attachment-184\" style=\"width: 330px\" class=\"wp-caption alignright\"><img alt=\"\" loading=\"lazy\" decoding=\"async\" class=\"wp-image-184\" src=\"https:\/\/people.unil.ch\/ingeborgschuessler\/files\/2022\/10\/DSC06080-300x200.jpg\" alt=\"\" width=\"330\" height=\"220\" srcset=\"https:\/\/people.unil.ch\/ingeborgschuessler\/files\/2022\/10\/DSC06080-300x200.jpg 300w, https:\/\/people.unil.ch\/ingeborgschuessler\/files\/2022\/10\/DSC06080-1024x683.jpg 1024w, https:\/\/people.unil.ch\/ingeborgschuessler\/files\/2022\/10\/DSC06080-768x512.jpg 768w, https:\/\/people.unil.ch\/ingeborgschuessler\/files\/2022\/10\/DSC06080-1536x1025.jpg 1536w, https:\/\/people.unil.ch\/ingeborgschuessler\/files\/2022\/10\/DSC06080.jpg 1799w\" sizes=\"auto, (max-width: 330px) 100vw, 330px\" \/><figcaption id=\"caption-attachment-184\" class=\"wp-caption-text\">W. Janke, W. Hirsch, I. Sch\u00fc\u00dfler, J. Hennigfeld. 2017 \u00e0 Altenberg, Allemagne<\/figcaption><\/figure>\n<p><em><img alt=\"\" loading=\"lazy\" decoding=\"async\" class=\"size-medium wp-image-181 alignright\" src=\"https:\/\/people.unil.ch\/ingeborgschuessler\/files\/2022\/10\/DSC06072-2-300x225.jpg\" alt=\"\" width=\"300\" height=\"225\" srcset=\"https:\/\/people.unil.ch\/ingeborgschuessler\/files\/2022\/10\/DSC06072-2-300x225.jpg 300w, https:\/\/people.unil.ch\/ingeborgschuessler\/files\/2022\/10\/DSC06072-2-1024x768.jpg 1024w, https:\/\/people.unil.ch\/ingeborgschuessler\/files\/2022\/10\/DSC06072-2-768x576.jpg 768w, https:\/\/people.unil.ch\/ingeborgschuessler\/files\/2022\/10\/DSC06072-2-1536x1152.jpg 1536w, https:\/\/people.unil.ch\/ingeborgschuessler\/files\/2022\/10\/DSC06072-2.jpg 1600w\" sizes=\"auto, (max-width: 300px) 100vw, 300px\" \/>Axe historique<br \/>\n<\/em>1. G\u00e9n\u00e9alogie de la pens\u00e9e occidentale.<br \/>\n2. Philosophie gr\u00e9co-antique (Pr\u00e9socratiques, Platon, Aristote)<br \/>\n3. La philosophie moderne critico-transcendantale (Kant et Fichte).<br \/>\n4. La philosophie moderne de l\u2019 Id\u00e9alisme allemand ou Id\u00e9alisme absolu (Fichte tardif, Schelling, Hegel).<br \/>\n5. La philosophie postid\u00e9aliste (Schopenhauer, Nietzsche, Marx, Kierkegaard, le Positivisme scientifique).<br \/>\n6. Les \u00ab philosophies de l\u2019existence \u00bb en France (Sartre, Camus, Marcel).<br \/>\n7. La ph\u00e9nom\u00e9nologie (E. Husserl, M. Heidegger)<\/p>\n<p><em>Axe syst\u00e9matique<br \/>\n<\/em>1. Philosophie et science (la question de l\u2019\u00e9mancipation des sciences).<br \/>\n2. Philosophie de l\u2019art.<br \/>\n3. La question de la v\u00e9rit\u00e9 dans l\u2019histoire de la philosophie.<br \/>\n4. Philosophie du langage.<\/p>\n<p><em>Nombreuses conf\u00e9rences (en Europe et en dehors de l\u2019Europe).<\/em><\/p>\n<p>Livres, \u00e9tudes, \u00e9ditions, collectifs et articles, (<em>cf.<\/em> la <a href=\"https:\/\/people.unil.ch\/ingeborgschuessler\/publications\/\">liste des publications<\/a>).<\/p>\n<p style=\"text-align: right\">Pully, 14.11.2022<\/p>\n","protected":false},"excerpt":{"rendered":"<p>25.12.1938 : N\u00e9e \u00e0 Cologne\/Allemagne. De nationalit\u00e9 allemande et suisse. Parents : Frithjof Sch\u00fc\u00dfler, math\u00e9maticien, et Anita Sch\u00fc\u00dfler, n\u00e9e Schwerdtfeger. Scolarit\u00e9 1945-1949 : Ecole primaire \u00e0 Bad-Kissingen et \u00e0 Cologne &hellip; <\/p>\n","protected":false},"author":1001081,"featured_media":0,"parent":251,"menu_order":0,"comment_status":"closed","ping_status":"closed","template":"","meta":{"_seopress_robots_primary_cat":"","_seopress_titles_title":"","_seopress_titles_desc":"","_seopress_robots_index":"","footnotes":""},"class_list":["post-446","page","type-page","status-publish"],"_links":{"self":[{"href":"https:\/\/people.unil.ch\/ingeborgschuessler\/wp-json\/wp\/v2\/pages\/446","targetHints":{"allow":["GET"]}}],"collection":[{"href":"https:\/\/people.unil.ch\/ingeborgschuessler\/wp-json\/wp\/v2\/pages"}],"about":[{"href":"https:\/\/people.unil.ch\/ingeborgschuessler\/wp-json\/wp\/v2\/types\/page"}],"author":[{"embeddable":true,"href":"https:\/\/people.unil.ch\/ingeborgschuessler\/wp-json\/wp\/v2\/users\/1001081"}],"replies":[{"embeddable":true,"href":"https:\/\/people.unil.ch\/ingeborgschuessler\/wp-json\/wp\/v2\/comments?post=446"}],"version-history":[{"count":0,"href":"https:\/\/people.unil.ch\/ingeborgschuessler\/wp-json\/wp\/v2\/pages\/446\/revisions"}],"up":[{"embeddable":true,"href":"https:\/\/people.unil.ch\/ingeborgschuessler\/wp-json\/wp\/v2\/pages\/251"}],"wp:attachment":[{"href":"https:\/\/people.unil.ch\/ingeborgschuessler\/wp-json\/wp\/v2\/media?parent=446"}],"curies":[{"name":"wp","href":"https:\/\/api.w.org\/{rel}","templated":true}]}}