{"id":225,"date":"2023-01-25T19:05:09","date_gmt":"2023-01-25T18:05:09","guid":{"rendered":"https:\/\/people.unil.ch\/isabellezinn\/?page_id=225"},"modified":"2025-05-09T14:38:59","modified_gmt":"2025-05-09T12:38:59","slug":"peer-reviewed-journal-articles","status":"publish","type":"page","link":"https:\/\/people.unil.ch\/isabellezinn\/peer-reviewed-journal-articles\/","title":{"rendered":"peer reviewed journal articles"},"content":{"rendered":"\n<div class=\"wp-block-columns is-layout-flex wp-container-core-columns-is-layout-9d6595d7 wp-block-columns-is-layout-flex\">\n<div class=\"wp-block-column is-layout-flow wp-block-column-is-layout-flow\"><\/div>\n\n\n\n<div class=\"wp-block-column is-layout-flow wp-block-column-is-layout-flow\"><\/div>\n<\/div>\n\n\n\n<div class=\"wp-block-columns is-layout-flex wp-container-core-columns-is-layout-9d6595d7 wp-block-columns-is-layout-flex\">\n<div class=\"wp-block-column is-layout-flow wp-block-column-is-layout-flow\" style=\"flex-basis:33.33%\">\n<figure class=\"wp-block-image size-full\"><img loading=\"lazy\" decoding=\"async\" width=\"586\" height=\"296\" src=\"https:\/\/people.unil.ch\/isabellezinn\/files\/2025\/05\/capture-decran-2025-05-09-a-11.38.09.png\" alt=\"capture d\u2019e\u0301cran 2025 05 09 a\u0300 11.38.09\" class=\"wp-image-1203\" srcset=\"https:\/\/people.unil.ch\/isabellezinn\/files\/2025\/05\/capture-decran-2025-05-09-a-11.38.09.png 586w, https:\/\/people.unil.ch\/isabellezinn\/files\/2025\/05\/capture-decran-2025-05-09-a-11.38.09-300x152.png 300w\" sizes=\"auto, (max-width: 586px) 100vw, 586px\" \/><\/figure>\n\n\n\n<figure class=\"wp-block-image size-full\"><img loading=\"lazy\" decoding=\"async\" width=\"1714\" height=\"572\" src=\"https:\/\/people.unil.ch\/isabellezinn\/files\/2025\/05\/capture-decran-2025-05-09-a-14.26.56-1.png\" alt=\"capture d\u2019e\u0301cran 2025 05 09 a\u0300 14.26.56\" class=\"wp-image-1217\" srcset=\"https:\/\/people.unil.ch\/isabellezinn\/files\/2025\/05\/capture-decran-2025-05-09-a-14.26.56-1.png 1714w, https:\/\/people.unil.ch\/isabellezinn\/files\/2025\/05\/capture-decran-2025-05-09-a-14.26.56-1-300x100.png 300w, https:\/\/people.unil.ch\/isabellezinn\/files\/2025\/05\/capture-decran-2025-05-09-a-14.26.56-1-1024x342.png 1024w, https:\/\/people.unil.ch\/isabellezinn\/files\/2025\/05\/capture-decran-2025-05-09-a-14.26.56-1-768x256.png 768w, https:\/\/people.unil.ch\/isabellezinn\/files\/2025\/05\/capture-decran-2025-05-09-a-14.26.56-1-1536x513.png 1536w, https:\/\/people.unil.ch\/isabellezinn\/files\/2025\/05\/capture-decran-2025-05-09-a-14.26.56-1-1200x400.png 1200w\" sizes=\"auto, (max-width: 1714px) 100vw, 1714px\" \/><\/figure>\n\n\n\n<figure class=\"wp-block-image size-full\"><a href=\"https:\/\/journals.sagepub.com\/doi\/10.1177\/08912432251317464\" target=\"_blank\" rel=\"noreferrer noopener\"><img loading=\"lazy\" decoding=\"async\" width=\"2560\" height=\"1036\" src=\"https:\/\/people.unil.ch\/isabellezinn\/files\/2025\/05\/capture-decran-2025-05-09-a-11.26.13-1-scaled.png\" alt=\"capture d\u2019e\u0301cran 2025 05 09 a\u0300 11.26.13\" class=\"wp-image-1220\" srcset=\"https:\/\/people.unil.ch\/isabellezinn\/files\/2025\/05\/capture-decran-2025-05-09-a-11.26.13-1-scaled.png 2560w, https:\/\/people.unil.ch\/isabellezinn\/files\/2025\/05\/capture-decran-2025-05-09-a-11.26.13-1-300x121.png 300w, https:\/\/people.unil.ch\/isabellezinn\/files\/2025\/05\/capture-decran-2025-05-09-a-11.26.13-1-1024x414.png 1024w, https:\/\/people.unil.ch\/isabellezinn\/files\/2025\/05\/capture-decran-2025-05-09-a-11.26.13-1-768x311.png 768w, https:\/\/people.unil.ch\/isabellezinn\/files\/2025\/05\/capture-decran-2025-05-09-a-11.26.13-1-1536x622.png 1536w, https:\/\/people.unil.ch\/isabellezinn\/files\/2025\/05\/capture-decran-2025-05-09-a-11.26.13-1-2048x829.png 2048w, https:\/\/people.unil.ch\/isabellezinn\/files\/2025\/05\/capture-decran-2025-05-09-a-11.26.13-1-1200x486.png 1200w, https:\/\/people.unil.ch\/isabellezinn\/files\/2025\/05\/capture-decran-2025-05-09-a-11.26.13-1-1980x801.png 1980w\" sizes=\"auto, (max-width: 2560px) 100vw, 2560px\" \/><\/a><\/figure>\n\n\n\n<p><\/p>\n\n\n\n<p><\/p>\n\n\n\n<p><\/p>\n\n\n\n<figure class=\"wp-block-image size-full is-resized\"><a href=\"https:\/\/www.emerald.com\/insight\/content\/doi\/10.1108\/S0277-283320240000036007\/full\/html\" target=\"_blank\" rel=\"noreferrer noopener\"><img alt=\"\" loading=\"lazy\" decoding=\"async\" width=\"382\" height=\"622\" src=\"https:\/\/people.unil.ch\/isabellezinn\/files\/2024\/09\/Capture-decran-2024-09-28-a-18.06.40.png\" alt=\"\" class=\"wp-image-1161\" style=\"width:114px;height:auto\" srcset=\"https:\/\/people.unil.ch\/isabellezinn\/files\/2024\/09\/Capture-decran-2024-09-28-a-18.06.40.png 382w, https:\/\/people.unil.ch\/isabellezinn\/files\/2024\/09\/Capture-decran-2024-09-28-a-18.06.40-184x300.png 184w\" sizes=\"auto, (max-width: 382px) 100vw, 382px\" \/><\/a><\/figure>\n<\/div>\n\n\n\n<div class=\"wp-block-column is-layout-flow wp-block-column-is-layout-flow\" style=\"flex-basis:66.66%\">\n<p style=\"font-size:17px\">Nicky Le Feuvre, Val\u00e9rie Hugentobler, Maurice Avramito, <strong>Isabelle Zinn<\/strong> (in press), La r\u00e9forme des retraites&nbsp;: un r\u00e9v\u00e9lateur des tensions autour du r\u00e9gime de genre en Suisse, <strong><em>G\u00e9rontologie &amp; Soci\u00e9t\u00e9<\/em><\/strong>.<\/p>\n\n\n\n<p style=\"font-size:17px\">Lanfranconi, Lucia, <strong>Zinn, Isabelle<\/strong>, Steinmetz, Stephanie, Fuchs, Gesine, Bornatici, Christina (2025) New Work \u2013 New Problems? Gender Perspectives on the Transformation of Work &#8211; Introduction to the Special Issue, <a href=\"https:\/\/www.socio-journal.ch\/article\/view\/6962\">https:\/\/www.socio-journal.ch\/article\/view\/6962<\/a>. <\/p>\n\n\n\n<p style=\"font-size:17px\">Bornatici, Christina &amp; <strong>Zinn, Isabelle<\/strong> (2025) &#8220;Beyond tradition? How Gender Ideology Impacts Employment and Family Arrangements in Swiss Couples&#8221;, <em><strong>Gender &amp; Society<\/strong><\/em>, <em>39<\/em>(2), 285-320. <a href=\"https:\/\/doi.org\/10.1177\/08912432251317464\">https:\/\/doi.org\/10.1177\/08912432251317464<\/a><\/p>\n\n\n\n<p style=\"font-size:17px\"><strong>Isabelle Zinn<\/strong> (2024), \u00ab&nbsp;Floral Ethics and Aesthetics: Understanding Professional Expertise at Work&nbsp;\u00bb, Helfen, M., Delbridge, R., Pekarek, A. and Purser, G. (Ed.) <em>Essentiality of Work<\/em>, <em><strong>Research in the Sociology of Work<\/strong>, Vol. 36<\/em>, Emerald Publishing Limited, Leeds, pp. 145-162. <a href=\"https:\/\/doi.org\/10.1108\/S0277-283320240000036007\">https:\/\/doi.org\/10.1108\/S0277-283320240000036007<\/a><strong> <\/strong><\/p>\n<\/div>\n\n\n\n<div class=\"wp-block-column is-layout-flow wp-block-column-is-layout-flow\"><\/div>\n<\/div>\n\n\n\n<div class=\"wp-block-columns is-layout-flex wp-container-core-columns-is-layout-9d6595d7 wp-block-columns-is-layout-flex\">\n<div class=\"wp-block-column is-layout-flow wp-block-column-is-layout-flow\" style=\"flex-basis:33.33%\">\n<figure class=\"wp-block-image size-large is-resized\"><a href=\"https:\/\/onlinelibrary.wiley.com\/doi\/10.1111\/gwao.13092\" target=\"_blank\" rel=\"noreferrer noopener\"><img alt=\"\" loading=\"lazy\" decoding=\"async\" width=\"1024\" height=\"310\" src=\"https:\/\/people.unil.ch\/isabellezinn\/files\/2023\/12\/Capture-de\u0301cran-2023-12-15-a\u0300-10.38.24-2-1024x310.png\" alt=\"\" class=\"wp-image-1062\" style=\"width:251px;height:auto\" srcset=\"https:\/\/people.unil.ch\/isabellezinn\/files\/2023\/12\/Capture-de\u0301cran-2023-12-15-a\u0300-10.38.24-2-1024x310.png 1024w, https:\/\/people.unil.ch\/isabellezinn\/files\/2023\/12\/Capture-de\u0301cran-2023-12-15-a\u0300-10.38.24-2-300x91.png 300w, https:\/\/people.unil.ch\/isabellezinn\/files\/2023\/12\/Capture-de\u0301cran-2023-12-15-a\u0300-10.38.24-2-768x233.png 768w, https:\/\/people.unil.ch\/isabellezinn\/files\/2023\/12\/Capture-de\u0301cran-2023-12-15-a\u0300-10.38.24-2-1200x364.png 1200w, https:\/\/people.unil.ch\/isabellezinn\/files\/2023\/12\/Capture-de\u0301cran-2023-12-15-a\u0300-10.38.24-2.png 1452w\" sizes=\"auto, (max-width: 1024px) 100vw, 1024px\" \/><\/a><\/figure>\n<\/div>\n\n\n\n<div class=\"wp-block-column is-layout-flow wp-block-column-is-layout-flow\" style=\"flex-basis:66.66%\">\n<p style=\"font-size:17px\">Ballif, Edm\u00e9e &amp; <strong>Isabelle Zinn<\/strong> (2023), \u00ab&nbsp;Persistent Pandemic: The unequal impact of Covid labor on early career academics&nbsp;\u00bb, <strong><em>Gender, Work &amp; Organization<\/em><\/strong>, 1-17, <a href=\"https:\/\/onlinelibrary.wiley.com\/doi\/10.1111\/gwao.13092\" target=\"_blank\" rel=\"noreferrer noopener\">https:\/\/onlinelibrary.wiley.com\/doi\/10.1111\/gwao.13092<\/a>.<\/p>\n<\/div>\n<\/div>\n\n\n\n<div class=\"wp-block-columns is-layout-flex wp-container-core-columns-is-layout-9d6595d7 wp-block-columns-is-layout-flex\">\n<div class=\"wp-block-column is-layout-flow wp-block-column-is-layout-flow\" style=\"flex-basis:33.33%\">\n<figure class=\"wp-block-image size-large is-resized\"><a href=\"https:\/\/www.cairn.info\/revue-gerontologie-et-societe-2023-3-page-9.htm\" target=\"_blank\" rel=\"noreferrer noopener\"><img alt=\"\" loading=\"lazy\" decoding=\"async\" width=\"1024\" height=\"189\" src=\"https:\/\/people.unil.ch\/isabellezinn\/files\/2023\/12\/Capture-de\u0301cran-2023-12-15-a\u0300-10.44.25-1-1024x189.png\" alt=\"\" class=\"wp-image-1061\" style=\"width:293px;height:auto\" srcset=\"https:\/\/people.unil.ch\/isabellezinn\/files\/2023\/12\/Capture-de\u0301cran-2023-12-15-a\u0300-10.44.25-1-1024x189.png 1024w, https:\/\/people.unil.ch\/isabellezinn\/files\/2023\/12\/Capture-de\u0301cran-2023-12-15-a\u0300-10.44.25-1-300x55.png 300w, https:\/\/people.unil.ch\/isabellezinn\/files\/2023\/12\/Capture-de\u0301cran-2023-12-15-a\u0300-10.44.25-1-768x141.png 768w, https:\/\/people.unil.ch\/isabellezinn\/files\/2023\/12\/Capture-de\u0301cran-2023-12-15-a\u0300-10.44.25-1-1536x283.png 1536w, https:\/\/people.unil.ch\/isabellezinn\/files\/2023\/12\/Capture-de\u0301cran-2023-12-15-a\u0300-10.44.25-1-1200x221.png 1200w, https:\/\/people.unil.ch\/isabellezinn\/files\/2023\/12\/Capture-de\u0301cran-2023-12-15-a\u0300-10.44.25-1.png 1596w\" sizes=\"auto, (max-width: 1024px) 100vw, 1024px\" \/><\/a><\/figure>\n<\/div>\n\n\n\n<div class=\"wp-block-column is-layout-flow wp-block-column-is-layout-flow\" style=\"flex-basis:66.66%\">\n<p style=\"font-size:17px\">Hugentobler, Val\u00e9rie &amp; <strong>Isabelle Zinn<\/strong> (2023), \u00ab&nbsp;Elargir la focale : explorer la diversification des&nbsp;m\u00e9tiers&nbsp;de&nbsp;l\u2019aide&nbsp;et&nbsp;de&nbsp;l\u2019accompagnement&nbsp;\u00bb,&nbsp;Introduction to the Special Issue &#8220;Diversification des m\u00e9tiers de l\u2019aide et de l\u2019accompagnement&nbsp;:&nbsp;entre reconnaissance et invisibilit\u00e9\u201d, <strong><em>G\u00e9rontologie et soci\u00e9t\u00e9<\/em><\/strong>, n\u00b0 172 \u009f vol. 45, 9-18, <a href=\"https:\/\/www.cairn.info\/revue-gerontologie-et-societe-2023-3-page-9.htm\" target=\"_blank\" rel=\"noreferrer noopener\">https:\/\/www.cairn.info\/revue-gerontologie-et-societe-2023-3-page-9.htm<\/a>.<\/p>\n<\/div>\n<\/div>\n\n\n\n<div class=\"wp-block-columns is-layout-flex wp-container-core-columns-is-layout-9d6595d7 wp-block-columns-is-layout-flex\">\n<div class=\"wp-block-column is-layout-flow wp-block-column-is-layout-flow\" style=\"flex-basis:33.33%\">\n<figure class=\"wp-block-image size-large is-resized\"><a href=\"https:\/\/doi.org\/10.1080\/09589236.2022.2115019\" target=\"_blank\" rel=\"noreferrer noopener\"><img alt=\"\" loading=\"lazy\" decoding=\"async\" width=\"1024\" height=\"405\" src=\"https:\/\/people.unil.ch\/isabellezinn\/files\/2023\/01\/Capture-decran-2023-01-25-a-21.51.22-1-1024x405.png\" alt=\"\" class=\"wp-image-343\" style=\"width:236px;height:93px\" srcset=\"https:\/\/people.unil.ch\/isabellezinn\/files\/2023\/01\/Capture-decran-2023-01-25-a-21.51.22-1-1024x405.png 1024w, https:\/\/people.unil.ch\/isabellezinn\/files\/2023\/01\/Capture-decran-2023-01-25-a-21.51.22-1-300x119.png 300w, https:\/\/people.unil.ch\/isabellezinn\/files\/2023\/01\/Capture-decran-2023-01-25-a-21.51.22-1-768x304.png 768w, https:\/\/people.unil.ch\/isabellezinn\/files\/2023\/01\/Capture-decran-2023-01-25-a-21.51.22-1-1200x475.png 1200w, https:\/\/people.unil.ch\/isabellezinn\/files\/2023\/01\/Capture-decran-2023-01-25-a-21.51.22-1.png 1380w\" sizes=\"auto, (max-width: 1024px) 100vw, 1024px\" \/><\/a><\/figure>\n<\/div>\n\n\n\n<div class=\"wp-block-column is-layout-flow wp-block-column-is-layout-flow\" style=\"flex-basis:66.66%\">\n<p style=\"font-size:17px\"><strong>Zinn, Isabelle<\/strong> &amp; Hofmeister, Heather (2022), \u00ab&nbsp;The gender order in action: consistent evidence from two distinct workplace settings&nbsp;\u00bb,<strong><em> Journal of Gender Studies, <\/em><\/strong>31(8), 941-955, <a rel=\"noreferrer noopener\" href=\"https:\/\/doi.org\/10.1080\/09589236.2022.2115019\" target=\"_blank\">https:\/\/doi.org\/10.1080\/09589236.2022.2115019<\/a><\/p>\n<\/div>\n<\/div>\n\n\n\n<div class=\"wp-block-columns is-layout-flex wp-container-core-columns-is-layout-9d6595d7 wp-block-columns-is-layout-flex\">\n<div class=\"wp-block-column is-layout-flow wp-block-column-is-layout-flow\" style=\"flex-basis:33.33%\">\n<figure class=\"wp-block-image size-full is-resized\"><a href=\"https:\/\/www.revistas.usp.br\/organicom\/article\/view\/196681\" target=\"_blank\" rel=\"noreferrer noopener\"><img alt=\"\" loading=\"lazy\" decoding=\"async\" width=\"1008\" height=\"666\" src=\"https:\/\/people.unil.ch\/isabellezinn\/files\/2023\/01\/Capture-decran-2023-01-25-a-21.19.40-1.png\" alt=\"\" class=\"wp-image-339\" style=\"width:239px;height:157px\" srcset=\"https:\/\/people.unil.ch\/isabellezinn\/files\/2023\/01\/Capture-decran-2023-01-25-a-21.19.40-1.png 1008w, https:\/\/people.unil.ch\/isabellezinn\/files\/2023\/01\/Capture-decran-2023-01-25-a-21.19.40-1-300x198.png 300w, https:\/\/people.unil.ch\/isabellezinn\/files\/2023\/01\/Capture-decran-2023-01-25-a-21.19.40-1-768x507.png 768w\" sizes=\"auto, (max-width: 1008px) 100vw, 1008px\" \/><\/a><\/figure>\n<\/div>\n\n\n\n<div class=\"wp-block-column is-layout-flow wp-block-column-is-layout-flow\" style=\"flex-basis:66.66%\">\n<p><\/p>\n\n\n\n<p style=\"font-size:17px\"><strong>Zinn, Isabelle <\/strong>(2022), \u201cCompreender os desafios de um \u201ctrabalho bem feito\u201d: o comportamento emocional como motor de pesquisa e ferramenta de investiga\u00e7\u00e3o\u201d,<strong><em> Organicom<\/em><\/strong>, 19(38), 51-61, <a rel=\"noreferrer noopener\" href=\"https:\/\/www.revistas.usp.br\/organicom\/article\/view\/196681\" target=\"_blank\">https:\/\/www.revistas.usp.br\/organicom\/article\/view\/196681<\/a><\/p>\n<\/div>\n<\/div>\n\n\n\n<div class=\"wp-block-columns is-layout-flex wp-container-core-columns-is-layout-9d6595d7 wp-block-columns-is-layout-flex\">\n<div class=\"wp-block-column is-layout-flow wp-block-column-is-layout-flow\" style=\"flex-basis:33.33%\">\n<figure class=\"wp-block-image size-large is-resized\"><a href=\"https:\/\/www.cairn.info\/revue-nouvelles-questions-feministes-2021-1-page-8.htm\" target=\"_blank\" rel=\"noreferrer noopener\"><img alt=\"\" loading=\"lazy\" decoding=\"async\" width=\"1024\" height=\"646\" src=\"https:\/\/people.unil.ch\/isabellezinn\/files\/2023\/01\/Capture-decran-2023-01-25-a-22.26.59-1024x646.png\" alt=\"\" class=\"wp-image-300\" style=\"width:252px;height:158px\" srcset=\"https:\/\/people.unil.ch\/isabellezinn\/files\/2023\/01\/Capture-decran-2023-01-25-a-22.26.59-1024x646.png 1024w, https:\/\/people.unil.ch\/isabellezinn\/files\/2023\/01\/Capture-decran-2023-01-25-a-22.26.59-300x189.png 300w, https:\/\/people.unil.ch\/isabellezinn\/files\/2023\/01\/Capture-decran-2023-01-25-a-22.26.59-768x485.png 768w, https:\/\/people.unil.ch\/isabellezinn\/files\/2023\/01\/Capture-decran-2023-01-25-a-22.26.59-1536x969.png 1536w, https:\/\/people.unil.ch\/isabellezinn\/files\/2023\/01\/Capture-decran-2023-01-25-a-22.26.59-1200x757.png 1200w, https:\/\/people.unil.ch\/isabellezinn\/files\/2023\/01\/Capture-decran-2023-01-25-a-22.26.59.png 1794w\" sizes=\"auto, (max-width: 1024px) 100vw, 1024px\" \/><\/a><\/figure>\n<\/div>\n\n\n\n<div class=\"wp-block-column is-layout-flow wp-block-column-is-layout-flow\" style=\"flex-basis:66.66%\">\n<p style=\"font-size:17px\"><strong>Zinn, Isabelle<\/strong>, Modak Marianne, Heiniger, Alix &amp; Palazzo, Clothilde (2021), \u00ab&nbsp;Mon corps nous appartient&nbsp;\u00bb, Introduction to the Special Issue \u201cAllaiter\u201d, <strong><em>Nouvelles Questions f\u00e9ministes<\/em><\/strong>, 40(1), 8-17, <a rel=\"noreferrer noopener\" href=\"https:\/\/www.cairn.info\/revue-nouvelles-questions-feministes-2021-1-page-8.htm\" target=\"_blank\">https:\/\/www.cairn.info\/revue-nouvelles-questions-feministes-2021-1-page-8.htm<\/a>.<\/p>\n<\/div>\n<\/div>\n\n\n\n<div class=\"wp-block-columns is-layout-flex wp-container-core-columns-is-layout-9d6595d7 wp-block-columns-is-layout-flex\">\n<div class=\"wp-block-column is-layout-flow wp-block-column-is-layout-flow\" style=\"font-size:17px;flex-basis:33.33%\">\n<figure class=\"wp-block-image size-large is-resized\"><a href=\"https:\/\/www.cairn.info\/revue-nouvelles-questions-feministes-2019-2-page-51.html.?contenu=article\" target=\"_blank\" rel=\"noreferrer noopener\"><img alt=\"\" loading=\"lazy\" decoding=\"async\" width=\"1024\" height=\"583\" src=\"https:\/\/people.unil.ch\/isabellezinn\/files\/2023\/01\/Capture-decran-2023-01-25-a-22.32.07-1024x583.png\" alt=\"\" class=\"wp-image-305\" style=\"width:249px;height:141px\" srcset=\"https:\/\/people.unil.ch\/isabellezinn\/files\/2023\/01\/Capture-decran-2023-01-25-a-22.32.07-1024x583.png 1024w, https:\/\/people.unil.ch\/isabellezinn\/files\/2023\/01\/Capture-decran-2023-01-25-a-22.32.07-300x171.png 300w, https:\/\/people.unil.ch\/isabellezinn\/files\/2023\/01\/Capture-decran-2023-01-25-a-22.32.07-768x438.png 768w, https:\/\/people.unil.ch\/isabellezinn\/files\/2023\/01\/Capture-decran-2023-01-25-a-22.32.07-1536x875.png 1536w, https:\/\/people.unil.ch\/isabellezinn\/files\/2023\/01\/Capture-decran-2023-01-25-a-22.32.07-1200x684.png 1200w, https:\/\/people.unil.ch\/isabellezinn\/files\/2023\/01\/Capture-decran-2023-01-25-a-22.32.07.png 1650w\" sizes=\"auto, (max-width: 1024px) 100vw, 1024px\" \/><\/a><\/figure>\n<\/div>\n\n\n\n<div class=\"wp-block-column is-layout-flow wp-block-column-is-layout-flow\" style=\"font-size:17px;flex-basis:66.66%\">\n<p><\/p>\n\n\n\n<p style=\"font-size:17px\"><strong>Zinn, Isabelle<\/strong> (2019), \u00ab&nbsp;Les \u00e9preuves corporelles des bouch\u00e8res et des bouchers \u00bb, <strong><em>Nouvelles Questions f\u00e9ministes<\/em><\/strong>, 38 (2), 51-67, <a href=\"https:\/\/www.cairn.info\/revue-nouvelles-questions-feministes-2019-2-page-51.html\">https:\/\/www.cairn.info\/revue-nouvelles-questions-feministes-2019-2-page-51.html<\/a>.<\/p>\n<\/div>\n<\/div>\n\n\n\n<div class=\"wp-block-columns is-layout-flex wp-container-core-columns-is-layout-9d6595d7 wp-block-columns-is-layout-flex\">\n<div class=\"wp-block-column is-layout-flow wp-block-column-is-layout-flow\" style=\"flex-basis:33.33%\">\n<figure class=\"wp-block-image size-large is-resized\"><a href=\"https:\/\/journals.sagepub.com\/doi\/10.1177\/0891241618792074\" target=\"_blank\" rel=\"noreferrer noopener\"><img alt=\"\" loading=\"lazy\" decoding=\"async\" width=\"1024\" height=\"561\" src=\"https:\/\/people.unil.ch\/isabellezinn\/files\/2023\/01\/Capture-decran-2023-01-25-a-22.40.32-1024x561.png\" alt=\"\" class=\"wp-image-310\" style=\"width:260px;height:142px\" srcset=\"https:\/\/people.unil.ch\/isabellezinn\/files\/2023\/01\/Capture-decran-2023-01-25-a-22.40.32-1024x561.png 1024w, https:\/\/people.unil.ch\/isabellezinn\/files\/2023\/01\/Capture-decran-2023-01-25-a-22.40.32-300x164.png 300w, https:\/\/people.unil.ch\/isabellezinn\/files\/2023\/01\/Capture-decran-2023-01-25-a-22.40.32-768x421.png 768w, https:\/\/people.unil.ch\/isabellezinn\/files\/2023\/01\/Capture-decran-2023-01-25-a-22.40.32-1536x842.png 1536w, https:\/\/people.unil.ch\/isabellezinn\/files\/2023\/01\/Capture-decran-2023-01-25-a-22.40.32-1200x658.png 1200w, https:\/\/people.unil.ch\/isabellezinn\/files\/2023\/01\/Capture-decran-2023-01-25-a-22.40.32.png 1656w\" sizes=\"auto, (max-width: 1024px) 100vw, 1024px\" \/><\/a><\/figure>\n<\/div>\n\n\n\n<div class=\"wp-block-column is-layout-flow wp-block-column-is-layout-flow\" style=\"flex-basis:66.66%\">\n<p style=\"font-size:17px\"><strong>Zinn, Isabelle<\/strong> (2019), \u00ab&nbsp;The \u201ctruly creative\u201d Floral Designers. When creativity becomes a gendered privilege&nbsp;\u00bb, <strong><em>Journal of Contemporary Ethnography<\/em><\/strong>, vol 48 (3), 429\u2013447 (first published online on August 23, 2018), <a rel=\"noreferrer noopener\" href=\"https:\/\/journals.sagepub.com\/doi\/10.1177\/0891241618792074\" target=\"_blank\">https:\/\/journals.sagepub.com\/doi\/10.1177\/0891241618792074<\/a>&nbsp; <\/p>\n<\/div>\n<\/div>\n\n\n\n<div class=\"wp-block-columns is-layout-flex wp-container-core-columns-is-layout-9d6595d7 wp-block-columns-is-layout-flex\">\n<div class=\"wp-block-column is-layout-flow wp-block-column-is-layout-flow\" style=\"flex-basis:33.33%\">\n<figure class=\"wp-block-image size-large is-resized\"><a href=\"https:\/\/journals.openedition.org\/sociologies\/6521\" target=\"_blank\" rel=\"noreferrer noopener\"><img alt=\"\" loading=\"lazy\" decoding=\"async\" width=\"1024\" height=\"722\" src=\"https:\/\/people.unil.ch\/isabellezinn\/files\/2023\/01\/Capture-decran-2023-01-25-a-22.43.09-1024x722.png\" alt=\"\" class=\"wp-image-312\" style=\"width:256px;height:180px\" srcset=\"https:\/\/people.unil.ch\/isabellezinn\/files\/2023\/01\/Capture-decran-2023-01-25-a-22.43.09-1024x722.png 1024w, https:\/\/people.unil.ch\/isabellezinn\/files\/2023\/01\/Capture-decran-2023-01-25-a-22.43.09-300x212.png 300w, https:\/\/people.unil.ch\/isabellezinn\/files\/2023\/01\/Capture-decran-2023-01-25-a-22.43.09-768x541.png 768w, https:\/\/people.unil.ch\/isabellezinn\/files\/2023\/01\/Capture-decran-2023-01-25-a-22.43.09-1200x846.png 1200w, https:\/\/people.unil.ch\/isabellezinn\/files\/2023\/01\/Capture-decran-2023-01-25-a-22.43.09.png 1356w\" sizes=\"auto, (max-width: 1024px) 100vw, 1024px\" \/><\/a><\/figure>\n<\/div>\n\n\n\n<div class=\"wp-block-column is-layout-flow wp-block-column-is-layout-flow\" style=\"flex-basis:66.66%\">\n<p style=\"font-size:17px\">Meyer, Michael, Perrot, Adeline, <strong>Zinn, Isabelle<\/strong> (2017), \u00ab&nbsp;Entre ambition \u00ab&nbsp;tout-terrain&nbsp;\u00bb et impossible ubiquit\u00e9: les ethnographes en mouvement&nbsp;\u00bb, Introductory paper to the special issue \u00ab&nbsp;L\u2019enqu\u00eate ethnographique<em> en mouvement<\/em>: circulation et combinaison des sites de recherches&nbsp;\u00bb, <strong><em>SociologieS<\/em><\/strong>, <a rel=\"noreferrer noopener\" href=\"https:\/\/sociologies.revues.org\/6521\" target=\"_blank\">https:\/\/sociologies.revues.org\/6521<\/a><\/p>\n<\/div>\n<\/div>\n\n\n\n<div class=\"wp-block-columns is-layout-flex wp-container-core-columns-is-layout-9d6595d7 wp-block-columns-is-layout-flex\">\n<div class=\"wp-block-column is-layout-flow wp-block-column-is-layout-flow\" style=\"flex-basis:33.33%\">\n<figure class=\"wp-block-image size-large is-resized\"><a href=\"https:\/\/journals.openedition.org\/formationemploi\/4689\" target=\"_blank\" rel=\"noreferrer noopener\"><img alt=\"\" loading=\"lazy\" decoding=\"async\" width=\"1024\" height=\"581\" src=\"https:\/\/people.unil.ch\/isabellezinn\/files\/2023\/01\/Capture-decran-2023-01-25-a-23.04.56-1024x581.png\" alt=\"\" class=\"wp-image-335\" style=\"width:216px;height:122px\" srcset=\"https:\/\/people.unil.ch\/isabellezinn\/files\/2023\/01\/Capture-decran-2023-01-25-a-23.04.56-1024x581.png 1024w, https:\/\/people.unil.ch\/isabellezinn\/files\/2023\/01\/Capture-decran-2023-01-25-a-23.04.56-300x170.png 300w, https:\/\/people.unil.ch\/isabellezinn\/files\/2023\/01\/Capture-decran-2023-01-25-a-23.04.56-768x436.png 768w, https:\/\/people.unil.ch\/isabellezinn\/files\/2023\/01\/Capture-decran-2023-01-25-a-23.04.56-1200x681.png 1200w, https:\/\/people.unil.ch\/isabellezinn\/files\/2023\/01\/Capture-decran-2023-01-25-a-23.04.56.png 1230w\" sizes=\"auto, (max-width: 1024px) 100vw, 1024px\" \/><\/a><\/figure>\n<\/div>\n\n\n\n<div class=\"wp-block-column is-layout-flow wp-block-column-is-layout-flow\" style=\"flex-basis:66.66%\">\n<p><\/p>\n\n\n\n<p style=\"font-size:17px\"><strong>Zinn, Isabelle<\/strong> (2016), \u00ab&nbsp;La formation professionnelle au service de la division sexuelle du travail. L\u2019exemple du m\u00e9tier de la viande en Suisse&nbsp;\u00bb, <strong><em>Formation Emploi<\/em><\/strong>, 133, p. 199-214, <a rel=\"noreferrer noopener\" href=\"https:\/\/formationemploi.revues.org\/4689\" target=\"_blank\">https:\/\/formationemploi.revues.org\/4689<\/a>.<\/p>\n<\/div>\n<\/div>\n\n\n\n<div class=\"wp-block-columns is-layout-flex wp-container-core-columns-is-layout-9d6595d7 wp-block-columns-is-layout-flex\">\n<div class=\"wp-block-column is-layout-flow wp-block-column-is-layout-flow\" style=\"flex-basis:33.33%\">\n<figure class=\"wp-block-image size-large is-resized\"><a href=\"https:\/\/www.erudit.org\/fr\/revues\/approchesind\/2015-v2-n2-approchesind02027\/1032609ar\/\" target=\"_blank\" rel=\"noreferrer noopener\"><img alt=\"\" loading=\"lazy\" decoding=\"async\" width=\"1024\" height=\"583\" src=\"https:\/\/people.unil.ch\/isabellezinn\/files\/2023\/01\/Capture-decran-2023-01-25-a-22.50.12-1024x583.png\" alt=\"\" class=\"wp-image-319\" style=\"width:241px;height:137px\" srcset=\"https:\/\/people.unil.ch\/isabellezinn\/files\/2023\/01\/Capture-decran-2023-01-25-a-22.50.12-1024x583.png 1024w, https:\/\/people.unil.ch\/isabellezinn\/files\/2023\/01\/Capture-decran-2023-01-25-a-22.50.12-300x171.png 300w, https:\/\/people.unil.ch\/isabellezinn\/files\/2023\/01\/Capture-decran-2023-01-25-a-22.50.12-768x437.png 768w, https:\/\/people.unil.ch\/isabellezinn\/files\/2023\/01\/Capture-decran-2023-01-25-a-22.50.12-1536x874.png 1536w, https:\/\/people.unil.ch\/isabellezinn\/files\/2023\/01\/Capture-decran-2023-01-25-a-22.50.12-1200x683.png 1200w, https:\/\/people.unil.ch\/isabellezinn\/files\/2023\/01\/Capture-decran-2023-01-25-a-22.50.12.png 1630w\" sizes=\"auto, (max-width: 1024px) 100vw, 1024px\" \/><\/a><\/figure>\n<\/div>\n\n\n\n<div class=\"wp-block-column is-layout-flow wp-block-column-is-layout-flow\" style=\"flex-basis:66.66%\">\n<p><\/p>\n\n\n\n<p style=\"font-size:17px\">Perrot, Adeline, <strong>Zinn, Isabelle<\/strong> (2015), \u00ab&nbsp;Du t\u00e2tonnement ethnographique au discernement de sens: enqu\u00eates participatives en&nbsp;boucherie et dans la zone d\u2019attente des mineurs isol\u00e9s \u00e9trangers&nbsp;\u00bb, <strong><em>Approches inductives<\/em><\/strong>, 2(2), pp. 129-154,&nbsp;<a rel=\"noreferrer noopener\" href=\"https:\/\/www.erudit.org\/revue\/approchesind\/2015\/v2\/n2\/1032609ar.html\" target=\"_blank\">https:\/\/www.erudit.org\/revue\/approchesind\/2015\/v2\/n2\/1032609ar.html<\/a>. <\/p>\n<\/div>\n<\/div>\n\n\n\n<div class=\"wp-block-columns is-layout-flex wp-container-core-columns-is-layout-9d6595d7 wp-block-columns-is-layout-flex\">\n<div class=\"wp-block-column is-layout-flow wp-block-column-is-layout-flow\" style=\"flex-basis:33.33%\">\n<figure class=\"wp-block-image size-large\"><a href=\"https:\/\/journals.openedition.org\/rsa\/1027\" target=\"_blank\" rel=\"noreferrer noopener\"><img alt=\"\" loading=\"lazy\" decoding=\"async\" width=\"1024\" height=\"608\" src=\"https:\/\/people.unil.ch\/isabellezinn\/files\/2023\/01\/Capture-decran-2023-01-25-a-23.03.12-1024x608.png\" alt=\"\" class=\"wp-image-332\" srcset=\"https:\/\/people.unil.ch\/isabellezinn\/files\/2023\/01\/Capture-decran-2023-01-25-a-23.03.12-1024x608.png 1024w, https:\/\/people.unil.ch\/isabellezinn\/files\/2023\/01\/Capture-decran-2023-01-25-a-23.03.12-300x178.png 300w, https:\/\/people.unil.ch\/isabellezinn\/files\/2023\/01\/Capture-decran-2023-01-25-a-23.03.12-768x456.png 768w, https:\/\/people.unil.ch\/isabellezinn\/files\/2023\/01\/Capture-decran-2023-01-25-a-23.03.12-1200x713.png 1200w, https:\/\/people.unil.ch\/isabellezinn\/files\/2023\/01\/Capture-decran-2023-01-25-a-23.03.12.png 1202w\" sizes=\"auto, (max-width: 1024px) 100vw, 1024px\" \/><\/a><\/figure>\n<\/div>\n\n\n\n<div class=\"wp-block-column is-layout-flow wp-block-column-is-layout-flow\" style=\"flex-basis:66.66%\">\n<p><\/p>\n\n\n\n<p style=\"font-size:17px\">Le Feuvre, Nicky, <strong>Zinn, Isabelle<\/strong> (2013), \u00ab&nbsp;Ambivalent Gender Accountability: Male Florists in the Swiss context&nbsp;\u00bb, <strong><em>Recherches sociologiques et anthropologiques<\/em><\/strong>, 44 (2), p. 21- 45, <a rel=\"noreferrer noopener\" href=\"https:\/\/rsa.revues.org\/1027\" target=\"_blank\">https:\/\/rsa.revues.org\/1027<\/a>. &nbsp; <\/p>\n<\/div>\n<\/div>\n\n\n\n<hr class=\"wp-block-separator has-alpha-channel-opacity\" \/>\n","protected":false},"excerpt":{"rendered":"<p>Nicky Le Feuvre, Val\u00e9rie Hugentobler, Maurice Avramito, Isabelle Zinn (in press), La r\u00e9forme des retraites&nbsp;: un r\u00e9v\u00e9lateur des tensions autour du r\u00e9gime de genre en Suisse, G\u00e9rontologie &amp; Soci\u00e9t\u00e9. Lanfranconi, Lucia, Zinn, Isabelle, Steinmetz, Stephanie, Fuchs, Gesine, Bornatici, Christina (2025) New Work \u2013 New Problems? Gender Perspectives on the Transformation of Work &#8211; Introduction to [&hellip;]<\/p>\n","protected":false},"author":1001119,"featured_media":0,"parent":0,"menu_order":0,"comment_status":"closed","ping_status":"closed","template":"templates\/template-cover.php","meta":{"_seopress_robots_primary_cat":"","_seopress_titles_title":"","_seopress_titles_desc":"","_seopress_robots_index":"","footnotes":""},"class_list":["post-225","page","type-page","status-publish"],"_links":{"self":[{"href":"https:\/\/people.unil.ch\/isabellezinn\/wp-json\/wp\/v2\/pages\/225","targetHints":{"allow":["GET"]}}],"collection":[{"href":"https:\/\/people.unil.ch\/isabellezinn\/wp-json\/wp\/v2\/pages"}],"about":[{"href":"https:\/\/people.unil.ch\/isabellezinn\/wp-json\/wp\/v2\/types\/page"}],"author":[{"embeddable":true,"href":"https:\/\/people.unil.ch\/isabellezinn\/wp-json\/wp\/v2\/users\/1001119"}],"replies":[{"embeddable":true,"href":"https:\/\/people.unil.ch\/isabellezinn\/wp-json\/wp\/v2\/comments?post=225"}],"version-history":[{"count":4,"href":"https:\/\/people.unil.ch\/isabellezinn\/wp-json\/wp\/v2\/pages\/225\/revisions"}],"predecessor-version":[{"id":1228,"href":"https:\/\/people.unil.ch\/isabellezinn\/wp-json\/wp\/v2\/pages\/225\/revisions\/1228"}],"wp:attachment":[{"href":"https:\/\/people.unil.ch\/isabellezinn\/wp-json\/wp\/v2\/media?parent=225"}],"curies":[{"name":"wp","href":"https:\/\/api.w.org\/{rel}","templated":true}]}}