{"id":228,"date":"2023-01-25T19:06:41","date_gmt":"2023-01-25T18:06:41","guid":{"rendered":"https:\/\/people.unil.ch\/isabellezinn\/?page_id=228"},"modified":"2024-05-03T09:53:17","modified_gmt":"2024-05-03T07:53:17","slug":"book-chapters","status":"publish","type":"page","link":"https:\/\/people.unil.ch\/isabellezinn\/book-chapters\/","title":{"rendered":"book chapters"},"content":{"rendered":"\n<p><\/p>\n\n\n\n<div class=\"wp-block-columns is-layout-flex wp-container-core-columns-is-layout-9d6595d7 wp-block-columns-is-layout-flex\">\n<div class=\"wp-block-column is-layout-flow wp-block-column-is-layout-flow\" style=\"flex-basis:33.33%\"><\/div>\n\n\n\n<div class=\"wp-block-column is-layout-flow wp-block-column-is-layout-flow\" style=\"flex-basis:66.66%\">\n<p style=\"font-size:17px\"><strong>Zinn, Isabelle<\/strong> (in press), \u201cComprendre le \u00ab travail bien fait \u00bb chez les fleuristes. Les \u00e9motions comme moteur de recherche et outil d\u2019investigation\u201d, <em>in<\/em> P. Cohen, A. Monjaret, E. R\u00e9my, O. Sirost, <em>Ethnographes engag\u00e9\u00b7es<\/em>, Rouen, Edition PURH.<\/p>\n<\/div>\n<\/div>\n\n\n\n<div class=\"wp-block-columns is-layout-flex wp-container-core-columns-is-layout-9d6595d7 wp-block-columns-is-layout-flex\">\n<div class=\"wp-block-column is-layout-flow wp-block-column-is-layout-flow\" style=\"flex-basis:33.33%\">\n<figure class=\"wp-block-image size-full\"><a href=\"https:\/\/www.elgaronline.com\/view\/book\/9781035323456\/9781035323456.xml\" target=\"_blank\" rel=\"noreferrer noopener\"><img alt=\"\" loading=\"lazy\" decoding=\"async\" width=\"530\" height=\"626\" src=\"https:\/\/people.unil.ch\/isabellezinn\/files\/2024\/05\/Capture-decran-2024-05-03-a-09.52.00.png\" alt=\"\" class=\"wp-image-1137\" srcset=\"https:\/\/people.unil.ch\/isabellezinn\/files\/2024\/05\/Capture-decran-2024-05-03-a-09.52.00.png 530w, https:\/\/people.unil.ch\/isabellezinn\/files\/2024\/05\/Capture-decran-2024-05-03-a-09.52.00-254x300.png 254w\" sizes=\"auto, (max-width: 530px) 100vw, 530px\" \/><\/a><\/figure>\n<\/div>\n\n\n\n<div class=\"wp-block-column is-layout-flow wp-block-column-is-layout-flow\" style=\"flex-basis:66.66%\">\n<p><\/p>\n\n\n\n<p><\/p>\n\n\n\n<p><\/p>\n\n\n\n<p><\/p>\n\n\n\n<p style=\"font-size:17px\"><strong>Zinn, Isabelle<\/strong>\u00a0&amp; Holzer, Adrian 2024,\u00a0&#8220;Blended\u00a0think-pair-share\u00a0with\u00a0SpeakUp\u00a0as\u00a0inclusive and\u00a0engaging\u00a0pedagogical\u00a0activity&#8221;, In\u00a0Cappiali, T. &amp; J.-P., Johanne:\u00a0<em>Promoting\u00a0Inclusion\u00a0and Justice in University Teaching,\u00a0<\/em>Edward Elgar Press (OA).\u00a0<\/p>\n\n\n\n<p><\/p>\n<\/div>\n<\/div>\n\n\n\n<div class=\"wp-block-columns is-layout-flex wp-container-core-columns-is-layout-9d6595d7 wp-block-columns-is-layout-flex\">\n<div class=\"wp-block-column is-layout-flow wp-block-column-is-layout-flow\" style=\"flex-basis:33.33%\">\n<figure class=\"wp-block-image size-full is-resized\"><a href=\"https:\/\/www.epflpress.org\/produit\/1468\/9782889155477\/c-est-qui-ton-chef\" target=\"_blank\" rel=\"noreferrer noopener\"><img alt=\"\" loading=\"lazy\" decoding=\"async\" width=\"452\" height=\"556\" src=\"https:\/\/people.unil.ch\/isabellezinn\/files\/2023\/09\/Capture-de\u0301cran-2023-09-16-a\u0300-07.33.47.png\" alt=\"\" class=\"wp-image-842\" style=\"width:137px;height:169px\" srcset=\"https:\/\/people.unil.ch\/isabellezinn\/files\/2023\/09\/Capture-de\u0301cran-2023-09-16-a\u0300-07.33.47.png 452w, https:\/\/people.unil.ch\/isabellezinn\/files\/2023\/09\/Capture-de\u0301cran-2023-09-16-a\u0300-07.33.47-244x300.png 244w\" sizes=\"auto, (max-width: 452px) 100vw, 452px\" \/><\/a><\/figure>\n<\/div>\n\n\n\n<div class=\"wp-block-column is-layout-flow wp-block-column-is-layout-flow\" style=\"flex-basis:66.66%\">\n<p><\/p>\n\n\n\n<p><\/p>\n\n\n\n<p><\/p>\n\n\n\n<p><\/p>\n\n\n\n<p><\/p>\n\n\n\n<p><\/p>\n\n\n\n<p style=\"font-size:17px\"><strong>Zinn, Isabelle<\/strong> (2023), \u00ab&nbsp;Portraits genr\u00e9s de l\u2019artiste et de l\u2019artisan fleuristes \u00bb, In Leresche, J.-P &amp; Sainsaulieu, I.: <em>C\u2019est qui ton chef&nbsp;?! Sociologie du leadership en Suisse, <\/em>Presses polytechniques et universitaires romandes (PPUR).<\/p>\n<\/div>\n<\/div>\n\n\n\n<div class=\"wp-block-columns is-layout-flex wp-container-core-columns-is-layout-9d6595d7 wp-block-columns-is-layout-flex\">\n<div class=\"wp-block-column is-layout-flow wp-block-column-is-layout-flow\" style=\"flex-basis:33.33%\">\n<figure class=\"wp-block-image size-full\"><a href=\"https:\/\/puq.ca\/catalogue\/livres\/maternites-academiques-pandemie-4263.html\" target=\"_blank\" rel=\"noreferrer noopener\"><img alt=\"\" loading=\"lazy\" decoding=\"async\" width=\"458\" height=\"364\" src=\"https:\/\/people.unil.ch\/isabellezinn\/files\/2023\/03\/Capture-decran-2023-03-20-a-20.20.36.png\" alt=\"\" class=\"wp-image-800\" srcset=\"https:\/\/people.unil.ch\/isabellezinn\/files\/2023\/03\/Capture-decran-2023-03-20-a-20.20.36.png 458w, https:\/\/people.unil.ch\/isabellezinn\/files\/2023\/03\/Capture-decran-2023-03-20-a-20.20.36-300x238.png 300w\" sizes=\"auto, (max-width: 458px) 100vw, 458px\" \/><\/a><\/figure>\n<\/div>\n\n\n\n<div class=\"wp-block-column is-layout-flow wp-block-column-is-layout-flow\" style=\"flex-basis:66.66%\">\n<p><\/p>\n\n\n\n<p><\/p>\n\n\n\n<p style=\"font-size:17px\">Ballif, Edm\u00e9e &amp; <strong>Zinn, Isabelle <\/strong>(2023), \u00ab&nbsp;Le travail Covid&nbsp;: pand\u00e9mie et in\u00e9galit\u00e9s en p\u00e9riode postdoctorale&nbsp;\u00bb, In A. Keyer-Verrault &amp; F. Pasche-Guignard (\u00e9ds), <em>Maternit\u00e9s acad\u00e9miques et pand\u00e9mie. Lieux, temps et r\u00e9seaux entre pressions et r\u00e9siliences, <\/em>Presses de l\u2019Universit\u00e9 du Qu\u00e9bec (PUQ), 71-98.<\/p>\n\n\n\n<blockquote class=\"wp-block-quote is-layout-flow wp-block-quote-is-layout-flow\">\n<p style=\"font-size:17px\">This book chapter has been shortlisted for the <a rel=\"noreferrer noopener\" href=\"https:\/\/www.gendercampus.ch\/en\/sags\/brigitte-schnegg-prize\" target=\"_blank\">Brigitte Schnegg Prize<\/a> 2023, an award to honor outstanding academic work in the field of gender studies in Switzerland contributing to social and political change. <\/p>\n<\/blockquote>\n<\/div>\n<\/div>\n\n\n\n<div class=\"wp-block-columns is-layout-flex wp-container-core-columns-is-layout-9d6595d7 wp-block-columns-is-layout-flex\">\n<div class=\"wp-block-column is-layout-flow wp-block-column-is-layout-flow\" style=\"flex-basis:33.33%\">\n<figure class=\"wp-block-image size-large is-resized\"><a href=\"https:\/\/www.seismoverlag.ch\/site\/assets\/files\/16875\/oa_9783037777787.pdf\" target=\"_blank\" rel=\"noreferrer noopener\"><img alt=\"\" loading=\"lazy\" decoding=\"async\" width=\"1024\" height=\"564\" src=\"https:\/\/people.unil.ch\/isabellezinn\/files\/2023\/01\/Capture-decran-2023-01-26-a-11.04.40-1024x564.png\" alt=\"\" class=\"wp-image-348\" style=\"width:190px;height:105px\" srcset=\"https:\/\/people.unil.ch\/isabellezinn\/files\/2023\/01\/Capture-decran-2023-01-26-a-11.04.40-1024x564.png 1024w, https:\/\/people.unil.ch\/isabellezinn\/files\/2023\/01\/Capture-decran-2023-01-26-a-11.04.40-300x165.png 300w, https:\/\/people.unil.ch\/isabellezinn\/files\/2023\/01\/Capture-decran-2023-01-26-a-11.04.40-768x423.png 768w, https:\/\/people.unil.ch\/isabellezinn\/files\/2023\/01\/Capture-decran-2023-01-26-a-11.04.40-1200x661.png 1200w, https:\/\/people.unil.ch\/isabellezinn\/files\/2023\/01\/Capture-decran-2023-01-26-a-11.04.40.png 1270w\" sizes=\"auto, (max-width: 1024px) 100vw, 1024px\" \/><\/a><\/figure>\n<\/div>\n\n\n\n<div class=\"wp-block-column is-layout-flow wp-block-column-is-layout-flow\" style=\"flex-basis:66.66%\">\n<p><\/p>\n\n\n\n<p><\/p>\n\n\n\n<p><\/p>\n\n\n\n<p><\/p>\n\n\n\n<p><\/p>\n\n\n\n<p style=\"font-size:17px\"><strong>Zinn, Isabelle<\/strong>, M. Canevascini, B. Spencer (2021), \u00ab&nbsp;Fathers and breastfeeding: between support and exclusion\u00bb, <em>Zeitdiagnose M\u00e4nnlichkeiten Schweiz, <\/em>Seismo Verlag.<\/p>\n<\/div>\n<\/div>\n\n\n\n<div class=\"wp-block-columns is-layout-flex wp-container-core-columns-is-layout-9d6595d7 wp-block-columns-is-layout-flex\">\n<div class=\"wp-block-column is-layout-flow wp-block-column-is-layout-flow\" style=\"flex-basis:33.33%\">\n<figure class=\"wp-block-image size-large is-resized\"><a href=\"https:\/\/brill.com\/display\/book\/edcoll\/9789004365056\/B9789004365056-s005.xml\" target=\"_blank\" rel=\"noreferrer noopener\"><img alt=\"\" loading=\"lazy\" decoding=\"async\" width=\"1024\" height=\"585\" src=\"https:\/\/people.unil.ch\/isabellezinn\/files\/2023\/01\/Capture-decran-2023-01-26-a-21.57.58-1024x585.png\" alt=\"\" class=\"wp-image-353\" style=\"width:236px;height:134px\" srcset=\"https:\/\/people.unil.ch\/isabellezinn\/files\/2023\/01\/Capture-decran-2023-01-26-a-21.57.58-1024x585.png 1024w, https:\/\/people.unil.ch\/isabellezinn\/files\/2023\/01\/Capture-decran-2023-01-26-a-21.57.58-300x172.png 300w, https:\/\/people.unil.ch\/isabellezinn\/files\/2023\/01\/Capture-decran-2023-01-26-a-21.57.58-768x439.png 768w, https:\/\/people.unil.ch\/isabellezinn\/files\/2023\/01\/Capture-decran-2023-01-26-a-21.57.58.png 1144w\" sizes=\"auto, (max-width: 1024px) 100vw, 1024px\" \/><\/a><\/figure>\n<\/div>\n\n\n\n<div class=\"wp-block-column is-layout-flow wp-block-column-is-layout-flow\" style=\"flex-basis:66.66%\">\n<p><\/p>\n\n\n\n<p style=\"font-size:17px\"><strong>Zinn, Isabelle<\/strong> (2018), \u201c<a rel=\"noreferrer noopener\" href=\"https:\/\/dx.doi.org\/10.1163\/9789004365056_005\" target=\"_blank\">Gendering the Workplace: Between Transgression and (De-)Naturalisation<\/a>\u201d, <em>in<\/em> E. Glapka (ed.), <em>Gender under Construction: Femininities and Masculinities in Context<\/em>, Leiden, Brill Publishing, 49-64.<\/p>\n<\/div>\n<\/div>\n\n\n\n<div class=\"wp-block-columns is-layout-flex wp-container-core-columns-is-layout-9d6595d7 wp-block-columns-is-layout-flex\">\n<div class=\"wp-block-column is-layout-flow wp-block-column-is-layout-flow\" style=\"flex-basis:33.33%\">\n<figure class=\"wp-block-image size-large is-resized\"><a href=\"https:\/\/vdf.ch\/manner-und-mannlichkeiten.html\" target=\"_blank\" rel=\"noreferrer noopener\"><img alt=\"\" loading=\"lazy\" decoding=\"async\" width=\"1024\" height=\"515\" src=\"https:\/\/people.unil.ch\/isabellezinn\/files\/2023\/01\/Capture-decran-2023-01-26-a-22.06.11-1024x515.png\" alt=\"\" class=\"wp-image-356\" style=\"width:231px;height:116px\" srcset=\"https:\/\/people.unil.ch\/isabellezinn\/files\/2023\/01\/Capture-decran-2023-01-26-a-22.06.11-1024x515.png 1024w, https:\/\/people.unil.ch\/isabellezinn\/files\/2023\/01\/Capture-decran-2023-01-26-a-22.06.11-300x151.png 300w, https:\/\/people.unil.ch\/isabellezinn\/files\/2023\/01\/Capture-decran-2023-01-26-a-22.06.11-768x386.png 768w, https:\/\/people.unil.ch\/isabellezinn\/files\/2023\/01\/Capture-decran-2023-01-26-a-22.06.11-1536x773.png 1536w, https:\/\/people.unil.ch\/isabellezinn\/files\/2023\/01\/Capture-decran-2023-01-26-a-22.06.11-1200x604.png 1200w, https:\/\/people.unil.ch\/isabellezinn\/files\/2023\/01\/Capture-decran-2023-01-26-a-22.06.11.png 1562w\" sizes=\"auto, (max-width: 1024px) 100vw, 1024px\" \/><\/a><\/figure>\n<\/div>\n\n\n\n<div class=\"wp-block-column is-layout-flow wp-block-column-is-layout-flow\" style=\"flex-basis:66.66%\">\n<p style=\"font-size:17px\">Jakoby, Nina; Liebig, Brigitte; Peitz, Martina; Schmid, Tina; <strong>Zinn, Isabelle<\/strong> (2014), \u00ab&nbsp;It\u2019s about time! M\u00e4nner und M\u00e4nnlichkeiten in den Disziplinen&nbsp;\u00bb, <em>in<\/em> Jakoby N., Liebig B., Peitz M., Schmid T., Zinn I. V. (eds.) <em>M\u00e4nner und M\u00e4nnlichkeiten. Disziplin\u00e4re Perspektiven<\/em>. Reihe Z\u00fcrcher Hochschulforum, Vdf (Hochschulverlag ETH Z\u00fcrich), 7-12.<\/p>\n<\/div>\n<\/div>\n\n\n\n<div class=\"wp-block-columns is-layout-flex wp-container-core-columns-is-layout-9d6595d7 wp-block-columns-is-layout-flex\">\n<div class=\"wp-block-column is-layout-flow wp-block-column-is-layout-flow\" style=\"flex-basis:33.33%\">\n<figure class=\"wp-block-image size-large is-resized\"><a href=\"\/\/dx.doi.org\/10.1163\/9781848881679_011 \u00a0\" target=\"_blank\" rel=\"noreferrer noopener\"><img alt=\"\" loading=\"lazy\" decoding=\"async\" width=\"1024\" height=\"578\" src=\"https:\/\/people.unil.ch\/isabellezinn\/files\/2023\/01\/Capture-decran-2023-01-26-a-22.09.09-1024x578.png\" alt=\"\" class=\"wp-image-358\" style=\"width:235px;height:132px\" srcset=\"https:\/\/people.unil.ch\/isabellezinn\/files\/2023\/01\/Capture-decran-2023-01-26-a-22.09.09-1024x578.png 1024w, https:\/\/people.unil.ch\/isabellezinn\/files\/2023\/01\/Capture-decran-2023-01-26-a-22.09.09-300x169.png 300w, https:\/\/people.unil.ch\/isabellezinn\/files\/2023\/01\/Capture-decran-2023-01-26-a-22.09.09-768x434.png 768w, https:\/\/people.unil.ch\/isabellezinn\/files\/2023\/01\/Capture-decran-2023-01-26-a-22.09.09-1200x677.png 1200w, https:\/\/people.unil.ch\/isabellezinn\/files\/2023\/01\/Capture-decran-2023-01-26-a-22.09.09.png 1208w\" sizes=\"auto, (max-width: 1024px) 100vw, 1024px\" \/><\/a><\/figure>\n<\/div>\n\n\n\n<div class=\"wp-block-column is-layout-flow wp-block-column-is-layout-flow\" style=\"flex-basis:66.66%\">\n<p style=\"font-size:17px\"><strong>Zinn, Isabelle<\/strong> (2013), <a href=\"https:\/\/dx.doi.org\/10.1163\/9781848881679_011\" target=\"_blank\" rel=\"noreferrer noopener\">Butchers, Florists and the Workplace: When and how does Gender matter?<\/a> In Katalin Kis, Aleah N. Ranjitsingh (eds.) <em>Violent and Vulnerable Performances: Challenging the Gender Boundaries of Masculinities and Femininities<\/em>, 99-111, Oxford: Inter-Disciplinary Press<a rel=\"noreferrer noopener\" href=\"https:\/\/dx.doi.org\/10.1163\/9781848881679_011\" target=\"_blank\">.<\/a><\/p>\n<\/div>\n<\/div>\n\n\n\n<div class=\"wp-block-columns is-layout-flex wp-container-core-columns-is-layout-9d6595d7 wp-block-columns-is-layout-flex\">\n<div class=\"wp-block-column is-layout-flow wp-block-column-is-layout-flow\" style=\"flex-basis:33.33%\">\n<figure class=\"wp-block-image size-full is-resized\"><img alt=\"\" loading=\"lazy\" decoding=\"async\" width=\"472\" height=\"314\" src=\"https:\/\/people.unil.ch\/isabellezinn\/files\/2023\/01\/Capture-decran-2023-01-26-a-22.15.16.png\" alt=\"\" class=\"wp-image-360\" style=\"width:234px;height:155px\" srcset=\"https:\/\/people.unil.ch\/isabellezinn\/files\/2023\/01\/Capture-decran-2023-01-26-a-22.15.16.png 472w, https:\/\/people.unil.ch\/isabellezinn\/files\/2023\/01\/Capture-decran-2023-01-26-a-22.15.16-300x200.png 300w\" sizes=\"auto, (max-width: 472px) 100vw, 472px\" \/><\/figure>\n<\/div>\n\n\n\n<div class=\"wp-block-column is-layout-flow wp-block-column-is-layout-flow\" style=\"flex-basis:66.66%\">\n<p><\/p>\n\n\n\n<p style=\"font-size:17px\"><strong>Zinn, Isabelle<\/strong> (2013), \u201c<em>Doing <\/em>and <em>undoing gender<\/em> at work: Managing masculinities in contrasting occupational settings<em>\u201d<\/em>, <em>in<\/em> K. Gregersdotter, N. Hallen (eds.), <em>Femininities and Masculinities in Action: On Theory and Practice in a Moving Field<\/em>, Oxford, Inter-Disciplinary Press, 175-196.<\/p>\n<\/div>\n<\/div>\n\n\n\n<div class=\"wp-block-columns is-layout-flex wp-container-core-columns-is-layout-9d6595d7 wp-block-columns-is-layout-flex\">\n<div class=\"wp-block-column is-layout-flow wp-block-column-is-layout-flow\" style=\"flex-basis:33.33%\">\n<figure class=\"wp-block-image size-full is-resized\"><img alt=\"\" loading=\"lazy\" decoding=\"async\" width=\"502\" height=\"490\" src=\"https:\/\/people.unil.ch\/isabellezinn\/files\/2023\/01\/Capture-decran-2023-01-26-a-22.17.50.png\" alt=\"\" class=\"wp-image-363\" style=\"width:228px;height:222px\" srcset=\"https:\/\/people.unil.ch\/isabellezinn\/files\/2023\/01\/Capture-decran-2023-01-26-a-22.17.50.png 502w, https:\/\/people.unil.ch\/isabellezinn\/files\/2023\/01\/Capture-decran-2023-01-26-a-22.17.50-300x293.png 300w\" sizes=\"auto, (max-width: 502px) 100vw, 502px\" \/><\/figure>\n<\/div>\n\n\n\n<div class=\"wp-block-column is-layout-flow wp-block-column-is-layout-flow\" style=\"flex-basis:66.66%\">\n<p><\/p>\n\n\n\n<p><\/p>\n\n\n\n<p><\/p>\n\n\n\n<p><\/p>\n\n\n\n<p style=\"font-size:17px\"><strong>Zinn, Isabelle, <\/strong>Zinn-Poget, Arthur (2013), \u00ab&nbsp;De la situation d\u2019enqu\u00eate \u00e0 la g\u00e9n\u00e9ralisation sociologique. R\u00e9flexion sur le statut des concepts chez Howard S. Becker&nbsp;\u00bb, <em>in<\/em> M. Perrenoud (ed.), <em>Les mondes pluriels de Howard S. Becker.<\/em> <em>Travail sociologique et sociologie du travail<\/em>, Paris, La D\u00e9couverte (\u00ab&nbsp;Recherches&nbsp;\u00bb), 167-183.<\/p>\n<\/div>\n<\/div>\n\n\n\n<hr class=\"wp-block-separator has-alpha-channel-opacity\" \/>\n\n\n\n<p><\/p>\n","protected":false},"excerpt":{"rendered":"<p>Zinn, Isabelle (in press), \u201cComprendre le \u00ab travail bien fait \u00bb chez les fleuristes. Les \u00e9motions comme moteur de recherche et outil d\u2019investigation\u201d, in P. Cohen, A. Monjaret, E. R\u00e9my, O. Sirost, Ethnographes engag\u00e9\u00b7es, Rouen, Edition PURH. Zinn, Isabelle\u00a0&amp; Holzer, Adrian 2024,\u00a0&#8220;Blended\u00a0think-pair-share\u00a0with\u00a0SpeakUp\u00a0as\u00a0inclusive and\u00a0engaging\u00a0pedagogical\u00a0activity&#8221;, In\u00a0Cappiali, T. &amp; J.-P., Johanne:\u00a0Promoting\u00a0Inclusion\u00a0and Justice in University Teaching,\u00a0Edward Elgar Press (OA).\u00a0 [&hellip;]<\/p>\n","protected":false},"author":1001119,"featured_media":0,"parent":0,"menu_order":0,"comment_status":"closed","ping_status":"closed","template":"templates\/template-cover.php","meta":{"_seopress_robots_primary_cat":"","_seopress_titles_title":"","_seopress_titles_desc":"","_seopress_robots_index":"","footnotes":""},"class_list":["post-228","page","type-page","status-publish"],"_links":{"self":[{"href":"https:\/\/people.unil.ch\/isabellezinn\/wp-json\/wp\/v2\/pages\/228","targetHints":{"allow":["GET"]}}],"collection":[{"href":"https:\/\/people.unil.ch\/isabellezinn\/wp-json\/wp\/v2\/pages"}],"about":[{"href":"https:\/\/people.unil.ch\/isabellezinn\/wp-json\/wp\/v2\/types\/page"}],"author":[{"embeddable":true,"href":"https:\/\/people.unil.ch\/isabellezinn\/wp-json\/wp\/v2\/users\/1001119"}],"replies":[{"embeddable":true,"href":"https:\/\/people.unil.ch\/isabellezinn\/wp-json\/wp\/v2\/comments?post=228"}],"version-history":[{"count":0,"href":"https:\/\/people.unil.ch\/isabellezinn\/wp-json\/wp\/v2\/pages\/228\/revisions"}],"wp:attachment":[{"href":"https:\/\/people.unil.ch\/isabellezinn\/wp-json\/wp\/v2\/media?parent=228"}],"curies":[{"name":"wp","href":"https:\/\/api.w.org\/{rel}","templated":true}]}}