{"id":859,"date":"2023-09-16T08:59:45","date_gmt":"2023-09-16T06:59:45","guid":{"rendered":"https:\/\/people.unil.ch\/isabellezinn\/?page_id=859"},"modified":"2025-05-09T14:29:37","modified_gmt":"2025-05-09T12:29:37","slug":"journal-special-issues","status":"publish","type":"page","link":"https:\/\/people.unil.ch\/isabellezinn\/journal-special-issues\/","title":{"rendered":"special issue editorships"},"content":{"rendered":"\n<p><\/p>\n\n\n\n<div class=\"wp-block-columns is-layout-flex wp-container-core-columns-is-layout-9d6595d7 wp-block-columns-is-layout-flex\">\n<div class=\"wp-block-column is-layout-flow wp-block-column-is-layout-flow\" style=\"flex-basis:33.33%\">\n<figure class=\"wp-block-image size-large\"><a href=\"https:\/\/www.socio-journal.ch\/article\/view\/6962\"><img loading=\"lazy\" decoding=\"async\" width=\"1024\" height=\"342\" src=\"https:\/\/people.unil.ch\/isabellezinn\/files\/2025\/05\/capture-decran-2025-05-09-a-14.26.56-1024x342.png\" alt=\"capture d\u2019e\u0301cran 2025 05 09 a\u0300 14.26.56\" class=\"wp-image-1214\" srcset=\"https:\/\/people.unil.ch\/isabellezinn\/files\/2025\/05\/capture-decran-2025-05-09-a-14.26.56-1024x342.png 1024w, https:\/\/people.unil.ch\/isabellezinn\/files\/2025\/05\/capture-decran-2025-05-09-a-14.26.56-300x100.png 300w, https:\/\/people.unil.ch\/isabellezinn\/files\/2025\/05\/capture-decran-2025-05-09-a-14.26.56-768x256.png 768w, https:\/\/people.unil.ch\/isabellezinn\/files\/2025\/05\/capture-decran-2025-05-09-a-14.26.56-1536x513.png 1536w, https:\/\/people.unil.ch\/isabellezinn\/files\/2025\/05\/capture-decran-2025-05-09-a-14.26.56-1200x400.png 1200w, https:\/\/people.unil.ch\/isabellezinn\/files\/2025\/05\/capture-decran-2025-05-09-a-14.26.56.png 1714w\" sizes=\"auto, (max-width: 1024px) 100vw, 1024px\" \/><\/a><\/figure>\n<\/div>\n\n\n\n<div class=\"wp-block-column is-layout-flow wp-block-column-is-layout-flow\" style=\"flex-basis:66.66%\">\n<p>2025, New work, new problems? Gender Perspectives on the Transformation of Work, Special Issue <strong><em>Swiss Journal of Sociology<\/em><\/strong>, co-edition I. Zinn, L. Lanfranconi, S. Steinmetz, G. Fuchs, C. Bornatici, M. Peitz, <a href=\"https:\/\/www.socio-journal.ch\/issue\/view\/606\">https:\/\/www.socio-journal.ch\/issue\/view\/606<\/a>. <\/p>\n<\/div>\n<\/div>\n\n\n\n<div class=\"wp-block-columns is-layout-flex wp-container-core-columns-is-layout-9d6595d7 wp-block-columns-is-layout-flex\">\n<div class=\"wp-block-column is-layout-flow wp-block-column-is-layout-flow\" style=\"flex-basis:33.33%\">\n<figure class=\"wp-block-image size-full\"><a href=\"https:\/\/www.cairn.info\/revue-gerontologie-et-societe-2023-3.htm\" target=\"_blank\" rel=\"noreferrer noopener\"><img alt=\"\" loading=\"lazy\" decoding=\"async\" width=\"384\" height=\"562\" src=\"https:\/\/people.unil.ch\/isabellezinn\/files\/2023\/12\/Capture-de\u0301cran-2023-12-15-a\u0300-11.00.24.png\" alt=\"\" class=\"wp-image-1086\" srcset=\"https:\/\/people.unil.ch\/isabellezinn\/files\/2023\/12\/Capture-de\u0301cran-2023-12-15-a\u0300-11.00.24.png 384w, https:\/\/people.unil.ch\/isabellezinn\/files\/2023\/12\/Capture-de\u0301cran-2023-12-15-a\u0300-11.00.24-205x300.png 205w\" sizes=\"auto, (max-width: 384px) 100vw, 384px\" \/><\/a><\/figure>\n<\/div>\n\n\n\n<div class=\"wp-block-column is-layout-flow wp-block-column-is-layout-flow\" style=\"flex-basis:66.66%\">\n<p><\/p>\n\n\n\n<p><\/p>\n\n\n\n<p>2023, <a href=\"https:\/\/www.cairn.info\/revue-gerontologie-et-societe-2023-3.htm\" target=\"_blank\" rel=\"noreferrer noopener\">\u201cDiversification des m\u00e9tiers de l\u2019aide et de l\u2019accompagnement :&nbsp;entre reconnaissance et invisibilit\u00e9\u201d<\/a>, Special issue <strong><em>G\u00e9rontologie et soci\u00e9t\u00e9<\/em><\/strong>, co-edition V. Hugentobler,<strong> <\/strong>I. Zinn.<\/p>\n<\/div>\n<\/div>\n\n\n\n<div class=\"wp-block-columns is-layout-flex wp-container-core-columns-is-layout-9d6595d7 wp-block-columns-is-layout-flex\">\n<div class=\"wp-block-column is-layout-flow wp-block-column-is-layout-flow\" style=\"flex-basis:33.33%\">\n<figure class=\"wp-block-image size-full is-resized\"><a href=\"https:\/\/www.cairn.info\/revue-nouvelles-questions-feministes-2021-1.htm\" target=\"_blank\" rel=\"noreferrer noopener\"><img alt=\"\" loading=\"lazy\" decoding=\"async\" width=\"396\" height=\"592\" src=\"https:\/\/people.unil.ch\/isabellezinn\/files\/2023\/12\/Capture-de\u0301cran-2023-12-15-a\u0300-10.55.47.png\" alt=\"\" class=\"wp-image-1079\" style=\"width:157px;height:auto\" srcset=\"https:\/\/people.unil.ch\/isabellezinn\/files\/2023\/12\/Capture-de\u0301cran-2023-12-15-a\u0300-10.55.47.png 396w, https:\/\/people.unil.ch\/isabellezinn\/files\/2023\/12\/Capture-de\u0301cran-2023-12-15-a\u0300-10.55.47-201x300.png 201w\" sizes=\"auto, (max-width: 396px) 100vw, 396px\" \/><\/a><\/figure>\n<\/div>\n\n\n\n<div class=\"wp-block-column is-layout-flow wp-block-column-is-layout-flow\" style=\"flex-basis:66.66%\">\n<p><\/p>\n\n\n\n<p><\/p>\n\n\n\n<p>2021, <a href=\"https:\/\/www.cairn.info\/revue-nouvelles-questions-feministes-2021-1.htm\" target=\"_blank\" rel=\"noreferrer noopener\">\u201cAllaiter\u201d<\/a>, Special issue <strong><em>Nouvelles Questions f\u00e9ministes<\/em><\/strong> (NQF), co-edition M. Modak, A. Heiniger and C. Palazzo, I. Zinn.<\/p>\n<\/div>\n<\/div>\n\n\n\n<div class=\"wp-block-columns is-layout-flex wp-container-core-columns-is-layout-9d6595d7 wp-block-columns-is-layout-flex\">\n<div class=\"wp-block-column is-layout-flow wp-block-column-is-layout-flow\" style=\"flex-basis:33.33%\">\n<figure class=\"wp-block-image size-full is-resized\"><a href=\"https:\/\/journals.openedition.org\/sociologies\/16768\" target=\"_blank\" rel=\"noreferrer noopener\"><img alt=\"\" loading=\"lazy\" decoding=\"async\" width=\"874\" height=\"304\" src=\"https:\/\/people.unil.ch\/isabellezinn\/files\/2023\/12\/Capture-de\u0301cran-2023-12-15-a\u0300-10.53.37.png\" alt=\"\" class=\"wp-image-1075\" style=\"width:213px;height:auto\" srcset=\"https:\/\/people.unil.ch\/isabellezinn\/files\/2023\/12\/Capture-de\u0301cran-2023-12-15-a\u0300-10.53.37.png 874w, https:\/\/people.unil.ch\/isabellezinn\/files\/2023\/12\/Capture-de\u0301cran-2023-12-15-a\u0300-10.53.37-300x104.png 300w, https:\/\/people.unil.ch\/isabellezinn\/files\/2023\/12\/Capture-de\u0301cran-2023-12-15-a\u0300-10.53.37-768x267.png 768w\" sizes=\"auto, (max-width: 874px) 100vw, 874px\" \/><\/a><\/figure>\n<\/div>\n\n\n\n<div class=\"wp-block-column is-layout-flow wp-block-column-is-layout-flow\" style=\"flex-basis:66.66%\">\n<p>2017, <a href=\"https:\/\/sociologies.revues.org\/6431\" target=\"_blank\" rel=\"noreferrer noopener\">\u00ab&nbsp;L\u2019enqu\u00eate ethnographique en mouvement&nbsp;: circulation et combinaison des sites de recherche&nbsp;\u00bb<\/a>, Special issue <strong><em>SociologieS<\/em><\/strong>, co-edition M. Meyer, A. Perrot, I. Zinn.<\/p>\n<\/div>\n<\/div>\n\n\n\n<p><\/p>\n","protected":false},"excerpt":{"rendered":"<p>2025, New work, new problems? Gender Perspectives on the Transformation of Work, Special Issue Swiss Journal of Sociology, co-edition I. Zinn, L. Lanfranconi, S. Steinmetz, G. Fuchs, C. Bornatici, M. Peitz, https:\/\/www.socio-journal.ch\/issue\/view\/606. 2023, \u201cDiversification des m\u00e9tiers de l\u2019aide et de l\u2019accompagnement :&nbsp;entre reconnaissance et invisibilit\u00e9\u201d, Special issue G\u00e9rontologie et soci\u00e9t\u00e9, co-edition V. Hugentobler, I. Zinn. [&hellip;]<\/p>\n","protected":false},"author":1001119,"featured_media":0,"parent":0,"menu_order":0,"comment_status":"closed","ping_status":"closed","template":"templates\/template-cover.php","meta":{"_seopress_robots_primary_cat":"","_seopress_titles_title":"","_seopress_titles_desc":"","_seopress_robots_index":"","footnotes":""},"class_list":["post-859","page","type-page","status-publish"],"_links":{"self":[{"href":"https:\/\/people.unil.ch\/isabellezinn\/wp-json\/wp\/v2\/pages\/859","targetHints":{"allow":["GET"]}}],"collection":[{"href":"https:\/\/people.unil.ch\/isabellezinn\/wp-json\/wp\/v2\/pages"}],"about":[{"href":"https:\/\/people.unil.ch\/isabellezinn\/wp-json\/wp\/v2\/types\/page"}],"author":[{"embeddable":true,"href":"https:\/\/people.unil.ch\/isabellezinn\/wp-json\/wp\/v2\/users\/1001119"}],"replies":[{"embeddable":true,"href":"https:\/\/people.unil.ch\/isabellezinn\/wp-json\/wp\/v2\/comments?post=859"}],"version-history":[{"count":3,"href":"https:\/\/people.unil.ch\/isabellezinn\/wp-json\/wp\/v2\/pages\/859\/revisions"}],"predecessor-version":[{"id":1216,"href":"https:\/\/people.unil.ch\/isabellezinn\/wp-json\/wp\/v2\/pages\/859\/revisions\/1216"}],"wp:attachment":[{"href":"https:\/\/people.unil.ch\/isabellezinn\/wp-json\/wp\/v2\/media?parent=859"}],"curies":[{"name":"wp","href":"https:\/\/api.w.org\/{rel}","templated":true}]}}