{"id":22,"date":"2013-09-17T18:30:16","date_gmt":"2013-09-17T16:30:16","guid":{"rendered":"http:\/\/people.unil.ch\/jeromejacquin\/?page_id=22"},"modified":"2022-09-01T12:01:11","modified_gmt":"2022-09-01T10:01:11","slug":"academic","status":"publish","type":"page","link":"https:\/\/people.unil.ch\/jeromejacquin\/academic\/","title":{"rendered":"Academic"},"content":{"rendered":"<p><strong>Conference organization<\/strong><\/p>\n<table border=\"0\" cellspacing=\"0\" cellpadding=\"0\">\n<tbody>\n<tr>\n<td valign=\"top\" width=\"102\">2023<\/td>\n<td valign=\"top\" width=\"380\"><strong>Knowledge in Talk-in-Interaction \u2013 KNOWINT 2023<\/strong>.<\/td>\n<\/tr>\n<tr>\n<td valign=\"top\" width=\"102\">2022<\/td>\n<td valign=\"top\" width=\"380\"><strong>12th Day of Swiss Linguistics<\/strong>.<\/td>\n<\/tr>\n<tr>\n<td valign=\"top\" width=\"102\">2022<\/td>\n<td valign=\"top\" width=\"380\"><strong>Doctoral School<\/strong>&nbsp;<em><strong>Quelle place pour la variation sociolinguistique dans les donn\u00e9es r\u00e9colt\u00e9es empiriquement?<\/strong>.<\/em><br \/>\nPlenary speakers: Jean-Pierre Chevrot, Jean-Marc Dewaele<\/td>\n<\/tr>\n<tr>\n<td valign=\"top\" width=\"102\">2021<\/td>\n<td valign=\"top\" width=\"380\"><strong>3rd International Conference<\/strong>&nbsp;<em><strong>Argumentation &amp; Language<\/strong>.<\/em><br \/>\nPlenary speakers: Henrike Jansen, Chris Reed, Andrea Rocci, Sandrine Zufferey. University of Neuch\u00e2tel<\/td>\n<\/tr>\n<tr>\n<td valign=\"top\" width=\"102\">2021<\/td>\n<td valign=\"top\" width=\"380\"><strong>Doctoral School<\/strong>&nbsp;<em><strong>Combining Corpus and Experimental Data in Linguistics<\/strong>.<\/em><br \/>\nSpeakers: Ga\u00ebtanelle Gilquin, Ludivine Crible. University of Bern<\/td>\n<\/tr>\n<tr>\n<td valign=\"top\" width=\"102\">2021<\/td>\n<td valign=\"top\" width=\"380\"><strong>PragmatiCHs: Round table <em>Swiss pragmatics: past, present, future<\/em><\/strong><em><em>&nbsp;.<\/em><br \/>\nSpeakers: CAndreas H. Jucker, Miriam Locher, Didier Maillat, Lorenza Mondada, Simona Pekarek Doehler, Andrea Rocci, Corinne Rossari, Louis de Saussure, Anja Stukenbrock. [on line]<\/em><\/td>\n<\/tr>\n<tr>\n<td valign=\"top\" width=\"102\">2020<\/td>\n<td valign=\"top\" width=\"380\"><strong>International SNF Workshop<\/strong>&nbsp;<em><strong>Rep\u00e9rage, segmentation et cat\u00e9gorisation des marqueurs \u00e9pist\u00e9miques dans le fran\u00e7ais-en-interaction<\/strong>.<\/em><br \/>\nSpeakers: Carole Etienne, Olivier Kraif, Johanna Miecznikowski, Paola Pietrandrea, Agn\u00e8s Tutin. University of Lausanne<\/td>\n<\/tr>\n<tr>\n<td valign=\"top\" width=\"102\">2020<\/td>\n<td valign=\"top\" width=\"380\"><strong>Doctoral School<\/strong>&nbsp;<em><strong>Identifier et analyser l\u2019argumentation dans les textes et les interactions : approches pluridisciplinairess<\/strong>.<\/em><br \/>\nSpeakers: Marianne Doury, Maarten van Leeuwen, Johanna Miecznikowski, Steve Oswald. University of Lausanne<\/td>\n<\/tr>\n<tr>\n<td valign=\"top\" width=\"102\">2020<\/td>\n<td valign=\"top\" width=\"380\"><strong>International Workshop<\/strong>&nbsp;<em><strong>Rethinking Pragmatics: Context, Intention, Data<\/strong>.<\/em><br \/>\nSpeakers: Stavros Assimakopoulos, Geert Br\u00f4ne, Arnulf Deppermann et Marina Terkourafi. University of Bern<\/td>\n<\/tr>\n<tr>\n<td valign=\"top\" width=\"102\">2019<\/td>\n<td valign=\"top\" width=\"380\"><strong>Doctoral School<\/strong>&nbsp;<em><strong>R\u00e9colter, exploiter et diffuser des donn\u00e9es empiriques : aspects \u00e9thiques et m\u00e9thodologiques<\/strong>.<\/em><br \/>\nSpeakers: Mathieu Avanzi, Emilie Jouin-Chardon, V\u00e9ronique Traverso. University of Bern<\/td>\n<\/tr>\n<tr>\n<td valign=\"top\" width=\"102\">2018<\/td>\n<td valign=\"top\" width=\"380\"><strong>International Workshop<\/strong>&nbsp;<em><strong>Indexicality. Challenges from a multimodal perspective<\/strong>.<\/em><br \/>\nSpeakers: Peter Auer, Michel de Fornel, Arnulf Deppermann, J\u00e9r\u00f4me Jacquin, Lorenza Mondada, Simona Pekarek Doehler, Anja Stukenbrock. University of Lugano<\/td>\n<\/tr>\n<tr>\n<td valign=\"top\" width=\"102\">2018<\/td>\n<td valign=\"top\" width=\"380\"><strong>2nd International Conference<\/strong>&nbsp;<em><strong>Argumentation &amp; Language<\/strong>.<\/em><br \/>\nPlenary speakers: Jeanne Fahnestock, Ton van Haaften, Christian Plantin, Manfred Stede. University of Lugano<\/td>\n<\/tr>\n<tr>\n<td valign=\"top\" width=\"102\">2015<\/td>\n<td valign=\"top\" width=\"380\"><strong>International Conference<\/strong>&nbsp;<em><strong>Argumentation &amp; Language<\/strong>.? Linguistic markers, discursive processes, cognitive operations<\/em> Plenary speakers: Ruth Amossy, Marianne Doury, Hugo Mercier, Francisca Snoeck Henkemans, Douglas Walton. University of Lausanne<\/td>\n<\/tr>\n<\/tbody>\n<tbody>\n<tr>\n<td valign=\"top\" width=\"102\">2013<\/td>\n<td valign=\"top\" width=\"380\"><strong>Study Days <\/strong><i><strong>Le niveau m\u00e9so-interactionnel<\/strong><br \/>\n<\/i>Plenary speakers: Laurent Gajo, Laurent Filliettaz, Lorenza Mondada, V\u00e9ronique Traverso. University of Lausanne<\/td>\n<\/tr>\n<tr>\n<td valign=\"top\" width=\"102\">2013<\/td>\n<td valign=\"top\" width=\"380\"><strong>Study Days <i>Les Probl\u00e8mes du texte<\/i><\/strong><br \/>\nPlenary speakers: Marie-Anne Paveau, Jean-Marie Viprey. University of Lausanne<\/td>\n<\/tr>\n<tr>\n<td valign=\"top\" width=\"102\">2012<\/td>\n<td valign=\"top\" width=\"380\"><strong>International Conference&nbsp;<i>VALS-ASLA 2012<\/i><\/strong><br \/>\nPlenary speakers: V\u00e9ronique Castellotti,&nbsp;Steven Clayman,&nbsp;Johannes Fehr,&nbsp;Daniel Perrin,&nbsp;Celia Roberts,&nbsp;Jean-Claude Usunier. University of Lausanne<\/td>\n<\/tr>\n<tr>\n<td valign=\"top\" width=\"102\">2010<\/td>\n<td valign=\"top\" width=\"380\"><strong>Study Days <i>Fran\u00e7ais et m\u00e9dias<\/i> (XIIIe Sommet de la Francophonie)<\/strong><br \/>\nPlenary speakers:&nbsp;Patrick Charaudeau, Catherine Kerbrat-Orecchioni, Alice Krieg-Planque, Pascal Marchand, Alain Rabatel, Fran\u00e7oise Revaz. University of Lausanne<\/td>\n<\/tr>\n<tr>\n<td valign=\"top\" width=\"102\">2009<\/td>\n<td valign=\"top\" width=\"380\"><strong>International Conference&nbsp;<i>Le fran\u00e7ais parl\u00e9 dans les medias<\/i>.<\/strong><br \/>\nPlenary speakers: Jean-Michel Adam, Mathias Broth, Patrice Flichy,&nbsp;Alice Krieg-Planque, Guylaine Martel, Erik Neveu, Daniel Perrin,&nbsp;Fran\u00e7oise Revaz. University of Lausanne<\/td>\n<\/tr>\n<\/tbody>\n<\/table>\n<h1>&nbsp;Reviews<\/h1>\n<table border=\"0\" width=\"482\" cellspacing=\"0\" cellpadding=\"0\">\n<tbody>\n<tr>\n<td valign=\"top\" width=\"102\">2022<\/td>\n<td valign=\"top\" width=\"380\"><strong>Member of&nbsp;the international scientific committee<\/strong> of the 4th&nbsp;<i>European Conference on Argumentation:&nbsp;The cognitive dimension of social argumentation<\/i> (University of Roma).<\/td>\n<\/tr>\n<tr>\n<td valign=\"top\" width=\"102\">2021<\/td>\n<td valign=\"top\" width=\"380\"><strong>External reviewer<\/strong> for <i>UGA \u00c9ditions (Universit\u00e9 Grenoble Alpes)<\/i>.<\/td>\n<\/tr>\n<tr>\n<td valign=\"top\" width=\"102\">2021<\/td>\n<td valign=\"top\" width=\"380\"><strong>Member of&nbsp;the international scientific committee<\/strong> of the International conference <i>Argumentation &amp; Language<\/i> (University of Neuch\u00e2tel).<\/td>\n<\/tr>\n<tr>\n<td valign=\"top\" width=\"102\">2020<\/td>\n<td valign=\"top\" width=\"380\"><strong>External reviewer<\/strong> for <i>Journal of Pragmatics<\/i>.<\/td>\n<\/tr>\n<tr>\n<td valign=\"top\" width=\"102\">2020<\/td>\n<td valign=\"top\" width=\"380\"><strong>External reviewer<\/strong> for <i>Discourse Processes<\/i>.<\/td>\n<\/tr>\n<tr>\n<td valign=\"top\" width=\"102\">2020<\/td>\n<td valign=\"top\" width=\"380\"><strong>External reviewer<\/strong> for <i>Bulletin Vals-Asla<\/i>.<\/td>\n<\/tr>\n<tr>\n<td valign=\"top\" width=\"102\">2020<\/td>\n<td valign=\"top\" width=\"380\"><strong>External reviewer<\/strong> for <i>Text &amp; Talk: An Interdisciplinary Journal of Language, Discourse &amp; Communication Studies<\/i>.<\/td>\n<\/tr>\n<tr>\n<td valign=\"top\" width=\"102\">2019<\/td>\n<td valign=\"top\" width=\"380\"><strong>Member of&nbsp;the international scientific committee<\/strong> of the&nbsp;<i>International Conference VALS-ASLA 2020 : Applied Linguistics in the Digital Age<\/i> (University of Neuch\u00e2tel).<\/td>\n<\/tr>\n<tr>\n<td valign=\"top\" width=\"102\">2019<\/td>\n<td valign=\"top\" width=\"380\"><strong>Member of&nbsp;the international scientific committee<\/strong> of the&nbsp;<i>International Conference &#8220;Oral \/\u00e9crit. Quelle place dans les mod\u00e8les linguistiques?<\/i> (University of Lausanne).<\/td>\n<\/tr>\n<tr>\n<td valign=\"top\" width=\"102\">2018<\/td>\n<td valign=\"top\" width=\"380\"><strong>Reviewer<\/strong> for <i>the Swiss National Science Foundation<\/i>.<\/td>\n<\/tr>\n<tr>\n<td valign=\"top\" width=\"102\">2018<\/td>\n<td valign=\"top\" width=\"380\"><strong>External reviewer<\/strong> for <i>ACH (Association for Computers and the Humanities) 2018 Conference<\/i> (University of Pittsburgh).<\/td>\n<\/tr>\n<tr>\n<td valign=\"top\" width=\"102\">2018<\/td>\n<td valign=\"top\" width=\"380\"><strong>Member of&nbsp;the international scientific committee<\/strong> of the 3rd&nbsp;<i>European Conference on Argumentation:&nbsp;Reason to dissent<\/i> (University of Groningen).<\/td>\n<\/tr>\n<tr>\n<td valign=\"top\" width=\"102\">2018<\/td>\n<td valign=\"top\" width=\"380\"><strong>External reviewer<\/strong> for <i>Communication<\/i>.<\/td>\n<\/tr>\n<tr>\n<td valign=\"top\" width=\"102\">2017<\/td>\n<td valign=\"top\" width=\"380\"><strong>External reviewer<\/strong> for <i>Revue Fran\u00e7aise de Linguistique Appliqu\u00e9e<\/i>.<\/td>\n<\/tr>\n<tr>\n<td valign=\"top\" width=\"102\">2017<\/td>\n<td valign=\"top\" width=\"380\"><strong>External reviewer<\/strong> for <i>TRANEL <\/i>(<i>Travaux neuch\u00e2telois de linguistique<\/i>).<\/td>\n<\/tr>\n<tr>\n<td valign=\"top\" width=\"102\">2016<\/td>\n<td valign=\"top\" width=\"380\"><strong>External reviewer<\/strong> for <i>SociologieS<\/i>.<\/td>\n<\/tr>\n<tr>\n<td valign=\"top\" width=\"102\">2016<\/td>\n<td valign=\"top\" width=\"380\"><strong>External reviewer<\/strong> for <i>TRANEL <\/i>(<i>Travaux neuch\u00e2telois de linguistique<\/i>).<\/td>\n<\/tr>\n<tr>\n<td valign=\"top\" width=\"102\">2016<\/td>\n<td valign=\"top\" width=\"380\"><strong>Member of&nbsp;the international scientific committee<\/strong> of the 2nd&nbsp;<i>European Conference on Argumentation:&nbsp;Argumentation and&nbsp;Inference<\/i> (University of Fribourg).<\/td>\n<\/tr>\n<tr>\n<td valign=\"top\" width=\"102\">2015<\/td>\n<td valign=\"top\" width=\"380\"><strong>External reviewer<\/strong>&nbsp;for <em>Mots. Les langages du politique<\/em>).<\/td>\n<\/tr>\n<tr>\n<td valign=\"top\" width=\"102\">2015<\/td>\n<td valign=\"top\" width=\"380\"><strong>External reviewer<\/strong>&nbsp;for <em>Studies in Communication Sciences<\/em>).<\/td>\n<\/tr>\n<tr>\n<td valign=\"top\" width=\"102\">2015<\/td>\n<td valign=\"top\" width=\"380\"><strong>External reviewer<\/strong>&nbsp;for <em>Argumentation et Analyse du discours<\/em>).<\/td>\n<\/tr>\n<tr>\n<td valign=\"top\" width=\"102\">2015<\/td>\n<td valign=\"top\" width=\"380\"><strong>Member of&nbsp;the international scientific committee<\/strong> of the International conference <i>Argumentation &amp; Language<\/i> (University of Lausanne).<\/td>\n<\/tr>\n<tr>\n<td valign=\"top\" width=\"102\">2015<\/td>\n<td valign=\"top\" width=\"380\"><strong>Member of&nbsp;the international scientific committee<\/strong> of the International conference <i>Les masques du discours : traces langagi\u00e8res et socio-culturelles<\/i> (University of Dokuz Eyl\u00fcl-Izmir).<\/td>\n<\/tr>\n<tr>\n<td valign=\"top\" width=\"102\">2014<\/td>\n<td valign=\"top\" width=\"380\"><strong>External reviewer<\/strong>&nbsp;for <em>RICSP <\/em>(<em>Revue internationale de communication sociale et publique<\/em>).<\/td>\n<\/tr>\n<tr>\n<td valign=\"top\" width=\"102\">2014<\/td>\n<td valign=\"top\" width=\"380\"><strong>External reviewer<\/strong>&nbsp;for <em>Semiotica <\/em>(<em>Journal of the International Association for Semiotic Studies<\/em>).<\/td>\n<\/tr>\n<tr>\n<td valign=\"top\" width=\"102\">2014<\/td>\n<td valign=\"top\" width=\"380\"><strong>Member of&nbsp;the international scientific committee<\/strong> of the <i>4th International conference Applied Linguistics and Professional Practice <\/i>(ALAPP 2014) (University of Geneva).<\/td>\n<\/tr>\n<tr>\n<td valign=\"top\" width=\"102\">2013<\/td>\n<td valign=\"top\" width=\"380\"><strong>External reviewer<\/strong> for <i>TRANEL <\/i>(<i>Travaux neuch\u00e2telois de linguistique<\/i>).<\/td>\n<\/tr>\n<tr>\n<td valign=\"top\" width=\"102\">2013<\/td>\n<td valign=\"top\" width=\"380\"><strong>External reviewer<\/strong> for the <i>Social Sciences and Humanities Research Council of Canada<\/i> (SSHRC).<b><\/b><\/td>\n<\/tr>\n<tr>\n<td valign=\"top\" width=\"102\">2012<\/td>\n<td valign=\"top\" width=\"380\"><strong>Member of&nbsp;the scientific committee<\/strong> of the VALS-ASLA meeting.<\/td>\n<\/tr>\n<tr>\n<td valign=\"top\" width=\"102\">2009<\/td>\n<td valign=\"top\" width=\"380\"><strong>Member of&nbsp;the international scientific committee<\/strong> of the conference <i>Le fran\u00e7ais parl\u00e9 dans les m\u00e9dias \u2013 les m\u00e9dias et le politique<\/i>.<b><\/b><\/td>\n<\/tr>\n<\/tbody>\n<\/table>\n<h1>Awards<\/h1>\n<table border=\"0\" width=\"482\" cellspacing=\"0\" cellpadding=\"0\">\n<tbody>\n<tr>\n<td valign=\"top\" width=\"102\">2016<\/td>\n<td valign=\"top\" width=\"380\">SNF Ambizione fellowship<\/td>\n<\/tr>\n<tr>\n<td valign=\"top\" width=\"102\">2014<\/td>\n<td valign=\"top\" width=\"380\">SNF Early.Postdoc Mobility fellowship<\/td>\n<\/tr>\n<tr>\n<td valign=\"top\" width=\"102\">2014<\/td>\n<td valign=\"top\" width=\"380\">Shortlisted for the Paul Fortier Prize<\/td>\n<\/tr>\n<tr>\n<td valign=\"top\" width=\"102\">2013<\/td>\n<td valign=\"top\" width=\"380\">Shortlisted for the Prix de la Soci\u00e9t\u00e9 Acad\u00e9mique Vaudoise<\/td>\n<\/tr>\n<tr>\n<td valign=\"top\" width=\"102\">2013<\/td>\n<td valign=\"top\" width=\"380\">Faculty Award (PhD)<\/td>\n<\/tr>\n<tr>\n<td valign=\"top\" width=\"102\">2008<\/td>\n<td valign=\"top\" width=\"380\">Faculty Award (Master thesis)<\/td>\n<\/tr>\n<\/tbody>\n<\/table>\n","protected":false},"excerpt":{"rendered":"<p>Conference organization 2023 Knowledge in Talk-in-Interaction \u2013 KNOWINT 2023. 2022 12th Day of Swiss Linguistics. 2022 Doctoral School&nbsp;Quelle place pour la variation sociolinguistique dans les donn\u00e9es r\u00e9colt\u00e9es empiriquement?. Plenary speakers: Jean-Pierre Chevrot, Jean-Marc Dewaele 2021 3rd International Conference&nbsp;Argumentation &amp; Language. Plenary speakers: Henrike Jansen, Chris Reed, Andrea Rocci, Sandrine Zufferey. University of Neuch\u00e2tel 2021 Doctoral &hellip; <\/p>\n<p class=\"link-more\"><a href=\"https:\/\/people.unil.ch\/jeromejacquin\/academic\/\" class=\"more-link\">Continue reading<span class=\"screen-reader-text\"> &#8220;Academic&#8221;<\/span><\/a><\/p>\n","protected":false},"author":72,"featured_media":0,"parent":0,"menu_order":0,"comment_status":"closed","ping_status":"closed","template":"","meta":{"_seopress_robots_primary_cat":"","_seopress_titles_title":"","_seopress_titles_desc":"","_seopress_robots_index":"","footnotes":""},"class_list":["post-22","page","type-page","status-publish"],"_links":{"self":[{"href":"https:\/\/people.unil.ch\/jeromejacquin\/wp-json\/wp\/v2\/pages\/22","targetHints":{"allow":["GET"]}}],"collection":[{"href":"https:\/\/people.unil.ch\/jeromejacquin\/wp-json\/wp\/v2\/pages"}],"about":[{"href":"https:\/\/people.unil.ch\/jeromejacquin\/wp-json\/wp\/v2\/types\/page"}],"author":[{"embeddable":true,"href":"https:\/\/people.unil.ch\/jeromejacquin\/wp-json\/wp\/v2\/users\/72"}],"replies":[{"embeddable":true,"href":"https:\/\/people.unil.ch\/jeromejacquin\/wp-json\/wp\/v2\/comments?post=22"}],"version-history":[{"count":0,"href":"https:\/\/people.unil.ch\/jeromejacquin\/wp-json\/wp\/v2\/pages\/22\/revisions"}],"wp:attachment":[{"href":"https:\/\/people.unil.ch\/jeromejacquin\/wp-json\/wp\/v2\/media?parent=22"}],"curies":[{"name":"wp","href":"https:\/\/api.w.org\/{rel}","templated":true}]}}