{"id":8,"date":"2020-08-04T14:27:12","date_gmt":"2020-08-04T12:27:12","guid":{"rendered":"http:\/\/people.unil.ch\/mariusbrulhart\/?page_id=8"},"modified":"2024-10-25T19:28:01","modified_gmt":"2024-10-25T17:28:01","slug":"research","status":"publish","type":"page","link":"https:\/\/people.unil.ch\/mariusbrulhart\/research\/","title":{"rendered":"Research"},"content":{"rendered":"\n<p class=\"section_title\"><strong>Current manuscripts:<\/strong> (click on title for abstract)<\/p>\n\n\n<ul class=\"wp-block-latest-posts__list wp-block-latest-posts\"><li><a class=\"wp-block-latest-posts__post-title\" href=\"https:\/\/people.unil.ch\/mariusbrulhart\/2026\/03\/price-and-prejudice-housing-rents-reveal-racial-animus\/\">Price and Prejudice: Housing Rents Reveal Racial Animus<\/a><div class=\"wp-block-latest-posts__post-full-content\"><!-- wp:paragraph -->\n<p>with Gian-Paolo Klinke, Andrea Marcucci, Dominic Rohner and Mathias Thoenig. <em>Journal of Urban Economics<\/em>, forthcoming 2026, <a href=\"https:\/\/people.unil.ch\/mariusbrulhart\/files\/2024\/10\/WP_v14.pdf\" data-type=\"link\" data-id=\"https:\/\/people.unil.ch\/mariusbrulhart\/files\/2023\/08\/animus-2.pdf\" target=\"_blank\" rel=\"noreferrer noopener\">See manuscript<\/a><\/p>\n<!-- \/wp:paragraph -->\n\n<!-- wp:paragraph -->\n<p><\/p>\n<!-- \/wp:paragraph --><\/div><\/li>\n<li><a class=\"wp-block-latest-posts__post-title\" href=\"https:\/\/people.unil.ch\/mariusbrulhart\/2026\/03\/unfree-wills-inheritance-rules-bequest-motives-and-wealth-diffusion\/\">Unfree Wills: Inheritance Rules, Bequest Motives, and Wealth Diffusion<\/a><div class=\"wp-block-latest-posts__post-full-content\"><!-- wp:paragraph -->\n<p>with Laia Soler (March 2026). <a href=\"https:\/\/people.unil.ch\/mariusbrulhart\/files\/2026\/03\/wills_main.pdf\">Link (main paper)<\/a> <a href=\"https:\/\/people.unil.ch\/mariusbrulhart\/files\/2026\/03\/wills_suppl.pdf\">Link (appendix)<\/a><\/p>\n<!-- \/wp:paragraph -->\n\n<!-- wp:paragraph -->\n<p><\/p>\n<!-- \/wp:paragraph --><\/div><\/li>\n<li><a class=\"wp-block-latest-posts__post-title\" href=\"https:\/\/people.unil.ch\/mariusbrulhart\/2026\/01\/the-output-cost-of-inheritance\/\">The Output Cost of Inheritance<\/a><div class=\"wp-block-latest-posts__post-full-content\"><!-- wp:paragraph -->\n<p>with Aur\u00e9lien Eyquem, Isabel Z. Mart\u00ednez and Enrico Rubolino (January 2026). <a href=\"https:\/\/people.unil.ch\/mariusbrulhart\/files\/2026\/01\/inheritance-2601.pdf\">Link<\/a><\/p>\n<!-- \/wp:paragraph -->\n\n<!-- wp:paragraph -->\n<p><\/p>\n<!-- \/wp:paragraph --><\/div><\/li>\n<li><a class=\"wp-block-latest-posts__post-title\" href=\"https:\/\/people.unil.ch\/mariusbrulhart\/2024\/12\/who-bears-the-burden-of-local-taxes\/\">Who Bears the Burden of Local Taxes?<\/a><div class=\"wp-block-latest-posts__post-full-content\"><!-- wp:paragraph -->\n<p>with Jayson Danton, Rapha\u00ebl Parchet and J\u00f6rg Schl\u00e4pfer. <em>American Economic Journal: Economic Policy<\/em>, 17(1): 464-505, 2025. <a href=\"https:\/\/people.unil.ch\/mariusbrulhart\/files\/2025\/02\/brulhart-et-al-2025-who-bears-the-burden-of-local-taxes.pdf\">See manuscript <\/a>(<a href=\"https:\/\/people.unil.ch\/mariusbrulhart\/files\/2025\/02\/brulhart-et-al-2025-who-bears-the-burden-of-local-taxes-Online-Appendix.pdf\">online appendix<\/a>; <a href=\"https:\/\/www.openicpsr.org\/openicpsr\/project\/192021\/version\/V1\/view\">replication package (data and code)<\/a>)<\/p>\n<!-- \/wp:paragraph -->\n\n<!-- wp:paragraph -->\n<p><\/p>\n<!-- \/wp:paragraph --><\/div><\/li>\n<li><a class=\"wp-block-latest-posts__post-title\" href=\"https:\/\/people.unil.ch\/mariusbrulhart\/2024\/12\/competition-harmonization-and-redistribution-corporate-taxes-in-switzerland\/\">Competition, Harmonization and Redistribution: Corporate Taxes in Switzerland<\/a><div class=\"wp-block-latest-posts__post-full-content\"><!-- wp:paragraph -->\n<p>with Marko K\u00f6thenb\u00fcrger, Matthias Krapf, Rapha\u00ebl Parchet, Kurt Schmidheiny and David Staubli. In: D.R. Agrawal, J.M. Poterba, O.M. Zidar (eds.)<em> Policy Responses to Tax Competition<\/em>, NBER and University of Chicago Press, 2025. <a href=\"https:\/\/people.unil.ch\/mariusbrulhart\/files\/2025\/10\/10-agrawal-et-al_policyresponsestaxcompetiton.pdf\">See manuscript<\/a>  (<a href=\"https:\/\/people.unil.ch\/mariusbrulhart\/files\/2023\/11\/NBER-WP-31830.pdf\" data-type=\"URL\" data-id=\"https:\/\/people.unil.ch\/mariusbrulhart\/files\/2023\/06\/NBER_Corporate_Tax_Switzerland-25-June-2023-2.pdf\" target=\"_blank\" rel=\"noreferrer noopener\">NBER working paper version<\/a>)<\/p>\n<!-- \/wp:paragraph -->\n\n<!-- wp:paragraph -->\n<p><\/p>\n<!-- \/wp:paragraph --><\/div><\/li>\n<li><a class=\"wp-block-latest-posts__post-title\" href=\"https:\/\/people.unil.ch\/mariusbrulhart\/2024\/12\/let-there-be-light-trade-and-the-development-of-border-regions\/\">And There Was Light: Trade and the Development of Border Regions<\/a><div class=\"wp-block-latest-posts__post-full-content\"><!-- wp:paragraph -->\n<p>with Barth\u00e9l\u00e9my Bonadio and Guillaume Rais (December 2024), <a href=\"https:\/\/people.unil.ch\/mariusbrulhart\/files\/2024\/12\/BBR_Borderlights.pdf\">See manuscript<\/a><\/p>\n<!-- \/wp:paragraph -->\n\n<!-- wp:paragraph -->\n<p><\/p>\n<!-- \/wp:paragraph --><\/div><\/li>\n<li><a class=\"wp-block-latest-posts__post-title\" href=\"https:\/\/people.unil.ch\/mariusbrulhart\/2015\/01\/on-nesting-location-choice-models-correctly-a-reply\/\">On Nesting Location Choice Models Correctly: A Reply<\/a><div class=\"wp-block-latest-posts__post-full-content\"><!-- wp:paragraph -->\n<p>with Kurt Schmidheiny. <a href=\"https:\/\/people.unil.ch\/mariusbrulhart\/files\/2023\/02\/correctlynesting.pdf\" target=\"_blank\" rel=\"noreferrer noopener\">See manuscript<\/a><\/p>\n<!-- \/wp:paragraph --><\/div><\/li>\n<\/ul>\n\n\n<div class=\"wp-block-columns are-vertically-aligned-center is-layout-flex wp-container-core-columns-is-layout-9d6595d7 wp-block-columns-is-layout-flex\">\n<div class=\"wp-block-column is-vertically-aligned-center is-layout-flow wp-block-column-is-layout-flow\" style=\"flex-basis:66.67%\">\n<div class=\"wp-block-group\"><div class=\"wp-block-group__inner-container is-layout-flow wp-block-group-is-layout-flow\">\n<div class=\"wp-block-group\"><div class=\"wp-block-group__inner-container is-layout-flow wp-block-group-is-layout-flow\">\n<div class=\"wp-block-buttons is-layout-flex wp-block-buttons-is-layout-flex\">\n<div class=\"wp-block-button is-style-fill\"><a class=\"wp-block-button__link has-text-color has-background wp-element-button\" href=\"https:\/\/scholar.google.ch\/citations?user=N-FwI4UAAAAJ&amp;hl=en&amp;oi=ao\" style=\"border-radius:26px;color:#eeeeee;background-color:#0693e3\" target=\"_blank\" rel=\"noreferrer noopener\">Google Scholar profile<\/a><\/div>\n\n\n\n<div class=\"wp-block-button is-style-fill\"><a class=\"wp-block-button__link has-text-color has-background wp-element-button\" href=\"https:\/\/ideas.repec.org\/e\/pbr126.html\" style=\"border-radius:26px;color:#eeeeee;background-color:#0693e3\" target=\"_blank\" rel=\"noreferrer noopener\">Ideas profile<\/a><\/div>\n<\/div>\n<\/div><\/div>\n<\/div><\/div>\n<\/div>\n\n\n\n<div class=\"wp-block-column is-layout-flow wp-block-column-is-layout-flow\" style=\"flex-basis:33.33%\"><\/div>\n<\/div>\n\n\n\n<p class=\"section_title\"><strong>Peer-reviewed publications:<\/strong> (click on title for abstract and replication files)<\/p>\n\n\n<ul class=\"wp-block-latest-posts__list wp-block-latest-posts\"><li><a class=\"wp-block-latest-posts__post-title\" href=\"https:\/\/people.unil.ch\/mariusbrulhart\/2026\/03\/price-and-prejudice-housing-rents-reveal-racial-animus\/\">Price and Prejudice: Housing Rents Reveal Racial Animus<\/a><div class=\"wp-block-latest-posts__post-full-content\"><!-- wp:paragraph -->\n<p>with Gian-Paolo Klinke, Andrea Marcucci, Dominic Rohner and Mathias Thoenig. <em>Journal of Urban Economics<\/em>, forthcoming 2026, <a href=\"https:\/\/people.unil.ch\/mariusbrulhart\/files\/2024\/10\/WP_v14.pdf\" data-type=\"link\" data-id=\"https:\/\/people.unil.ch\/mariusbrulhart\/files\/2023\/08\/animus-2.pdf\" target=\"_blank\" rel=\"noreferrer noopener\">See manuscript<\/a><\/p>\n<!-- \/wp:paragraph -->\n\n<!-- wp:paragraph -->\n<p><\/p>\n<!-- \/wp:paragraph --><\/div><\/li>\n<li><a class=\"wp-block-latest-posts__post-title\" href=\"https:\/\/people.unil.ch\/mariusbrulhart\/2024\/12\/who-bears-the-burden-of-local-taxes\/\">Who Bears the Burden of Local Taxes?<\/a><div class=\"wp-block-latest-posts__post-full-content\"><!-- wp:paragraph -->\n<p>with Jayson Danton, Rapha\u00ebl Parchet and J\u00f6rg Schl\u00e4pfer. <em>American Economic Journal: Economic Policy<\/em>, 17(1): 464-505, 2025. <a href=\"https:\/\/people.unil.ch\/mariusbrulhart\/files\/2025\/02\/brulhart-et-al-2025-who-bears-the-burden-of-local-taxes.pdf\">See manuscript <\/a>(<a href=\"https:\/\/people.unil.ch\/mariusbrulhart\/files\/2025\/02\/brulhart-et-al-2025-who-bears-the-burden-of-local-taxes-Online-Appendix.pdf\">online appendix<\/a>; <a href=\"https:\/\/www.openicpsr.org\/openicpsr\/project\/192021\/version\/V1\/view\">replication package (data and code)<\/a>)<\/p>\n<!-- \/wp:paragraph -->\n\n<!-- wp:paragraph -->\n<p><\/p>\n<!-- \/wp:paragraph --><\/div><\/li>\n<li><a class=\"wp-block-latest-posts__post-title\" href=\"https:\/\/people.unil.ch\/mariusbrulhart\/2024\/12\/competition-harmonization-and-redistribution-corporate-taxes-in-switzerland\/\">Competition, Harmonization and Redistribution: Corporate Taxes in Switzerland<\/a><div class=\"wp-block-latest-posts__post-full-content\"><!-- wp:paragraph -->\n<p>with Marko K\u00f6thenb\u00fcrger, Matthias Krapf, Rapha\u00ebl Parchet, Kurt Schmidheiny and David Staubli. In: D.R. Agrawal, J.M. Poterba, O.M. Zidar (eds.)<em> Policy Responses to Tax Competition<\/em>, NBER and University of Chicago Press, 2025. <a href=\"https:\/\/people.unil.ch\/mariusbrulhart\/files\/2025\/10\/10-agrawal-et-al_policyresponsestaxcompetiton.pdf\">See manuscript<\/a>  (<a href=\"https:\/\/people.unil.ch\/mariusbrulhart\/files\/2023\/11\/NBER-WP-31830.pdf\" data-type=\"URL\" data-id=\"https:\/\/people.unil.ch\/mariusbrulhart\/files\/2023\/06\/NBER_Corporate_Tax_Switzerland-25-June-2023-2.pdf\" target=\"_blank\" rel=\"noreferrer noopener\">NBER working paper version<\/a>)<\/p>\n<!-- \/wp:paragraph -->\n\n<!-- wp:paragraph -->\n<p><\/p>\n<!-- \/wp:paragraph --><\/div><\/li>\n<li><a class=\"wp-block-latest-posts__post-title\" href=\"https:\/\/people.unil.ch\/mariusbrulhart\/2023\/12\/fiscal-federalism-in-the-21st-century\/\">Fiscal Federalism in the 21st Century<\/a><div class=\"wp-block-latest-posts__post-full-content\"><!-- wp:paragraph -->\n<p>with David R. Agrawal and Jan K. Brueckner. <em>Annual Review of Economics<\/em>, 16: 429\u2013454, 2024. <a href=\"https:\/\/people.unil.ch\/mariusbrulhart\/files\/2024\/09\/FiscalFederalism-AR-2024.pdf\" target=\"_blank\" rel=\"noreferrer noopener\">See manuscript<\/a><\/p>\n<!-- \/wp:paragraph -->\n\n<!-- wp:paragraph -->\n<p><\/p>\n<!-- \/wp:paragraph --><\/div><\/li>\n<li><a class=\"wp-block-latest-posts__post-title\" href=\"https:\/\/people.unil.ch\/mariusbrulhart\/2023\/06\/young-peoples-mental-and-social-distress-in-times-of-crisis\/\">Young people\u2019s mental and social distress in times of international crisis: evidence from helpline calls, 2019\u20132022<\/a><div class=\"wp-block-latest-posts__post-full-content\"><!-- wp:paragraph -->\n<p>with Valentin Klotzb\u00fccher and Rafael Lalive. <em>Scientific Reports<\/em>, 13(11858), 2023. <a href=\"https:\/\/www.nature.com\/articles\/s41598-023-39064-y\" data-type=\"URL\" data-id=\"https:\/\/www.nature.com\/articles\/s41598-023-39064-y\" target=\"_blank\" rel=\"noreferrer noopener\">See publication<\/a><\/p>\n<!-- \/wp:paragraph --><\/div><\/li>\n<li><a class=\"wp-block-latest-posts__post-title\" href=\"https:\/\/people.unil.ch\/mariusbrulhart\/2022\/10\/behavioral-responses-to-wealth-taxes-evidence-from-switzerland\/\">Behavioral Responses to Wealth Taxes: Evidence from Switzerland<\/a><div class=\"wp-block-latest-posts__post-full-content\"><!-- wp:paragraph -->\n<p>with Jonathan Gruber, Matthias Krapf and Kurt Schmidheiny, <em>American Economic Journal: Economic Policy<\/em>, 14(4): 111\u2013150, 2022. <a href=\"https:\/\/people.unil.ch\/mariusbrulhart\/files\/2023\/02\/wealthtax.pdf\" target=\"_blank\" rel=\"noreferrer noopener\">See publication<\/a> (<a href=\"https:\/\/people.unil.ch\/mariusbrulhart\/files\/2023\/02\/wealthtax_online.pdf\" target=\"_blank\" rel=\"noreferrer noopener\">supplementary materials<\/a>)<\/p>\n<!-- \/wp:paragraph -->\n\n<!-- wp:paragraph -->\n<p><\/p>\n<!-- \/wp:paragraph --><\/div><\/li>\n<li><a class=\"wp-block-latest-posts__post-title\" href=\"https:\/\/people.unil.ch\/mariusbrulhart\/2021\/07\/distress-and-anxiety-during-the-covid-19-pandemic-as-revealed-through-helpline-calls\/\">Mental Health Concerns during the COVID-19 Pandemic as Revealed by Helpline Calls<\/a><div class=\"wp-block-latest-posts__post-full-content\"><!-- wp:paragraph -->\n<p>with Valentin Klotzb\u00fccher, Rafael Lalive and Stephanie Reich<em>, Nature<\/em>. 2021. <a href=\"https:\/\/rdcu.be\/cBvHi\" data-type=\"URL\" target=\"_blank\" rel=\"noreferrer noopener\">See publication<\/a> (<a href=\"https:\/\/www.nature.com\/articles\/d41586-021-03038-9\" target=\"_blank\" rel=\"noreferrer noopener\">commentary<\/a>; <a href=\"https:\/\/www.nature.com\/articles\/d41586-021-03454-x\" target=\"_blank\" rel=\"noreferrer noopener\">news post<\/a>)<\/p>\n<!-- \/wp:paragraph -->\n\n<!-- wp:paragraph -->\n<p><\/p>\n<!-- \/wp:paragraph --><\/div><\/li>\n<li><a class=\"wp-block-latest-posts__post-title\" href=\"https:\/\/people.unil.ch\/mariusbrulhart\/2020\/06\/the-shrinking-advantage-of-market-potential\/\">The Shrinking Advantage of Market Potential<\/a><div class=\"wp-block-latest-posts__post-full-content\"><!-- wp:paragraph -->\n<p>with Klaus Desmet and Gian-Paolo Klinke, <em>Journal of Development Economics<\/em>, 147, 2020. <a href=\"https:\/\/people.unil.ch\/mariusbrulhart\/files\/2023\/02\/geoempl.pdf\" target=\"_blank\" rel=\"noreferrer noopener\">See publication<\/a><\/p>\n<!-- \/wp:paragraph -->\n\n<!-- wp:paragraph -->\n<p>(replication files available on request)<\/p>\n<!-- \/wp:paragraph -->\n\n<!-- wp:paragraph -->\n<p><\/p>\n<!-- \/wp:paragraph --><\/div><\/li>\n<li><a class=\"wp-block-latest-posts__post-title\" href=\"https:\/\/people.unil.ch\/mariusbrulhart\/2020\/06\/covid-19-financial-support-to-small-businesses-in-switzerland-evaluation-and-outlook\/\">Covid-19 Financial Support to Small Businesses in Switzerland: Evaluation and Outlook<\/a><div class=\"wp-block-latest-posts__post-full-content\"><!-- wp:paragraph -->\n<p>with Rafael Lalive, Tobias Lehmann and Michael Siegenthaler. <em>Swiss Journal of Economics and Statistics<\/em>. 156(15). 2020. <a href=\"https:\/\/sjes.springeropen.com\/articles\/10.1186\/s41937-020-00060-y\" data-type=\"URL\" data-id=\"https:\/\/sjes.springeropen.com\/articles\/10.1186\/s41937-020-00060-y\" target=\"_blank\" rel=\"noreferrer noopener\">See publication<\/a><\/p>\n<!-- \/wp:paragraph --><\/div><\/li>\n<li><a class=\"wp-block-latest-posts__post-title\" href=\"https:\/\/people.unil.ch\/mariusbrulhart\/2019\/01\/does-tax-competition-tame-the-leviathan\/\">Does Tax Competition Tame the Leviathan ?<\/a><div class=\"wp-block-latest-posts__post-full-content\"><!-- wp:paragraph -->\n<p>with Mario Jametti, <em>Journal of Public Economics,\u00a0<\/em>177,\u00a02019. <a href=\"https:\/\/people.unil.ch\/mariusbrulhart\/files\/2023\/02\/leviathan.pdf\" target=\"_blank\" rel=\"noreferrer noopener\">See publication<\/a><\/p>\n<!-- \/wp:paragraph -->\n\n<!-- wp:paragraph -->\n<p><\/p>\n<!-- \/wp:paragraph --><\/div><\/li>\n<li><a class=\"wp-block-latest-posts__post-title\" href=\"https:\/\/people.unil.ch\/mariusbrulhart\/2018\/01\/trade-and-towns-heterogeneous-adjustment-to-a-border-shock\/\">Trade and Towns: Heterogeneous Adjustment to a Border Shock<\/a><div class=\"wp-block-latest-posts__post-full-content\"><!-- wp:paragraph -->\n<p>with C\u00e9line Carr\u00e8re and Fr\u00e9d\u00e9ric Robert-Nicoud, <em>Journal of Urban Economics,\u00a0<\/em>105:\u00a0162-175,\u00a02018. <a href=\"https:\/\/people.unil.ch\/mariusbrulhart\/files\/2023\/02\/bcrn1709.pdf\" target=\"_blank\" rel=\"noreferrer noopener\">See publication<\/a><\/p>\n<!-- \/wp:paragraph -->\n\n<!-- wp:paragraph -->\n<p><\/p>\n<!-- \/wp:paragraph --><\/div><\/li>\n<li><a class=\"wp-block-latest-posts__post-title\" href=\"https:\/\/people.unil.ch\/mariusbrulhart\/2018\/01\/agglomeration-economies-taxable-rents-and-government-capture-evidence-from-a-place-based-policy\/\">Agglomeration Economies, Taxable Rents, And Government Capture: Evidence From A Place-Based Policy<\/a><div class=\"wp-block-latest-posts__post-full-content\"><!-- wp:paragraph -->\n<p>with Helen Simpson, <em>Journal of Economic Geography,\u00a0<\/em>18(2):\u00a0319-353,\u00a02018. <a href=\"https:\/\/people.unil.ch\/mariusbrulhart\/files\/2023\/02\/agglorents.pdf\" target=\"_blank\" rel=\"noreferrer noopener\">See publication<\/a> \/ <a rel=\"noreferrer noopener\" href=\"https:\/\/www.voxeu.org\/article\/industrial-clusters-subsidies-and-local-capture\" target=\"_blank\">Article in VoxEU<\/a><\/p>\n<!-- \/wp:paragraph -->\n\n<!-- wp:paragraph -->\n<p><\/p>\n<!-- \/wp:paragraph --><\/div><\/li>\n<li><a class=\"wp-block-latest-posts__post-title\" href=\"https:\/\/people.unil.ch\/mariusbrulhart\/2018\/01\/inheritance-flows-in-switzerland-1911-2011\/\">Inheritance Flows in Switzerland, 1911\u20132011<\/a><div class=\"wp-block-latest-posts__post-full-content\"><!-- wp:paragraph -->\n<p>with Didier Dupertuis and Elodie Moreau, <em>Swiss Journal of Economics and Statistics,\u00a0<\/em>154(8),\u00a02018. <a href=\"https:\/\/people.unil.ch\/mariusbrulhart\/files\/2023\/02\/BrulhartDupertuisMoreau.pdf\" target=\"_blank\" rel=\"noreferrer noopener\">See publication<\/a><\/p>\n<!-- \/wp:paragraph --><\/div><\/li>\n<li><a class=\"wp-block-latest-posts__post-title\" href=\"https:\/\/people.unil.ch\/mariusbrulhart\/2015\/03\/taxes-in-cities\/\">Taxes in Cities<\/a><div class=\"wp-block-latest-posts__post-full-content\"><!-- wp:paragraph -->\n<p>with Sam Bucovetsky and Kurt Schmidheiny, in: G. Duranton, J. V. Henderson, W. Strange (eds.),\u00a0<em>Handbook of Regional and Urban Economics,\u00a0<\/em>Volume 5B:\u00a01123-1196,\u00a02015. <a href=\"https:\/\/people.unil.ch\/mariusbrulhart\/files\/2023\/02\/Taxes-in-Cities.pdf\" target=\"_blank\" rel=\"noreferrer noopener\">See publication<\/a><\/p>\n<!-- \/wp:paragraph --><\/div><\/li>\n<li><a class=\"wp-block-latest-posts__post-title\" href=\"https:\/\/people.unil.ch\/mariusbrulhart\/2015\/01\/estimating-the-rivalness-of-state-level-inward-fdi\/\">Estimating The Rivalness Of State-Level Inward FDI<\/a><div class=\"wp-block-latest-posts__post-full-content\"><!-- wp:paragraph -->\n<p>with Kurt Schmidheiny, <em>Journal of Regional Science,\u00a0<\/em>55(1):\u00a0139-148,\u00a02015. <a href=\"https:\/\/people.unil.ch\/mariusbrulhart\/files\/2023\/02\/zerosum.pdf\" target=\"_blank\" rel=\"noreferrer noopener\">See publication<\/a><\/p>\n<!-- \/wp:paragraph --><\/div><\/li>\n<li><a class=\"wp-block-latest-posts__post-title\" href=\"https:\/\/people.unil.ch\/mariusbrulhart\/2014\/01\/alleged-tax-competition-the-mysterious-death-of-bequest-taxes-in-switzerland\/\">Alleged Tax Competition: The Mysterious Death of Bequest Taxes in Switzerland<\/a><div class=\"wp-block-latest-posts__post-full-content\"><!-- wp:paragraph -->\n<p>with Rapha\u00ebl Parchet, <em>Journal of Public Economics,\u00a0<\/em>111:\u00a063-78,\u00a02014. <a href=\"https:\/\/people.unil.ch\/mariusbrulhart\/files\/2023\/02\/rp1301.pdf\" target=\"_blank\" rel=\"noreferrer noopener\">See publication<\/a><\/p>\n<!-- \/wp:paragraph --><\/div><\/li>\n<li><a class=\"wp-block-latest-posts__post-title\" href=\"https:\/\/people.unil.ch\/mariusbrulhart\/2012\/03\/progressive-taxes-and-firm-births\/\">Progressive Taxes and Firm Births<\/a><div class=\"wp-block-latest-posts__post-full-content\"><!-- wp:paragraph -->\n<p>with Hans Ulrich Bacher, <em>International Tax and Public Finance,\u00a0<\/em>20(1):\u00a0129-168,\u00a02013. <a href=\"https:\/\/people.unil.ch\/mariusbrulhart\/files\/2023\/02\/progtax.pdf\" target=\"_blank\" rel=\"noreferrer noopener\">See publication<\/a><\/p>\n<!-- \/wp:paragraph --><\/div><\/li>\n<li><a class=\"wp-block-latest-posts__post-title\" href=\"https:\/\/people.unil.ch\/mariusbrulhart\/2012\/03\/do-agglomeration-economies-reduce-the-sensitivity-of-firm-location-to-tax-differentials\/\">Do Agglomeration Economies Reduce the Sensitivity of Firm Location to Tax Differentials?<\/a><div class=\"wp-block-latest-posts__post-full-content\"><!-- wp:paragraph -->\n<p>with Mario Jametti and Kurt Schmidheiny, <em>Economic Journal,\u00a0<\/em>122(563):\u00a01069-1093,\u00a02012. <a href=\"https:\/\/people.unil.ch\/mariusbrulhart\/files\/2023\/02\/agglotax1209.pdf\" target=\"_blank\" rel=\"noreferrer noopener\">See publication<\/a><\/p>\n<!-- \/wp:paragraph --><\/div><\/li>\n<li><a class=\"wp-block-latest-posts__post-title\" href=\"https:\/\/people.unil.ch\/mariusbrulhart\/2011\/12\/how-wages-and-employment-adjust-to-trade-liberalization-quasi-experimental-evidence-from-austria\/\">How Wages and Employment Adjust to Trade Liberalization: Quasi-Experimental Evidence from Austria<\/a><div class=\"wp-block-latest-posts__post-full-content\"><!-- wp:paragraph -->\n<p>with C\u00e9line Carr\u00e8re and Federico Trionfetti, <em>Journal of International Economics,\u00a0<\/em>86(1):\u00a068-81,\u00a02012. <a href=\"https:\/\/people.unil.ch\/mariusbrulhart\/files\/2023\/02\/bct.pdf\" target=\"_blank\" rel=\"noreferrer noopener\">See publication<\/a><\/p>\n<!-- \/wp:paragraph --><\/div><\/li>\n<li><a class=\"wp-block-latest-posts__post-title\" href=\"https:\/\/people.unil.ch\/mariusbrulhart\/2011\/12\/does-the-trust-game-measure-trust\/\">Does the Trust Game Measure Trust?<\/a><div class=\"wp-block-latest-posts__post-full-content\"><!-- wp:paragraph -->\n<p>with Jean-Claude Usunier, <em>Economics Letters,\u00a0<\/em>115(1):\u00a020-23,\u00a02012. <a href=\"https:\/\/people.unil.ch\/mariusbrulhart\/files\/2023\/02\/trustnote12.pdf\" target=\"_blank\" rel=\"noreferrer noopener\">See publication<\/a> \/ <a href=\"https:\/\/people.unil.ch\/mariusbrulhart\/files\/2023\/02\/trust85.pdf\" target=\"_blank\" rel=\"noreferrer noopener\">Longer version<\/a><\/p>\n<!-- \/wp:paragraph --><\/div><\/li>\n<li><a class=\"wp-block-latest-posts__post-title\" href=\"https:\/\/people.unil.ch\/mariusbrulhart\/2011\/01\/on-the-equivalence-of-location-choice-models-conditional-logit-nested-logit-and-poisson\/\">On the Equivalence of Location Choice Models: Conditional Logit, Nested Logit and Poisson<\/a><div class=\"wp-block-latest-posts__post-full-content\"><!-- wp:paragraph -->\n<p>with Kurt Schmidheiny, <em>Journal of Urban Economics<\/em>,\u00a069(2):\u00a0214-222,\u00a02011. <a href=\"https:\/\/people.unil.ch\/mariusbrulhart\/files\/2023\/02\/clogpoissnote1103.pdf\" target=\"_blank\" rel=\"noreferrer noopener\">See publication<\/a><\/p>\n<!-- \/wp:paragraph --><\/div><\/li>\n<li><a class=\"wp-block-latest-posts__post-title\" href=\"https:\/\/people.unil.ch\/mariusbrulhart\/2011\/01\/the-spatial-effects-of-trade-openness-a-survey\/\">The Spatial Effects of Trade Openness: A Survey<\/a><div class=\"wp-block-latest-posts__post-full-content\"><!-- wp:paragraph -->\n<p><em>Review of World Economics,\u00a0<\/em>147(1):\u00a059-83,\u00a02011. <a href=\"https:\/\/people.unil.ch\/mariusbrulhart\/files\/2023\/02\/rwe1103.pdf\" target=\"_blank\" rel=\"noreferrer noopener\">See publication<\/a><\/p>\n<!-- \/wp:paragraph --><\/div><\/li>\n<li><a class=\"wp-block-latest-posts__post-title\" href=\"https:\/\/people.unil.ch\/mariusbrulhart\/2009\/03\/a-test-of-trade-theories-when-expenditure-is-home-biased\/\">A Test of Trade Theories When Expenditure is Home Biased<\/a><div class=\"wp-block-latest-posts__post-full-content\"><!-- wp:paragraph -->\n<p>with Federico Trionfetti, <em>European Economic Review,\u00a0<\/em>53(7):\u00a0830-845,\u00a02009. <a href=\"https:\/\/people.unil.ch\/mariusbrulhart\/files\/2023\/02\/tradetest.pdf\" target=\"_blank\" rel=\"noreferrer noopener\">See publication<\/a><\/p>\n<!-- \/wp:paragraph --><\/div><\/li>\n<li><a class=\"wp-block-latest-posts__post-title\" href=\"https:\/\/people.unil.ch\/mariusbrulhart\/2009\/01\/agglomeration-and-growth-cross-country-evidence\/\">Agglomeration and Growth: Cross-Country Evidence<\/a><div class=\"wp-block-latest-posts__post-full-content\"><!-- wp:paragraph -->\n<p>with Federica Sbergami, <em>Journal of Urban Economics,\u00a0<\/em>65(1):\u00a048-63,\u00a02009. <a href=\"https:\/\/people.unil.ch\/mariusbrulhart\/files\/2023\/02\/agglogrowth.pdf\" target=\"_blank\" rel=\"noreferrer noopener\">See publication<\/a><\/p>\n<!-- \/wp:paragraph --><\/div><\/li>\n<li><a class=\"wp-block-latest-posts__post-title\" href=\"https:\/\/people.unil.ch\/mariusbrulhart\/2009\/01\/an-account-of-global-intra%e2%80%90industry-trade-1962-2006\/\">An Account of Global Intra\u2010Industry Trade, 1962\u20132006<\/a><div class=\"wp-block-latest-posts__post-full-content\"><!-- wp:paragraph -->\n<p><em>The World Economy,\u00a0<\/em>32(3):\u00a0401-459,\u00a02009. <a href=\"https:\/\/people.unil.ch\/mariusbrulhart\/files\/2023\/02\/we93.pdf\" target=\"_blank\" rel=\"noreferrer noopener\">See publication<\/a> \/ <a rel=\"noreferrer noopener\" href=\"https:\/\/www.nottingham.ac.uk\/gep\/documents\/papers\/2008\/08-08.pdf\" target=\"_blank\">Working paper version with colour graphs<\/a><\/p>\n<!-- \/wp:paragraph --><\/div><\/li>\n<li><a class=\"wp-block-latest-posts__post-title\" href=\"https:\/\/people.unil.ch\/mariusbrulhart\/2008\/03\/sectoral-agglomeration-economies-in-a-panel-of-european-regions\/\">Sectoral Agglomeration Economies in a Panel of European Regions<\/a><div class=\"wp-block-latest-posts__post-full-content\"><!-- wp:paragraph -->\n<p>with Nicole Mathys, <em>Regional Science and Urban Economics,\u00a0<\/em>38(4):\u00a0348-362,\u00a02008. <a href=\"https:\/\/people.unil.ch\/mariusbrulhart\/files\/2023\/02\/rsue87.pdf\" target=\"_blank\" rel=\"noreferrer noopener\">See publication<\/a><\/p>\n<!-- \/wp:paragraph --><\/div><\/li>\n<li><a class=\"wp-block-latest-posts__post-title\" href=\"https:\/\/people.unil.ch\/mariusbrulhart\/2006\/11\/vertical-versus-horizontal-tax-externalities-an-empirical-test\/\">Vertical Versus Horizontal Tax Externalities: An Empirical Test<\/a><div class=\"wp-block-latest-posts__post-full-content\"><!-- wp:paragraph -->\n<p>with Mario Jametti, <em>Journal of Public Economics,\u00a0<\/em>90(10):\u00a02027-2062,\u00a02006. <a href=\"https:\/\/people.unil.ch\/mariusbrulhart\/files\/2023\/02\/verticaltest69.pdf\" target=\"_blank\" rel=\"noreferrer noopener\">See publication<\/a><\/p>\n<!-- \/wp:paragraph --><\/div><\/li>\n<li><a class=\"wp-block-latest-posts__post-title\" href=\"https:\/\/people.unil.ch\/mariusbrulhart\/2006\/11\/the-fading-attraction-of-central-regions-an-empirical-note-on-core-periphery-gradients-in-western-europe\/\">The Fading Attraction of Central Regions: an Empirical Note on Core\u2013Periphery Gradients in Western Europe<\/a><div class=\"wp-block-latest-posts__post-full-content\"><!-- wp:paragraph -->\n<p><em>Spatial Economic Analysis,\u00a0<\/em>1(2):\u00a0227-235,\u00a02006. <a href=\"https:\/\/people.unil.ch\/mariusbrulhart\/files\/2023\/02\/sea612.pdf\" target=\"_blank\" rel=\"noreferrer noopener\">See publication<\/a><\/p>\n<!-- \/wp:paragraph --><\/div><\/li>\n<li><a class=\"wp-block-latest-posts__post-title\" href=\"https:\/\/people.unil.ch\/mariusbrulhart\/2006\/01\/new-economic-geography-meets-comecon-regional-wages-and-industry-location-in-central-europe\/\">New Economic Geography Meets Comecon: Regional Wages and Industry Location in Central Europe<\/a><div class=\"wp-block-latest-posts__post-full-content\"><!-- wp:paragraph -->\n<p>with Pamina Koenig, <em>Economics of Transition,\u00a0<\/em>14(2):\u00a0245-267,\u00a02006. <a href=\"https:\/\/people.unil.ch\/mariusbrulhart\/files\/2023\/02\/bk65.pdf\" target=\"_blank\" rel=\"noreferrer noopener\">See publication<\/a><\/p>\n<!-- \/wp:paragraph --><\/div><\/li>\n<li><a class=\"wp-block-latest-posts__post-title\" href=\"https:\/\/people.unil.ch\/mariusbrulhart\/2006\/01\/intra-industry-trade-and-labour-market-adjustment-a-reassessment-using-data-on-individual-workers\/\">Intra-Industry Trade and Labour-Market Adjustment: A Reassessment Using Data on Individual Workers<\/a><div class=\"wp-block-latest-posts__post-full-content\"><!-- wp:paragraph -->\n<p>with Robert Elliott and Joanne Lindley, <em>Review of World Economics,\u00a0<\/em>142(3):\u00a0521-545,\u00a02006. <a href=\"https:\/\/people.unil.ch\/mariusbrulhart\/files\/2023\/02\/bel610.pdf\" target=\"_blank\" rel=\"noreferrer noopener\">See publication<\/a><\/p>\n<!-- \/wp:paragraph --><\/div><\/li>\n<li><a class=\"wp-block-latest-posts__post-title\" href=\"https:\/\/people.unil.ch\/mariusbrulhart\/2004\/11\/an-account-of-geographic-concentration-patterns-in-europe\/\">An Account of Geographic Concentration Patterns in Europe<\/a><div class=\"wp-block-latest-posts__post-full-content\"><!-- wp:paragraph -->\n<p>with Rolf Traeger, <em>Regional Science and Urban Economics,\u00a0<\/em>35(6):\u00a0597-624,\u00a02005. <a href=\"https:\/\/people.unil.ch\/mariusbrulhart\/files\/2023\/02\/bt510.pdf\" target=\"_blank\" rel=\"noreferrer noopener\">See publication<\/a><br>(Extracts reprinted in de Gijsel, P. and Schenk, H. (eds.),\u00a0<em>Multidisciplinary Economics<\/em>, Springer, 2005)<\/p>\n<!-- \/wp:paragraph --><\/div><\/li>\n<li><a class=\"wp-block-latest-posts__post-title\" href=\"https:\/\/people.unil.ch\/mariusbrulhart\/2004\/01\/enlargement-and-the-eu-periphery-the-impact-of-changing-market-potential\/\">Enlargement and the EU Periphery: The Impact of Changing Market Potential<\/a><div class=\"wp-block-latest-posts__post-full-content\"><!-- wp:paragraph -->\n<p>with Matthieu Crozet and Pamina Koenig, <em>The World Economy,\u00a0<\/em>27(6):\u00a0853-875,\u00a02004. <a href=\"https:\/\/people.unil.ch\/mariusbrulhart\/files\/2023\/02\/bck42.pdf\" target=\"_blank\" rel=\"noreferrer noopener\">See publication<\/a><\/p>\n<!-- \/wp:paragraph --><\/div><\/li>\n<li><a class=\"wp-block-latest-posts__post-title\" href=\"https:\/\/people.unil.ch\/mariusbrulhart\/2003\/09\/public-expenditure-international-specialisation-and-agglomeration\/\">Public Expenditure, International Specialisation and Agglomeration<\/a><div class=\"wp-block-latest-posts__post-full-content\"><!-- wp:paragraph -->\n<p>with Frederico Trionfetti, <em>European Economic Review,\u00a0<\/em>48(4):\u00a0851-881,\u00a02004. <a href=\"https:\/\/people.unil.ch\/mariusbrulhart\/files\/2023\/02\/pp21.pdf\" target=\"_blank\" rel=\"noreferrer noopener\">See publication<\/a><br>(Reprinted in Jovanovic, M.N. (ed.),\u00a0<em>Economic Integration and Spatial Location of Firms and Industries, vol. II<\/em>\u00a0[series:\u00a0<em>The International Library of Critical Writings in Economics<\/em>], Edward Elgar, 2007)<\/p>\n<!-- \/wp:paragraph --><\/div><\/li>\n<li><a class=\"wp-block-latest-posts__post-title\" href=\"https:\/\/people.unil.ch\/mariusbrulhart\/2003\/06\/a-tale-of-two-cycles-co-fluctuations-between-uk-regions-and-the-euro-zone\/\">A Tale of Two Cycles: Co-Fluctuations Between UK Regions and the Euro Zone<\/a><div class=\"wp-block-latest-posts__post-full-content\"><!-- wp:paragraph -->\n<p>with Salvador Barrios, Robert Elliott and Marianne Sensier, <em>The Manchester School,\u00a0<\/em>71(3):\u00a0265-292,\u00a02003. <a href=\"https:\/\/people.unil.ch\/mariusbrulhart\/files\/2023\/02\/ukcyc29.pdf\" target=\"_blank\" rel=\"noreferrer noopener\">See publication<\/a><\/p>\n<!-- \/wp:paragraph --><\/div><\/li>\n<li><a class=\"wp-block-latest-posts__post-title\" href=\"https:\/\/people.unil.ch\/mariusbrulhart\/2002\/01\/labour-market-effects-of-intra-industry-trade-evidence-for-the-united-kingdom\/\">Labour-Market Effects of Intra-Industry Trade: Evidence for the United Kingdom<\/a><div class=\"wp-block-latest-posts__post-full-content\"><!-- wp:paragraph -->\n<p>with Robert Elliott, <em>Weltwirtschaftliches Archiv \/ Review of World Economics,\u00a0<\/em>138(2):\u00a0207-228,\u00a02002. <a href=\"https:\/\/people.unil.ch\/mariusbrulhart\/files\/2023\/02\/wwa02.pdf\" target=\"_blank\" rel=\"noreferrer noopener\">See publication<\/a><\/p>\n<!-- \/wp:paragraph --><\/div><\/li>\n<li><a class=\"wp-block-latest-posts__post-title\" href=\"https:\/\/people.unil.ch\/mariusbrulhart\/2002\/01\/achats-publics-et-specialisation-internationale-leffet-dentrainement\/\">Achats publics et sp\u00e9cialisation internationale : l&#8217;effet d&#8217;entra\u00eenement<\/a><div class=\"wp-block-latest-posts__post-full-content\"><!-- wp:paragraph -->\n<p>with Federico Trionfetti, <em>\u00c9conomie Internationale,\u00a0<\/em>89-90:\u00a0173-187,\u00a02002. <a href=\"https:\/\/people.unil.ch\/mariusbrulhart\/files\/2023\/02\/ei02.pdf\" target=\"_blank\" rel=\"noreferrer noopener\">See publication<\/a><\/p>\n<!-- \/wp:paragraph --><\/div><\/li>\n<li><a class=\"wp-block-latest-posts__post-title\" href=\"https:\/\/people.unil.ch\/mariusbrulhart\/2001\/01\/evolving-geographical-concentration-of-european-manufacturing-industries\/\">Evolving Geographical Concentration of European Manufacturing Industries<\/a><div class=\"wp-block-latest-posts__post-full-content\"><!-- wp:paragraph -->\n<p><em>Weltwirtschaftliches Archiv \/ Review of World Economics,\u00a0<\/em>137(2):\u00a0215-243,\u00a02001. <a href=\"https:\/\/people.unil.ch\/mariusbrulhart\/files\/2023\/02\/wwa01.pdf\" target=\"_blank\" rel=\"noreferrer noopener\">See publication<\/a><\/p>\n<!-- \/wp:paragraph --><\/div><\/li>\n<li><a class=\"wp-block-latest-posts__post-title\" href=\"https:\/\/people.unil.ch\/mariusbrulhart\/2001\/01\/industrial-structure-and-public-procurement-theory-and-empirical-evidence\/\">Industrial Structure and Public Procurement: Theory and Empirical Evidence<\/a><div class=\"wp-block-latest-posts__post-full-content\"><!-- wp:paragraph -->\n<p>with Federico Trionfetti, <em>Journal of Economic Integration,\u00a0<\/em>16(1):\u00a0106-127,\u00a02001. <a href=\"https:\/\/people.unil.ch\/mariusbrulhart\/files\/2023\/02\/jei2001.pdf\" target=\"_blank\" rel=\"noreferrer noopener\">See publication<\/a><\/p>\n<!-- \/wp:paragraph --><\/div><\/li>\n<li><a class=\"wp-block-latest-posts__post-title\" href=\"https:\/\/people.unil.ch\/mariusbrulhart\/2001\/01\/export-growth-of-nafta-members-intra-industry-trade-and-adjustment\/\">Export Growth of NAFTA Members, Intra-Industry Trade and Adjustment<\/a><div class=\"wp-block-latest-posts__post-full-content\"><!-- wp:paragraph -->\n<p>with Michael Thorpe, <em>Global Business and Economics Review,\u00a0<\/em>3(1):\u00a094-110,\u00a02001. <a href=\"https:\/\/people.unil.ch\/mariusbrulhart\/files\/2023\/02\/gber15.pdf\" target=\"_blank\" rel=\"noreferrer noopener\">See publication<\/a><\/p>\n<!-- \/wp:paragraph --><\/div><\/li>\n<li><a class=\"wp-block-latest-posts__post-title\" href=\"https:\/\/people.unil.ch\/mariusbrulhart\/2000\/01\/dynamics-of-intra-industry-trade-and-labour-market-adjustment\/\">Dynamics of Intra-Industry Trade and Labour-Market Adjustment<\/a><div class=\"wp-block-latest-posts__post-full-content\"><!-- wp:paragraph -->\n<p><em>Review of International Economics,\u00a0<\/em>8(3):\u00a0420-435,\u00a02000. <a href=\"https:\/\/people.unil.ch\/mariusbrulhart\/files\/2023\/02\/rie00.pdf\" target=\"_blank\" rel=\"noreferrer noopener\">See publication<\/a><br>(Reprinted in: Kwan Choi, E. and Greenaway, D.,\u00a0<em>Globalization and Labor Markets<\/em>, Blackwell, 2001)<\/p>\n<!-- \/wp:paragraph --><\/div><\/li>\n<li><a class=\"wp-block-latest-posts__post-title\" href=\"https:\/\/people.unil.ch\/mariusbrulhart\/2000\/01\/intra-industry-trade-and-adjustment-in-malaysia-puzzling-evidence\/\">Intra-Industry Trade and Adjustment in Malaysia: Puzzling Evidence<\/a><div class=\"wp-block-latest-posts__post-full-content\"><!-- wp:paragraph -->\n<p>with Michael Thorpe, <em>Applied Economics Letters,\u00a0<\/em>7(11):\u00a0729-733,\u00a02000. <a href=\"https:\/\/people.unil.ch\/mariusbrulhart\/files\/2023\/02\/ael00.pdf\" target=\"_blank\" rel=\"noreferrer noopener\">See publication<\/a><\/p>\n<!-- \/wp:paragraph --><\/div><\/li>\n<li><a class=\"wp-block-latest-posts__post-title\" href=\"https:\/\/people.unil.ch\/mariusbrulhart\/1999\/01\/east-asian-export-growth-intra-industry-trade-and-adjustment\/\">East-Asian Export Growth, Intra-Industry Trade and Adjustment<\/a><div class=\"wp-block-latest-posts__post-full-content\"><!-- wp:paragraph -->\n<p>with Michael Thorpe, <em>Asia Pacific Journal of Economics and Business,\u00a0<\/em>3(2):\u00a034-47,\u00a01999. <a href=\"https:\/\/people.unil.ch\/mariusbrulhart\/files\/2023\/02\/apjeb98b.pdf\" target=\"_blank\" rel=\"noreferrer noopener\">See publication<\/a><\/p>\n<!-- \/wp:paragraph --><\/div><\/li>\n<li><a class=\"wp-block-latest-posts__post-title\" href=\"https:\/\/people.unil.ch\/mariusbrulhart\/1999\/01\/irelands-trading-potential-with-central-and-eastern-european-countries-a-gravity-study\/\">Ireland\u2019s Trading Potential with Central and Eastern European Countries: A Gravity Study<\/a><div class=\"wp-block-latest-posts__post-full-content\"><!-- wp:paragraph -->\n<p>with Mary Kelly, <em>Economic and Social Review,\u00a0<\/em>30(2):\u00a0159-174,\u00a01999. <a href=\"https:\/\/people.unil.ch\/mariusbrulhart\/files\/2023\/02\/esr99.pdf\" target=\"_blank\" rel=\"noreferrer noopener\">See publication<\/a><\/p>\n<!-- \/wp:paragraph --><\/div><\/li>\n<li><a class=\"wp-block-latest-posts__post-title\" href=\"https:\/\/people.unil.ch\/mariusbrulhart\/1998\/10\/economic-geography-industry-location-and-trade-the-evidence\/\">Economic Geography, Industry Location and Trade: The Evidence<\/a><div class=\"wp-block-latest-posts__post-full-content\"><!-- wp:paragraph -->\n<p><em>The World Economy,\u00a0<\/em>21(6):\u00a0775-801,\u00a01998. <a href=\"https:\/\/people.unil.ch\/mariusbrulhart\/files\/2023\/02\/Wesurv87.pdf\" target=\"_blank\" rel=\"noreferrer noopener\">See publication<\/a><br>(Reprinted in Jovanovic, M.N. (ed.),\u00a0<em>Economic Integration and Spatial Location of Firms and Industries, vol. II<\/em>\u00a0[series:\u00a0<em>The International Library of Critical Writings in Economics<\/em>], Edward Elgar, 2007)<\/p>\n<!-- \/wp:paragraph --><\/div><\/li>\n<li><a class=\"wp-block-latest-posts__post-title\" href=\"https:\/\/people.unil.ch\/mariusbrulhart\/1998\/09\/trading-places-industrial-specialization-in-the-european-union\/\">Trading Places: Industrial Specialization in the European Union<\/a><div class=\"wp-block-latest-posts__post-full-content\"><!-- wp:paragraph -->\n<p><em>Journal of Common Market Studies,\u00a0<\/em>36(3):\u00a0319-346,\u00a01998. <a href=\"https:\/\/people.unil.ch\/mariusbrulhart\/files\/2023\/02\/jcms98.pdf\" target=\"_blank\" rel=\"noreferrer noopener\">See publication<\/a><br>(Reprinted in Jovanovic, M.N. (ed.),\u00a0<em>Economic Integration and Spatial Location of Firms and Industries, vol. III\u00a0<\/em>[series:\u00a0<em>The International Library of Critical Writings in Economics<\/em>], Edward Elgar, 2007)<\/p>\n<!-- \/wp:paragraph --><\/div><\/li>\n<li><a class=\"wp-block-latest-posts__post-title\" href=\"https:\/\/people.unil.ch\/mariusbrulhart\/1998\/01\/adjustment-to-the-european-single-market-inferences-from-intra-industry-trade-patterns\/\">Adjustment to the European Single Market: Inferences from Intra-Industry Trade Patterns<\/a><div class=\"wp-block-latest-posts__post-full-content\"><!-- wp:paragraph -->\n<p>with Robert Elliott, <em>Journal of Economic Studies,\u00a0<\/em>25(3):\u00a0225-247,\u00a01998. <a href=\"https:\/\/people.unil.ch\/mariusbrulhart\/files\/2023\/02\/joes98.pdf\" target=\"_blank\" rel=\"noreferrer noopener\">See publication<\/a><\/p>\n<!-- \/wp:paragraph --><\/div><\/li>\n<li><a class=\"wp-block-latest-posts__post-title\" href=\"https:\/\/people.unil.ch\/mariusbrulhart\/1996\/01\/commerce-et-specialisation-geographique-dans-lunion-europeenne\/\">Commerce et sp\u00e9cialisation g\u00e9ographique dans l\u2019Union Europ\u00e9enne<\/a><div class=\"wp-block-latest-posts__post-full-content\"><!-- wp:paragraph -->\n<p><em>\u00c9conomie internationale,\u00a0<\/em>65(1):\u00a0169-202,\u00a01996. <a href=\"https:\/\/people.unil.ch\/mariusbrulhart\/files\/2023\/02\/ei1996.pdf\" target=\"_blank\" rel=\"noreferrer noopener\">See publication<\/a><\/p>\n<!-- \/wp:paragraph --><\/div><\/li>\n<li><a class=\"wp-block-latest-posts__post-title\" href=\"https:\/\/people.unil.ch\/mariusbrulhart\/1995\/01\/intra-industry-trade-adjustment-and-the-single-market-the-irish-experience\/\">Intra-Industry Trade, Adjustment and the Single Market: The Irish Experience<\/a><div class=\"wp-block-latest-posts__post-full-content\"><!-- wp:paragraph -->\n<p>with Dermot McAleese, <em>Economic and Social Review,\u00a0<\/em>26(2):\u00a0107-129,\u00a01995. <a href=\"https:\/\/people.unil.ch\/mariusbrulhart\/files\/2023\/02\/esr1995.pdf\" target=\"_blank\" rel=\"noreferrer noopener\">See publication<\/a><\/p>\n<!-- \/wp:paragraph --><\/div><\/li>\n<li><a class=\"wp-block-latest-posts__post-title\" href=\"https:\/\/people.unil.ch\/mariusbrulhart\/1994\/01\/marginal-intra-industry-trade-measurement-and-relevance-for-the-pattern-of-industrial-adjustment\/\">Marginal Intra-Industry Trade: Measurement and Relevance for the Pattern of Industrial Adjustment<\/a><div class=\"wp-block-latest-posts__post-full-content\"><!-- wp:paragraph -->\n<p><em>Weltwirtschaftliches Archiv \/ Review of World Economics,\u00a0<\/em>130(3):\u00a0600-613,\u00a01994. <a href=\"https:\/\/people.unil.ch\/mariusbrulhart\/files\/2023\/02\/wwa94.pdf\" target=\"_blank\" rel=\"noreferrer noopener\">See publication<\/a><br>(Reprinted in Lloyd, P.J. and Grubel, H.G. (eds.),\u00a0<em>Intra-Industry Trade<\/em>\u00a0[series:\u00a0<em>The International Library of Critical Writings in Economics<\/em>], Edward Elgar, 2003)<\/p>\n<!-- \/wp:paragraph --><\/div><\/li>\n<\/ul>\n\n\n<p class=\"section_title\"><strong>Editorial<\/strong>: (click on title for abstract)<\/p>\n\n\n<ul class=\"wp-block-latest-posts__list wp-block-latest-posts\"><li><a class=\"wp-block-latest-posts__post-title\" href=\"https:\/\/people.unil.ch\/mariusbrulhart\/2024\/10\/the-swiss-journal-of-economics-and-statistics-at-160\/\">The Swiss Journal of Economics and Statistics at 160<\/a><div class=\"wp-block-latest-posts__post-full-content\"><!-- wp:paragraph -->\n<p>with Kateryna Dashevska. <em>Swiss Journal of Economics and Statistics<\/em>, 160(13), 2024. <a href=\"https:\/\/sjes.springeropen.com\/articles\/10.1186\/s41937-024-00130-5\">See publication<\/a><\/p>\n<!-- \/wp:paragraph -->\n\n<!-- wp:paragraph -->\n<p><\/p>\n<!-- \/wp:paragraph --><\/div><\/li>\n<\/ul>\n\n\n<p class=\"section_title\"><strong>Publications in books<\/strong>: (click on title for abstract)<\/p>\n\n\n<ul class=\"wp-block-latest-posts__list wp-block-latest-posts\"><li><a class=\"wp-block-latest-posts__post-title\" href=\"https:\/\/people.unil.ch\/mariusbrulhart\/2024\/12\/competition-harmonization-and-redistribution-corporate-taxes-in-switzerland\/\">Competition, Harmonization and Redistribution: Corporate Taxes in Switzerland<\/a><div class=\"wp-block-latest-posts__post-full-content\"><!-- wp:paragraph -->\n<p>with Marko K\u00f6thenb\u00fcrger, Matthias Krapf, Rapha\u00ebl Parchet, Kurt Schmidheiny and David Staubli. In: D.R. Agrawal, J.M. Poterba, O.M. Zidar (eds.)<em> Policy Responses to Tax Competition<\/em>, NBER and University of Chicago Press, 2025. <a href=\"https:\/\/people.unil.ch\/mariusbrulhart\/files\/2025\/10\/10-agrawal-et-al_policyresponsestaxcompetiton.pdf\">See manuscript<\/a>  (<a href=\"https:\/\/people.unil.ch\/mariusbrulhart\/files\/2023\/11\/NBER-WP-31830.pdf\" data-type=\"URL\" data-id=\"https:\/\/people.unil.ch\/mariusbrulhart\/files\/2023\/06\/NBER_Corporate_Tax_Switzerland-25-June-2023-2.pdf\" target=\"_blank\" rel=\"noreferrer noopener\">NBER working paper version<\/a>)<\/p>\n<!-- \/wp:paragraph -->\n\n<!-- wp:paragraph -->\n<p><\/p>\n<!-- \/wp:paragraph --><\/div><\/li>\n<li><a class=\"wp-block-latest-posts__post-title\" href=\"https:\/\/people.unil.ch\/mariusbrulhart\/2012\/01\/economic-integration-in-the-lower-congo-region\/\">Economic Integration in the Lower Congo Region<\/a><div class=\"wp-block-latest-posts__post-full-content\"><!-- wp:paragraph -->\n<p>with Mombert Hoppe, in Paul Brenton and G\u00f6zde Isik (eds.)\u00a0<em>De-Fragmenting Africa: Deepening Regional Trade Integration in Goods and Services,\u00a0<\/em>World Bank,\u00a02012. <a rel=\"noreferrer noopener\" href=\"https:\/\/openknowledge.worldbank.org\/handle\/10986\/12385\" target=\"_blank\">See paper<\/a><\/p>\n<!-- \/wp:paragraph --><\/div><\/li>\n<li><a class=\"wp-block-latest-posts__post-title\" href=\"https:\/\/people.unil.ch\/mariusbrulhart\/2007\/01\/eu-external-trade-policy\/\">EU External Trade Policy<\/a><div class=\"wp-block-latest-posts__post-full-content\"><!-- wp:paragraph -->\n<p>with Alan Matthews, in Ali M. El-Agraa (ed.)\u00a0<em>The European Union: Economics &amp; Policies,\u00a0<\/em>8th edition,\u00a0Cambridge University Press,\u00a02007. <a href=\"https:\/\/people.unil.ch\/mariusbrulhart\/files\/2023\/02\/elagraa610.pdf\" target=\"_blank\" rel=\"noreferrer noopener\">See paper<\/a><\/p>\n<!-- \/wp:paragraph --><\/div><\/li>\n<li><a class=\"wp-block-latest-posts__post-title\" href=\"https:\/\/people.unil.ch\/mariusbrulhart\/2002\/02\/marginal-intra-industry-trade-towards-a-measure-of-non-disruptive-trade-expansion\/\">Marginal Intra-Industry Trade: Towards a Measure of Non-Disruptive Trade Expansion<\/a><div class=\"wp-block-latest-posts__post-full-content\"><!-- wp:paragraph -->\n<p>in Peter J. Lloyd and Hyun-Hoon Lee (eds.)\u00a0<em>Frontiers of Research on Intra-Industry Trade,\u00a0<\/em>Palgrave Macmillan,\u00a02002. <a href=\"https:\/\/people.unil.ch\/mariusbrulhart\/files\/2023\/02\/gll27.pdf\" target=\"_blank\" rel=\"noreferrer noopener\">See paper<\/a><\/p>\n<!-- \/wp:paragraph --><\/div><\/li>\n<li><a class=\"wp-block-latest-posts__post-title\" href=\"https:\/\/people.unil.ch\/mariusbrulhart\/2002\/02\/growing-alike-or-growing-apart-industrial-specialisation-of-eu-countries\/\">Growing Alike or Growing Apart? Industrial Specialisation of EU Countries<\/a><div class=\"wp-block-latest-posts__post-full-content\"><!-- wp:paragraph -->\n<p>in Charles Wyplosz (ed.)\u00a0<em>The Impact of EMU on Europe and the Developing Countries,\u00a0<\/em>Oxford University Press,\u00a02001. <a href=\"https:\/\/people.unil.ch\/mariusbrulhart\/files\/2023\/02\/emu09.pdf\" target=\"_blank\" rel=\"noreferrer noopener\">See paper<\/a><\/p>\n<!-- \/wp:paragraph --><\/div><\/li>\n<li><a class=\"wp-block-latest-posts__post-title\" href=\"https:\/\/people.unil.ch\/mariusbrulhart\/2001\/01\/eu-external-trade-policy-2\/\">EU External Trade Policy<\/a><div class=\"wp-block-latest-posts__post-full-content\"><!-- wp:paragraph -->\n<p>with Dermot McAleese, in Ali M. El-Agraa (ed.)\u00a0<em>The European Union: Economics and Policies,\u00a0<\/em>6th edition,\u00a0Pearson Education,\u00a02001.<\/p>\n<!-- \/wp:paragraph --><\/div><\/li>\n<li><a class=\"wp-block-latest-posts__post-title\" href=\"https:\/\/people.unil.ch\/mariusbrulhart\/1999\/01\/intra-industry-trade-and-adjustment-the-european-experience\/\">Intra-Industry Trade and Adjustment: The European Experience<\/a><div class=\"wp-block-latest-posts__post-full-content\"><!-- wp:paragraph -->\n<p>co-edited with R. C. Hine\u00a0Macmillan Publishers,\u00a0London,\u00a01999. <a rel=\"noreferrer noopener\" href=\"https:\/\/www.palgrave.com\/gp\/book\/9781349271733#aboutAuthors\" target=\"_blank\">See book<\/a> \/ <a href=\"https:\/\/people.unil.ch\/mariusbrulhart\/files\/2023\/02\/BrulhartHineEJbookreview.pdf\" target=\"_blank\" rel=\"noreferrer noopener\">Economic Journal&#8217;s book review<\/a><\/p>\n<!-- \/wp:paragraph --><\/div><\/li>\n<\/ul>\n\n\n<p class=\"section_title\"><strong>Unpublished working papers:<\/strong> (click on title for abstract)<\/p>\n\n\n<ul class=\"wp-block-latest-posts__list wp-block-latest-posts\"><li><a class=\"wp-block-latest-posts__post-title\" href=\"https:\/\/people.unil.ch\/mariusbrulhart\/2020\/09\/economic-development-in-myanmars-border-regions-evidence-from-nightlights\/\">Economic Development in Myanmar&#8217;s Border Regions: Evidence from Nightlights<\/a><div class=\"wp-block-latest-posts__post-full-content\"><!-- wp:paragraph -->\n<p>with M\u00e9lise Jaud and Bernhard N\u00f6bauer. <em>Background paper for World Bank country report<\/em>, September 2020. <a rel=\"noreferrer noopener\" href=\"https:\/\/people.unil.ch\/mariusbrulhart\/files\/2023\/02\/WorldbankMyanmar-part-1.pdf\" data-type=\"URL\" data-id=\"https:\/\/www.hec.unil.ch\/mbrulhar\/papers\/WorldbankMyanmar.pdf\" target=\"_blank\">Link Part 1<\/a> <a href=\"https:\/\/people.unil.ch\/mariusbrulhart\/files\/2023\/02\/WorldbankMyanmar-part-2.pdf\" target=\"_blank\" rel=\"noreferrer noopener\">Link Part 2<\/a><\/p>\n<!-- \/wp:paragraph --><\/div><\/li>\n<li><a class=\"wp-block-latest-posts__post-title\" href=\"https:\/\/people.unil.ch\/mariusbrulhart\/2020\/06\/daily-suffering-helpline-calls-during-the-covid-19-crisi\/\">Daily Suffering: Helpline Calls during the Covid-19 Crisis<\/a><div class=\"wp-block-latest-posts__post-full-content\"><!-- wp:paragraph -->\n<p>with Rafael Lalive. <a href=\"https:\/\/people.unil.ch\/mariusbrulhart\/files\/2023\/02\/CovidHelplineEvidence.pdf\" target=\"_blank\" rel=\"noreferrer noopener\">See manuscript<\/a><\/p>\n<!-- \/wp:paragraph --><\/div><\/li>\n<li><a class=\"wp-block-latest-posts__post-title\" href=\"https:\/\/people.unil.ch\/mariusbrulhart\/2004\/01\/intra-industry-trade-and-job-turnover\/\">Intra-Industry Trade and Job Turnover<\/a><div class=\"wp-block-latest-posts__post-full-content\"><!-- wp:paragraph -->\n<p>with Anthony Murphy and Eric Strobl, 2004. <a href=\"https:\/\/people.unil.ch\/mariusbrulhart\/files\/2023\/02\/bms45.pdf\" target=\"_blank\" rel=\"noreferrer noopener\">See paper<\/a><\/p>\n<!-- \/wp:paragraph --><\/div><\/li>\n<li><a class=\"wp-block-latest-posts__post-title\" href=\"https:\/\/people.unil.ch\/mariusbrulhart\/1996\/01\/regional-integration-scale-economies-and-industry-location-in-the-european-union\/\">Regional Integration, Scale Economies and Industry Location in the European Union<\/a><div class=\"wp-block-latest-posts__post-full-content\"><!-- wp:paragraph -->\n<p>with Johan Torstensson, CEPR Discussion Paper #1435,\u00a01996.\u00a0<a href=\"https:\/\/people.unil.ch\/mariusbrulhart\/files\/2023\/02\/jt82.pdf\" target=\"_blank\" rel=\"noreferrer noopener\">See paper<\/a><br>(Reprinted in Jovanovic, M.N. (ed.),\u00a0<em>Economic Integration and Spatial Location of Firms and Industries, vol. I<\/em>\u00a0[series:\u00a0<em>The International Library of Critical Writings in Economics<\/em>], Edward Elgar, 2007)<\/p>\n<!-- \/wp:paragraph --><\/div><\/li>\n<li><a class=\"wp-block-latest-posts__post-title\" href=\"https:\/\/people.unil.ch\/mariusbrulhart\/1995\/01\/industrial-specialisation-in-the-european-union-a-test-of-the-new-trade-theory\/\">Industrial Specialisation in the European Union: A Test of the New Trade Theory<\/a><div class=\"wp-block-latest-posts__post-full-content\"><!-- wp:paragraph -->\n<p><em>Trinity Economic Papers,\u00a0<\/em>Technical Paper No. 95\/5,\u00a01995. <a href=\"https:\/\/people.unil.ch\/mariusbrulhart\/files\/2023\/02\/tep955.pdf\" target=\"_blank\" rel=\"noreferrer noopener\">See paper<\/a><\/p>\n<!-- \/wp:paragraph --><\/div><\/li>\n<li><a class=\"wp-block-latest-posts__post-title\" href=\"https:\/\/people.unil.ch\/mariusbrulhart\/1995\/01\/scale-economies-intra-industry-trade-and-industry-location-in-the-new-trade-theory\/\">Scale Economies, Intra-Industry Trade and Industry Location in the New Trade Theory<\/a><div class=\"wp-block-latest-posts__post-full-content\"><!-- wp:paragraph -->\n<p><em>Trinity Economic Papers,\u00a0<\/em>Technical Paper No. 95\/4,\u00a01995. <a href=\"https:\/\/people.unil.ch\/mariusbrulhart\/files\/2023\/02\/tep954.pdf\" target=\"_blank\" rel=\"noreferrer noopener\">See paper<\/a><\/p>\n<!-- \/wp:paragraph --><\/div><\/li>\n<\/ul>","protected":false},"excerpt":{"rendered":"<p>Current manuscripts: (click on title for abstract) Peer-reviewed publications: (click on title for abstract and replication files) Editorial: (click on title for abstract) Publications in books: (click on&hellip;<\/p>\n","protected":false},"author":1001107,"featured_media":0,"parent":0,"menu_order":0,"comment_status":"closed","ping_status":"closed","template":"template-full-width.php","meta":{"_seopress_robots_primary_cat":"","_seopress_titles_title":"","_seopress_titles_desc":"","_seopress_robots_index":"","footnotes":""},"class_list":["post-8","page","type-page","status-publish","has-post-thumbnail"],"_links":{"self":[{"href":"https:\/\/people.unil.ch\/mariusbrulhart\/wp-json\/wp\/v2\/pages\/8","targetHints":{"allow":["GET"]}}],"collection":[{"href":"https:\/\/people.unil.ch\/mariusbrulhart\/wp-json\/wp\/v2\/pages"}],"about":[{"href":"https:\/\/people.unil.ch\/mariusbrulhart\/wp-json\/wp\/v2\/types\/page"}],"author":[{"embeddable":true,"href":"https:\/\/people.unil.ch\/mariusbrulhart\/wp-json\/wp\/v2\/users\/1001107"}],"replies":[{"embeddable":true,"href":"https:\/\/people.unil.ch\/mariusbrulhart\/wp-json\/wp\/v2\/comments?post=8"}],"version-history":[{"count":2,"href":"https:\/\/people.unil.ch\/mariusbrulhart\/wp-json\/wp\/v2\/pages\/8\/revisions"}],"predecessor-version":[{"id":1435,"href":"https:\/\/people.unil.ch\/mariusbrulhart\/wp-json\/wp\/v2\/pages\/8\/revisions\/1435"}],"wp:attachment":[{"href":"https:\/\/people.unil.ch\/mariusbrulhart\/wp-json\/wp\/v2\/media?parent=8"}],"curies":[{"name":"wp","href":"https:\/\/api.w.org\/{rel}","templated":true}]}}