{"id":217,"date":"2015-09-04T15:57:21","date_gmt":"2015-09-04T13:57:21","guid":{"rendered":"http:\/\/people.unil.ch\/monicacastillolluch\/?page_id=217"},"modified":"2015-09-07T14:23:48","modified_gmt":"2015-09-07T12:23:48","slug":"fuero-de-sepulveda","status":"publish","type":"page","link":"https:\/\/people.unil.ch\/monicacastillolluch\/indice-de-fueros\/fuero-de-sepulveda\/","title":{"rendered":"Fuero de Sep\u00falveda"},"content":{"rendered":"<h3>Edici\u00f3n<\/h3>\n<ul>\n<li>S\u00e1ez, Emilio <em>et al.<\/em> (1953), <em>Los Fueros de Sep\u00falveda<\/em>, Segovia, Diputaci\u00f3n provincial de Segovia.<\/li>\n<\/ul>\n<p><a href=\"https:\/\/people.unil.ch\/monicacastillolluch\/files\/2015\/09\/DSC_0002.jpg\" target=\"_blank\"><img loading=\"lazy\" decoding=\"async\" class=\"aligncenter wp-image-336\" src=\"https:\/\/people.unil.ch\/monicacastillolluch\/files\/2015\/09\/DSC_0002-200x300.jpg\" alt=\"Fueros de Sep\u00falveda, ed. S\u00e1ez\" width=\"146\" height=\"219\" srcset=\"https:\/\/people.unil.ch\/monicacastillolluch\/files\/2015\/09\/DSC_0002-200x300.jpg 200w, https:\/\/people.unil.ch\/monicacastillolluch\/files\/2015\/09\/DSC_0002.jpg 532w\" sizes=\"auto, (max-width: 146px) 100vw, 146px\" \/><\/a><\/p>\n<h3>Estudios hist\u00f3rico-jur\u00eddicos de inter\u00e9s<\/h3>\n<ul>\n<li>Linage Conde, Antonio (1999), \u201cLos Fueros de Sep\u00falveda: estado de la cuesti\u00f3n\u201d, <em>Anuario jur\u00eddico y econ\u00f3mico escurialense<\/em>, 32, p. 897-948.\u00a0<a href=\"https:\/\/www.hottopos.com.br\/rih2\/fueros.htm\" target=\"_blank\">Enlace.<\/a><\/li>\n<\/ul>\n<ul>\n<li>Linage Conde, Antonio (2013), \u201cOtras dos copias del fuero de Sep\u00falveda\u201d, <em>Anuario jur\u00eddico y econ\u00f3mico escurialense<\/em>, 46, p. 13-38.\u00a0<a href=\"https:\/\/dialnet.unirioja.es\/descarga\/articulo\/4182032.pdf\" target=\"_blank\">Enlace<\/a><\/li>\n<\/ul>\n<p>&nbsp;<\/p>\n","protected":false},"excerpt":{"rendered":"<p>Edici\u00f3n S\u00e1ez, Emilio et al. (1953), Los Fueros de Sep\u00falveda, Segovia, Diputaci\u00f3n provincial de Segovia. Estudios hist\u00f3rico-jur\u00eddicos de inter\u00e9s Linage Conde, Antonio (1999), \u201cLos Fueros de Sep\u00falveda: estado de la cuesti\u00f3n\u201d, Anuario jur\u00eddico y econ\u00f3mico escurialense, 32, p. 897-948.\u00a0Enlace. Linage Conde, Antonio (2013), \u201cOtras dos copias del fuero de Sep\u00falveda\u201d, Anuario jur\u00eddico y econ\u00f3mico escurialense, &hellip; <\/p>\n<p class=\"link-more\"><a href=\"https:\/\/people.unil.ch\/monicacastillolluch\/indice-de-fueros\/fuero-de-sepulveda\/\" class=\"more-link\">Continuer la lecture<span class=\"screen-reader-text\"> de &laquo;&nbsp;Fuero de Sep\u00falveda&nbsp;&raquo;<\/span><\/a><\/p>\n","protected":false},"author":1001019,"featured_media":0,"parent":10,"menu_order":0,"comment_status":"closed","ping_status":"closed","template":"","meta":{"_seopress_robots_primary_cat":"","_seopress_titles_title":"","_seopress_titles_desc":"","_seopress_robots_index":"","footnotes":""},"class_list":["post-217","page","type-page","status-publish"],"_links":{"self":[{"href":"https:\/\/people.unil.ch\/monicacastillolluch\/wp-json\/wp\/v2\/pages\/217","targetHints":{"allow":["GET"]}}],"collection":[{"href":"https:\/\/people.unil.ch\/monicacastillolluch\/wp-json\/wp\/v2\/pages"}],"about":[{"href":"https:\/\/people.unil.ch\/monicacastillolluch\/wp-json\/wp\/v2\/types\/page"}],"author":[{"embeddable":true,"href":"https:\/\/people.unil.ch\/monicacastillolluch\/wp-json\/wp\/v2\/users\/1001019"}],"replies":[{"embeddable":true,"href":"https:\/\/people.unil.ch\/monicacastillolluch\/wp-json\/wp\/v2\/comments?post=217"}],"version-history":[{"count":0,"href":"https:\/\/people.unil.ch\/monicacastillolluch\/wp-json\/wp\/v2\/pages\/217\/revisions"}],"up":[{"embeddable":true,"href":"https:\/\/people.unil.ch\/monicacastillolluch\/wp-json\/wp\/v2\/pages\/10"}],"wp:attachment":[{"href":"https:\/\/people.unil.ch\/monicacastillolluch\/wp-json\/wp\/v2\/media?parent=217"}],"curies":[{"name":"wp","href":"https:\/\/api.w.org\/{rel}","templated":true}]}}