{"id":15,"date":"2014-10-01T16:14:37","date_gmt":"2014-10-01T14:14:37","guid":{"rendered":"http:\/\/people.unil.ch\/monikasalzbrunn\/?page_id=15"},"modified":"2026-08-28T11:16:58","modified_gmt":"2026-08-28T09:16:58","slug":"publications","status":"publish","type":"page","link":"https:\/\/people.unil.ch\/monikasalzbrunn\/publications\/","title":{"rendered":"Publications"},"content":{"rendered":"<h2>Monographies<\/h2>\n<p><a href=\"https:\/\/www.researchgate.net\/publication\/286443293_Vielfalt_-_Diversitat\" target=\"_blank\" rel=\"noopener\">2014: Vielfalt\/Diversit\u00e4t. Bielefeld: transcript\/Coll. Einsichten.<\/a><\/p>\n<p><a href=\"https:\/\/www.researchgate.net\/publication\/287199508_From_Community_to_Commonality_Multiple_Belonging_and_Street_Phenomena_in_the_Era_of_Reflexive_Modernization\" target=\"_blank\" rel=\"noopener\">2011 (with Yasumasa Sekine): From Community to Commonality. Multiple Belonging and Street Phenomena in the Era of Reflexive Modernization. Tokyo: Seijo University Press.<\/a><\/p>\n<p><a href=\"https:\/\/theses.fr\/2002EHES0051\" target=\"_blank\" rel=\"noopener\">2002: Espaces sociaux transnationaux\u00a0: pratiques politiques et religieuses li\u00e9es \u00e0 la migration des musulmans s\u00e9n\u00e9galais en France et en Allemagne, en particulier pendant les campagnes \u00e9lectorales du nouveau Pr\u00e9sident du S\u00e9n\u00e9gal, Abdoulaye Wade (1994-2001). Th\u00e8se de doctorat en Anthropologie Sociale et Ethnologie (en cotutelle) pour l\u2019obtention du grade Docteur de l\u2019EHESS\/Dissertation zur Erlangung des Grades Doktorin der Sozialwissenschaften (im grenz\u00fcberschreitenden Promotionsverfahren) an der Fakult\u00e4t f\u00fcr Soziologie der Universit\u00e4t Bielefeld. 618 p.<\/a><\/p>\n<p>1996: Islamische Bruderschaften im Senegal und die Entwicklung der Zivilgesellschaft. Eine Neulekt\u00fcre islamischer Sozialgeschichte im Lichte empirischer Beispiele. Bielefeld: Universit\u00e4t, Fakult\u00e4t f\u00fcr Soziologie. M\u00e9moire de dipl\u00f4me de fin d\u2019\u00e9tudes (\u00e9quivalent au DEA). 137 p.<\/p>\n<p>In preparation: Politiques transnationales. R\u00e9seaux migratoires s\u00e9n\u00e9galais en France, en Allemagne et aux Etats-Unis.<\/p>\n<h2>Edited books and\u00a0journals<\/h2>\n<div class=\"biblio_title\">\n<p>avec Nathalie Gauthard, Blodwenn Mauffret et Monika Salzbrunn (\u00e9ds.), 2025\u00a0: <em>Enqu\u00eater en carnaval. M\u00e9thodologies cr\u00e9atives autour d\u2019un plaisir partag\u00e9<\/em>. Rennes\u00a0: Presses Universitaires de Rennes, Coll. Le Spectaculaire-Arts de la Sc\u00e8ne, 340 p. ISBN 978-2-7535-9714-3. <a href=\"https:\/\/pur-editions.fr\/product\/9918\/enqueter-en-carnaval\">https:\/\/pur-editions.fr\/product\/9918\/enqueter-en-carnaval<\/a> ; <a href=\"https:\/\/books.openedition.org\/pur\/252726\">https:\/\/books.openedition.org\/pur\/252726<\/a><\/p>\n<p>avec Ana Laura Rodr\u00edguez Qui\u00f1ones (eds.), 2024: \u00ab\u00a0Migrating through the Arts. Deconstructing Alterities through new Approaches to Music and Dance Practices\u00a0\u00bb. Special issue of <em>New Diversities, <\/em>vol. 25, no. 1. <a href=\"https:\/\/newdiversities.mmg.mpg.de\/wp-content\/uploads\/2024\/08\/2024-25-1_NewDiversities.pdf\">https:\/\/newdiversities.mmg.mpg.de\/wp-content\/uploads\/2024\/08\/2024-25-1_NewDiversities.pdf<\/a> ISSN-Print 2199-8108\u00a0; ISSN-Internet 2199-8116<\/p>\n<p>avec Alice Aterianus-Owanga et Elina Djebbari,\u00a02019 (paru en 2020): Danses, musiques et transnationalisations. Dossier th\u00e9matique, <em>Revue europ\u00e9enne des migrations internationales<\/em>, 35 (3 &amp; 4).\u00a0<a href=\"https:\/\/doi.org\/10.4000\/remi.13169\">https:\/\/doi.org\/10.4000\/remi.13169<\/a><\/p>\n<p><a href=\"https:\/\/www.cairn.info\/revue-europeenne-des-migrations-internationales-2019-3.htm\">https:\/\/www.cairn.info\/revue-europeenne-des-migrations-internationales-2019-3.htm<\/a><\/p>\n<p><a href=\"https:\/\/journals.openedition.org\/remi\/13169\" target=\"_blank\" rel=\"noopener\"><span class=\"biblio_title\">2019 (with <\/span><span class=\"biblio_author\">Aterianus-Owanga Alice<\/span>, <span class=\"biblio_author\">Djebbari Elina<\/span>, <span class=\"biblio_author\">Ellinghaus Birgit<\/span>, <span class=\"biblio_author\">Younan Nadia<\/span>, <span class=\"biblio_author\">Rodriguez Quinones Ana Laura<\/span>, <span class=\"biblio_author\">Jim\u00e9nez Sedano Livia<\/span>, <span class=\"biblio_author\">Gauthier \u00c9glantine<\/span>, <span class=\"biblio_author\">Rinaudo Christian)<\/span> (eds.): <span class=\"biblio_title\">Danses, musiques et (trans)nationalismes<\/span>. <span class=\"biblio_relatedItemTitle\">Revue europ\u00e9enne des migrations internationales<\/span>, <span class=\"biblio_volume\">35 <\/span>(<span class=\"biblio_number\">3-4<\/span>).<\/a><\/p>\n<\/div>\n<p><a href=\"https:\/\/journals.openedition.org\/lectures\/33737\" target=\"_blank\" rel=\"noopener\">2019 (with Amiotte-Suchet Laurent) (eds.): L\u2019\u00e9v\u00e9nement (im)pr\u00e9visible. Mobilisations politiques et dynamiques religieuses, Paris: Editions Beauchesne.<\/a><\/p>\n<p><a href=\"https:\/\/journals.openedition.org\/assr\/49507\" target=\"_blank\" rel=\"noopener\">2019 (ed.): L\u2019islam (in)visible en ville. Appartenances et engagements dans l\u2019espace urbain, Geneva: Labor et Fides.<\/a><\/p>\n<p><a href=\"https:\/\/journals.openedition.org\/eps\/10213\" target=\"_blank\" rel=\"noopener\">2018 (with Ortar Nathalie, Stock Mathis) (eds.): Migrations, circulations, mobilit\u00e9s. Nouveaux enjeux \u00e9pist\u00e9mologiques et conceptuels \u00e0 l\u2019\u00e9preuve du terrain. Aix-en-Provence: Presses Universitaires de Provence.<\/a><\/p>\n<p><a href=\"https:\/\/journals.openedition.org\/civilisations\/4703\" target=\"_blank\" rel=\"noopener\">2018 (with Cappone Stefania) (eds.): A l\u2019\u00e9coute des transnationalisations religieuses\/Sounding religious transnationalism. Civilisations, 67, Institut de sociologie de l&#8217;Universit\u00e9 Libre de Bruxelles.<\/a><\/p>\n<p><a href=\"https:\/\/www.researchgate.net\/publication\/282868558_The_Economies_of_Urban_Diversity\" target=\"_blank\" rel=\"noopener\">2013 (with\u00a0Darja Reuschke, Korinna Sch\u00f6nh\u00e4rl) (eds.): The Economies of Urban Diversity. Ruhr Area and Istanbul. New York: Palgrave Macmillan.<\/a><\/p>\n<p><a href=\"https:\/\/books.openedition.org\/pur\/13533?lang=fr\" target=\"_blank\" rel=\"noopener\">2010 (with Ivan Sainsaulieu et Laurent Amiotte-Suchet) (eds.): Faire communaut\u00e9 en soci\u00e9t\u00e9. Dynamique des appartenances collectives. Rennes: Presses Universitaires de Rennes, 250 p.<\/a><\/p>\n<p><a href=\"https:\/\/www.transcript-publishing.com\/978-3-89942-835-3\/the-making-of-world-society\/\" target=\"_blank\" rel=\"noopener\">2008 (with Remus Gabriel Anghel, Eva Gerhartz, Gilberto Rescher) (eds.): The Making of World Society. Perspectives from Transnational Research. Bielefeld: transcript\/transaction publishers.<\/a><\/p>\n<p><a href=\"https:\/\/espritcritique.hypotheses.org\/184\" target=\"_blank\" rel=\"noopener\">2007 (with Jean-Louis Laville, Ivan Sainsaulieu) (eds.): La communaut\u00e9 n\u2019est pas le communautarisme. Num\u00e9ro de la revue internationale de sociologie et de sciences sociales online, Esprit critique, Automne, 10, No.1.<\/a><\/p>\n<p>1997 (with Jens Petersen-Thumser) (eds.): Lib\u00e9rer le potentiel d&#8217;auto-aide en d\u00e9centralisant les mesures de politique sociale. Conf\u00e9rence internationale (Mbalmayo, Cameroun). Berlin: DES, 283 p.<\/p>\n<p>1995 (with Youssouf Diallo, Gudrun Lachenmann) (eds.): Bulletin de l\u2019APAD, No. 10, D\u00e9cembre, 117 p.<\/p>\n<h2>Articles published in international peer-reviewed journals<\/h2>\n<p>Avec Ana Laura Rodriguez Quinones, 2026\u00a0: \u00ab\u00a0De la fiction \u00e0 la fabrication de sens\u00a0: exp\u00e9riences collaboratives de recherche-enseignement par des \u00e9critures audio-visuelles\u00a0\u00bb, in\u00a0: <em>Recherches qualitatives<\/em>, 45(1), 139\u2013161. <a href=\"https:\/\/doi.org\/10.7202\/1125171ar\">https:\/\/doi.org\/10.7202\/1125171ar<\/a><\/p>\n<p>2025\u00a0: \u00ab\u00a0Carnevale di Colonia e chiesa cattolica. Una lunga storia di interconnessioni, derisioni, mascherate\u00a0\u00bb, in\u00a0: <em>Memoria e Ricerca<\/em>, a. XXXIII, n. 80, 3\/2025, pp. 485-500.<\/p>\n<p>2025\u00a0: \u00ab\u00a0Le point de vue d\u2019une chercheure transnationale\u00a0: genre et rapports de pouvoir dans l\u2019ar\u00e8ne acad\u00e9mique\u00a0\u00bb, in\u00a0: <em>Revue Europ\u00e9enne des Migrations Internationales (REMI)<\/em>, 2025, 41 (2 &amp; 3), pp. 211-224.\u00a0 <a href=\"https:\/\/journals.openedition.org\/remi\/29208\">https:\/\/journals.openedition.org\/remi\/29208<\/a> ; <u><a href=\"https:\/\/doi.org\/10.4000\/15aro\">https:\/\/doi.org\/10.4000\/15aro<\/a><\/u><\/p>\n<p>2026\u00a0: \u201cA Transnational Researcher\u2019s Perspective: Gender and Power Relations in the Academic Arena\u201d, Revue europ\u00e9enne des migrations internationales [Online], vol. 41 &#8211; n\u00b02 et 3 | 2025, Online since 01 April 2026, connection on 17 April 2026. URL: <a href=\"http:\/\/journals.openedition.org\/remi\/30861\">http:\/\/journals.openedition.org\/remi\/30861<\/a> ; DOI: <a href=\"https:\/\/doi.org\/10.4000\/162o2\">https:\/\/doi.org\/10.4000\/162o2<\/a><\/p>\n<p>2025\u00a0: \u00ab\u00a0Kunst-basierte\u00a0Methoden(-Lehre) als Performance in der Ethnographie, Restitution, Diffusion\u00a0\u00bb, in\u00a0: Special Feature \u00ab\u00a0MIGRATION, REPRESENTATION, AND REFLEXIVITY. An Intergenerational Dialogue on Current Issues\u00a0\u00bb edited by Serjara Aleman, Federica Moretti and Sara Wiederkehr, in\u00a0: <em>Swiss Journal of Social and Cultural Anthropology (SJSCA)<\/em>, 31|2025, pp. 175\u2013181. <a href=\"https:\/\/journal-sa.ch\/article\/view\/11784\">https:\/\/journal-sa.ch\/article\/view\/11784<\/a> <a href=\"https:\/\/DOI.org\/10.36950\/sjsca.2025.31.11784\">https:\/\/DOI.org\/10.36950\/sjsca.2025.31.11784<\/a><\/p>\n<p>2025\u00a0: \u00ab\u00a0L\u2019artivisme au prisme de m\u00e9thodes artistiques en sciences humaines et sociales. D\u00e9fis et obstacles sur le chemin de l\u2019anthropologie visuelle \u00e0 G\u00eanes\u00a0\u00bb, in\u00a0: <em>Communications<\/em>, no. 116 (2025), Dramaturgies du r\u00e9el, \u00e9dit\u00e9 par Caterina Pasqualino et Bernard M\u00fcller, pp. 61-78. <a href=\"https:\/\/doi.org\/10.3917\/commu.116.0061\">https:\/\/doi.org\/10.3917\/commu.116.0061 <\/a><\/p>\n<p>2024\u00a0: \u00ab\u00a0Artivismus als kreativer Widerstand der \u00ab\u00a0Stadt von unten\u00a0\u00bb. Konzeptuelle \u00dcberlegungen am Beispiel des Karnevals und karnevalesker Performances in Genua\u00a0\u00bb, in\u00a0: Forschungs-Journal Soziale Bewegungen, Themenheft , vol. 37, no. 3\/2024 \u00ab\u00a0Kunst und soziale Bewegungen\u00a0\u00bb, herausgegeben von Ricarda Dr\u00fceke und Simon Teune, pp. 408-420. <a href=\"https:\/\/doi.org\/10.1515\/fjsb-2024-0035\">https:\/\/doi.org\/10.1515\/fjsb-2024-0035<\/a><\/p>\n<p>avec Ana Laura Rodr\u00edguez Qui\u00f1ones, 2024\u00a0: \u00ab\u00a0Introduction. Migrating through the Arts. Deconstructing Alterities through new Approaches to Music and Dance Practices\u00a0\u00bb, in\u00a0: \u00ab\u00a0Migrating through the Arts. Deconstructing Alterities through new Approaches to Music and Dance Practices\u00a0\u00bb. Special issue of <em>New Diversities, <\/em>vol. 25, no. 1. p. 1\u201311. <a href=\"https:\/\/doi.org\/10.58002\/sd23-ey45\">https:\/\/doi.org\/10.58002\/sd23-ey45<\/a><\/p>\n<p>2023 : \u00ab Approaching the (alternative) Economies of Festive Events: Insights from official and independent carnivals in Nice and Viareggio \u00bb, in : Guerra, Paula &amp; Campos, Ricardo (eds.) (2023). Combart: Arte, artivismo e cidadania. Utopias e futuros imaginados. Porto: Faculdade de Letras da Universidade do Porto, Porto University Press, p. 38-63.\u00a0<a href=\"https:\/\/10.21747\/978-989-9082-54-0\/comba3\">https:\/\/10.21747\/978-989-9082-54-0\/comba3<\/a><\/p>\n<p><a href=\"https:\/\/repositorio-aberto.up.pt\/handle\/10216\/148169\">https:\/\/repositorio-aberto.up.pt\/handle\/10216\/148169<\/a><\/p>\n<p><a href=\"https:\/\/hdl.handle.net\/10216\/148169\">https:\/\/hdl.handle.net\/10216\/148169<\/a><\/p>\n<p><a href=\"https:\/\/ler.letras.up.pt\/uploads\/ficheiros\/19647.pdf\">https:\/\/ler.letras.up.pt\/uploads\/ficheiros\/19647.pdf<\/a><\/p>\n<p>ISBN 978-989-9082-54-0<\/p>\n<p>2023\u00a0: Avec Raphaela von Weichs\u00a0: \u00ab\u00a0L\u2019artivisme dans la bande dessin\u00e9e, l\u2019art mural et la <em>street art<\/em> au Cameroun\u00a0\u00bb, in\u00a0: <em>Figures de l\u2019Art <\/em>no. 40, dossier \u2018L\u2019activisme et la mondialisation de la sc\u00e8ne de l\u2019art (th\u00e9orie, paradigme et circulations)\u2019 coordonn\u00e9 par Nicolas Nercam, pp. 111-128.\u00a0<a href=\"https:\/\/figuresdelart.fr\/fa40\/\">https:\/\/figuresdelart.fr\/fa40\/<\/a><\/p>\n<p>ISBN 2-35311-152-1<\/p>\n<p>ISSN 1265-0692<\/p>\n<p>Avec Raphaela von Weichs, 2022\u00a0: \u201cEntre engagement individuel et collectif. Signatures dans l\u2019art et l\u2019activisme \u00e0 G\u00eanes et Yaound\u00e9\u201d. Contribution au dossier de <em>Multitudes <\/em>2022\/2, n\u00b087, \u00ab Se faire artiste : entre engagement (dans le) collectif, singularit\u00e9 de l\u2019artiste et entrepreneuriat de soi \u00bb, coordonn\u00e9e par Elara Berto, Armelle Gaulier, Ma\u00ebline Le Lay, p. 119-127.\u00a0<a href=\"https:\/\/doi.org\/10.3917\/mult.087.0119\">https:\/\/doi.org\/10.3917\/mult.087.0119<\/a><\/p>\n<p><a href=\"https:\/\/www.cairn.info\/revue-multitudes-2022-2-page-119.htm\">https:\/\/www.cairn.info\/revue-multitudes-2022-2-page-119.htm<\/a><\/p>\n<p>2022: \u201cConstructing Local Belonging Through Art and Activism in Context of Anti-migration Politics, Stigmatization and Gentrification. What Migration Studies can Learn from Belleville and Maddalena\u201d. Special issue \u201cResisting Anti-Migrant Politics. Challenging Borders, Boundaries, and Belongings in Europe and Africa\u201d edited by Kenneth Horvath, Elise Pape, Catherine Delcroix, and Lena Inowlocki, In: <em>Borders in Globalization Review<\/em>, vol. 4 issue 1, Fall and Winter, pp. 41-52.<\/p>\n<p><a href=\"https:\/\/doi.org\/10.18357\/bigr41202220562\">https:\/\/doi.org\/10.18357\/bigr41202220562<\/a><\/p>\n<p><a href=\"https:\/\/journals.uvic.ca\/index.php\/bigreview\/article\/view\/20562\">https:\/\/journals.uvic.ca\/index.php\/bigreview\/article\/view\/20562<\/a><\/p>\n<p>2022 : \u201cUn carnaval masqu\u00e9 ou la parodie de la parodie : Le carnaval alternatif de Cologne\u201d, in: <em>Th\u00e9\u00e2tre\/Public<\/em>, dossier \u00ab Th\u00e9\u00e2tre, carnaval, manifestation \u00bb, dirig\u00e9 par Alexandre Todorov, juillet 2022, pp. 66-73.\u00a0<a href=\"https:\/\/www.bsad.eu\/index.php?lvl=notice_display&amp;id=72942\">https:\/\/www.bsad.eu\/index.php?lvl=notice_display&amp;id=72942<\/a><\/p>\n<p><a href=\"http:\/\/theatrepublic.fr\/theatre-public-n-244-theatre-carnaval-manifestation-entretien-bashar-murkus\/\">http:\/\/theatrepublic.fr\/theatre-public-n-244-theatre-carnaval-manifestation-entretien-bashar-murkus\/<\/a><\/p>\n<p>2021: \u201cResearching and practicing ARTIVISM through field-crossing: an innovative method for collaborative research [version 1; peer review: 3 approved]\u201d. <em>EU publishing platform, open peer-reviewed Excellent Science Gateway<\/em> (reserved to outcomes from the Excellent Science program section supported by Horizon 2020):\u00a0<a href=\"https:\/\/open-research-europe.ec.europa.eu\/articles\/1-106\">https:\/\/open-research-europe.ec.europa.eu\/articles\/1-106<\/a><br \/>\nDOI:<a href=\"https:\/\/doi.org\/10.12688\/openreseurope.13634.1\">10.12688\/openreseurope.13634.1<\/a><\/p>\n<p>https:\/\/doi.org\/<a href=\"https:\/\/doi.org\/10.12688\/openreseurope.13634.1\">10.12688\/openreseurope.13634.1<\/a><\/p>\n<p>2021\u00a0: \u201cResearching Artivism through the Event approach. Epistemological and Methodological Reflections about Art and Activism.\u201d <em><a href=\"https:\/\/riviste.unimi.it\/index.php\/connessioniremote\/issue\/view\/1643\">Connessioni Remote. Artivismo_Teatro_Tecnologia<\/a>,<\/em> 2, Special issue <em>Artivism: Forms, Experiences, Practices and<\/em> <em>Theories\/L&#8217;Artivismo: forme, esperienze, pratiche e teorie,<\/em> ed. by Anna Maria Monteverdi, Dalila D\u2019Amico, Laura Gemini, Vincenzo Sansone. No. 2 (2021):175-188. <a href=\"https:\/\/riviste.unimi.it\/index.php\/connessioniremote\/article\/view\/15264\/14070\">https:\/\/riviste.unimi.it\/index.php\/connessioniremote\/article\/view\/15264\/14070<\/a><\/p>\n<p><a href=\"https:\/\/doi.org\/10.13130\/connessioni\/15264\">https:\/\/doi.org\/10.13130\/connessioni\/15264<\/a><\/p>\n<p>2020: &#8220;The Twenty-First-Century Reinvention of Carnival Rituals in Paris and Cherbourg: Extending the Boundaries of Belonging via Politicized Ritual&#8221;, in: <em>Journal of Festive Studies<\/em>, 2 (1) pp. 105-127.\u00a0<a href=\"https:\/\/doi.org\/10.33823\/jfs.2020.2.1.50\"> https:\/\/doi.org\/10.33823\/jfs.2020.2.1.50<\/a> \u00a0<a href=\"https:\/\/journals.h-net.org\/jfs\/article\/view\/50\/24\">https:\/\/journals.h-net.org\/jfs\/article\/view\/50\/24<\/a><\/p>\n<p>avec Federica Moretti, 2020 : Il Carnevale tra limiti, trasgressioni, rinnovamenti e rivendicazioni. Resistenza festiva a Nizza, Marsiglia e Viareggio. LEA &#8211; Lingue e letterature d\u2019Oriente e d\u2019Occidente, 9, pp. 399-414.\u00a0doi:\u00a0\u00a0\u00a0<a href=\"https:\/\/doi.org\/10.13128\/LEA-1824-484x-12445\">10.13128\/LEA-1824-484x-12445<\/a><\/p>\n<p>https:\/\/doi.org\/<a href=\"https:\/\/doi.org\/10.13128\/LEA-1824-484x-12445\">10.13128\/LEA-1824-484x-12445<\/a><\/p>\n<p><a href=\"https:\/\/oajournals.fupress.net\/index.php\/bsfm-lea\/article\/view\/12445\/11873\">https:\/\/oajournals.fupress.net\/index.php\/bsfm-lea\/article\/view\/12445\/11873<\/a><\/p>\n<p><a href=\"https:\/\/rfmv.u-bordeaux-montaigne.fr\/numeros\/4\/articles\/05-la-camera-comme-forme-dempowerment-dans-la-mise-en-scene-de-soi\/#:~:text=La%20cam%C3%A9ra%20et%20la%20mise%20en%20sc%C3%A8ne%20de%20soi&amp;text=27)%20revient%20sur%20la%20mani%C3%A8re,de%20l&apos;observation%20film%C3%A9e%20%C2%BB.\" target=\"_blank\" rel=\"noopener\">2020: <span class=\"biblio_title\">La cam\u00e9ra comme forme d\u2019empowerment dans la mise en sc\u00e8ne de soi. Retournement des stigmates sur la migration par la mode mise en images.<\/span> <span class=\"biblio_relatedItemTitle\">Revue Fran\u00e7aise des M\u00e9thodes Visuelles<\/span> <\/a><span class=\"biblio_number\">4.\u00a0<\/span><\/p>\n<p>avec Alice Aterianus-Owanga et Elina Djebbari, 2019 (paru 2020): &#8220;Introduction. Towards an anthropology of music-choreography performances in a transnational context&#8221;, in: <em>Revue europ\u00e9enne des migrations internationales<\/em>, 35 (3 &amp; 4), [traductrices: Katherine Booth et Alexandra Pom\u00e9on O\u2019Neill].\u00a0<a href=\"https:\/\/doi.org\/10.4000\/remi.14732\">https:\/\/doi.org\/10.4000\/remi.14732<\/a><\/p>\n<p><a href=\"https:\/\/www.cairn.info\/revue-europeenne-des-migrations-internationales-2019-3-page-15a.htm\">https:\/\/www.cairn.info\/revue-europeenne-des-migrations-internationales-2019-3-page-15a.htm<\/a><\/p>\n<p><a href=\"https:\/\/journals.openedition.org\/remi\/13204\" target=\"_blank\" rel=\"noopener\"><span class=\"biblio_title\">2019 (with <span class=\"biblio_author\">Aterianus-Owanga Alice<\/span> and <span class=\"biblio_author\">Djebbari Elina):\u00a0<\/span> Introduction : Pistes pour une anthropologie des performances musico-chor\u00e9graphiques en contexte transnational.<\/span> <span class=\"biblio_relatedItemTitle\">Revue europ\u00e9enne des migrations internationales<\/span>, <span class=\"biblio_volume\">35<\/span> (<span class=\"biblio_number\">3-4<\/span>) pp. <span class=\"biblio_pages\">15-32<\/span><span class=\"biblio_peer\">.<\/span><\/a><\/p>\n<p>avec Birgit Ellinghaus, 2019 (paru 2020): &#8220;Music and migration: Cologne Carnival as a state of mind&#8221;, in: <em>Revue europ\u00e9enne des migrations internationales<\/em>, 35 (3 &amp; 4), [traductrices: Katherine Booth et Alexandra Pom\u00e9on O\u2019Neill].\u00a0<a href=\"https:\/\/doi.org\/10.4000\/remi.14741\">https:\/\/doi.org\/10.4000\/remi.14741<\/a><\/p>\n<p><a href=\"https:\/\/www.cairn.info\/revue-europeenne-des-migrations-internationales-2019-3-page-33a.htm\">https:\/\/www.cairn.info\/revue-europeenne-des-migrations-internationales-2019-3-page-33a.htm<\/a><\/p>\n<p><a href=\"https:\/\/journals.openedition.org\/remi\/13289#:~:text=Ce%20festival%20offre%20des%20concerts,sa%20diversit%C3%A9%20et%20son%20unit%C3%A9.\" target=\"_blank\" rel=\"noopener\"><span class=\"biblio_title\">2019 (with <span class=\"biblio_author\">Ellinghaus Birgit<\/span>): Musique et migration : le carnaval de Cologne comme \u00e9tat d\u2019esprit.<\/span> <span class=\"biblio_relatedItemTitle\">Revue europ\u00e9enne des migrations internationales<\/span>, <span class=\"biblio_volume\">35<\/span> (<span class=\"biblio_number\">3-4<\/span>) pp. <span class=\"biblio_pages\">33-40. <\/span><\/a><\/p>\n<div><\/div>\n<p id=\"reference-BIB_6E02698B9C73\"><a href=\"https:\/\/revues.ulaval.ca\/ojs\/index.php\/anthropen\/article\/view\/30581\" target=\"_blank\" rel=\"noopener\">2019: Artivisme. Anthropen. Le dictionnaire francophone d&#8217;anthropologie ancr\u00e9 dans le contemporain.<\/a><\/p>\n<p><a href=\"https:\/\/journals.openedition.org\/civilisations\/4721\" target=\"_blank\" rel=\"noopener\">2018 (with Capone Stefania): Introduction. A l\u2019\u00e9coute des transnationalisations religieuses,\u00a0 Civilisations, 67 pp. 11-21.<\/a><\/p>\n<p><a href=\"https:\/\/tidsskrift.dk\/tcp\/article\/view\/105288\" target=\"_blank\" rel=\"noopener\">2018 (with Dellwo Barbara and Besen\u00e7on Sylvain): Analyzing participatory cultural practices in a medium-scale Swiss town: How multiple belongings are constructed and consolidated through an interactive film-making process, Conjunctions, 5 (1).<\/a><\/p>\n<p><a href=\"https:\/\/revues.ulaval.ca\/ojs\/index.php\/anthropen\/article\/view\/30647\" target=\"_blank\" rel=\"noopener\">2017: Migration. Anthropen. Le dictionnaire francophone d&#8217;anthropologie ancr\u00e9 dans le contemporain.<\/a><\/p>\n<p><a href=\"https:\/\/journals.openedition.org\/remi\/8282\" target=\"_blank\" rel=\"noopener\">2017: Shifting Theories, Methods and Topics: Monika Salzbrunn talks with Ludger Pries about 30 Years of Migration Studies, in: Revue Europ\u00e9enne des Migrations Internationales, vol. 32, no. 3-4, pp. 231-247.<\/a><\/p>\n<p><a href=\"https:\/\/www.ceeol.com\/search\/article-detail?id=459119\" target=\"_blank\" rel=\"noopener\">2016: When the Mosque Goes Beethoven: Expressing Religious Belongings through Music. COMPASO \u2013 Journal of Comparative Research in Anthropology and Sociology, vol. 7 (no. 1) pp. 59-74.<\/a><\/p>\n<p><a href=\"https:\/\/journals.openedition.org\/remi\/8282\" target=\"_blank\" rel=\"noopener\">2016: Shifting Theories, Methods and Topics: Monika Salzbrunn talks with Ludger Pries about 30 Years of Migration Studies, Revue Europ\u00e9enne des Migrations Internationales, vol. 32 (3-4), pp. 231-247.<\/a><\/p>\n<p><a href=\"https:\/\/journals.openedition.org\/ifha\/8187\" target=\"_blank\" rel=\"noopener\">2015: (Compte rendu) Harald Kleinschmidt, Migration und Integration. Theoretische und historische Perspektiven. M\u00fcnster: Westf\u00e4lisches Dampfboot (Theorie und Geschichte der b\u00fcrgerlichen Gesellschaft), 2011, 191 p., Revue de l\u2019Institut fran\u00e7ais d\u2019histoire en Allemagne (online) p. 3.<\/a><\/p>\n<p><a href=\"https:\/\/shs.cairn.info\/revue-afrique-contemporaine1-2015-2-page-37?lang=fr\" target=\"_blank\" rel=\"noopener\">2015 (with Souiah Farida and Mastrangelo Simon): Les \u00ab br\u00fbleurs \u00bb de fronti\u00e8res dans la musique tunisienne : la migration non document\u00e9e au prisme de chansons de rap et de mezoued, Afrique contemporaine, 2 (254), pp. 37-56.<\/a><\/p>\n<p>2015: Religion und Migration \u2013 methodische Zug\u00e4nge und konzeptuelle \u00dcberlegungen zum Ereignis. Zeitschrift f\u00fcr Missionswissenschaft und Religionswissenschaft, 3-4 pp. 179-189.<\/p>\n<p><a href=\"https:\/\/journals.sagepub.com\/doi\/10.1177\/0037768614524308\" target=\"_blank\" rel=\"noopener\">2014: Appartenances en f\u00eate: entre l\u2019ordinaire et le spectaculaire, in: Social Compass, vol. 61, no. 2, pp. 250-260.<\/a><\/p>\n<p><a href=\"https:\/\/www.tandfonline.com\/doi\/full\/10.1080\/1070289X.2013.841581\" target=\"_blank\" rel=\"noopener\">2014: How diverse is Cologne Carnival? How migrants appropriate popular art spaces, in: Identities, vol. 21, no. 1, pp. 92-106.<\/a><\/p>\n<p><a href=\"https:\/\/www.jstor.org\/stable\/24643101\" target=\"_blank\" rel=\"noopener\">2013: Wrestling With The Swiss: African Transnational Migration In Europe And The US Put On Stage, in: Urban Anthropology\u00a0and Studies of Cultural Systems and World Economic Development: vol. 42, no. 1,2, pp. 135-169.<\/a><\/p>\n<p><a href=\"https:\/\/journals.openedition.org\/theoremes\/442\" target=\"_blank\" rel=\"noopener\">2013 (with von Weichs Raphaela): Sacred Music, Sacred Journeys: What Makes an Event Postcolonial?, in: Th\u00e9oR\u00e8mes, 4, pp. 1-11.<\/a><\/p>\n<p><a href=\"https:\/\/doc.rero.ch\/record\/290648\" target=\"_blank\" rel=\"noopener\">2012: Gebietskartierung: Vielfalt\/Diversity\/Diversit\u00e9, in: Soziologische Revue, 35. Jg., pp. 375-394.<\/a><\/p>\n<p><a href=\"https:\/\/www.tandfonline.com\/doi\/full\/10.1080\/00497878.2012.691823\" target=\"_blank\" rel=\"noopener\">2012: Performing Gender and Religion: The Veil&#8217;s Impact on Boundary-Making Processes in France, Women&#8217;s Studies: An interdisciplinary journal, 41:6, 682-705.<\/a><\/p>\n<p><a href=\"https:\/\/shs.cairn.info\/revue-migrations-societe-2011-1-page-175?lang=fr\" target=\"_blank\" rel=\"noopener\">2011: Mobilisation des ressources culturelles et participation politique: l\u2019apport des cultural studies \u00e0 l\u2019analyse des rapports sociaux dans un contexte festif, Migrations et Soci\u00e9t\u00e9, Vol. 23, no. 133, January-February\u00a02011, edited\u00a0by Daniel Bertaux, Catherine Delcroix and Roland Pfefferkorn, pp. 175-192.<\/a><\/p>\n<p><a href=\"https:\/\/brill.com\/display\/book\/edcoll\/9783657773305\/BP000011.xml\" target=\"_blank\" rel=\"noopener\">2011: Belonging als Performance in Paris und Cherbourg: versteckte Semantiken des Karnevals, in: Alzheimer, Heidrun et al. (eds.): Jahrbuch f\u00fcr europ\u00e4ische Ethnologie 2011. Frankreich. Paderborn: Sch\u00f6ningh. pp. 145-172.<\/a><\/p>\n<p><a href=\"https:\/\/shs.cairn.info\/revue-europeenne-des-migrations-internationales-2008-2-page-23?lang=fr\" target=\"_blank\" rel=\"noopener\">2008 (with Thomas Lacroix and Leyla Sall): Les Marocains et S\u00e9n\u00e9galais de France, permanences et \u00e9volution des relations transnationales, in: Revue Europ\u00e9enne des Migrations Internationales, 24\/2, pp. 23-43.<\/a><\/p>\n<p><a href=\"https:\/\/shs.cairn.info\/revue-horizons-strategiques-2007-2-page-43?lang=fr\" target=\"_blank\" rel=\"noopener\">2007: Entre autonomie et insertion. Les grands dispositifs de la politique de la jeunesse et de la famille en Allemagne, Horizons Strat\u00e9giques, avril 2007, pp. 43-69.\u00a0<\/a><\/p>\n<p><a href=\"https:\/\/epe.lac-bac.gc.ca\/100\/201\/300\/esprit_critique\/html_pdf\/2009\/v12n02\/Dossiers\/article.asp@t03code=65&amp;varticle=esp1001article05&amp;vrep=1001\" target=\"_blank\" rel=\"noopener\">2007: Enjeux de construction des r\u00f4les communautaires dans l\u2019espace urbain: le cas du quartier de Belleville \u00e0 Paris, in: Ivan Sainsaulieu and Monika Salzbrunn (eds.), Esprit critique, Automne, 10, No. 1: La communaut\u00e9 n\u2019est pas le communautarisme.\u00a0<\/a><\/p>\n<p><a href=\"https:\/\/epe.lac-bac.gc.ca\/100\/201\/300\/esprit_critique\/html_pdf\/2007\/v10n01\/publications\/1001\/esp1001article01.pdf\" target=\"_blank\" rel=\"noopener\">2007 (with Ivan Sainsaulieu): La communaut\u00e9 n\u2019est pas le communautarisme, in: Ivan Sainsaulieu and Monika Salzbrunn (eds.), Esprit critique, Automne, 10, No. 1.\u00a0<\/a><\/p>\n<p>2005 (with\u00a0Julien Laflaqui\u00e8re, Sylvie Gangloff, Claire Scopsi, Thomas Guignard, Ralitza Soultanova, Virginie Beaujouan and Dana Diminescu): Archiver le Web sur les migrations: quelles approches techniques et scientifiques \u2013 rapport d\u2019\u00e9tape, in:\u00a0Migrance 23, 1er trimestre, pp. 72-93.<\/p>\n<p><a href=\"https:\/\/www.jstor.org\/stable\/pdf\/1581508.pdf\" target=\"_blank\" rel=\"noopener\">2004: The Occupation of Public Space Through Religious and Political Events: How Senegalese Migrants became a Part of Harlem, New York, in:\u00a0Journal of Religion in Africa, 32, 2\u00a0, pp. 468-492.<\/a><\/p>\n<p>2002: L\u2019impatto delle reti transnazionali degli emigrati sulle le elezioni presidenziali in Senegal nel 2000, in: afriche e orienti, No.3, anno IV, pp. 138-149.<\/p>\n<p><a href=\"https:\/\/www.persee.fr\/doc\/homig_1142-852x_2002_num_1239_1_3890\" target=\"_blank\" rel=\"noopener\">2002: La campagne pr\u00e9sidentielle s\u00e9n\u00e9galaise en France, in: Hommes et Migrations, No. 1239, September-October, pp. 49-53.<\/a><\/p>\n<p><a href=\"https:\/\/journals.openedition.org\/apad\/801\" target=\"_blank\" rel=\"noopener\">1996: Leaders paysans et autorit\u00e9s religieuses comme courtiers du d\u00e9veloppement en milieu rural s\u00e9n\u00e9galais. Contribution au Colloque de l\u2019APAD \u00e0 l\u2019Universit\u00e9 de Stuttgart-Hohenheim, from 5th to 8th june, &#8220;Le d\u00e9veloppement n\u00e9goci\u00e9: courtiers, savoirs, technologies&#8221;, in: Bulletin de l\u2019APAD, No. 11, pp. 108-128.<\/a><\/p>\n<h2>Articles published in other journals<\/h2>\n<p>2021\u00a0: Vielfalt in der Kultur(-politik): Die Quadratur des Kreises, in: <em>Kulturpolitische Mitteilungen<\/em>, I\/2021, pp. 41-43. Peer-reviewed.\u00a0<a href=\"https:\/\/kupoge.de\/produkt\/heft-172-i-2021-diversity-matters\/\">https:\/\/kupoge.de\/produkt\/heft-172-i-2021-diversity-matters\/<\/a><\/p>\n<p>ISSN 0722-4591<\/p>\n<p>2016: &#8220;Appartenances multiples. Chants de Soufis, danses folkloriques et cloches vaudoises&#8221;. <em>Terra cognita <\/em>28, p.32-34. <a href=\"https:\/\/www.terra-cognita.ch\/fileadmin\/user_upload\/terracognita\/flipviewer\/Terra_28\/html5\/index.html?opf=tablet\/terra28.xml&amp;launchpage=http:\/\/www.terra-cognita.ch\/fileadmin\/user_upload\/terracognita\/flipviewer\/Terra_28\/flipviewerxpress.html\">https:\/\/www.terra-cognita.ch\/fileadmin\/user_upload\/terracognita\/flipviewer\/Terra_28\/html5\/index.html?opf=tablet\/terra28.xml&amp;launchpage=http:\/\/www.terra-cognita.ch\/fileadmin\/user_upload\/terracognita\/flipviewer\/Terra_28\/flipviewerxpress.html<\/a><\/p>\n<p>2014: &#8220;La recherche empirique dans le domaine des religions. Nouveaux enjeux, nouvelles m\u00e9thodes&#8221;, <em>Bulletin, Schweizer Akademie f\u00fcr Geistes- und Sozialwissenschaften<\/em> 1\/2014 (Dossier \u201cReligionen in unserer Gesellschaft\u201d), p. 38-39.<\/p>\n<p><a href=\"https:\/\/www.academia.edu\/11352033\/La_recherche_empirique_dans_le_domaine_des_religions_Nouveaux_enjeux_nouvelles_m\u00e9thodes\">https:\/\/www.academia.edu\/11352033\/La_recherche_empirique_dans_le_domaine_des_religions_Nouveaux_enjeux_nouvelles_m\u00e9thodes<\/a><\/p>\n<p><a href=\"https:\/\/www.academia.edu\/100326354\/Appartenances_multiples_Chants_de_Soufis_danses_folkloriques_et_cloches_vaudoises\" target=\"_blank\" rel=\"noopener\">2016: Appartenances multiples. Chants de Soufis, danses folkloriques et cloches vaudoises 2016-05. terra cognita, 28.<\/a><\/p>\n<p>2014: La recherche empirique dans le domaine des religions. Nouveaux enjeux, nouvelles m\u00e9thodes, in: Bulletin, Schweizer Akademie f\u00fcr Geistes- und Sozialwissenschaften, Dossier \u201cReligionen in unserer Gesellschaft\u201d, 1\/2014, pp. 38-39.<\/p>\n<p><a href=\"https:\/\/eterna.unibas.ch\/bulletin\/article\/view\/906\" target=\"_blank\" rel=\"noopener\">2011 (with Mallory Schneuwly Purdie):\u00a0Manifestations de l\u2019islam dans les espaces urbains, in: SGMOIK\/SSMOCI Bulletin, No. 32, Spring, Muslime in der Schweiz\/Musulmans en Suisse, pp. 9-12.<\/a><\/p>\n<p><a href=\"https:\/\/www.persee.fr\/doc\/geoas_1266-4618_2005_num_29_1_2319#geoas_1266-4618_2005_num_29_1_T1_0118_0000\" target=\"_blank\" rel=\"noopener\">2005: L\u2019\u00e9v\u00e9nement comme moyen d\u2019expression religieuse et politique: la marche bleue d\u2019Abdoulaye Wade et la marche des Mourides \u00e0 Harlem ou comment les conditions d\u2019acc\u00e8s \u00e0 l\u2019espace public outre-atlantique concurrencent l\u2019Europe, in: G\u00e9ographes associ\u00e9s\/AFDG, No. 29, Actes de G\u00e9oforum 2004 Poitiers, Les migrations internationales: conna\u00eetre et comprendre, pp. 118-120.<\/a><\/p>\n<p><a href=\"https:\/\/www.researchgate.net\/publication\/277072328_Transnational_Senegalese_Politics_in_France\" target=\"_blank\" rel=\"noopener\">2002: Transnational Senegalese Politics in France, in: ISIM-Newsletter, No. 10, July, Institute for Study of Islam in the Modern World, Leiden\/NL.<\/a><\/p>\n<p>2001: Entre voiles et crucifix &#8211; Les politiques allemandes et fran\u00e7aises d\u2019int\u00e9gration, en particulier \u00e0 l\u2019\u00e9gard de la population musulmane, in: La Transmission du savoir dans le monde musulman p\u00e9riph\u00e9rique, No. 20 Paris: EHESS\/CNRS, Programme de recherches interdisciplinaires sur le monde musulman p\u00e9riph\u00e9rique, pp. 48-77.<\/p>\n<p><a href=\"https:\/\/www.taylorfrancis.com\/chapters\/edit\/10.4324\/9781003087205-16\/hybridization-religious-political-practices-amongst-west-african-migrants-europe-monika-salzbrunn\" target=\"_blank\" rel=\"noopener\">2001: Hybridisation of Religious Practices amongst Westafrican Migrants in Europe, in: Istanbuler Almanach, ed. by Orient-Institut der DMG, Abteilung Istanbul\/TK, pp. 95-98.\u00a0<\/a><\/p>\n<p>1999: Constructions identitaires de Musulmans en Nouvelle Z\u00e9lande, en particulier dans le Mouvement Tabl\u00eegh\u00ee Jam\u00e2\u2019at, dans un contexte de localisation et globalisation de syst\u00e8mes de r\u00e9f\u00e9rence, in: La Transmission du savoir dans le monde musulman p\u00e9riph\u00e9rique, No. 19. Paris: EHESS\/CNRS, Programme de recherches interdisciplinaires sur le monde musulman p\u00e9riph\u00e9rique, pp. 145-152.<\/p>\n<p><a href=\"https:\/\/serval.unil.ch\/fr\/notice\/serval:BIB_E25471636FA6\" target=\"_blank\" rel=\"noopener\">1996: Organisations paysannes, confr\u00e9ries islamiques et structures \u00e9tatiques dans le processus de transformation au S\u00e9n\u00e9gal: deux \u00e9tudes de village au Sine-Saloum, in: La Transmission du savoir dans le monde musulman p\u00e9riph\u00e9rique, No. 16. Paris: EHESS\/CNRS, Programme de recherches interdisciplinaires sur le monde musulman p\u00e9riph\u00e9rique, pp. 17-29.<\/a><\/p>\n<h2>Book chapters<\/h2>\n<p>2026\u00a0: \u00ab\u00a0Sortir ensemble du discr\u00e9dit \u00e0 travers les arts. Mobilisations individuelles et collectives dans un contexte politique x\u00e9nophobe\u00a0\u00bb, in\u00a0: Gwendolyn Gillieron, Blandine Destremau, Adelina Miranda (sous la dir. de)\u00a0: \u00ab Agir en situation de discr\u00e9dit.\u00bb M\u00e9langes pour Catherine Delcroix. Paris\u00a0: Le Cavalier bleu, p. 255-269. ISBN 979-10-318-0824-6<\/p>\n<p>2025, avec Nathalie Gauthard et Blodwenn Mauffret\u00a0: \u00ab\u00a0Introduction\u00a0\u00bb, in\u00a0: Nathalie Gauthard, Blodwenn Mauffret et Monika Salzbrunn (\u00e9ds.)\u00a0: <em>Enqu\u00eater en carnaval. M\u00e9thodologies cr\u00e9atives autour d\u2019un plaisir partag\u00e9<\/em>. Rennes\u00a0: Presses Universitaires de Rennes, Coll. Le Spectaculaire-Arts de la Sc\u00e8ne, p. 7-23. ISBN 978-7535-9714-3<\/p>\n<p>2025, avec Nathalie Gauthard et Blodwenn Mauffret\u00a0: \u00ab\u00a0Des cris de carnaval\u00a0\u00bb, in\u00a0: Nathalie Gauthard, Blodwenn Mauffret et Monika Salzbrunn (\u00e9ds.)\u00a0: <em>Enqu\u00eater en carnaval. M\u00e9thodologies cr\u00e9atives autour d\u2019un plaisir partag\u00e9<\/em>. Rennes\u00a0: Presses Universitaires de Rennes, Coll. Le Spectaculaire-Arts de la Sc\u00e8ne, p. 289-300. ISBN 978-7535-9714-3<\/p>\n<p>2025, avec Nathalie Gauthard et Blodwenn Mauffret\u00a0: \u00ab\u00a0Conclusion. Enqu\u00eater en carnaval\u00a0\u00bb, in\u00a0: Nathalie Gauthard, Blodwenn Mauffret et Monika Salzbrunn (\u00e9ds.)\u00a0: <em>Enqu\u00eater en carnaval. M\u00e9thodologies cr\u00e9atives autour d\u2019un plaisir partag\u00e9<\/em>. Rennes\u00a0: Presses Universitaires de Rennes, Coll. Le Spectaculaire-Arts de la Sc\u00e8ne, p. 301-311. ISBN 978-7535-9714-3<\/p>\n<p>2025, avec Raphaela von Weichs et Federica Moretti\u00a0: \u00ab \u2018La main \u00e0 la p\u00e2te\u2019\u00a0: L\u2019apport des m\u00e9thodes multisensorielles et du field-crossing dans les recherches sur le carnaval et l\u2019\u00e9v\u00e8nement festif \u00bb, in\u00a0: Nathalie Gauthard, Blodwenn Mauffret et Monika Salzbrunn (\u00e9ds.)\u00a0: <em>Enqu\u00eater en carnaval. M\u00e9thodologies cr\u00e9atives autour d\u2019un plaisir partag\u00e9<\/em>. Rennes\u00a0: Presses Universitaires de Rennes, Coll. Le Spectaculaire-Arts de la Sc\u00e8ne, p. 69-94. ISBN 978-7535-9714-3<\/p>\n<p>2025\u00a0: \u00ab\u00a0Artivism and migration\u00a0\u00bb, in\u00a0: Melissa Morali, Laura Osso, Natalia Ribas-Mateos (Editors)\u00a0: Elgar Encyclopedia of Migration. New Mobilities and Artivism. Cheltenham\u00a0: Edward Elgar Publishing Ltd, pp. 61-65.<\/p>\n<p>2024\u00a0: avec la collaboration de Birgit Ellinghaus\u00a0: \u00ab\u00a0Chapter 7 &#8211; How do \u201cmigrant\u201d and \u201cworld\u201d music change local and national cultures? An insight from Cologne carnival, related antiracist networks and recent cultural politics\u00a0\u00bb, in\u00a0: Sievers, Wiebke (Ed.): Changing Cultures: Arts and cultural activities as agents and means of change in migration societies. Springer\/IMISCOE Book Series, pp. 117-135. Doi: <a href=\"https:\/\/dx.doi.org\/10.1007\/978-3-031-39900-8_7\">10.1007\/978-3-031-39900-8_7<\/a> ISBN 978-3-031-39899-5.<\/p>\n<p>2023 : \u00ab Une ressource de r\u00e9sistance ? R\u00e9flexions sur le carnavalesque \u00e0 partir des carnavals anti-touristiques de G\u00eanes et de Florence \u00bb, in : Close, Caroline, Manon Istasse, Ma\u00eft\u00e9 Maskens, Elodie Verlinden (Eds), Faire carnaval, faire politique ?, Charleroi : Editions de l\u2019UO, pp. 37-55.\u00a0ISBN 9782873061630<\/p>\n<p>avec Raphaela von Weichs, 2022 : \u00ab Qui d\u00e9colonise l\u2019espace ? Art et activisme \u00e0 Douala\/Cameroun \u00bb, in : Pierre Sint\u00e8s (dir.) : Rue d\u2019Alger. Art. m\u00e9moire, espace public, Paris, MF, p. 335-345.\u00a0EAN13 Livre papier :\u00a09782378040499<\/p>\n<p>Avec Farida Souiah, Simon Mastrangelo, 2022\u00a0: \u00ab\u00a0Chapitre 6 &#8211; \u00ab\u00a0Parce que je suis un homme, pas un l\u00e2che\u00a0\u00bb. R\u00e9v\u00e9ler les r\u00f4les et les st\u00e9r\u00e9otypes de genre \u00e0 partir du cas des migrations non-document\u00e9es (harga) en Alg\u00e9rie et en Tunisie\u00a0\u00bb, in\u00a0: <em>Enfances et jeunesses en migration<\/em>, dirig\u00e9 par Virginie Baby Collin et Farida Souiah. Paris : Le Cavalier bleu, pp. 121-138.\u00a0<a href=\"http:\/\/www.lecavalierbleu.com\/livre\/enfances-jeunesses-migration\/\">http:\/\/www.lecavalierbleu.com\/livre\/enfances-jeunesses-migration\/<\/a><\/p>\n<p>EAN: 9791031805191<\/p>\n<p>Avec Simon Mastrangelo, 2021 : Representations of Tunisian Undocumented Migration on the internet. Methodological Approaches to a Digital Anthropology of Facebook, in : Anita Auer, Jennifer Thorburn (eds.) : Approaches to Migration, Language and Identity chap. 7, Peter Lang, pp. 169-198.\u00a0DOI <a href=\"https:\/\/doi.org\/10.3726\/b18649\">10.3726\/b18649<\/a><\/p>\n<p>https:\/\/doi.org\/<a href=\"https:\/\/doi.org\/10.3726\/b18649\">10.3726\/b18649<\/a><\/p>\n<p>2020: &#8220;The Swiss carnivals of Payerne and Lausanne: Place-making between the mise en sc\u00e8ne of self and the other(s)&#8221;, in: Bo\u017cena Gierek, Wojciech Kosior (eds.): Feast as a Mirror of Social and Cultural Changes, chap. 2, San Diego : Academic Publishing, pp. 35-50.\u00a0ISSN: 2642-6951<\/p>\n<p>2020: &#8220;Artivism, Politics and Islam \u2013 An Empirical-Theoretical Approach to Artistic Strategies and Aesthetic Counter-Narratives that Defy Collective Stigmatisation&#8221;, in: Christoph G\u00fcnther et Simone Pfeifer (Ed.) <em>Jihadi Audiovisuality and its Entanglements<\/em>, Edinburgh University Press, pp. 173-197.<\/p>\n<p><a href=\"https:\/\/doi.org\/10.1515\/9781474467537-011\">https:\/\/doi.org\/10.1515\/9781474467537-011<\/a><\/p>\n<div><\/div>\n<div class=\"biblio_title\"><a href=\"https:\/\/www.academia.edu\/112090739\/Parcours_migratoires_des_harraga_tunisiens_Entre_contraintes_et_opportunit%C3%A9s\" target=\"_blank\" rel=\"noopener\"><span class=\"biblio_title\">2020 (with <span class=\"biblio_author\">Souiah Farida and<\/span> <span class=\"biblio_author\">Mastrangelo Simon): <\/span>Parcours migratoires des harraga tunisiens. Entre contraintes et opportunit\u00e9s, in:<\/span> <span class=\"biblio_relatedItemTitle\">Penser les migrations pour repenser la soci\u00e9t\u00e9<\/span>, <span class=\"biblio_publisher\">Presses universitaires Fran\u00e7ois-Rabelais<\/span>.<\/a><\/div>\n<div><\/div>\n<p><a href=\"https:\/\/journals.openedition.org\/lectures\/35382\" target=\"_blank\" rel=\"noopener\">2019 (with Amiotte-Suchet Laurent): Avant-Propos, in: Amiotte-Suchet Laurent, Salzbrunn Monika (eds.), L\u2019\u00e9v\u00e9nement (im)pr\u00e9visible. Mobilisations politiques et dynamiques religieuses, Beauchesne, pp. 5-6.<\/a><\/p>\n<p>2019: De la diversit\u00e9 aux appartenances multiples, in: Becci Irene, Monnot Christophe, Voirol Olivier (eds.), Pluralisme et reconnaissance. Face \u00e0 la diversit\u00e9 religieuse, Presses Universitaires de Rennes.<\/p>\n<p><a href=\"https:\/\/serval.unil.ch\/fr\/notice\/serval:BIB_1045C4E4AEDF\" target=\"_blank\" rel=\"noopener\">2019: Introduction: L&#8217;\u00e9v\u00e9nement en sciences sociales : ruptures historiques et mobilisations collectives, in: Amiotte-Suchet Laurent, Salzbrunn Monika (eds.), L&#8217;\u00e9v\u00e9nement (im)pr\u00e9visible. Mobilisations politiques et dynamiques religieuses, Editions Beauchesne.<\/a><\/p>\n<p>2019: Islam (in)audible en ville: pluralit\u00e9 religieuse et engagement politique dans l&#8217;Arc L\u00e9manique, in: Talia Bachir-Loopuyt Talia, Damon-Guillot Anne (eds.), Une pluralit\u00e9 audible ? Mondes de musique en contact, Presses Universitaires Fran\u00e7ois Rabelais, pp. 179-202.<\/p>\n<p><a href=\"https:\/\/racirel.sciencesconf.org\/45773\/45773.pdf\" target=\"_blank\" rel=\"noopener\">2019: La spectacularisation des appartenances: entre ethnicisation et racisation du religieux, in: Tersigni Simona, Vincent Claire, Willems Marie-Claire (eds.),\u00a0 Appartenances in-d\u00e9sirables. Le religieux au prisme de l&#8217;ethnicisation et de la racisation, Editions Petra\/Coll. IntersectionS, pp. 219-242.<\/a><\/p>\n<p>2019: Islam(s) en f\u00eate : La diversit\u00e9 des appartenances culturelles mises en musique, in: Salzbrunn Monika (ed.), L\u2019islam (in)visible en ville Appartenances et engagements dans l\u2019espace urbain, Labor et Fides, pp. 205-242.<\/p>\n<p><a href=\"https:\/\/journals.openedition.org\/assr\/49507\" target=\"_blank\" rel=\"noopener\">2019 (with Dellwo Barbara): L\u2019islam (in)visible en ville : Appartenances et engagements dans l\u2019espace urbain, in: Salzbrunn Monika (eds.) Introduction. L\u2019islam (in)visible en ville. Appartenances et engagements dans l\u2019espace urbain, Labor et Fides, pp. 9-31.<\/a><\/p>\n<p><a href=\"https:\/\/books.openedition.org\/pup\/49938?lang=fr\" target=\"_blank\" rel=\"noopener\">2018 (with Ortar Nathalie, Stock Mathis): Introduction. Les actualit\u00e9s des concepts de mobilit\u00e9 et migration \u00e0 l&#8217;\u00e9preuve du terrain, in: Ortar Nathalie, Salzbrunn Monika, Stock Mathis (eds.) Migrations, circulations, mobilit\u00e9s. Nouveaux enjeux \u00e9pist\u00e9mologiques et conceptuels \u00e0 l\u2019\u00e9preuve du terrain, Presses Universitaires de Provence, pp. 5-14.<\/a><\/p>\n<p><a href=\"https:\/\/core.ac.uk\/download\/pdf\/226982306.pdf\" target=\"_blank\" rel=\"noopener\">2018 (with Ortar Nathalie, Stock Mathis): Conclusion : Re-conceptualiser migrations, circulations et mobilit\u00e9, in: Ortar Nathalie, Salzbrunn Monika, Stock Mathis (eds.), Migrations, circulations, mobilit\u00e9s Nouveaux enjeux \u00e9pist\u00e9mologiques et conceptuels \u00e0 l\u2019\u00e9preuve du terrain, Presses Universitaires de Provence, pp. 191-229.<\/a><\/p>\n<p><a href=\"https:\/\/books.openedition.org\/pup\/49963?lang=fr\" target=\"_blank\" rel=\"noopener\">2018 (with Ortar Nathalie, Stock Mathis): Quels enjeux \u00e9pist\u00e9mologiques autour du mobility turn? in: Ortar Nathalie, Salzbrunn Monika, Stock Mathis (eds.), Migrations, circulations, mobilit\u00e9s. Nouveaux enjeux \u00e9pist\u00e9mologiques et conceptuels \u00e0 l\u2019\u00e9preuve du terrain, Presses Universitaires de Provence, pp. 15-42.<\/a><\/p>\n<p><a href=\"https:\/\/www.academia.edu\/73001547\/Urban_events_under_the_post_political_condition_im_possibilities_for_emancipation_in_a_small_scale_city_of_Switzerland\" target=\"_blank\" rel=\"noopener\">2018 (with Dellwo Barbara, Aleman Serjara): Urban Events Under the Post-Political Condition: (Im)Possibilities for Emancipation in a Small-Scale City of Switzerland, in: Knierbein Sabine, Viderman Tihomir (eds.), Public Space Unbound. Urban Emancipation and the Post-Political Condition, New York\/London: Routledge, pp. 113-126.<\/a><\/p>\n<p><a href=\"https:\/\/serval.unil.ch\/resource\/serval:BIB_DA8133EFE878.P001\/REF.pdf\" target=\"_blank\" rel=\"noopener\">2018 (with Souiah Farida and Mastrangelo Simon): Hope and Disillusion. The Representations of Europe in Algerian and Tunisian Cultural Production about Undocumented Migration, in: Davis Muriam Haleh, Serres Thomas (eds.) North Africa and the Making of Europe. Governance, Institutions and Culture, Bloomsbury, pp. 155-177.<\/a><\/p>\n<p><a href=\"https:\/\/www.academia.edu\/86895333\/B%C3%B6rse_Forum_Laufsteg_Religi%C3%B6se_Feste_als_Hybride\" target=\"_blank\" rel=\"noopener\">2017: B\u00f6rse, Forum, Laufsteg: &#8220;Religi\u00f6se&#8221; Feste als Hybride, in: Betz Gregor J., Hitzler Ronald, Niederbacher Arne, Sch\u00e4fer Lisa (eds.), Hybridisierung inszenierter Ereignisse. Zur Diskussion zeitgeistiger Veranstaltungen, VS, pp. 185-199.<\/a><\/p>\n<p>2017 (with von Weichs Raphaela): Translocal Martyrdom: Community-Making through African Pilgrimages in Switzerland, in: Pasura Dominic, Erdal Marta Bivand (eds.), Migration, Transnationalism and Catholicism: Global Perspectives, Palgrave Macmillan, pp. 145-179.<\/p>\n<p><a href=\"https:\/\/www.researchgate.net\/publication\/335320996_Migrations_non-documentees_et_imaginaires_sur_Internet_Le_cas_des_harraga_tunisiens\" target=\"_blank\" rel=\"noopener\">2017 (with Souiah Farida and Mastrangelo Simon): Migrations non-document\u00e9es et imaginaires sur Internet: le cas des harraga tunisiens, in: Tekin Beyza \u00c7., Dani\u015f Didem (eds.), Visions crois\u00e9es autour des fronti\u00e8res europ\u00e9ennes: mobilit\u00e9, s\u00e9curit\u00e9 et fronti\u00e8res, Editions de l\u2019Universit\u00e9 Galatasaray, pp. 91-112.<\/a><\/p>\n<p>2015: La mise en sc\u00e8ne des appartenances religieuses dans l\u2019espace public fran\u00e7ais. Une longue histoire d\u2019inclusions et d\u2019exclusions, in: Foehr-Janssens Y., Naef S., Schlaepfer A. (eds.) Voile, corps et pudeur. Approches historiques et anthropologiques. Chap. 11, Labor et Fides, pp. 209-232.<\/p>\n<p>2015: Introduction, in: Paradeise Catherine, Lorrain Dominique, Demazi\u00e8re Didier (eds.) Les sociologies fran\u00e7aises. H\u00e9ritages et perspectives 1960-2010. Presses Universitaires de Rennes, pp. 443-444.<\/p>\n<p>2015: The Place-Making of Communities in Urban Spaces: The Invention of the \u201cVillage Saint Louis Sainte-Marthe\u201d, in: Adell Nicolas, Bendix Regina F., Bortolotto Chiara, Tauschek Markus (eds.) Between Imagined Communities and Communities of Practice. Participation, Territory and the Making of Heritage, Universit\u00e4tsverlag G\u00f6ttingen, pp. 185-199.<\/p>\n<p><a href=\"https:\/\/brill.com\/display\/book\/9789004271562\/B9789004271562-s007.xml\" target=\"_blank\" rel=\"noopener\">2014: Senegalese Networks in Switzerland and USA &#8211; How Festive Events Reflect Urban Incorporation Processes, in: Grodz Stanislaw, Smith Gina (eds.), Religion, Ethnicity and Transnational Migration between West Africa and Europe. Muslim Minorities. Leiden: Brill, pp. 123-144.<\/a><\/p>\n<p><a href=\"https:\/\/serval.unil.ch\/fr\/notice\/serval:BIB_DA4450B32605\" target=\"_blank\" rel=\"noopener\">2014: Baye Fall Movement, in: Fleet Kate, Kr\u00e4mer Gudrun, Matringe Denis, Nawas John, Rowson Everett (eds.), Encyclopaedia of Islam Three. Leiden: Brill, pp. 46-49.<\/a><\/p>\n<p>2014: Les carnavals Euro-M\u00e9diterran\u00e9ens: entre expression subversive et folklorisation, in: Le Monde \u00e0 l\u2019Envers &#8211; Carnavals et Mascarades d\u2019Europe et M\u00e9diterran\u00e9e. MuCEM &#8211; Mus\u00e9e des civilisations de l\u2019Europe et de la M\u00e9diterran\u00e9e, pp. 243-246.<\/p>\n<p><a href=\"https:\/\/link.springer.com\/book\/10.1057\/9780230369726\" target=\"_blank\" rel=\"noopener\">2013 (with Catherine Wihtol de Wenden and Serge Weber): Beyond Assimilaton: Shifting Boundaries of Belonging in France, in\u00a0: Ludger Pries (ed.), Shifting Boundaries of Belonging and New Migration Dynamics in Europe and China. New York: Palgrave Macmillan, pp. 26-54.<\/a><\/p>\n<p>2013: &#8216;Ensemble nous sommes le Xe&#8217; \u2013 Pariser Stadtfeste als B\u00fchnen f\u00fcr Selbst- und Fremdrepr\u00e4sentationen im Migrationskontext, in: Gabriele Metzler (ed.), Das Andere denken &#8211; Repr\u00e4sentationen von Migrantion in Westeuropa und den USA im 20. Jahrhundert. Frankfurt\/Main: Campus, pp. 157-179.<\/p>\n<p><a href=\"https:\/\/link.springer.com\/book\/10.1057\/9781137338815\" target=\"_blank\" rel=\"noopener\">2013: The Concept of Diversity in Migration and Urban Studies, in: Darja Reuschke, Monika Salzbrunn, Korinna Sch\u00f6nh\u00e4rl (eds.), The Economies of Urban Diversity. Ruhr Area and Istanbul. New York: Palgrave, pp. 27-46<\/a><\/p>\n<p><a href=\"https:\/\/www.researchgate.net\/publication\/282868558_The_Economies_of_Urban_Diversity\" target=\"_blank\" rel=\"noopener\">2013\u00a0(with Darja Reuschke and Korinna Sch\u00f6nh\u00e4rl): The Economies of Urban Diversity: an Introduction, in: Darja Reuschke, Monika Salzbrunn, Korinna Sch\u00f6nh\u00e4rl (eds.), The Economies of Urban Diversity. Ruhr Area and Istanbul. New York: Palgrave, pp. 1-24.<\/a><\/p>\n<p><a href=\"https:\/\/www.researchgate.net\/publication\/282868558_The_Economies_of_Urban_Diversity\" target=\"_blank\" rel=\"noopener\">2013\u00a0(with Darja Reuschke and Korinna Sch\u00f6nh\u00e4rl): Preface, in: Reuschke Darja, Salzbrunn Monika, Sch\u00f6nh\u00e4rl Korinna (eds.), The Economies of Urban Diversity. Ruhr Area and Istanbul. New York: Palgrave,\u00a0pp. ix-x.<\/a><\/p>\n<p><a href=\"https:\/\/serval.unil.ch\/fr\/notice\/serval:BIB_DCFD42D87295\" target=\"_blank\" rel=\"noopener\">2013: Etre musulman en Suisse, hors mosqu\u00e9e. Notes m\u00e9thodologiques et perspectives \u00e9pist\u00e9mologiques, in: Christophe Monnot (ed.), La Suisse, des mosqu\u00e9es. Gen\u00e8ve: Labor et Fides, pp. 243-248.<\/a><\/p>\n<p><a href=\"https:\/\/www.campus.de\/uploads\/tx_campus\/leseproben\/9783593398877.pdf?srsltid=AfmBOopImnPJEzf5T5NvJAGFROSAPxNmXYr2mhIfi7hphs4Num2zYoyT\" target=\"_blank\" rel=\"noopener\">2013: Migrationsforschung &#8220;sachsonisch&#8221;, &#8220;teutonisch&#8221; und &#8220;gallisch&#8221;: eine transnationale Wissenschaftssoziologie, in:\u00a0Martina Maletzky, Martin Seeliger, Manfred Wann\u00f6ffel (eds.), Arbeit, Organisation und Mobilit\u00e4t. Eine grenz\u00fcberschreitende Perspektive. Festschrift\/Compendium Ludger Pries zum 60. Geburtstag. Frankfurt\/Main: Campus, pp. 63-84.<\/a><\/p>\n<p><a href=\"https:\/\/www.antipodes.ch\/produit\/religieux-societe-civile-politique\/\" target=\"_blank\" rel=\"noopener\">2012: Le religieux et le politique en Afrique musulmane francophone. Une pratique souple de la la\u00efcit\u00e9 en C\u00f4te d\u2019Ivoire et au S\u00e9n\u00e9gal, in: Jacques Ehrenfreund, Pierre Gisel (dit.), Religieux, soci\u00e9t\u00e9 civile, politique. Enjeux et d\u00e9bats historiques et contemporains. Lausanne: Antipodes, pp. 135-160.<\/a><\/p>\n<p><a href=\"https:\/\/www.degruyter.com\/document\/doi\/10.7591\/9780801460340-010\/html\" target=\"_blank\" rel=\"noopener\">2011: Rescaling Processes in two \u201cGlobal\u201d Cities: Festive Events as Pathways of Migrant Incorporaton, in: Nina Glick Schiller, Ayse \u00c7a?lar (eds.), Locating Migration. Rescaling Cities and Migrants. Ithaka: Cornell University Press, pp. 166-189.<\/a><\/p>\n<p><a href=\"https:\/\/serval.unil.ch\/fr\/notice\/serval:BIB_6CBBCE6560C2\" target=\"_blank\" rel=\"noopener\">2011: L\u2019\u00e9v\u00e9nement festif comme th\u00e9\u00e2tre de conflits en zone urbaine: le carnaval des sans-papiers \u00e0 Cologne, in: Myriam Klinger, S\u00e9bastien Schehr (eds.), Lectures du conflit, Strasbourg: N\u00e9oth\u00e8que, pp. 111-126.<\/a><\/p>\n<p><a href=\"https:\/\/link.springer.com\/chapter\/10.1007\/978-3-531-92902-6_11\" target=\"_blank\" rel=\"noopener\">2011: &#8216;Rescaling cities&#8217;. Politische Partizipation von Migranten und Positionierung von Metropolen: festliche Events in Harlem\/New York und Belleville\/Paris, in: Gregor Betz, Roland Hitzler, Michaela Pfadenhauer (eds.), Urbane Events. Wiesbaden: VS, pp. 169-184.<\/a><\/p>\n<p><a href=\"https:\/\/www.academia.edu\/19536708\/Salzbrunn_Monika_2011_Identit%C3%A9s_et_appartenances_multiples_le_r%C3%B4le_de_la_f%C3%AAte_urbaine_in_de_Villanova_Roselyne_et_Agn%C3%A8s_Deboulet_dir_Belleville_quartier_populaire_Paris_Cr%C3%A9aphis_pp_101_113\" target=\"_blank\" rel=\"noopener\">2011: Identit\u00e9s et appartenances multiples: le r\u00f4le de la f\u00eate urbaine, in: de Villanova, Roselyne et Agn\u00e8s Deboulet (dir.), Belleville, quartier populaire\u00a0?, Paris: Cr\u00e9aphis, pp. 101-113.<\/a><\/p>\n<p><a href=\"https:\/\/books.openedition.org\/pur\/13548?lang=fr\" target=\"_blank\" rel=\"noopener\">2010: Processus de communautarisation et soci\u00e9t\u00e9-monde. En partant de T\u00f6nnies, Weber et Luhmann, in: Ivan Sainsaulieu, Monika Salzbrunn, Laurent Amiotte-Suchet (eds.), Faire communaut\u00e9 en soci\u00e9t\u00e9. Dynamique des appartenances collectives. Rennes: Presses Universitaires de Rennes, pp. 37-49.<\/a><\/p>\n<p><a href=\"https:\/\/books.openedition.org\/pur\/127800?lang=fr\" target=\"_blank\" rel=\"noopener\">2010: Faire et d\u00e9faire le voisinage: les f\u00eates de quartier comme reflet de relations sociales et culturelles, in: Judith Rainhorn and Didier Terrier (eds.), Etranges voisins. Alt\u00e9rit\u00e9 et relations de proximit\u00e9 dans la ville depuis le XVIIIe si\u00e8cle. Rennes: Presses Universitaires de Rennes, pp. 133-147.<\/a><\/p>\n<p>2010: Les mesures d\u2019accompagnement vers l\u2019emploi des jeunes Allemands, in: France, Europe: quels regards sur la jeunesse? Les Cahiers de Profession Banlieue, Dec. 2008, pp. 69-91.<\/p>\n<p><a href=\"https:\/\/books.openedition.org\/pur\/13577\" target=\"_blank\" rel=\"noopener\">2010 (with\u00a0Ivan Sainsaulieu): La communaut\u00e9 comme groupe d\u2019appartenance, in: Ivan Sainsaulieu, Monika Salzbrunn, Laurent Amiotte-Suchet (eds.), Faire communaut\u00e9 en soci\u00e9t\u00e9. Dynamique des appartenances collectives. Rennes: Presses Universitaires de Rennes, pp. 223-231.<\/a><\/p>\n<p><a href=\"https:\/\/books.openedition.org\/pur\/13542?lang=fr\" target=\"_blank\" rel=\"noopener\">2010 (with Ivan Sainsaulieu and Laurent Amiotte Suchet): R\u00e9examiner les formes communautaires, in: Ivan Sainsaulieu, Monika Salzbrunn, Laurent Amiotte-Suchet (eds.), Faire communaut\u00e9 en soci\u00e9t\u00e9. Dynamique des appartenances collectives. Rennes: Presses Universitaires de Rennes, pp. 15-20.<\/a><\/p>\n<p><a href=\"https:\/\/api.pageplace.de\/preview\/DT0400.9782296216624_A23457412\/preview-9782296216624_A23457412.pdf\" target=\"_blank\" rel=\"noopener\">2009: Le carnaval de Paris: mise en sc\u00e8ne de l\u2019histoire et histoire de sa mise en sc\u00e8ne, in: Laurent S\u00e9bastien Fournier, Dominique Crozat, Catherine Bernie-Boissard, Claude Chastagner (eds.), La f\u00eate au pr\u00e9sent: mutations des f\u00eates au sein des loisirs, Paris\/N\u00eemes: L\u2019Harmattan, pp. 117-132.<\/a><\/p>\n<p><a href=\"https:\/\/www.researchgate.net\/publication\/237353049_Glocal_Migration_and_Transnational_Politics_The_Case_of_Senegal\" target=\"_blank\" rel=\"noopener\">2009: Glocal migration and transnational politics: the case of Senegal. Center for Global Studies, Project on Global Migration and Transnational Politics, Arlington\/Virginia: George Mason University.<\/a><\/p>\n<p>2009: L\u2019ethnicit\u00e9 en France: concepts et imaginaire des jeunes, in: Office Franco-Allemand pour la Jeunesse\/Fondation Genshagen (ed.): Promouvoir l&#8217;int\u00e9gration et l&#8217;\u00e9galit\u00e9 des chances. Un r\u00e9seau franco-allemand pour l&#8217;\u00e9change de bonnes pratiques au niveau local et r\u00e9gional (IV). Documentation du s\u00e9minaire au CIEP (Centre international d\u2019\u00e9tudes p\u00e9dagogiques) S\u00e8vres, \u00cele-de-France, 2 \u2013 5 July 2009, Paris\/Genshagen: OFAJ, pp. 13-16.<\/p>\n<p>2009: Ethnizit\u00e4t in Frankreich. Konzepte und Vorstellungswelt der Jugendlichen, in: Deutsch-Franz\u00f6sisches Jugendwerk\/Stiftung Genshagen (ed.): Integration und Chancengleichheit f\u00f6rdern. Ein deutsch-franz\u00f6sisches Netzwerk zum Austausch von beispielhaften Initiativen auf lokaler und regionaler Ebene (IV). Tagunsgdokumentation zur Veranstaltung im CIEP (Centre international d\u2019\u00e9tudes p\u00e9dagogiques) S\u00e8vres, \u00cele-de-France, 2. &#8211; 5. July 2009, Paris\/Genshagen: OFAJ, pp. 10-13.<\/p>\n<p><a href=\"https:\/\/www.degruyter.com\/document\/doi\/10.1515\/9783839408353-003\/html?srsltid=AfmBOoq_pglnw00vv3EOna3PCCavTwTQUz7l7usbhhULKVIFKfOEOXuT\" target=\"_blank\" rel=\"noopener\">2008: World Society, Transnationalism and Champs Migratoires: Reflections on German, Anglo-Saxon and French Academic Debates, in: Remus Gabriel Anghel, Eva Gerhartz, Gilberto Rescher, Salzbrunn, Monika (eds.), The Making of World Society. Perspectives from Transnational Research. Bielefeld: transcript\/transaction publishers, pp. 75-100.<\/a><\/p>\n<p>2008: A Negotiating Minority within Minorities: West-African Muslims in France and the United States, in: Reuven Amitai and Amikam Nachmani (eds.), Islam in Europe. Case Studies, Comparisons &amp; Overviews. Jerusalem: European Forum at the Hebrew University, Conference and Lecture Series, 5, pp. 133-160.<\/p>\n<p>2008: The Feast as Marginal Politics: Carnival as a Mode of Expression in Migration, in: Alexander Henn, Klaus-Peter Koepping (eds.), Rituals in an Unstable World. Contingency \u2013 Hybridity \u2013 Embodiment. F\u2019furt\/Berlin\/Bern\/Bruxelles\/New York\/Oxford\/Wien: Peter Lang, pp. 151-170.<\/p>\n<p><a href=\"https:\/\/www.fondapol.org\/app\/uploads\/2020\/05\/Etude_Les_Jeunesses_face_a_leur_avenir-1.pdf\" target=\"_blank\" rel=\"noopener\">2008: Les jeunesses en Allemagne contemporaine: entre confiance politique et clivages sociaux, in: Anna Stellinger (dir.), Raphael Wintrebert, Les jeunesses face \u00e0 leur avenir. Une enqu\u00eate internationale. Paris: Fondation pour l\u2019innovation politique, pp. 115-124.<\/a><\/p>\n<p>2008: Contemporary German Youth: Torn between Political Trust and Social Clivages, in: Anna Stellinger (dir.), Raphael Wintrebert,\u00a0Young People Facing the Future. An International Survey. Paris: Fondation pour l\u2019innovation politique, pp. 131-142.<\/p>\n<p>2008: L\u2019impatto delle reti transnazionali degli emigrati sulle le elezioni presidenziali in Senegal nel 2000, in: Bruno Riccio (a cura di), Migrazioni tranznazionali dall\u2019Africa. Etnografie multilocali a confronto. Novara: de Agostini Scuola, Utet Universit\u00e0, Studi sociali, pp. 74-91. (First published in\u00a0: afriche e orienti, 2002, No.3, anno IV, pp. 138-149.)<\/p>\n<p>2008: Translocal urban spaces: negotiating legitimacy through festive events. Essay Competition and Workshop on &#8220;Urban Planet: collective identities, Government and Empowerment in Megacities&#8221;, organised by the Irmgard Coninx Foundation, the Social Science Research Center and the Humboldt University Berlin on 10-16th June 2008<\/p>\n<p><a href=\"https:\/\/www.academia.edu\/13048201\/Anghel_Remus_Gabriel_Gerhartz_Eva_Rescher_Gilberto_Salzbrunn_Monika_2008_Introduction_The_Making_of_World_Society_pp_11_21_in_id_eds_The_Making_of_World_Society_Perspectives_from_Transnational_Research_Global_studies_Bielefeld_Transcript\" target=\"_blank\" rel=\"noopener\">2008 (with\u00a0Remus Anghel, Eva Gerhartz, Gilberto Rescher):\u00a0Introduction: The Making of World Society, in: Remus Anghel, Eva Gerhartz, Gilberto Rescher, Salzbrunn, Monika (eds.), The Making of World Society. Perspectives from Transnational Research.\u00a0Bielefeld: transcript\/transaction publishers, p. 11-21.<\/a><\/p>\n<p>2008 (with\u00a0Remus Anghel, Eva Gerhartz, Gilberto Rescher): Preface, in: Remus Anghel, Eva Gerhartz, Gilberto Rescher, Salzbrunn, Monika (eds.), The Making of World Society. Perspectives from Transnational Research. Bielefeld: transcript\/transaction publishers, p. 9.<\/p>\n<p>2007: Lokale und globale Produktion von Alterit\u00e4ten im Rahmen von Ereignissen \u2013 Wie ein heterogenes Pariser Stadtviertel seine Identit\u00e4t konstruiert, in: Elka Tschernokoshewa, Volker Gransow (eds.), Beziehungsgeschichten. Minderheiten \u2013 Mehrheiten in europ\u00e4ischer Perspektive. Bautzen: Domowina, pp. 151-168.<\/p>\n<p><a href=\"https:\/\/pub.uni-bielefeld.de\/download\/2318451\/2319948\/workingpaper_17_Salzbrunn.pdf\" target=\"_blank\" rel=\"noopener\">2007: Localising transnationalism: Researching political and cultural events in a context of migration. Paper given at the conference on \u2018Transnationalisation and Development(s): Towards a North-South Perspective\u2019 at Center for Interdisciplinary Research, Bielefeld, May 31 &#8211; June 01, 2007. Bielefeld: COMCAD, 2007 (Working Papers \u2013 Center on Migration, Citizenship and Development; 17).<\/a><\/p>\n<p>2005: Transferts culturels, transferts politiques: l\u2019impact des transmigrants sur les \u00e9lections pr\u00e9sidentielles et l\u00e9gislatives au S\u00e9n\u00e9gal, de 1994 \u00e0 2001, in: Mohamed Charef, Patrick Gonin (eds.), \u00a0Emigr\u00e9s &#8211; Immigr\u00e9s dans le d\u00e9veloppement local, pp. 311-328.<\/p>\n<p>2003: Auf dem Weg zu einer neuen V\u00e4tergeneration? Neue Familienstrukturen und neue Vaterrollen in Frankreich, in: Arbeitnehmerkammer Bremen (ed.), Familie und Familienpolitik in Deutschland und Frankreich. Bremen: Institut Fran\u00e7ais Bremen\/Arbeitnehmerkammer Bremen\/ZGF, pp. 45-55.<\/p>\n<p>2003: L\u2019ampleur des malentendus dans la communication interculturelle franco-allemande concernant le syst\u00e8me universitaire. L\u2019exemple de la cotutelle de th\u00e8se, in: Otmar Seul, Bernd Zielinski, Uta Dupuy (eds.): De la communication interculturelle dans les relations franco-allemandes: Institutions \u2013 Enseignement et formation professionnelle \u2013 Entreprises. Bern: Peter Lang, pp. 311-318.<\/p>\n<p><a href=\"https:\/\/www.taylorfrancis.com\/chapters\/edit\/10.4324\/9781003087205-16\/hybridization-religious-political-practices-amongst-west-african-migrants-europe-monika-salzbrunn?context=ubx&amp;refId=11ef93bb-f5dd-4d31-95de-e1ff3da6da95\" target=\"_blank\" rel=\"noopener\">2002: Hybridisation of Religious Practices amongst Westafrican Migrants in France and Germany, in: Deborah Bryceson, Ulla Vuorela (eds.): The Transnational Family. New European Frontiers and Global Networks, Oxford: Berg, pp. 217-229.<\/a><\/p>\n<p>2002: Das Deutschlandbild in den franz\u00f6sischen Medien seit 1989, in: Carolus-Magnus-Kreis,\u00a0Deutsch-franz\u00f6sische Besinnung. Stand der Beziehungen. Bericht und Dokumentation zum Jahreskongress CMK-ALFA vom 10. bis 14. April 1998 in Kusel. Knoten Sonderheft, Jahrgang 15, pp. 4-7.<\/p>\n<p><a href=\"https:\/\/www.researchgate.net\/publication\/350269344_Transnationale_soziale_Raume_und_multidimensionale_Referenzsysteme_westafrikanischer_MigrantInnen_in_der_Pariser_Region\" target=\"_blank\" rel=\"noopener\">2001: Transnationale soziale R\u00e4ume und multidimensionale Referenzsysteme westafrikanischer MigrantInnen in der Ile de France, in: G\u00fcnther Schlee, Alexander Horstmann (eds.),\u00a0Integration durch Verschiedenheit. Lokale und globale Formen interkultureller Kommunikation. Bielefeld: transcript, pp. 95-112.<\/a><\/p>\n<p><a href=\"https:\/\/www.transcript-verlag.de\/chunk_detail_seite.php?doi=10.14361%2F9783839400425-004\" target=\"_blank\" rel=\"noopener\">1999: Zwischen kreativen Eigenwelten und Republikanischem Druck. Westafrikanische muslimische Migrantinnen in Frankreich, in: Ruth Klein-Hessling, Sigrid N\u00f6kel, Karin Werner (eds.),\u00a0Der Neue Islam der Frauen. Weibliche Lebenspraxis in der globalisierten Moderne. Bielefeld: transcript, pp. 62-80.<\/a><\/p>\n<p>1997: Une approche de genre au sein de la politique sociale ax\u00e9e sur les pauvres: concepts, perspectives et exemples concrets en Afrique de l&#8217;Ouest, in: Jens Petersen-Thumser, Monika Salzbrunn (eds.), Lib\u00e9rer le potentiel d&#8217;auto-aide en d\u00e9centralisant les mesures de politique sociale. Conf\u00e9rence internationale (Mbalmayo, Cameroun). Berlin: DSE, pp. 101-109.<\/p>\n<h2>Films<\/h2>\n<p>Avec Raphaela von Weichs, 2025 : Street. Street Art et expression politique au Cameroun. Dur\u00e9e : 00 :24\u201945\u2019\u2019. Selected for the Afrique en Ville Festival and the Digital Dreams Festival.<\/p>\n<p>2024: Cr\u00e9er, exister, r\u00e9sister. Formes d\u2019engagement artiviste au Cameroun, aux Etats-Unis, en France et en Italie. Dur\u00e9e : 1h15\u201933\u2019\u2019. Selected for the Radical Film Fest Genoa.<\/p>\n<p>2023\u00a0: ARTIVISM. Artivisme et r\u00e9sistances cr\u00e9atives. Nouvelles m\u00e9thodes de recherche et alliances entre l\u2019art et l\u2019activisme. Dur\u00e9e\u00a0: 00\u00a0:03\u00a0:54<\/p>\n<p>2023: Messa Partigiana Dur\u00e9e.\u00a0: 00\u00a0:11\u201911\u2019\u2019. S\u00e9lection officielle Women\u2019s films au Festival International de Film Ethnographique de Belgrade en 2024.<\/p>\n<p>2018: avec Pascal Bernhardt: Defil\u00e9 Maddalena La Superba. Dur\u00e9e\u00a0: 00\u00a0:5\u201957\u2019\u2019.<\/p>\n<p>2010: Sainte Marthe en f\u00eate(s) 22 minutes. DVD<\/p>\n<p>2010: Les carnavals de Cherbourg et de Paris. DVD<\/p>\n<h2>Research reports<\/h2>\n<p>2011: City Report Paris. Amsterdam: POPADIVCIT Project (Popular Arts, Diversity\u00a0and Cultural Policies in Post-Migration Urban Settings), IMISCOE Standing Committee<\/p>\n<p>2011: City Report Lausanne. Amsterdam: POPADIVCIT Project (Popular Arts, Diversity\u00a0and Cultural Policies in Post-Migration Urban Settings), IMISCOE Standing Committee<\/p>\n<p>2011: City Report Cologne. Amsterdam: POPADIVCIT Project (Popular Arts, Diversity\u00a0and Cultural Policies in Post-Migration Urban Settings), IMISCOE Standing Committee.<\/p>\n<p>2010: Gender &amp; Migration between Research and Policies. Recommendations for improving coordination between Research and Policy\u00a0: the French case. GEMMA Project Gender and Migration (FP 7).<\/p>\n<p>2009: SWOT Analysis France. GEMMA Project Gender and Migration (FP 7).<\/p>\n<p>2008 (with\u00a0Bernard Dinh, Mirjana Morokvasic-M\u00fcller, Swanie Potot): From implicit to explicit utilitarianism: A Historical and Conceptual Approach of French Migration Policy. Report for the IDEA Research project (FP 6). Universit\u00e9 Paris-X\/CNRS.<\/p>\n<p>2007 (with Arnaud Rohmer, C\u00e9cile van de Velde): Jeunes fran\u00e7ais, jeunes allemands: quels parcours vers l\u2019emploi?, Note de veille 47. Paris: Premier Ministre\/Centre d\u2019Analyse Strat\u00e9gique.<\/p>\n<p>2006: Migrants\u2019 transnational practices in Western Europe: Senegalese in France. Research report, European Science Foundation. Project on &#8216;Transnational Practices&#8217;, directed by Gianni d\u2019Amato and Thomas Faist.<\/p>\n<p>2000: Globalisierung und Lokalisierung gesellschaftlicher Transformationsprozesse in Senegal durch internationale Netzwerke islamischer Bruderschaften, in: G\u00fcnther Schlee (ed.), Abschlussbericht an die DFG. Graduiertenkolleg Entwicklungssoziologie und Sozialanthropologie &#8216;Markt, Staat, Ethnizit\u00e4t \u2013 Die Handhabung von Verschiedenheit. Multikulturalit\u00e4t, pluriethnische Systeme, Wirtschaftsr\u00e4ume und poltische Arenen&#8217;. Halle: Max-Planck-Institut f\u00fcr ethnologische Forschung\/Max-Planck-Institute for Social Anthropology, pp. 113-120.<\/p>\n<p>1998: Current Trends in French Sociology of Development. Development Theories, Socio-cultural Dimensions of Market Expansion, The Role of Development Experts in French Development Cooperation, References on Statistics about French Development Cooperation, Chosen Francophone Research Institutes, Documentation Services and Libraries. A Bibliography with Summaries. Bielefeld: Sociology of Development Research Centre, 37 p.<\/p>\n<p>1995: Religion und \u2018Tradition\u2019 &#8211; Bauernorganisationen und islamische Bruderschaften im Transformationsproze\u00df im Senegal, in: Gudrun Lachenmann et al.: Abschlu\u00dfbericht Lehrforschung Westafrika (WS 1993\/94-WS 1994\/95). Thema: Transformationsprozesse in Westafrika. Bielefeld: Universit\u00e4t Bielefeld, Fakult\u00e4t f\u00fcr Soziologie, Forschungsschwerpunkt Entwicklungssoziologie, pp. 422-484.<\/p>\n<p>1995: Religion et \u2018Tradition\u2019 &#8211; organisations paysannes et confr\u00e9ries islamiques dans le processus de transformation au S\u00e9n\u00e9gal. Paris\/Bielefeld: Centre de Recherche en Sociologie de D\u00e9veloppement,\u00a0pp. 422-484.<\/p>\n<h2>Reviews<\/h2>\n<p>2005: Paul Stoller: Money Has No Smell. The Africanization of New York City. Chicago\/London, The University of Chicago Press, 2002, 222 p, in l\u2019Homme, 173, pp. 231-233.<\/p>\n<p>2001: Brigitte Reinwald: Der Reichtum der Frauen. Leben und Arbeit der weiblichen Bev\u00f6lkerung im Siin\/Senegal unter dem Einflu\u00df der franz\u00f6sischen Kolonisation. M\u00fcnster 1995: Lit, in Cahiers d&#8217;Etudes africaines, 161, XLI-1, pp.223-225.<\/p>\n<p>1996: Leonardo Villal\u00f3n: Islamic Society and State Power in Senegal. Cambridge 1995: Cambridge University Press, in: Cahiers d\u2019Etudes africaines, 143, XXXVI-3, pp. 543-545.<\/p>\n<p>1995: Fran\u00e7oise Gaspard, Farhad Khosrov-Khavar: Le foulard et la R\u00e9publique. Paris 1995: La D\u00e9couverte, in: Bulletin de l\u2019APAD No. 10, pp. 83-85. Dt. Fassung: 1996, in: IFF-Info No.18, pp. 36-38.<\/p>\n<p>1994: Jo\u00ebl Vernet (ed.): Pays du Sahel. Du Tchad au S\u00e9n\u00e9gal, du Mali au Niger. Paris, Autrement, S\u00e9rie Monde, H.S. No. 72, Janvier 1994, in: Bulletin de l\u2019APAD, No. 8, D\u00e9cembre, p.112.<\/p>\n<h2>Comptes rendus r\u00e9dig\u00e9s sur les ouvrages de Monika Salzbrunn<\/h2>\n<p>Compte-rendu par Melissa Blanchard, Revue europ\u00e9enne des migrations internationales, 36, 1, 2020<\/p>\n<p>Nathalie Ortar, Monika Salzbrunn, Mathis Stock (dir.), <em>Migrations, circulations, mobilit\u00e9s. Nouveaux enjeux \u00e9pist\u00e9mologiques et conceptuels \u00e0 l\u2019\u00e9preuve du terrain<\/em><\/p>\n<p><a href=\"https:\/\/journals.openedition.org\/remi\/14701\">https:\/\/journals.openedition.org\/remi\/14701<\/a><\/p>\n<p>Compte rendu par Armelle Gaulier, Espaces, Populations, Soci\u00e9t\u00e9s, 1-2, 2020<\/p>\n<p>Nathalie Ortar, Monika Salzbrunn, Mathis Stock (dir.), <em>Migrations, circulations, mobilit\u00e9s. Nouveaux enjeux \u00e9pist\u00e9mologiques et conceptuels \u00e0 l\u2019\u00e9preuve du terrain<\/em><\/p>\n<p><a href=\"https:\/\/journals.openedition.org\/eps\/10213\">https:\/\/journals.openedition.org\/eps\/10213<\/a><\/p>\n<p>Compte rendu par Diletta Giudi, Archives de Sciences Sociales des Religions, 188, oct.-d\u00e9c. 2019<\/p>\n<p>Monika Salzbrunn (\u00e9d.), 2019\u00a0: L\u2019islam (in)visible en ville. Appartenances et engagements dans l\u2019espace urbain. Gen\u00e8ve\u00a0: Labor et Fides.<\/p>\n<p><a href=\"https:\/\/journals.openedition.org\/assr\/49507\">https:\/\/journals.openedition.org\/assr\/49507<\/a><\/p>\n<p>Compte rendu par Serge Guilmin, Libre sens, 2019<\/p>\n<p>Monika Salzbrunn (\u00e9d.), 2019\u00a0: L\u2019islam (in)visible en ville. Appartenances et engagements dans l\u2019espace urbain. Gen\u00e8ve\u00a0: Labor et Fides.<\/p>\n<p><a href=\"https:\/\/libresens.blogspot.com\/2019\/05\/lislam-invisible-en-ville.html\">https:\/\/libresens.blogspot.com\/2019\/05\/lislam-invisible-en-ville.html<\/a><\/p>\n<p>Compte-rendu par <strong>Emir <\/strong>Mahieddin, <em>Lectures<\/em> [En ligne], Les comptes rendus, 2019<\/p>\n<p>Laurent Amiotte-Suchet et Monika Salzbrunn (dir.), <em>L\u2019\u00e9v\u00e9nement (im)pr\u00e9visible. Mobilisations politiques et dynamiques religieuses<\/em>, Paris, \u00e9ditions Beauchesne, coll. \u00ab\u00a0D\u00e9dale\u00a0\u00bb, 2019, 284\u00a0p., ISBN\u00a0: 978-2-7010-2269-7.<\/p>\n<p><a href=\"http:\/\/journals.openedition.org\/lectures\/35382\">http:\/\/journals.openedition.org\/lectures\/35382<\/a><\/p>\n<p>Compte-rendu par Magali Chatelain, <em>Lectures<\/em> [En ligne], Les comptes rendus, 2019<\/p>\n<p>Nathalie Ortar, Monika Salzbrunn, Mathis Stock (dir.), <em>Migrations, circulations, mobilit\u00e9s. Nouveaux enjeux \u00e9pist\u00e9mologiques et conceptuels \u00e0 l\u2019\u00e9preuve du terrain<\/em><\/p>\n<p><a href=\"http:\/\/journals.openedition.org\/lectures\/30278\">http:\/\/journals.openedition.org\/lectures\/30278<\/a><\/p>\n<h2>Research valorization: TV, Radio, Press, Festivals, Round tables&#8230;<\/h2>\n<p>2026\u00a0: \u00ab\u00a0Rire de tout, r\u00e9pondre de quoi\u00a0?\u00a0\u00bb Monika Salzbrunn intervient dans l\u2019\u00e9mission \u00ab\u00a0Diversit\u00e9\u00a0\u00bb, La T\u00e9l\u00e9, <a href=\"https:\/\/latele.ch\/emissions\/diversite\/diversite-s-2026-e-4\">https:\/\/latele.ch\/emissions\/diversite\/diversite-s-2026-e-4<\/a><\/p>\n<p>2026\u00a0: \u00ab\u00a0Plusieurs pol\u00e9miques ont marqu\u00e9 les carnavals fribourgeois. Une scientifique analyse ces crispations. Carnavals face \u00e0 l\u2019enjeu du racisme\u00a0\u00bb, Interview avec Monika Salzbrunn, in\u00a0: <em>La Libert\u00e9<\/em>, 20.2.26.<\/p>\n<p>2026\u00a0: \u00ab\u00a0Carnaval: apr\u00e8s Crans-Montana, peut-on encore faire br\u00fbler lapoutratze comme d\u2019habitude?\u00a0\u00bb, Interview avec Monika Salzbrunn, in\u00a0: <em>Le Nouvelliste<\/em>, 11.2.26.<\/p>\n<p>2025\u00a0: The ERC Artivism Project, in\u00a0: Anne Nielsen, Aneta Barkley, Nicoleta Bazgan, Annekathrin Jaeger, Michel Destrade (prepared by)\u00a0: Mapping Frontier Research on The New European Bauhaus. Brussels\u00a0: European Commission\/European Research Council, p. 26-27. <a href=\"https:\/\/build-up.ec.europa.eu\/en\/resources-and-tools\/publications\/mapping-frontier-research-new-european-bauhaus\">https:\/\/build-up.ec.europa.eu\/en\/resources-and-tools\/publications\/mapping-frontier-research-new-european-bauhaus<\/a><\/p>\n<p>2025\u00a0:\u00a0 \u00ab\u2019LA BEAUT\u00c9, LA PO\u00c9SIE ET LA JOIE DANS LA LUTTE SONT CENTRALES\u2019. Le projet de recherche Artivism \u00e9tudie le militantisme par les arts. Entretien avec Monika Salzbrunn, professeure \u00e0 l\u2019Universit\u00e9 de Lausanne\u00a0\u00bb, in\u00a0: L\u2019Ev\u00e9nement syndical, 31 octobre 2025, no. 16.<\/p>\n<p>2025\u00a0: \u00ab\u00a0L&#8217;invit\u00e9e de La Matinale &#8211; Monika Salzbrunn, anthropologue \u00e0 l&#8217;UNIL et sp\u00e9cialiste de l&#8217;\u00e9tude des carnavals\u00a0\u00bb. Emission radio La Matinale de la RTS\u00a0: <a href=\"https:\/\/www.rts.ch\/audio-podcast\/2025\/audio\/l-invitee-de-la-matinale-monika-salzbrunn-anthropologue-a-l-unil-et-specialiste-de-l-etude-des-carnavals-28809012.html\">https:\/\/www.rts.ch\/audio-podcast\/2025\/audio\/l-invitee-de-la-matinale-monika-salzbrunn-anthropologue-a-l-unil-et-specialiste-de-l-etude-des-carnavals-28809012.html<\/a><\/p>\n<p>2024\u00a0: L\u02b9art et l\u02b9activisme. Tribu re\u00e7oit Monika Salzbrunn, professeur \u00e0 l\u2019universit\u00e9 de Lausanne. 20.5.24. <a href=\"https:\/\/www.rts.ch\/audio-podcast\/2024\/audio\/l-art-et-l-activisme-28508870.html\">https:\/\/www.rts.ch\/audio-podcast\/2024\/audio\/l-art-et-l-activisme-28508870.html<\/a><\/p>\n<p>2023\u00a0: 150 ans du Carnaval de Nice &#8211; Retours de colloque. <a href=\"https:\/\/audioblog.arteradio.com\/blog\/153992\/podcast\/200246\/34-150-ans-du-carnaval-de-nice-retours-de-colloque\">Emission ETHNO-VIBRO &#8211; Audio Blog ArteRadio &#8211; 15.03.2023 (Annie Sidro, Laurent-Sebastien Fournier, Monika Salzbrunn, Federica Moretti et Ana\u00efs Vaillant.<\/a> <a href=\"https:\/\/audioblog.arteradio.com\/blog\/153992\/podcast\/200246\/34-150-ans-du-carnaval-de-nice-retours-de-colloque\">https:\/\/audioblog.arteradio.com\/blog\/153992\/podcast\/200246\/34-150-ans-du-carnaval-de-nice-retours-de-colloque<\/a><\/p>\n<p>2021\u00a0: Femmes de sciences. Portrait de Monika Salzbrunn dans l\u2019exposition interactive organis\u00e9e par le Service de M\u00e9diation Culturelle de l\u2019Unil. <a href=\"https:\/\/wp.unil.ch\/dehautelutte\/1044-2\/\">https:\/\/wp.unil.ch\/dehautelutte\/1044-2\/<\/a><\/p>\n<p>2021\u00a0: Femmes de sciences\u00a0: Travail p\u00e9dagogique de Monika Salzbrunn avec des \u00e9l\u00e8ves du Coll\u00e8ge de l\u2019Elys\u00e9e sur l\u2019anthropologue Edith Turner, pour le Service de M\u00e9diation Culturelle de l\u2019Unil. <a href=\"https:\/\/wp.unil.ch\/dehautelutte\/edith-turner\/\">https:\/\/wp.unil.ch\/dehautelutte\/edith-turner\/<\/a><\/p>\n<p>17 f\u00e9vrier 2021\u00a0: Monika Salzbrunn est l\u2019invit\u00e9e de l\u2019\u00e9mission \u00ab\u00a0Brouhaha\u00a0\u00bb consacr\u00e9e au carnaval. [En ligne] https:\/\/www.rts.ch\/play\/radio\/brouhaha\/audio\/le-carnaval?id=11946320<\/p>\n<p>6 octobre 2019: <strong>&#8220;Diversit\u00e4tssensibilit\u00e4t in der Kulturpolitik&#8221;<\/strong>, Web-Talk organis\u00e9 par\u00a0Kulturpolitische Gesellschaft (en allemand). [En ligne] https:\/\/www.youtube.com\/watch?v=dDwzszLeY3c&amp;list=PLnYMRojixOEQqVzNLS8BNwrn2mDD0XZBW<\/p>\n<p>Printemps 2019: <strong>&#8220;Die Religi\u00f6sit\u00e4t nimmt ab, die Debatte dar\u00fcber zu&#8221;<\/strong>\u00a0Gesunde Stadt &#8211; Fr\u00fchling 2019 (en allemand). [En ligne] https:\/\/www.unil.ch\/issr\/files\/live\/sites\/issr\/files\/shared\/2._Chercheurs\/Salzbrunn_Monika\/Medias\/11_Gesunde_Stadt_2_16.pdf<\/p>\n<p>1er mars 2017: <strong>&#8220;Les territoires de la f\u00eate.\u00a0De la satire carnavalesque \u00e0 la revendication : quand la f\u00eate devient politique&#8221;<\/strong>, Emission France Culture avec Monika Salzbrunn, Didier Lestrade et Chiara Cinquin. [En ligne]<br \/>\nhttps:\/\/www.franceculture.fr\/emissions\/culturesmonde\/les-territoires-de-la-fete-24-de-la-satire-carnavalesque-la-revendication<\/p>\n<p>17 novembre 2016: <strong>\u00ab\u00a0Minorites religieuses et citoyennete: juifs et musulmans dans la cite hier et aujourd&#8217;hui \u00bb<\/strong>, Table ronde organis\u00e9e \u00e0 l\u2019Universit\u00e9 de Lausanne. Avec les contributions de Jacques Ehrenfreund, Monika Salzbrunn, Philippe Gonzalez. Mod\u00e9ration Alain Kaufmann. [En ligne] https:\/\/www.youtube.com\/watch?v=cdehhJhcUUQ<\/p>\n<p>3 octobre 2016: <strong>\u00ab L\u2019islam (in)visible en ville? \u00bb<\/strong>, \u00e9mission Versus\/Penser, RTS, avec Monika Salzbrunn et Barbara Dellwo <a href=\"https:\/\/www.rts.ch\/audio-podcast\/2016\/audio\/l-islam-in-visible-en-ville-25451636.html\">https:\/\/www.rts.ch\/audio-podcast\/2016\/audio\/l-islam-in-visible-en-ville-25451636.html<\/a><\/p>\n<p>Septembre 2016: <strong>Films de pr\u00e9sentation du projet ARTIVISM (ERC). <\/strong>[En ligne] Fran\u00e7ais\u00a0:<br \/>\n<strong>https:\/\/www.unil.ch\/euresearch\/home\/menuguid\/euresearch-videos-fr\/monika-salzbrunn.html <\/strong>Anglais: https:\/\/www.unil.ch\/euresearch\/home\/menuguid\/euresearch-videos-eng\/monika-salzbrunn.html<\/p>\n<p>17 septembre 2016: <strong>\u00ab Burqa: ce qu\u2019en pensent les femmes \u00bb<\/strong>, \u00e9mission \u00ab Faut pas croire \u00bb, RTS. [En ligne] https:\/\/www.rts.ch\/religion\/faut-pas-croire\/8023350-burqa-ce-qu-en-pensent-les-femmes.html<\/p>\n<p>13 septembre 2016: <strong>\u00ab Islam (in)visible en ville &#8211; Appartenances et engagements dans l&#8217;espace urbain \u00bb<\/strong>, \u00e9mission de Radio Django, 13 septembre 2016 avec Barbara Dellwo. [En ligne]<br \/>\n<audio class=\"wp-audio-shortcode\" id=\"audio-15-1\" preload=\"none\" style=\"width: 100%;\" controls=\"controls\"><source type=\"audio\/mpeg\" src=\"http:\/\/www.django.fm\/wp-content\/uploads\/2016\/09\/coloque-Islam-UNIL.mp3?_=1\" \/><a href=\"http:\/\/www.django.fm\/wp-content\/uploads\/2016\/09\/coloque-Islam-UNIL.mp3\">http:\/\/www.django.fm\/wp-content\/uploads\/2016\/09\/coloque-Islam-UNIL.mp3<\/a><\/audio><\/p>\n<p>9 octobre 2015: <strong>&#8220;Limiter l\u2019accueil aux chr\u00e9tiens est un net recul&#8221;<\/strong>, <em>Le Courrier<\/em>, 9 octobre 2015. [En ligne] https:\/\/lecourrier.ch\/2015\/10\/09\/limiter-laccueil-aux-chretiens-est-un-net-recul\/<\/p>\n<p>28 avril 2015: &#8220;<strong>Musulmane et citoyenne<\/strong>&#8220;, \u00e9mission &#8220;Babylone&#8221;, RTS, Espace 2. Intervention de Monika Salzbrunn. [En ligne]<br \/>\nhttps:\/\/www.rts.ch\/play\/radio\/le-labo\/audio\/musulmane-et-citoyenne?id=6699246<\/p>\n<p>27 avril 2015: &#8220;<strong>Salaam la Suisse<\/strong>&#8220;, \u00e9mission &#8220;A vue d&#8217;esprit&#8221;, RTS, La Premi\u00e8re. Intervention de Monika Salzbrunn. [En ligne]<br \/>\nhttps:\/\/www.rts.ch\/dossiers\/l-islam-en-suisse\/6738823-salaam-la-suisse-a-vue-desprit.html<\/p>\n<p>Septembre 2014: &#8220;Un regard aff\u00fbt\u00e9 sur la diversit\u00e9. A table avec Monika Salzbrunn, anthropologue et sociologue, professeure ordinaire \u00e0 la facult\u00e9 de th\u00e9ologie et de sciences des religions&#8221;. <em>Allez savoir <\/em>[En ligne], p. 66. http:\/\/www3.unil.ch\/wpmu\/allezsavoir\/un-regard-affute-sur-la-diversite\/<\/p>\n<p>18.11.2013: &#8220;Monika Salzbrunn on Religion, Migration, Diaspora&#8221;. <em>Religious Studies Project<\/em> [En ligne], http:\/\/www.religiousstudiesproject.com\/podcast\/monika-salzbrunn-on-religion-migration-and-diaspora\/<\/p>\n<p>27.-31.8.2012: &#8220;\u00ab\u00a0Asile, au nom de l\u2019autre\u00a0\u00bb. La sociologue Monika Salzbrunn, professeure ordinaire \u00e0 l\u2019universit\u00e9 de Lausanne, s\u2019exprime sur les aspects sociologiques de l\u2019asile&#8221;. Par Gabrielle Desarzens pour A vue d\u2019esprit, Radio Suisse Romande.<\/p>\n<p>2.5.2011: &#8220;Le terrain, un antidote aux pr\u00e9jug\u00e9s. Monika Salzbrunn l\u00e8ve le voile sur les pratiques de l\u2019islam et les migrations&#8221;. <em>Uniscope<\/em> no 563, 2 mai-29 mai 2011, p. 6-7.<\/p>\n<p>13.12.2010: &#8220;UNIL\u00a0: Les cours sur l\u2019islam trouvent leur public. Monika Salzbrunn, nomm\u00e9e professeure ordinaire \u00e0 la Facult\u00e9 de th\u00e9ologie et de sciences des religions, vient de rejoindre l\u2019Universit\u00e9 de Lausanne (UNIL)&#8221;. <em>Protestinfo<\/em> [En ligne].<\/p>\n<p>http:\/\/www.protestinfo.ch\/201012095453\/les-cours-sur-lislam-a-luniversite-de-lausanne-font-le-plein<\/p>\n<p>02.05.2010: &#8220;Quand les religions bougent. L&#8217;Eglise Catholique vient de publier son annuaire statistique. On y d\u00e9couvre que le nombre de catholiques augmente en Afrique et&#8230; stagne en Europe. Qu\u2019en est-il des mouvements protestants et de l\u2019Islam? Et quelles sont les \u2018migrations\u2019 religieuses que l\u2019on observe sur la mappemonde? Hautes Fr\u00e9quences fait le point en compagnie de Monika Salzbrunn, professeur ordinaire en religions, migration et diasporas \u00e0 l\u2019Universit\u00e9 de Lausanne&#8221;. Par Gabrielle Desarzens pour Hautes Fr\u00e9quences, RTS.<\/p>\n<p>20.2.2009: &#8220;Die deutsche Soziologin Monika Salzbrunn spricht \u00fcber Karneval in Paris und K\u00f6ln&#8221;. Par Barbara Schmickler pour RFI r\u00e9daction allemande.<\/p>\n<p>3.3.2008: &#8220;Globalisierungskritik, wie weiter? &#8220;, <em>Antwort#37<\/em> [En ligne], Berliner Gazette, Logbuch, http:\/\/www.berlinergazette.de\/?p=626#more-626<\/p>\n<p>18.1.2008: &#8220;Jugendliche und Jugendpolitik in Deutschland und Frankreich. Die Soziologin Monika Salzbrunn ist Studiogast bei der deutschen Redaktion von Radio France Internationale&#8221; (Les jeunesses et les politiques de la jeunesse en France et en Allemagne. La sociologue Monika Salzbrunn est l\u2019invit\u00e9e de la r\u00e9daction allemande de RFI), 18-19h.<\/p>\n<p>17.12.2007: \u00a0&#8220;Die Zukunft der Sozialwissenschaften in Deutschland und Frankreich. Interview mit Monika Salzbrunn aus Anlass des geplanten Umzugs der EHESS&#8221; (L\u2019avenir des sciences sociales en France et en Allemagne. Interview avec Monika Salzbrunn \u00e0 propos du d\u00e9m\u00e9nagement pr\u00e9vu de l\u2019EHESS). Par Joachim Lippold pour RFI programme allemand.<\/p>\n<p>11.12.2006: &#8220;Muslims in France: Interview avec Monika Salzbrunn&#8221;, The Media Line, Jerusalem.<\/p>\n<p>25.\u201429.4.2005: &#8220;Religions africaines en Europe\u00a0: 5 entretiens avec Monika Salzbrunn et Sandra Fancello&#8221;. Par Jacques Mouriquand pour A vue d\u2019esprit, Espace 2, Lausanne. www.rsr.ch<\/p>\n<h2>Translations (German-French)<\/h2>\n<p>2007: &#8220;Quelle dimension sociale pour le projet politique europ\u00e9en? Contribution et pistes d\u2019actions. fran\u00e7ais-allemand&#8221;\/&#8221;Welche soziale Dimension f\u00fcr das politische Projekt Europas? Beitrag und Aktionsans\u00e4tze. Deutsch-Franz\u00f6sisch&#8221;. La documentation fran\u00e7aise, Coll. Report and documents, Centre d\u2019analyse strat\u00e9gique, Premier Ministre, 40 p.<\/p>\n<p>1999: CD-Rom &#8220;100 \u00e9v\u00e9nements cl\u00e9s de l\u2019histoire&#8221; for the agency 3i<\/p>\n<p>1995: Political programme\u00a0&#8220;Les Politides&#8221;<\/p>\n","protected":false},"excerpt":{"rendered":"<p>Monographies 2014: Vielfalt\/Diversit\u00e4t. Bielefeld: transcript\/Coll. Einsichten. 2011 (with Yasumasa Sekine): From Community to Commonality. Multiple Belonging and Street Phenomena in the Era of Reflexive Modernization. Tokyo: Seijo University Press. 2002: Espaces sociaux transnationaux\u00a0: pratiques politiques et religieuses li\u00e9es \u00e0 la migration des musulmans s\u00e9n\u00e9galais en France et en Allemagne, en particulier pendant les campagnes \u00e9lectorales &hellip; <\/p>\n<p class=\"link-more\"><a href=\"https:\/\/people.unil.ch\/monikasalzbrunn\/publications\/\" class=\"more-link\">Continue reading<span class=\"screen-reader-text\"> &#8220;Publications&#8221;<\/span><\/a><\/p>\n","protected":false},"author":1001008,"featured_media":0,"parent":0,"menu_order":3,"comment_status":"closed","ping_status":"closed","template":"","meta":{"_seopress_titles_title":"","_seopress_titles_desc":"","_seopress_robots_index":"","_seopress_robots_follow":"","_seopress_robots_imageindex":"","_seopress_robots_snippet":"","_seopress_robots_primary_cat":"","_seopress_robots_breadcrumbs":"","_seopress_robots_freeze_modified_date":"","_seopress_robots_custom_modified_date":"","_seopress_robots_canonical":"","_seopress_social_fb_title":"","_seopress_social_fb_desc":"","_seopress_social_fb_img":"","_seopress_social_fb_img_attachment_id":0,"_seopress_social_fb_img_width":0,"_seopress_social_fb_img_height":0,"_seopress_social_twitter_title":"","_seopress_social_twitter_desc":"","_seopress_social_twitter_img":"","_seopress_social_twitter_img_attachment_id":0,"_seopress_social_twitter_img_width":0,"_seopress_social_twitter_img_height":0,"_seopress_redirections_value":"","_seopress_redirections_enabled":"","_seopress_redirections_enabled_regex":"","_seopress_redirections_logged_status":"","_seopress_redirections_param":"","_seopress_redirections_type":0,"_seopress_analysis_target_kw":"","_seopress_news_disabled":"","_seopress_video_disabled":"","_seopress_video":[],"_seopress_pro_schemas_manual":[],"_seopress_pro_rich_snippets_disable_all":"","_seopress_pro_rich_snippets_disable":[],"_seopress_pro_schemas":[],"footnotes":""},"class_list":["post-15","page","type-page","status-publish"],"_links":{"self":[{"href":"https:\/\/people.unil.ch\/monikasalzbrunn\/wp-json\/wp\/v2\/pages\/15","targetHints":{"allow":["GET"]}}],"collection":[{"href":"https:\/\/people.unil.ch\/monikasalzbrunn\/wp-json\/wp\/v2\/pages"}],"about":[{"href":"https:\/\/people.unil.ch\/monikasalzbrunn\/wp-json\/wp\/v2\/types\/page"}],"author":[{"embeddable":true,"href":"https:\/\/people.unil.ch\/monikasalzbrunn\/wp-json\/wp\/v2\/users\/1001008"}],"replies":[{"embeddable":true,"href":"https:\/\/people.unil.ch\/monikasalzbrunn\/wp-json\/wp\/v2\/comments?post=15"}],"version-history":[{"count":5,"href":"https:\/\/people.unil.ch\/monikasalzbrunn\/wp-json\/wp\/v2\/pages\/15\/revisions"}],"predecessor-version":[{"id":452,"href":"https:\/\/people.unil.ch\/monikasalzbrunn\/wp-json\/wp\/v2\/pages\/15\/revisions\/452"}],"wp:attachment":[{"href":"https:\/\/people.unil.ch\/monikasalzbrunn\/wp-json\/wp\/v2\/media?parent=15"}],"curies":[{"name":"wp","href":"https:\/\/api.w.org\/{rel}","templated":true}]}}