{"id":139,"date":"2022-06-09T16:47:49","date_gmt":"2022-06-09T14:47:49","guid":{"rendered":"https:\/\/people.unil.ch\/patrickclastres\/?page_id=139"},"modified":"2025-11-05T17:13:47","modified_gmt":"2025-11-05T16:13:47","slug":"histoire-et-tendances-des-cultures-sportives","status":"publish","type":"page","link":"https:\/\/people.unil.ch\/patrickclastres\/en\/histoire-et-tendances-des-cultures-sportives\/","title":{"rendered":"History and trends of sports cultures"},"content":{"rendered":"<p>Intervention \u00e0 l&rsquo;\u00e9mission <em>Sport Matin<\/em>, \u00ab\u00a0<a href=\"https:\/\/www.rts.ch\/audio-podcast\/2025\/audio\/sport-matin-le-sport-ebranle-par-les-manifestations-29005465.html\">Le sport \u00e9branl\u00e9 par les manifestations<\/a>\u00ab\u00a0, 22 septembre 2025<\/p>\n\n\n\n<p>Jean-Baptiste Ma\u00eetre, <a href=\"https:\/\/www.ouest-france.fr\/sport\/basket\/nba\/basket-football-rugby-les-ligues-fermees-sont-elles-lavenir-du-sport-professionnel-en-europe-bbfacac2-0af1-11f0-8a07-c6476d4a0ef7\">Basket, football, rugby\u2026 Les ligues ferm\u00e9es sont-elles l\u2019avenir du sport professionnel en Europe ?<\/a>, Ouest-France, 28 mars 2025<\/p>\n\n\n\n<p>Intervention \u00e0 l&rsquo;\u00e9mission <em>Quoi de neuf en Histoire<\/em>, \u00ab\u00a0<a href=\"https:\/\/podcast.ausha.co\/quoi-de-neuf-en-histoire\/histoire-des-sports-olympiques-15-le-tennis\">Histoire des sports olympiques 15 : Le tennis | Ausha, 27<\/a>\u00ab\u00a0,  27 juillet 2024<\/p>\n\n\n\n<p>Sophie Amsili, \u00ab\u00a0<a href=\"https:\/\/www.lesechos.fr\/weekend\/perso\/jo-de-tokyo-comment-les-athletes-francais-se-sont-prepares-1332542\">JO de Tokyo : comment les athl\u00e8tes fran\u00e7ais se sont pr\u00e9par\u00e9s<\/a>\u00ab\u00a0, Les Echos, 16 juillet 2024<\/p>\n\n\n\n<p>Patrick Clastres, \"&nbsp;<a href=\"https:\/\/www.lemonde.fr\/sport\/article\/2024\/05\/29\/paris-2024-la-france-est-deja-une-grande-nation-de-sport_6236097_3242.html\">La France est d\u00e9j\u00e0 une grande nation de sport&nbsp;!<\/a><a href=\"https:\/\/www.lemonde.fr\/sport\/article\/2024\/05\/08\/paris-2024-le-parcours-de-la-flamme-est-une-maniere-de-faire-voyager-la-marque-olympique-aux-frais-des-contribuables_6232151_3242.html\">&nbsp;<\/a>\u00bb, Le Monde, 29 mai 2024<\/p>\n\n\n\n<p>\"Making the history of your tennis club\", Tennis-Info, August-September 2021, no. 533, p. 50<\/p>\n\n\n\n<p>Marie Thimonnier et alii, \u00ab\u00a0The back of the skirt\u00a0\u00bb, 1<sup>st<\/sup> L'Equipe explore competition prize, 30 August 2021<\/p>\n\n\n\n<p>Damien Augias, \u00ab&nbsp;<a href=\"https:\/\/www.nonfiction.fr\/article-10815-gravir-les-alpes-xixe-xxe-siecles-entretien-avec-patrick-clastres.htm\">Climbing the Alps (19th-20th centuries): interview with Patrick Clastres&nbsp;<\/a>\u00bb, <em>NonFiction.fr<\/em>, 14 May 2021<\/p>\n\n\n\n<p>No\u00e9mie Matos, \u00ab&nbsp;<a href=\"https:\/\/wp.unil.ch\/uniscope\/de-nouvelles-voies-pour-explorer-lalpinisme\/\">New ways to explore mountaineering<\/a>&nbsp;\u00bb, <em>L\u2019Uniscope<\/em>, 12 May 2021<\/p>\n\n\n\n<p>Patrick Clastres, \u00ab\u00a0The origins of affiliated federations\u00a0\u00bb, <em>En jeu. Une autre id\u00e9e du sport<\/em>, No. 42, June 2020<\/p>\n\n\n\n<p>Julie Bianchin, \u00ab&nbsp;<a href=\"https:\/\/avisdexperts.ch\/videos\/view\/10524\">Cheerleaders. An American myth&nbsp;<\/a>\u00bb, RTS, \u00ab\u00a0Couleurs locales\u00a0\u00bb, 8 November 2019<\/p>\n\n\n\n<p>Matilde Meslin, \u00ab&nbsp;<a href=\"https:\/\/www.liberation.fr\/sports\/2019\/04\/10\/d-oulan-bator-a-sevran-le-surf-sort-de-ses-fiefs_1720283\">From Ulan Bator to Sevran, surfing leaves its strongholds&nbsp;<\/a>\u00bb, <em>Lib\u00e9ration<\/em>, 10 April 2019<\/p>\n\n\n\n<p>Ad\u00e8le Tariel, \u00ab&nbsp;Pourquoi le foot est-il le sport pr\u00e9f\u00e9r\u00e9 au monde&nbsp;?&nbsp;\u00bb, <em>Mon Quotidien<\/em>, 28 June 2018<\/p>\n\n\n\n<p>\u00ab&nbsp;<a href=\"https:\/\/www.dailymotion.com\/video\/x6lyzeg\">150 years of football&nbsp;<\/a>\u00bb, <em>France Culture<\/em>, 16 June 2018<\/p>\n\n\n\n<p>Audrey Morard, \u00ab\u00a0What makes the French Open so special?\u00a0\u00bb, <em>Le P\u2019tit Lib\u00e9<\/em>, Roland Garros special, 25-31 May 2018, no. 59, p. 10-11<\/p>\n\n\n\n<p>Barth\u00e9l\u00e9my Gaillard, \u00ab&nbsp;<a href=\"https:\/\/www.vice.com\/fr\/article\/pavaqn\/public-de-roland-garros-mais-pourquoi-est-il-aussi-mechant\">French Open crowds: why are they so nasty?&nbsp;<\/a>\u00bb, <em>VICE<\/em>, 25 May 2018<\/p>\n\n\n\n<p>Manuelle Calmat, <em>Sport &amp; Style<\/em>, no. 92, April 2018, \"Marakana (Belgrade)\", p. 68-71<\/p>\n\n\n\n<p>Quentin Jeannerat, \u00ab&nbsp;<a href=\"https:\/\/www.letemps.ch\/sport\/petanque-reve-destin-curling\">Petanque dreams of curling's destiny&nbsp;<\/a>\u00bb, <em>Le Temps<\/em>, 9 March 2018<\/p>\n\n\n\n<p>Laure Dubesset-Chatelain, GEO Histoire, \u00ab\u00a0Racist, the white sprinter?\u00a0\u00bb, February-March 2018, no. 37, p. 28-29<\/p>\n\n\n\n<p>Ch\u00e9rine Abbes, \u00ab&nbsp;Suzanne Lenglen&nbsp;\u00bb, <em>Femme actuelle<\/em>, 10 January 2018<\/p>\n\n\n\n<p>S\u00e9bastien Billard, <em>Nouvel Obs<\/em>, 19 November 2017, \u00ab&nbsp;<a href=\"https:\/\/tempsreel.nouvelobs.com\/sport\/20171111.OBS7238\/battle-of-the-sexes-l-incroyable-histoire-du-match-qui-revolutionna-le-tennis-feminin.html\">Battle of the Sexes: the incredible story of the match that revolutionised women's sport<\/a>&nbsp;\u00bb<\/p>\n\n\n\n<p>Xavier Fr\u00e8re, \u00ab&nbsp;<a href=\"https:\/\/www.ledauphine.com\/sport\/2017\/09\/14\/la-france-est-l-une-des-trois-nations-les-plus-sportives-du-monde\">France is one of the three most sporting nations in the world&nbsp;<\/a>\u00bb,&nbsp;<em>Le R\u00e9publicain lorrain\/Dauphin\u00e9 lib\u00e9r\u00e9\/EBRA presse<\/em>, 13 and 14 September 2017<\/p>\n\n\n\n<p>Adrien P\u00e9cout and Yann Bouchez,&nbsp;<em>Le Monde<\/em>, \u00ab&nbsp;<a href=\"https:\/\/abonnes.lemonde.fr\/sport\/article\/2017\/11\/06\/jo-2024-les-pistes-aux-medailles-du-sport-francais_5210876_3242.html#xtor=AL-32280270\">Olympic Games 2024: the path to medals for French sport<\/a>&nbsp;\u00bb, 7 November 2017<\/p>\n\n\n\n<p>\u00ab&nbsp;<a href=\"https:\/\/www.slate.fr\/story\/149103\/danger-risque-blessures-cours-collectifs-fitness\">The hidden danger of group fitness classes&nbsp;<\/a>\u00bb, <em>Slate<\/em>, 2 August 2017<\/p>\n\n\n\n<p>RTS, Le Journal de 7h, \u00ab&nbsp;<a href=\"https:\/\/www.avisdexperts.ch\/videos\/view\/6989\">Will the end of relations with Qatar have an impact on the 2022 World Cup<\/a>&nbsp;\u00bb, 6 June 2017<\/p>\n\n\n\n<p>Louise Tourret, <em>France Culture<\/em>, Rue des \u00e9coles, \u00ab&nbsp;<a href=\"https:\/\/www.franceculture.fr\/emissions\/rue-des-ecoles\/performances-sante-mixite-egalite-quels-enjeux-pour-leducation-physique\">Performance, health, gender and equality: what are the challenges facing physical education today?<\/a> \u00bb, 23 April 2017<\/p>\n\n\n\n<p>\u00ab\u00a0What they say about UFOLEP : The end of the affinity story? The educational story continues \u00bb, <em>En jeu. Une autre id\u00e9e du sport. La revue de l\u2019UFOLEP<\/em>, October 2016, no. 23, p. 20-21<\/p>\n\n\n\n<p>\u00ab\u00a0PE is all about self-esteem \u00bb (with Fabrice Auger), <em>L\u2019Humanit\u00e9<\/em>, 6 September 2016, p. 13<\/p>\n\n\n\n<p>Francine Zambano, \u00ab&nbsp;<a href=\"https:\/\/www.unil.ch\/unicom\/files\/live\/sites\/unicom\/files\/shared\/uniscope\/2016-2017\/616.pdf\">A sport like no other. Mountaineering&nbsp;<\/a>\u00bb, <em>L\u2019Uniscope<\/em>, 2 September 2016, no. 616, p. 13<\/p>\n\n\n\n<p>Fabien Tr\u00e9court, <em>Version Femina<\/em>, suppl\u00e9ment du <em>JDD<\/em>, 7 August 2016, \u00ab\u00a0Sunday sportsmen and women, real pros\u00a0\u00bb<\/p>\n\n\n\n<p>\u00ab\u00a0Football and Olympism\u00a0\u00bb, <em>So Foot<\/em>, August 2016<\/p>\n\n\n\n<p>\u00ab\u00a0Video games soon to be an Olympic discipline \u00bb, Migros Magazine, 25 July 2016<\/p>\n\n\n\n<p>Alexis Billebault, <em>Jeune Afrique<\/em>, No. 2895, 3-9 July 2016, p. 2-3, \u00ab\u00a0From vandals to scandals\u00a0\u00bb<\/p>\n\n\n\n<p>\u00ab&nbsp;<a href=\"https:\/\/www.rts.ch\/espace-2\/programmes\/le-grand-entretien\/7792125-le-grand-entretien-du-24-06-2016.html\">A history of sport without taboos\" (interview by Laurence Dif\u00e9lix)<\/a>, <em>RTS<\/em>, Le Grand entretien, 24 and 26 June 2016<\/p>\n\n\n\n<p>Zo\u00e9 Decker, <em>RTS<\/em>, Actu Radio, 6 June 2016, \u00ab\u00a0Professional boxing at the Olympics Games \u00bb<\/p>\n\n\n\n<p>Manuelle Calmat, <em>Sport&amp;Style<\/em>, June 2016, p. 78-89, \"Usain. The golden magician\"<\/p>\n\n\n\n<p>\u00ab&nbsp;<a href=\"https:\/\/tempsreel.nouvelobs.com\/sport\/roland-garros\/20160525.OBS1216\/roland-garros-les-tribunes-miroir-de-la-fracture-sociale.html\">Roland Garros: the stands mirror the social divide&nbsp;<\/a>\u00bb (interview by S\u00e9bastien Billard), <em>L\u2019Obs<\/em>, 27 May 2016<\/p>\n\n\n\n<p>Philippe Nanzer, <em>RTS<\/em>, 21\u00a0April 2016, \u00ab&nbsp;<a href=\"https:\/\/www.rts.ch\/info\/suisse\/7665929-sepp-blatter-a-ete-charge-d-une-mission-secrete-par-la-confederation.html\">Sepp Blatter has been given a secret mission by the Swiss Confederation<\/a>&nbsp;\u00bb<\/p>\n\n\n\n<p>Sarah Diffalah, <em>L\u2019Obs<\/em>, 22 March 2016, \u00ab&nbsp;<a href=\"https:\/\/m.nouvelobs.com\/monde\/20160322.OBS6908\/le-baseball-l-autre-terrain-d-affrontement-entre-les-etats-unis-et-cuba.html\">Baseball, the other battleground between the United States and Cuba<\/a>&nbsp;\u00bb<\/p>\n\n\n\n<p>\u00ab&nbsp;<a href=\"https:\/\/leplus.nouvelobs.com\/contribution\/1492919-sharapova-controlee-positive-le-dopage-n-est-pas-rare-dans-le-tennis-il-est-camoufle.html\">Sharapova tested positive: doping is not uncommon in tennis. It's camouflaged&nbsp;<\/a>\u00bb, <em>L\u2019Obs Le Plus<\/em>, 9 March 2016<\/p>\n\n\n\n<p>\"From the power of the gods to pure speed\", <em>Encore&nbsp;!<\/em>, 28 Fabruary 2016, p. 40<\/p>\n\n\n\n<p>\u00ab&nbsp;<a href=\"https:\/\/leplus.nouvelobs.com\/contribution\/1487169-un-monde-sans-fifa-oui-c-est-possible-une-federation-sportive-n-est-pas-eternelle.html\">A world without FIFA? Yes, it's possible. It's not necessarily necessary for football&nbsp;<\/a>\u00bb, <em>L\u2019Obs Le Plus<\/em>, 26 Fabruary 2016<\/p>\n\n\n\n<p>Robin Verner, <em>Slate<\/em>, 1<sup>st<\/sup> November 2015, \u00ab&nbsp;<a href=\"https:\/\/www.slate.fr\/story\/108853\/sport-pas-une-revolution-retour-tradition\">E-sport is not a revolution, but a return to tradition<\/a>&nbsp;\u00bb<\/p>\n\n\n\n<p>\u00ab&nbsp;<a href=\"https:\/\/leplus.nouvelobs.com\/contribution\/607430-jo-londres-2012-comment-un-sport-devient-il-olympique.html\">Petanque's bid for the 2024 Olympics: how does a sport become an Olympic sport?&nbsp;<\/a>\u00bb, <em>Nouvel Obs<\/em>. <em>Le Plus<\/em>, 13 October 2015 (republishing)<\/p>\n\n\n\n<p>Christian Favre, <em>RTS<\/em>, Forum, 13 August 2015, \u00ab&nbsp;<a href=\"https:\/\/www.rts.ch\/la-1ere\/programmes\/forum\/6983499-forum-du-12-08-2015.html\">Is Fran\u00e7ois Carrard the right choice to reform FIFA?&nbsp;<\/a>\u00bb<\/p>\n\n\n\n<p>Romain M\u00e9tairie, <a href=\"https:\/\/www.liberation.fr\/sports\/2020\/12\/18\/au-programme-des-jeux-asiatiques-de-2022-le-esport-lorgne-sur-les-jo_1809049\">Lib\u00e9ration<\/a>, e-sport,<\/p>\n\n\n\n<p style=\"font-size:24px\"><\/p>\n\n\n\n<p><\/p>\n\n\n\n<p><\/p>\n\n\n\n<p><\/p>\n\n\n\n<p><\/p>","protected":false},"excerpt":{"rendered":"<p>Intervention \u00e0 l&rsquo;\u00e9mission Sport Matin, \u00ab\u00a0Le sport \u00e9branl\u00e9 par les manifestations\u00ab\u00a0, 22 septembre 2025 Jean-Baptiste Ma\u00eetre, Basket, football, rugby\u2026 Les ligues ferm\u00e9es sont-elles l\u2019avenir du sport professionnel en Europe ?, &hellip; <\/p>","protected":false},"author":1001129,"featured_media":0,"parent":0,"menu_order":0,"comment_status":"closed","ping_status":"closed","template":"","meta":{"_seopress_robots_primary_cat":"","_seopress_titles_title":"","_seopress_titles_desc":"","_seopress_robots_index":"","footnotes":""},"class_list":["post-139","page","type-page","status-publish"],"_links":{"self":[{"href":"https:\/\/people.unil.ch\/patrickclastres\/en\/wp-json\/wp\/v2\/pages\/139","targetHints":{"allow":["GET"]}}],"collection":[{"href":"https:\/\/people.unil.ch\/patrickclastres\/en\/wp-json\/wp\/v2\/pages"}],"about":[{"href":"https:\/\/people.unil.ch\/patrickclastres\/en\/wp-json\/wp\/v2\/types\/page"}],"author":[{"embeddable":true,"href":"https:\/\/people.unil.ch\/patrickclastres\/en\/wp-json\/wp\/v2\/users\/1001129"}],"replies":[{"embeddable":true,"href":"https:\/\/people.unil.ch\/patrickclastres\/en\/wp-json\/wp\/v2\/comments?post=139"}],"version-history":[{"count":5,"href":"https:\/\/people.unil.ch\/patrickclastres\/en\/wp-json\/wp\/v2\/pages\/139\/revisions"}],"predecessor-version":[{"id":707,"href":"https:\/\/people.unil.ch\/patrickclastres\/en\/wp-json\/wp\/v2\/pages\/139\/revisions\/707"}],"wp:attachment":[{"href":"https:\/\/people.unil.ch\/patrickclastres\/en\/wp-json\/wp\/v2\/media?parent=139"}],"curies":[{"name":"wp","href":"https:\/\/api.w.org\/{rel}","templated":true}]}}